{"id":4982,"date":"2022-11-17T15:53:45","date_gmt":"2022-11-17T15:53:45","guid":{"rendered":"https:\/\/samba-resille.org\/international-platform\/?page_id=4982"},"modified":"2026-04-21T09:32:14","modified_gmt":"2026-04-21T09:32:14","slug":"accueil","status":"publish","type":"page","link":"https:\/\/samba-resille.org\/international-platform\/","title":{"rendered":"accueil"},"content":{"rendered":"\t\t<div data-elementor-type=\"wp-page\" data-elementor-id=\"4982\" class=\"elementor elementor-4982\" wpc-filter-elementor-widget=\"1\" data-elementor-post-type=\"page\">\n\t\t\t\t\t\t<section class=\"elementor-section elementor-top-section elementor-element elementor-element-6ef48bb elementor-section-boxed elementor-section-height-default elementor-section-height-default wpr-particle-no wpr-jarallax-no wpr-parallax-no wpr-sticky-section-no wpr-equal-height-no\" data-id=\"6ef48bb\" data-element_type=\"section\" data-e-type=\"section\">\n\t\t\t\t\t\t<div class=\"elementor-container elementor-column-gap-default\">\n\t\t\t\t\t<div class=\"elementor-column elementor-col-100 elementor-top-column elementor-element elementor-element-8980943\" data-id=\"8980943\" data-element_type=\"column\" data-e-type=\"column\">\n\t\t\t<div class=\"elementor-widget-wrap elementor-element-populated\">\n\t\t\t\t\t\t<div class=\"elementor-element elementor-element-f1d8493 elementor-search-form--skin-classic elementor-search-form--button-type-icon elementor-search-form--icon-search elementor-widget elementor-widget-search-form\" data-id=\"f1d8493\" data-element_type=\"widget\" data-e-type=\"widget\" data-settings=\"{&quot;skin&quot;:&quot;classic&quot;}\" data-widget_type=\"search-form.default\">\n\t\t\t\t<div class=\"elementor-widget-container\">\n\t\t\t\t\t\t\t<search role=\"search\">\n\t\t\t<form class=\"elementor-search-form\" action=\"https:\/\/samba-resille.org\/international-platform\" method=\"get\">\n\t\t\t\t\t\t\t\t\t\t\t\t<div class=\"elementor-search-form__container\">\n\t\t\t\t\t<label class=\"elementor-screen-only\" for=\"elementor-search-form-f1d8493\">Rechercher <\/label>\n\n\t\t\t\t\t\n\t\t\t\t\t<input id=\"elementor-search-form-f1d8493\" placeholder=\"Rechercher sur le site international de Samba R\u00e9sille ...\" class=\"elementor-search-form__input\" type=\"search\" name=\"s\" value=\"\">\n\t\t\t\t\t\n\t\t\t\t\t\t\t\t\t\t\t<button class=\"elementor-search-form__submit\" type=\"submit\" aria-label=\"Rechercher \">\n\t\t\t\t\t\t\t\t\t\t\t\t\t\t\t<i aria-hidden=\"true\" class=\"fas fa-search\"><\/i>\t\t\t\t\t\t\t\t\t\t\t\t\t<\/button>\n\t\t\t\t\t\n\t\t\t\t\t\t\t\t\t<\/div>\n\t\t\t<\/form>\n\t\t<\/search>\n\t\t\t\t\t\t<\/div>\n\t\t\t\t<\/div>\n\t\t\t\t\t<\/div>\n\t\t<\/div>\n\t\t\t\t\t<\/div>\n\t\t<\/section>\n\t\t\t\t<section class=\"elementor-section elementor-top-section elementor-element elementor-element-25c9d39 elementor-section-boxed elementor-section-height-default elementor-section-height-default wpr-particle-no wpr-jarallax-no wpr-parallax-no wpr-sticky-section-no wpr-equal-height-no\" data-id=\"25c9d39\" data-element_type=\"section\" data-e-type=\"section\">\n\t\t\t\t\t\t<div class=\"elementor-container elementor-column-gap-default\">\n\t\t\t\t\t<div class=\"elementor-column elementor-col-33 elementor-top-column elementor-element elementor-element-7c44beb\" data-id=\"7c44beb\" data-element_type=\"column\" data-e-type=\"column\">\n\t\t\t<div class=\"elementor-widget-wrap elementor-element-populated\">\n\t\t\t\t\t\t\t<\/div>\n\t\t<\/div>\n\t\t\t\t<div class=\"elementor-column elementor-col-66 elementor-top-column elementor-element elementor-element-5a5ceea\" data-id=\"5a5ceea\" data-element_type=\"column\" data-e-type=\"column\">\n\t\t\t<div class=\"elementor-widget-wrap\">\n\t\t\t\t\t\t\t<\/div>\n\t\t<\/div>\n\t\t\t\t\t<\/div>\n\t\t<\/section>\n\t\t\t\t<section class=\"elementor-section elementor-top-section elementor-element elementor-element-3528867 elementor-section-boxed elementor-section-height-default elementor-section-height-default wpr-particle-no wpr-jarallax-no wpr-parallax-no wpr-sticky-section-no wpr-equal-height-no\" data-id=\"3528867\" data-element_type=\"section\" data-e-type=\"section\">\n\t\t\t\t\t\t<div class=\"elementor-container elementor-column-gap-default\">\n\t\t\t\t\t<div class=\"elementor-column elementor-col-100 elementor-top-column elementor-element elementor-element-47b9cec\" data-id=\"47b9cec\" data-element_type=\"column\" data-e-type=\"column\">\n\t\t\t<div class=\"elementor-widget-wrap elementor-element-populated\">\n\t\t\t\t\t\t<div class=\"elementor-element elementor-element-497c292 elementor-widget elementor-widget-spacer\" data-id=\"497c292\" data-element_type=\"widget\" data-e-type=\"widget\" data-widget_type=\"spacer.default\">\n\t\t\t\t<div class=\"elementor-widget-container\">\n\t\t\t\t\t\t\t<div class=\"elementor-spacer\">\n\t\t\t<div class=\"elementor-spacer-inner\"><\/div>\n\t\t<\/div>\n\t\t\t\t\t\t<\/div>\n\t\t\t\t<\/div>\n\t\t\t\t\t<\/div>\n\t\t<\/div>\n\t\t\t\t\t<\/div>\n\t\t<\/section>\n\t\t\t\t<section class=\"elementor-section elementor-top-section elementor-element elementor-element-b889ef8 elementor-hidden-mobile elementor-section-boxed elementor-section-height-default elementor-section-height-default wpr-particle-no wpr-jarallax-no wpr-parallax-no wpr-sticky-section-no wpr-equal-height-no\" data-id=\"b889ef8\" data-element_type=\"section\" data-e-type=\"section\" data-settings=\"{&quot;shape_divider_top&quot;:&quot;opacity-tilt&quot;}\">\n\t\t\t\t\t<div class=\"elementor-shape elementor-shape-top\" aria-hidden=\"true\" data-negative=\"false\">\n\t\t\t<svg xmlns=\"http:\/\/www.w3.org\/2000\/svg\" viewBox=\"0 0 2600 131.1\" preserveAspectRatio=\"none\">\n\t<path class=\"elementor-shape-fill\" d=\"M0 0L2600 0 2600 69.1 0 0z\"\/>\n\t<path class=\"elementor-shape-fill\" style=\"opacity:0.5\" d=\"M0 0L2600 0 2600 69.1 0 69.1z\"\/>\n\t<path class=\"elementor-shape-fill\" style=\"opacity:0.25\" d=\"M2600 0L0 0 0 130.1 2600 69.1z\"\/>\n<\/svg>\t\t<\/div>\n\t\t\t\t\t<div class=\"elementor-container elementor-column-gap-default\">\n\t\t\t\t\t<div class=\"elementor-column elementor-col-33 elementor-top-column elementor-element elementor-element-ff8a1ea\" data-id=\"ff8a1ea\" data-element_type=\"column\" data-e-type=\"column\">\n\t\t\t<div class=\"elementor-widget-wrap\">\n\t\t\t\t\t\t\t<\/div>\n\t\t<\/div>\n\t\t\t\t<div class=\"elementor-column elementor-col-33 elementor-top-column elementor-element elementor-element-8409408\" data-id=\"8409408\" data-element_type=\"column\" data-e-type=\"column\">\n\t\t\t<div class=\"elementor-widget-wrap elementor-element-populated\">\n\t\t\t\t\t\t<div class=\"elementor-element elementor-element-bbeaacf elementor-widget elementor-widget-heading\" data-id=\"bbeaacf\" data-element_type=\"widget\" data-e-type=\"widget\" data-widget_type=\"heading.default\">\n\t\t\t\t<div class=\"elementor-widget-container\">\n\t\t\t\t\t<h2 class=\"elementor-heading-title elementor-size-default\">PLATEFORME <br>CR\u00c9ATIVE <br>EUROP\u00c9ENNE <\/h2>\t\t\t\t<\/div>\n\t\t\t\t<\/div>\n\t\t\t\t\t<\/div>\n\t\t<\/div>\n\t\t\t\t<div class=\"elementor-column elementor-col-33 elementor-top-column elementor-element elementor-element-0cbadb9\" data-id=\"0cbadb9\" data-element_type=\"column\" data-e-type=\"column\">\n\t\t\t<div class=\"elementor-widget-wrap\">\n\t\t\t\t\t\t\t<\/div>\n\t\t<\/div>\n\t\t\t\t\t<\/div>\n\t\t<\/section>\n\t\t\t\t<section class=\"elementor-section elementor-top-section elementor-element elementor-element-624d7e2 elementor-hidden-desktop elementor-hidden-tablet elementor-section-boxed elementor-section-height-default elementor-section-height-default wpr-particle-no wpr-jarallax-no wpr-parallax-no wpr-sticky-section-no wpr-equal-height-no\" data-id=\"624d7e2\" data-element_type=\"section\" data-e-type=\"section\" data-settings=\"{&quot;shape_divider_top&quot;:&quot;opacity-tilt&quot;}\">\n\t\t\t\t\t<div class=\"elementor-shape elementor-shape-top\" aria-hidden=\"true\" data-negative=\"false\">\n\t\t\t<svg xmlns=\"http:\/\/www.w3.org\/2000\/svg\" viewBox=\"0 0 2600 131.1\" preserveAspectRatio=\"none\">\n\t<path class=\"elementor-shape-fill\" d=\"M0 0L2600 0 2600 69.1 0 0z\"\/>\n\t<path class=\"elementor-shape-fill\" style=\"opacity:0.5\" d=\"M0 0L2600 0 2600 69.1 0 69.1z\"\/>\n\t<path class=\"elementor-shape-fill\" style=\"opacity:0.25\" d=\"M2600 0L0 0 0 130.1 2600 69.1z\"\/>\n<\/svg>\t\t<\/div>\n\t\t\t\t\t<div class=\"elementor-container elementor-column-gap-default\">\n\t\t\t\t\t<div class=\"elementor-column elementor-col-33 elementor-top-column elementor-element elementor-element-519affa\" data-id=\"519affa\" data-element_type=\"column\" data-e-type=\"column\">\n\t\t\t<div class=\"elementor-widget-wrap\">\n\t\t\t\t\t\t\t<\/div>\n\t\t<\/div>\n\t\t\t\t<div class=\"elementor-column elementor-col-33 elementor-top-column elementor-element elementor-element-061877a\" data-id=\"061877a\" data-element_type=\"column\" data-e-type=\"column\">\n\t\t\t<div class=\"elementor-widget-wrap elementor-element-populated\">\n\t\t\t\t\t\t<div class=\"elementor-element elementor-element-bd36a15 elementor-widget elementor-widget-heading\" data-id=\"bd36a15\" data-element_type=\"widget\" data-e-type=\"widget\" data-widget_type=\"heading.default\">\n\t\t\t\t<div class=\"elementor-widget-container\">\n\t\t\t\t\t<h2 class=\"elementor-heading-title elementor-size-default\">PLATEFORME <br>CR\u00c9ATIVE <br>EUROP\u00c9ENNE <\/h2>\t\t\t\t<\/div>\n\t\t\t\t<\/div>\n\t\t\t\t\t<\/div>\n\t\t<\/div>\n\t\t\t\t<div class=\"elementor-column elementor-col-33 elementor-top-column elementor-element elementor-element-def0819\" data-id=\"def0819\" data-element_type=\"column\" data-e-type=\"column\">\n\t\t\t<div class=\"elementor-widget-wrap\">\n\t\t\t\t\t\t\t<\/div>\n\t\t<\/div>\n\t\t\t\t\t<\/div>\n\t\t<\/section>\n\t\t\t\t<section class=\"elementor-section elementor-top-section elementor-element elementor-element-047f518 elementor-section-boxed elementor-section-height-default elementor-section-height-default wpr-particle-no wpr-jarallax-no wpr-parallax-no wpr-sticky-section-no wpr-equal-height-no\" data-id=\"047f518\" data-element_type=\"section\" data-e-type=\"section\">\n\t\t\t\t\t\t<div class=\"elementor-container elementor-column-gap-default\">\n\t\t\t\t\t<div class=\"elementor-column elementor-col-100 elementor-top-column elementor-element elementor-element-5e41231\" data-id=\"5e41231\" data-element_type=\"column\" data-e-type=\"column\">\n\t\t\t<div class=\"elementor-widget-wrap elementor-element-populated\">\n\t\t\t\t\t\t<div class=\"elementor-element elementor-element-be8c30a elementor-widget elementor-widget-spacer\" data-id=\"be8c30a\" data-element_type=\"widget\" data-e-type=\"widget\" data-widget_type=\"spacer.default\">\n\t\t\t\t<div class=\"elementor-widget-container\">\n\t\t\t\t\t\t\t<div class=\"elementor-spacer\">\n\t\t\t<div class=\"elementor-spacer-inner\"><\/div>\n\t\t<\/div>\n\t\t\t\t\t\t<\/div>\n\t\t\t\t<\/div>\n\t\t\t\t\t<\/div>\n\t\t<\/div>\n\t\t\t\t\t<\/div>\n\t\t<\/section>\n\t\t\t\t<section class=\"elementor-section elementor-top-section elementor-element elementor-element-7e1c692 elementor-section-boxed elementor-section-height-default elementor-section-height-default wpr-particle-no wpr-jarallax-no wpr-parallax-no wpr-sticky-section-no wpr-equal-height-no\" data-id=\"7e1c692\" data-element_type=\"section\" data-e-type=\"section\">\n\t\t\t\t\t\t<div class=\"elementor-container elementor-column-gap-default\">\n\t\t\t\t\t<div class=\"elementor-column elementor-col-100 elementor-top-column elementor-element elementor-element-e727f68\" data-id=\"e727f68\" data-element_type=\"column\" data-e-type=\"column\">\n\t\t\t<div class=\"elementor-widget-wrap\">\n\t\t\t\t\t\t\t<\/div>\n\t\t<\/div>\n\t\t\t\t\t<\/div>\n\t\t<\/section>\n\t\t\t\t<section class=\"elementor-section elementor-top-section elementor-element elementor-element-17ff1be elementor-section-boxed elementor-section-height-default elementor-section-height-default wpr-particle-no wpr-jarallax-no wpr-parallax-no wpr-sticky-section-no wpr-equal-height-no\" data-id=\"17ff1be\" data-element_type=\"section\" data-e-type=\"section\">\n\t\t\t\t\t\t<div class=\"elementor-container elementor-column-gap-default\">\n\t\t\t\t\t<div class=\"elementor-column elementor-col-100 elementor-top-column elementor-element elementor-element-1e00e9c\" data-id=\"1e00e9c\" data-element_type=\"column\" data-e-type=\"column\">\n\t\t\t<div class=\"elementor-widget-wrap elementor-element-populated\">\n\t\t\t\t\t\t<div class=\"elementor-element elementor-element-1560442 elementor-widget elementor-widget-menu-anchor\" data-id=\"1560442\" data-element_type=\"widget\" data-e-type=\"widget\" data-widget_type=\"menu-anchor.default\">\n\t\t\t\t<div class=\"elementor-widget-container\">\n\t\t\t\t\t\t\t<div class=\"elementor-menu-anchor\" id=\"agenda2025\"><\/div>\n\t\t\t\t\t\t<\/div>\n\t\t\t\t<\/div>\n\t\t\t\t\t<\/div>\n\t\t<\/div>\n\t\t\t\t\t<\/div>\n\t\t<\/section>\n\t\t\t\t<section class=\"elementor-section elementor-top-section elementor-element elementor-element-24c7d3e elementor-section-boxed elementor-section-height-default elementor-section-height-default wpr-particle-no wpr-jarallax-no wpr-parallax-no wpr-sticky-section-no wpr-equal-height-no\" data-id=\"24c7d3e\" data-element_type=\"section\" data-e-type=\"section\">\n\t\t\t\t\t\t<div class=\"elementor-container elementor-column-gap-default\">\n\t\t\t\t\t<div class=\"elementor-column elementor-col-100 elementor-top-column elementor-element elementor-element-254df70\" data-id=\"254df70\" data-element_type=\"column\" data-e-type=\"column\">\n\t\t\t<div class=\"elementor-widget-wrap elementor-element-populated\">\n\t\t\t\t\t\t<div class=\"elementor-element elementor-element-f381226 elementor-widget__width-initial elementor-widget elementor-widget-heading\" data-id=\"f381226\" data-element_type=\"widget\" data-e-type=\"widget\" data-widget_type=\"heading.default\">\n\t\t\t\t<div class=\"elementor-widget-container\">\n\t\t\t\t\t<h2 class=\"elementor-heading-title elementor-size-default\">AGENDA COOP\u00c9RATIONS 2026<\/h2>\t\t\t\t<\/div>\n\t\t\t\t<\/div>\n\t\t\t\t\t<\/div>\n\t\t<\/div>\n\t\t\t\t\t<\/div>\n\t\t<\/section>\n\t\t\t\t<section class=\"elementor-section elementor-top-section elementor-element elementor-element-f8b957b elementor-hidden-mobile elementor-section-boxed elementor-section-height-default elementor-section-height-default wpr-particle-no wpr-jarallax-no wpr-parallax-no wpr-sticky-section-no wpr-equal-height-no\" data-id=\"f8b957b\" data-element_type=\"section\" data-e-type=\"section\">\n\t\t\t\t\t\t<div class=\"elementor-container elementor-column-gap-default\">\n\t\t\t\t\t<div class=\"elementor-column elementor-col-16 elementor-top-column elementor-element elementor-element-afe2083\" data-id=\"afe2083\" data-element_type=\"column\" data-e-type=\"column\" data-settings=\"{&quot;background_background&quot;:&quot;classic&quot;}\">\n\t\t\t<div class=\"elementor-widget-wrap elementor-element-populated\">\n\t\t\t\t\t\t<div class=\"elementor-element elementor-element-80ccba0 elementor-widget elementor-widget-text-editor\" data-id=\"80ccba0\" data-element_type=\"widget\" data-e-type=\"widget\" data-widget_type=\"text-editor.default\">\n\t\t\t\t<div class=\"elementor-widget-container\">\n\t\t\t\t\t\t\t\t\t<p style=\"text-align: center;\">Samba R\u00e9sille ka1<\/p>\t\t\t\t\t\t\t\t<\/div>\n\t\t\t\t<\/div>\n\t\t\t\t\t<\/div>\n\t\t<\/div>\n\t\t\t\t<div class=\"elementor-column elementor-col-16 elementor-top-column elementor-element elementor-element-b9252de\" data-id=\"b9252de\" data-element_type=\"column\" data-e-type=\"column\">\n\t\t\t<div class=\"elementor-widget-wrap elementor-element-populated\">\n\t\t\t\t\t\t<div class=\"elementor-element elementor-element-3a73dd2 elementor-widget elementor-widget-text-editor\" data-id=\"3a73dd2\" data-element_type=\"widget\" data-e-type=\"widget\" data-widget_type=\"text-editor.default\">\n\t\t\t\t<div class=\"elementor-widget-container\">\n\t\t\t\t\t\t\t\t\t<p style=\"text-align: center;\">Samba R\u00e9sille ka2<\/p>\t\t\t\t\t\t\t\t<\/div>\n\t\t\t\t<\/div>\n\t\t\t\t\t<\/div>\n\t\t<\/div>\n\t\t\t\t<div class=\"elementor-column elementor-col-16 elementor-top-column elementor-element elementor-element-8fc0b03\" data-id=\"8fc0b03\" data-element_type=\"column\" data-e-type=\"column\">\n\t\t\t<div class=\"elementor-widget-wrap elementor-element-populated\">\n\t\t\t\t\t\t<div class=\"elementor-element elementor-element-e137166 elementor-widget elementor-widget-text-editor\" data-id=\"e137166\" data-element_type=\"widget\" data-e-type=\"widget\" data-widget_type=\"text-editor.default\">\n\t\t\t\t<div class=\"elementor-widget-container\">\n\t\t\t\t\t\t\t\t\t<p>Membre Consortium<\/p>\t\t\t\t\t\t\t\t<\/div>\n\t\t\t\t<\/div>\n\t\t\t\t\t<\/div>\n\t\t<\/div>\n\t\t\t\t<div class=\"elementor-column elementor-col-16 elementor-top-column elementor-element elementor-element-6d83824\" data-id=\"6d83824\" data-element_type=\"column\" data-e-type=\"column\" data-settings=\"{&quot;background_background&quot;:&quot;classic&quot;}\">\n\t\t\t<div class=\"elementor-widget-wrap elementor-element-populated\">\n\t\t\t\t\t\t<div class=\"elementor-element elementor-element-b8898f0 elementor-widget elementor-widget-text-editor\" data-id=\"b8898f0\" data-element_type=\"widget\" data-e-type=\"widget\" data-widget_type=\"text-editor.default\">\n\t\t\t\t<div class=\"elementor-widget-container\">\n\t\t\t\t\t\t\t\t\t<p>Consortium<\/p>\t\t\t\t\t\t\t\t<\/div>\n\t\t\t\t<\/div>\n\t\t\t\t\t<\/div>\n\t\t<\/div>\n\t\t\t\t<div class=\"elementor-column elementor-col-16 elementor-top-column elementor-element elementor-element-add1aec\" data-id=\"add1aec\" data-element_type=\"column\" data-e-type=\"column\">\n\t\t\t<div class=\"elementor-widget-wrap elementor-element-populated\">\n\t\t\t\t\t\t<div class=\"elementor-element elementor-element-74ad437 elementor-widget elementor-widget-text-editor\" data-id=\"74ad437\" data-element_type=\"widget\" data-e-type=\"widget\" data-widget_type=\"text-editor.default\">\n\t\t\t\t<div class=\"elementor-widget-container\">\n\t\t\t\t\t\t\t\t\t<p>Mobilit\u00e9 individuelle<\/p>\t\t\t\t\t\t\t\t<\/div>\n\t\t\t\t<\/div>\n\t\t\t\t\t<\/div>\n\t\t<\/div>\n\t\t\t\t<div class=\"elementor-column elementor-col-16 elementor-top-column elementor-element elementor-element-64c1551\" data-id=\"64c1551\" data-element_type=\"column\" data-e-type=\"column\">\n\t\t\t<div class=\"elementor-widget-wrap elementor-element-populated\">\n\t\t\t\t\t\t<div class=\"elementor-element elementor-element-3b117e9 elementor-widget elementor-widget-text-editor\" data-id=\"3b117e9\" data-element_type=\"widget\" data-e-type=\"widget\" data-widget_type=\"text-editor.default\">\n\t\t\t\t<div class=\"elementor-widget-container\">\n\t\t\t\t\t\t\t\t\t<p>Autre dispositif<\/p>\t\t\t\t\t\t\t\t<\/div>\n\t\t\t\t<\/div>\n\t\t\t\t\t<\/div>\n\t\t<\/div>\n\t\t\t\t\t<\/div>\n\t\t<\/section>\n\t\t\t\t<section class=\"elementor-section elementor-top-section elementor-element elementor-element-6dfdad5 elementor-section-boxed elementor-section-height-default elementor-section-height-default wpr-particle-no wpr-jarallax-no wpr-parallax-no wpr-sticky-section-no wpr-equal-height-no\" data-id=\"6dfdad5\" data-element_type=\"section\" data-e-type=\"section\">\n\t\t\t\t\t\t<div class=\"elementor-container elementor-column-gap-default\">\n\t\t\t\t\t<div class=\"elementor-column elementor-col-100 elementor-top-column elementor-element elementor-element-282ff73\" data-id=\"282ff73\" data-element_type=\"column\" data-e-type=\"column\">\n\t\t\t<div class=\"elementor-widget-wrap elementor-element-populated\">\n\t\t\t\t\t\t<div class=\"elementor-element elementor-element-fcd69fb elementor-widget elementor-widget-elementskit-testimonial\" data-id=\"fcd69fb\" data-element_type=\"widget\" data-e-type=\"widget\" data-widget_type=\"elementskit-testimonial.default\">\n\t\t\t\t<div class=\"elementor-widget-container\">\n\t\t\t\t\t<div class=\"ekit-wid-con\" ><div class=\"elementskit-testimonial-slider ekit_testimonial_style_5 arrow_inside slider-dotted\" data-config=\"{&quot;rtl&quot;:false,&quot;arrows&quot;:true,&quot;dots&quot;:true,&quot;pauseOnHover&quot;:true,&quot;autoplay&quot;:true,&quot;speed&quot;:750,&quot;slidesPerGroup&quot;:4,&quot;slidesPerView&quot;:4,&quot;loop&quot;:true,&quot;spaceBetween&quot;:15,&quot;breakpoints&quot;:{&quot;320&quot;:{&quot;slidesPerView&quot;:2,&quot;slidesPerGroup&quot;:1,&quot;spaceBetween&quot;:10},&quot;768&quot;:{&quot;slidesPerView&quot;:2,&quot;slidesPerGroup&quot;:1,&quot;spaceBetween&quot;:10},&quot;1024&quot;:{&quot;slidesPerView&quot;:4,&quot;slidesPerGroup&quot;:4,&quot;spaceBetween&quot;:15}}}\">\n\t<div class=\"ekit-main-swiper swiper\">\n\t\t<div class=\"swiper-wrapper\">\n\t\t\t\t\t\t\t<div class=\"swiper-slide\">\n\t\t\t\t\t<div class=\"swiper-slide-inner\">\n\t\t\t\t\t\t<a class=\"elementskit-single-testimonial-slider elementskit-testimonial-slider-block-style elementskit-testimonial-slider-block-style-two   elementor-repeater-item-1f957a1\" href=\"https:\/\/carnavaldetoulouse.fr\/SiteCarnaval\/\">\n\t\t\t\t\t\t\t<div class=\"elementskit-commentor-header\">\n\t\t\t\t\t\t\t\t\n\t\t\t\t\t\t\t\t\t\t\t\t\t\t\t<\/div>\n\t\t\t\t\t\t\t\n\t\t\t\t\t\t\t\t\t\t\t\t\t\t\t<div class=\"elementskit-commentor-content\"><p>D\u00e9couverte de 13\u00e8me INTERNATIONAL FESTIVAL OF MASQUERADE GAMES SURVA 2026. Le festival SURVA \u00e0 Pernik rassemble des groupes de mascarades de Bulgarie et du monde entier pour c\u00e9l\u00e9brer les traditions anciennes, les rituels et les costumes color\u00e9s. A destination des musiciens et acteurs du carnaval (danseur, costumier ect..)<br> B\u00e9n\u00e9voles du COCU.<\/p><\/div>\n\t\t\t\t\t\t\t\n\t\t\t\t\t\t\t<div class=\"elementskit-commentor-bio\">\n\t\t\t\t\t\t\t\t<div class=\"elementkit-commentor-details client_center\">\n\t\t\t\t\t\t\t\t\t\t\t\t\t\t\t\t\t\t\t<div class=\"elementskit-commentor-image ekit-testimonial--avatar\">\n\t\t\t\t\t\t\t\t\t\t\t<img decoding=\"async\" width=\"120\" height=\"120\" src=\"https:\/\/samba-resille.org\/international-platform\/wp-content\/uploads\/2026\/04\/Pernik.jpg\" class=\"attachment-full size-full\" alt=\"\" srcset=\"https:\/\/samba-resille.org\/international-platform\/wp-content\/uploads\/2026\/04\/Pernik.jpg 1600w, https:\/\/samba-resille.org\/international-platform\/wp-content\/uploads\/2026\/04\/Pernik-300x225.jpg 300w, https:\/\/samba-resille.org\/international-platform\/wp-content\/uploads\/2026\/04\/Pernik-1024x768.jpg 1024w, https:\/\/samba-resille.org\/international-platform\/wp-content\/uploads\/2026\/04\/Pernik-768x576.jpg 768w, https:\/\/samba-resille.org\/international-platform\/wp-content\/uploads\/2026\/04\/Pernik-1536x1152.jpg 1536w, https:\/\/samba-resille.org\/international-platform\/wp-content\/uploads\/2026\/04\/Pernik-16x12.jpg 16w, https:\/\/samba-resille.org\/international-platform\/wp-content\/uploads\/2026\/04\/Pernik-24x18.jpg 24w, https:\/\/samba-resille.org\/international-platform\/wp-content\/uploads\/2026\/04\/Pernik-36x27.jpg 36w, https:\/\/samba-resille.org\/international-platform\/wp-content\/uploads\/2026\/04\/Pernik-48x36.jpg 48w\" sizes=\"(max-width: 1600px) 100vw, 1600px\" \/>\t\t\t\t\t\t\t\t\t\t<\/div>\n\t\t\t\t\t\t\t\t\t\t\t\t\t\t\t\t\t\t<div class=\"elementskit-profile-info\">\n\t\t\t\t\t\t\t\t\t\t<strong class=\"elementskit-author-name\">Pernik, Bulgarie<\/strong>\n\t\t\t\t\t\t\t\t\t\t<span class=\"elementskit-author-des\">du 16 au 18 janvier <\/span>\n\t\t\t\t\t\t\t\t\t<\/div>\n\t\t\t\t\t\t\t\t<\/div>\n\t\t\t\t\t\t\t<\/div>\n\t\t\t\t\t\t<\/a>\n\t\t\t\t\t<\/div>\n\t\t\t\t<\/div>\n\t\t\t\t\t\t\t<div class=\"swiper-slide\">\n\t\t\t\t\t<div class=\"swiper-slide-inner\">\n\t\t\t\t\t\t<div class=\"elementskit-single-testimonial-slider elementskit-testimonial-slider-block-style elementskit-testimonial-slider-block-style-two   elementor-repeater-item-2f49934\" >\n\t\t\t\t\t\t\t<div class=\"elementskit-commentor-header\">\n\t\t\t\t\t\t\t\t\n\t\t\t\t\t\t\t\t\t\t\t\t\t\t\t<\/div>\n\t\t\t\t\t\t\t\n\t\t\t\t\t\t\t\t\t\t\t\t\t\t\t<div class=\"elementskit-commentor-content\"><p>Mobilit\u00e9 Arts visuels au Carnaval de Limassol\nD\u00e9velopper la cr\u00e9ativit\u00e9, la coop\u00e9ration interculturelle et la conscience citoyenne des participants \u00e0 travers les arts visuels. \nEn s\u2019impliquant dans des ateliers artistiques, en participant au Carnaval de Limassol avec l\u2019Alliance Fran\u00e7aise, et en collaborant avec le Conseil des R\u00e9fugi\u00e9s de Nicosie, les participants exp\u00e9rimentent l\u2019art comme outil d\u2019expression, de dialogue et d\u2019inclusion. <br>\nBEART et SAMBA R\u00c9SILLE\n\n<\/p><\/div>\n\t\t\t\t\t\t\t\n\t\t\t\t\t\t\t<div class=\"elementskit-commentor-bio\">\n\t\t\t\t\t\t\t\t<div class=\"elementkit-commentor-details client_center\">\n\t\t\t\t\t\t\t\t\t\t\t\t\t\t\t\t\t\t\t<div class=\"elementskit-commentor-image ekit-testimonial--avatar\">\n\t\t\t\t\t\t\t\t\t\t\t<img decoding=\"async\" width=\"120\" height=\"120\" src=\"https:\/\/samba-resille.org\/international-platform\/wp-content\/uploads\/2026\/04\/limassol.jpg\" class=\"attachment-full size-full\" alt=\"\" srcset=\"https:\/\/samba-resille.org\/international-platform\/wp-content\/uploads\/2026\/04\/limassol.jpg 728w, https:\/\/samba-resille.org\/international-platform\/wp-content\/uploads\/2026\/04\/limassol-300x200.jpg 300w, https:\/\/samba-resille.org\/international-platform\/wp-content\/uploads\/2026\/04\/limassol-18x12.jpg 18w, https:\/\/samba-resille.org\/international-platform\/wp-content\/uploads\/2026\/04\/limassol-24x16.jpg 24w, https:\/\/samba-resille.org\/international-platform\/wp-content\/uploads\/2026\/04\/limassol-36x24.jpg 36w, https:\/\/samba-resille.org\/international-platform\/wp-content\/uploads\/2026\/04\/limassol-48x32.jpg 48w\" sizes=\"(max-width: 728px) 100vw, 728px\" \/>\t\t\t\t\t\t\t\t\t\t<\/div>\n\t\t\t\t\t\t\t\t\t\t\t\t\t\t\t\t\t\t<div class=\"elementskit-profile-info\">\n\t\t\t\t\t\t\t\t\t\t<strong class=\"elementskit-author-name\">Limassol, Chypre <\/strong>\n\t\t\t\t\t\t\t\t\t\t<span class=\"elementskit-author-des\">11-18 f\u00e9vrier <\/span>\n\t\t\t\t\t\t\t\t\t<\/div>\n\t\t\t\t\t\t\t\t<\/div>\n\t\t\t\t\t\t\t<\/div>\n\t\t\t\t\t\t<\/div>\n\t\t\t\t\t<\/div>\n\t\t\t\t<\/div>\n\t\t\t\t\t\t\t<div class=\"swiper-slide\">\n\t\t\t\t\t<div class=\"swiper-slide-inner\">\n\t\t\t\t\t\t<div class=\"elementskit-single-testimonial-slider elementskit-testimonial-slider-block-style elementskit-testimonial-slider-block-style-two   elementor-repeater-item-4bcb1f0\" >\n\t\t\t\t\t\t\t<div class=\"elementskit-commentor-header\">\n\t\t\t\t\t\t\t\t\n\t\t\t\t\t\t\t\t\t\t\t\t\t\t\t<\/div>\n\t\t\t\t\t\t\t\n\t\t\t\t\t\t\t\t\t\t\t\t\t\t\t<div class=\"elementskit-commentor-content\"><p>ABDS - Echange de pratiques et structuration de projets chorales a cappella dans une d\u00e9marche d\u2019\u00e9conomie sociale et solidaire avec le quatuor RING AROUND \u00e0 G\u00eanes\nCe projet s\u2019adresse \u00e0 des chanteurs et chanteuses, professionnels ou amateurs \u00e9clair\u00e9s, engag\u00e9s dans des projets chorales a cappella et souhaitant d\u00e9velopper leurs comp\u00e9tences en gestion de projet, en p\u00e9dagogie inclusive, et en enrichissement de r\u00e9pertoire.\nABDS<\/p><\/div>\n\t\t\t\t\t\t\t\n\t\t\t\t\t\t\t<div class=\"elementskit-commentor-bio\">\n\t\t\t\t\t\t\t\t<div class=\"elementkit-commentor-details client_center\">\n\t\t\t\t\t\t\t\t\t\t\t\t\t\t\t\t\t\t\t<div class=\"elementskit-commentor-image ekit-testimonial--avatar\">\n\t\t\t\t\t\t\t\t\t\t\t<img decoding=\"async\" width=\"120\" height=\"120\" src=\"https:\/\/samba-resille.org\/international-platform\/wp-content\/uploads\/2026\/04\/genes.jpg\" class=\"attachment-full size-full\" alt=\"\" srcset=\"https:\/\/samba-resille.org\/international-platform\/wp-content\/uploads\/2026\/04\/genes.jpg 1024w, https:\/\/samba-resille.org\/international-platform\/wp-content\/uploads\/2026\/04\/genes-300x220.jpg 300w, https:\/\/samba-resille.org\/international-platform\/wp-content\/uploads\/2026\/04\/genes-768x563.jpg 768w, https:\/\/samba-resille.org\/international-platform\/wp-content\/uploads\/2026\/04\/genes-16x12.jpg 16w, https:\/\/samba-resille.org\/international-platform\/wp-content\/uploads\/2026\/04\/genes-24x18.jpg 24w, https:\/\/samba-resille.org\/international-platform\/wp-content\/uploads\/2026\/04\/genes-36x26.jpg 36w, https:\/\/samba-resille.org\/international-platform\/wp-content\/uploads\/2026\/04\/genes-48x35.jpg 48w\" sizes=\"(max-width: 1024px) 100vw, 1024px\" \/>\t\t\t\t\t\t\t\t\t\t<\/div>\n\t\t\t\t\t\t\t\t\t\t\t\t\t\t\t\t\t\t<div class=\"elementskit-profile-info\">\n\t\t\t\t\t\t\t\t\t\t<strong class=\"elementskit-author-name\">G\u00eanes, Italie<\/strong>\n\t\t\t\t\t\t\t\t\t\t<span class=\"elementskit-author-des\">28 f\u00e9vrier - 6 mars <\/span>\n\t\t\t\t\t\t\t\t\t<\/div>\n\t\t\t\t\t\t\t\t<\/div>\n\t\t\t\t\t\t\t<\/div>\n\t\t\t\t\t\t<\/div>\n\t\t\t\t\t<\/div>\n\t\t\t\t<\/div>\n\t\t\t\t\t\t\t<div class=\"swiper-slide\">\n\t\t\t\t\t<div class=\"swiper-slide-inner\">\n\t\t\t\t\t\t<div class=\"elementskit-single-testimonial-slider elementskit-testimonial-slider-block-style elementskit-testimonial-slider-block-style-two   elementor-repeater-item-1b4b0b2\" >\n\t\t\t\t\t\t\t<div class=\"elementskit-commentor-header\">\n\t\t\t\t\t\t\t\t\n\t\t\t\t\t\t\t\t\t\t\t\t\t\t\t<\/div>\n\t\t\t\t\t\t\t\n\t\t\t\t\t\t\t\t\t\t\t\t\t\t\t<div class=\"elementskit-commentor-content\"><p>Cette mobilit\u00e9 p\u00e9dagogique pour les membres de la Compagnie Samba R\u00e9sille. Une semaine combinant ateliers de pratique musicale (jeux de batucada et de timbau par groupes) et temps de formation et d'\u00e9changes avec notre partenaire Zumbal\u00e9, groupe de percussions madril\u00e8ne, autour des questions d\u2019afro descendance, d\u2019interculturalit\u00e9 et de la place des femmes dans l\u2019enseignement des rythmes afro br\u00e9siliens.<\/p><\/div>\n\t\t\t\t\t\t\t\n\t\t\t\t\t\t\t<div class=\"elementskit-commentor-bio\">\n\t\t\t\t\t\t\t\t<div class=\"elementkit-commentor-details client_center\">\n\t\t\t\t\t\t\t\t\t\t\t\t\t\t\t\t\t\t\t<div class=\"elementskit-commentor-image ekit-testimonial--avatar\">\n\t\t\t\t\t\t\t\t\t\t\t<img loading=\"lazy\" decoding=\"async\" width=\"120\" height=\"120\" src=\"https:\/\/samba-resille.org\/international-platform\/wp-content\/uploads\/2026\/04\/madrid7.jpg\" class=\"attachment-full size-full\" alt=\"\" srcset=\"https:\/\/samba-resille.org\/international-platform\/wp-content\/uploads\/2026\/04\/madrid7.jpg 275w, https:\/\/samba-resille.org\/international-platform\/wp-content\/uploads\/2026\/04\/madrid7-18x12.jpg 18w, https:\/\/samba-resille.org\/international-platform\/wp-content\/uploads\/2026\/04\/madrid7-24x16.jpg 24w, https:\/\/samba-resille.org\/international-platform\/wp-content\/uploads\/2026\/04\/madrid7-36x24.jpg 36w, https:\/\/samba-resille.org\/international-platform\/wp-content\/uploads\/2026\/04\/madrid7-48x32.jpg 48w\" sizes=\"(max-width: 275px) 100vw, 275px\" \/>\t\t\t\t\t\t\t\t\t\t<\/div>\n\t\t\t\t\t\t\t\t\t\t\t\t\t\t\t\t\t\t<div class=\"elementskit-profile-info\">\n\t\t\t\t\t\t\t\t\t\t<strong class=\"elementskit-author-name\">Madrid, Espagne<\/strong>\n\t\t\t\t\t\t\t\t\t\t<span class=\"elementskit-author-des\">28 f\u00e9vrier - 8 mars <\/span>\n\t\t\t\t\t\t\t\t\t<\/div>\n\t\t\t\t\t\t\t\t<\/div>\n\t\t\t\t\t\t\t<\/div>\n\t\t\t\t\t\t<\/div>\n\t\t\t\t\t<\/div>\n\t\t\t\t<\/div>\n\t\t\t\t\t\t\t<div class=\"swiper-slide\">\n\t\t\t\t\t<div class=\"swiper-slide-inner\">\n\t\t\t\t\t\t<div class=\"elementskit-single-testimonial-slider elementskit-testimonial-slider-block-style elementskit-testimonial-slider-block-style-two   elementor-repeater-item-4b39373\" >\n\t\t\t\t\t\t\t<div class=\"elementskit-commentor-header\">\n\t\t\t\t\t\t\t\t\n\t\t\t\t\t\t\t\t\t\t\t\t\t\t\t<\/div>\n\t\t\t\t\t\t\t\n\t\t\t\t\t\t\t\t\t\t\t\t\t\t\t<div class=\"elementskit-commentor-content\"><p>Arts et g\u00e9osciences : d\u00e9velopper les capacit\u00e9s des acteurs et structures du secteur culturel \u00e0 investir les enjeux environnementaux. Partenaire : partenaire AMARI, r\u00e9seau de r\u00e9sidences rurales en M\u00e9diterran\u00e9e sp\u00e9cialis\u00e9 dans le d\u00e9veloppement de projets interdisciplinaires \u00e0 la crois\u00e9e des arts et de l'\u00e9cologie.\n<\/p><\/div>\n\t\t\t\t\t\t\t\n\t\t\t\t\t\t\t<div class=\"elementskit-commentor-bio\">\n\t\t\t\t\t\t\t\t<div class=\"elementkit-commentor-details client_center\">\n\t\t\t\t\t\t\t\t\t\t\t\t\t\t\t\t\t\t\t<div class=\"elementskit-commentor-image ekit-testimonial--avatar\">\n\t\t\t\t\t\t\t\t\t\t\t<img loading=\"lazy\" decoding=\"async\" width=\"120\" height=\"120\" src=\"https:\/\/samba-resille.org\/international-platform\/wp-content\/uploads\/2026\/04\/etna2.jpg\" class=\"attachment-full size-full\" alt=\"\" srcset=\"https:\/\/samba-resille.org\/international-platform\/wp-content\/uploads\/2026\/04\/etna2.jpg 275w, https:\/\/samba-resille.org\/international-platform\/wp-content\/uploads\/2026\/04\/etna2-18x12.jpg 18w, https:\/\/samba-resille.org\/international-platform\/wp-content\/uploads\/2026\/04\/etna2-24x16.jpg 24w, https:\/\/samba-resille.org\/international-platform\/wp-content\/uploads\/2026\/04\/etna2-36x24.jpg 36w, https:\/\/samba-resille.org\/international-platform\/wp-content\/uploads\/2026\/04\/etna2-48x32.jpg 48w\" sizes=\"(max-width: 275px) 100vw, 275px\" \/>\t\t\t\t\t\t\t\t\t\t<\/div>\n\t\t\t\t\t\t\t\t\t\t\t\t\t\t\t\t\t\t<div class=\"elementskit-profile-info\">\n\t\t\t\t\t\t\t\t\t\t<strong class=\"elementskit-author-name\">Syracuse et Catane, Sicile<\/strong>\n\t\t\t\t\t\t\t\t\t\t<span class=\"elementskit-author-des\">2-9 mars <\/span>\n\t\t\t\t\t\t\t\t\t<\/div>\n\t\t\t\t\t\t\t\t<\/div>\n\t\t\t\t\t\t\t<\/div>\n\t\t\t\t\t\t<\/div>\n\t\t\t\t\t<\/div>\n\t\t\t\t<\/div>\n\t\t\t\t\t\t\t<div class=\"swiper-slide\">\n\t\t\t\t\t<div class=\"swiper-slide-inner\">\n\t\t\t\t\t\t<div class=\"elementskit-single-testimonial-slider elementskit-testimonial-slider-block-style elementskit-testimonial-slider-block-style-two   elementor-repeater-item-d1fc51d\" >\n\t\t\t\t\t\t\t<div class=\"elementskit-commentor-header\">\n\t\t\t\t\t\t\t\t\n\t\t\t\t\t\t\t\t\t\t\t\t\t\t\t<\/div>\n\t\t\t\t\t\t\t\n\t\t\t\t\t\t\t\t\t\t\t\t\t\t\t<div class=\"elementskit-commentor-content\"><p>cours structur\u00e9 de 5 jours en anglais, en fran\u00e7ais et en portugais, d\u00e9livr\u00e9 par les formateurs de Nice Groove.\nLa Batucada Nice Groove, bas\u00e9e sur des rythmiques lusophones dynamiques, met l\u2019accent sur l\u2019\u00e9nergie collective, l\u2019inclusion et le ressenti corporel. Les techniques d\u00e9velopp\u00e9es reposent sur la transe percussive collective comme m\u00e9dium de partage, en veillant \u00e0 ce que chaque participant trouve sa place.\n<\/p><\/div>\n\t\t\t\t\t\t\t\n\t\t\t\t\t\t\t<div class=\"elementskit-commentor-bio\">\n\t\t\t\t\t\t\t\t<div class=\"elementkit-commentor-details client_center\">\n\t\t\t\t\t\t\t\t\t\t\t\t\t\t\t\t\t\t\t<div class=\"elementskit-commentor-image ekit-testimonial--avatar\">\n\t\t\t\t\t\t\t\t\t\t\t<img loading=\"lazy\" decoding=\"async\" width=\"120\" height=\"120\" src=\"https:\/\/samba-resille.org\/international-platform\/wp-content\/uploads\/2026\/04\/Estoril-rond.png\" class=\"attachment-full size-full\" alt=\"\" srcset=\"https:\/\/samba-resille.org\/international-platform\/wp-content\/uploads\/2026\/04\/Estoril-rond.png 348w, https:\/\/samba-resille.org\/international-platform\/wp-content\/uploads\/2026\/04\/Estoril-rond-300x300.png 300w, https:\/\/samba-resille.org\/international-platform\/wp-content\/uploads\/2026\/04\/Estoril-rond-150x150.png 150w, https:\/\/samba-resille.org\/international-platform\/wp-content\/uploads\/2026\/04\/Estoril-rond-12x12.png 12w, https:\/\/samba-resille.org\/international-platform\/wp-content\/uploads\/2026\/04\/Estoril-rond-24x24.png 24w, https:\/\/samba-resille.org\/international-platform\/wp-content\/uploads\/2026\/04\/Estoril-rond-36x36.png 36w, https:\/\/samba-resille.org\/international-platform\/wp-content\/uploads\/2026\/04\/Estoril-rond-48x48.png 48w\" sizes=\"(max-width: 348px) 100vw, 348px\" \/>\t\t\t\t\t\t\t\t\t\t<\/div>\n\t\t\t\t\t\t\t\t\t\t\t\t\t\t\t\t\t\t<div class=\"elementskit-profile-info\">\n\t\t\t\t\t\t\t\t\t\t<strong class=\"elementskit-author-name\">Estoril, Portugal<\/strong>\n\t\t\t\t\t\t\t\t\t\t<span class=\"elementskit-author-des\">18-26 avril <\/span>\n\t\t\t\t\t\t\t\t\t<\/div>\n\t\t\t\t\t\t\t\t<\/div>\n\t\t\t\t\t\t\t<\/div>\n\t\t\t\t\t\t<\/div>\n\t\t\t\t\t<\/div>\n\t\t\t\t<\/div>\n\t\t\t\t\t\t\t<div class=\"swiper-slide\">\n\t\t\t\t\t<div class=\"swiper-slide-inner\">\n\t\t\t\t\t\t<div class=\"elementskit-single-testimonial-slider elementskit-testimonial-slider-block-style elementskit-testimonial-slider-block-style-two   elementor-repeater-item-f7cc60a\" >\n\t\t\t\t\t\t\t<div class=\"elementskit-commentor-header\">\n\t\t\t\t\t\t\t\t\n\t\t\t\t\t\t\t\t\t\t\t\t\t\t\t<\/div>\n\t\t\t\t\t\t\t\n\t\t\t\t\t\t\t\t\t\t\t\t\t\t\t<div class=\"elementskit-commentor-content\"><p>Mobilit\u00e9 p\u00e9dagogique qui s'inscrit dans le cursus de samba-pagode de Samba R\u00e9sille (d\u00e9butants \u2013 interm\u00e9diaires)\nPerfectionnement du chant, de la percussion et des cordes br\u00e9siliennes roda avec nos professeurs partenaires Juninho, Karla et Rafael, l'acquisition de nouveaux morceaux et l'investissement associatif au sens large (participation \u00e0 des commissions, b\u00e9n\u00e9volat lors de sorties ou de concerts etc...).\n<\/p><\/div>\n\t\t\t\t\t\t\t\n\t\t\t\t\t\t\t<div class=\"elementskit-commentor-bio\">\n\t\t\t\t\t\t\t\t<div class=\"elementkit-commentor-details client_center\">\n\t\t\t\t\t\t\t\t\t\t\t\t\t\t\t\t\t\t\t<div class=\"elementskit-commentor-image ekit-testimonial--avatar\">\n\t\t\t\t\t\t\t\t\t\t\t<img loading=\"lazy\" decoding=\"async\" width=\"120\" height=\"120\" src=\"https:\/\/samba-resille.org\/international-platform\/wp-content\/uploads\/2026\/04\/PORTUGAL.png\" class=\"attachment-full size-full\" alt=\"\" srcset=\"https:\/\/samba-resille.org\/international-platform\/wp-content\/uploads\/2026\/04\/PORTUGAL.png 348w, https:\/\/samba-resille.org\/international-platform\/wp-content\/uploads\/2026\/04\/PORTUGAL-300x300.png 300w, https:\/\/samba-resille.org\/international-platform\/wp-content\/uploads\/2026\/04\/PORTUGAL-150x150.png 150w, https:\/\/samba-resille.org\/international-platform\/wp-content\/uploads\/2026\/04\/PORTUGAL-12x12.png 12w, https:\/\/samba-resille.org\/international-platform\/wp-content\/uploads\/2026\/04\/PORTUGAL-24x24.png 24w, https:\/\/samba-resille.org\/international-platform\/wp-content\/uploads\/2026\/04\/PORTUGAL-36x36.png 36w, https:\/\/samba-resille.org\/international-platform\/wp-content\/uploads\/2026\/04\/PORTUGAL-48x48.png 48w\" sizes=\"(max-width: 348px) 100vw, 348px\" \/>\t\t\t\t\t\t\t\t\t\t<\/div>\n\t\t\t\t\t\t\t\t\t\t\t\t\t\t\t\t\t\t<div class=\"elementskit-profile-info\">\n\t\t\t\t\t\t\t\t\t\t<strong class=\"elementskit-author-name\">Lisbonne, Portugal<\/strong>\n\t\t\t\t\t\t\t\t\t\t<span class=\"elementskit-author-des\">18 - 26 avril <\/span>\n\t\t\t\t\t\t\t\t\t<\/div>\n\t\t\t\t\t\t\t\t<\/div>\n\t\t\t\t\t\t\t<\/div>\n\t\t\t\t\t\t<\/div>\n\t\t\t\t\t<\/div>\n\t\t\t\t<\/div>\n\t\t\t\t\t\t\t<div class=\"swiper-slide\">\n\t\t\t\t\t<div class=\"swiper-slide-inner\">\n\t\t\t\t\t\t<div class=\"elementskit-single-testimonial-slider elementskit-testimonial-slider-block-style elementskit-testimonial-slider-block-style-two   elementor-repeater-item-1512b38\" >\n\t\t\t\t\t\t\t<div class=\"elementskit-commentor-header\">\n\t\t\t\t\t\t\t\t\n\t\t\t\t\t\t\t\t\t\t\t\t\t\t\t<\/div>\n\t\t\t\t\t\t\t\n\t\t\t\t\t\t\t\t\t\t\t\t\t\t\t<div class=\"elementskit-commentor-content\"><p>Mobilit\u00e9 p\u00e9dagogique qui s'inscrit dans le cursus de samba-pagode de Samba R\u00e9sille (interm\u00e9diaires-confirm\u00e9s)\nperfectionnement du chant, de la percussion et des cordes br\u00e9siliennes roda avec nos professeurs partenaires Juninho, Karla et Rafael, l'acquisition de nouveaux morceaux et l'investissement associatif au sens large (participation \u00e0 des commissions, b\u00e9n\u00e9volat lors de sorties ou de concerts etc...).\n<\/p><\/div>\n\t\t\t\t\t\t\t\n\t\t\t\t\t\t\t<div class=\"elementskit-commentor-bio\">\n\t\t\t\t\t\t\t\t<div class=\"elementkit-commentor-details client_center\">\n\t\t\t\t\t\t\t\t\t\t\t\t\t\t\t\t\t\t\t<div class=\"elementskit-commentor-image ekit-testimonial--avatar\">\n\t\t\t\t\t\t\t\t\t\t\t<img loading=\"lazy\" decoding=\"async\" width=\"120\" height=\"120\" src=\"https:\/\/samba-resille.org\/international-platform\/wp-content\/uploads\/2026\/04\/PORTUGAL.png\" class=\"attachment-full size-full\" alt=\"\" srcset=\"https:\/\/samba-resille.org\/international-platform\/wp-content\/uploads\/2026\/04\/PORTUGAL.png 348w, https:\/\/samba-resille.org\/international-platform\/wp-content\/uploads\/2026\/04\/PORTUGAL-300x300.png 300w, https:\/\/samba-resille.org\/international-platform\/wp-content\/uploads\/2026\/04\/PORTUGAL-150x150.png 150w, https:\/\/samba-resille.org\/international-platform\/wp-content\/uploads\/2026\/04\/PORTUGAL-12x12.png 12w, https:\/\/samba-resille.org\/international-platform\/wp-content\/uploads\/2026\/04\/PORTUGAL-24x24.png 24w, https:\/\/samba-resille.org\/international-platform\/wp-content\/uploads\/2026\/04\/PORTUGAL-36x36.png 36w, https:\/\/samba-resille.org\/international-platform\/wp-content\/uploads\/2026\/04\/PORTUGAL-48x48.png 48w\" sizes=\"(max-width: 348px) 100vw, 348px\" \/>\t\t\t\t\t\t\t\t\t\t<\/div>\n\t\t\t\t\t\t\t\t\t\t\t\t\t\t\t\t\t\t<div class=\"elementskit-profile-info\">\n\t\t\t\t\t\t\t\t\t\t<strong class=\"elementskit-author-name\">Lisbonne, Portugal<\/strong>\n\t\t\t\t\t\t\t\t\t\t<span class=\"elementskit-author-des\">25 avril - 3 mai <\/span>\n\t\t\t\t\t\t\t\t\t<\/div>\n\t\t\t\t\t\t\t\t<\/div>\n\t\t\t\t\t\t\t<\/div>\n\t\t\t\t\t\t<\/div>\n\t\t\t\t\t<\/div>\n\t\t\t\t<\/div>\n\t\t\t\t\t\t\t<div class=\"swiper-slide\">\n\t\t\t\t\t<div class=\"swiper-slide-inner\">\n\t\t\t\t\t\t<div class=\"elementskit-single-testimonial-slider elementskit-testimonial-slider-block-style elementskit-testimonial-slider-block-style-two   elementor-repeater-item-1933b20\" >\n\t\t\t\t\t\t\t<div class=\"elementskit-commentor-header\">\n\t\t\t\t\t\t\t\t\n\t\t\t\t\t\t\t\t\t\t\t\t\t\t\t<\/div>\n\t\t\t\t\t\t\t\n\t\t\t\t\t\t\t\t\t\t\t\t\t\t\t<div class=\"elementskit-commentor-content\"><p>Maison du V\u00e9lo \u2013 Rencontre avec l'association Bicultura https:\/\/bicicultura.org\/ et les acteurs locaux de la fili\u00e8re v\u00e9lo.<\/p><\/div>\n\t\t\t\t\t\t\t\n\t\t\t\t\t\t\t<div class=\"elementskit-commentor-bio\">\n\t\t\t\t\t\t\t\t<div class=\"elementkit-commentor-details client_center\">\n\t\t\t\t\t\t\t\t\t\t\t\t\t\t\t\t\t\t\t<div class=\"elementskit-commentor-image ekit-testimonial--avatar\">\n\t\t\t\t\t\t\t\t\t\t\t<img loading=\"lazy\" decoding=\"async\" width=\"120\" height=\"120\" src=\"https:\/\/samba-resille.org\/international-platform\/wp-content\/uploads\/2026\/04\/Maison-du-velo.png\" class=\"attachment-full size-full\" alt=\"\" srcset=\"https:\/\/samba-resille.org\/international-platform\/wp-content\/uploads\/2026\/04\/Maison-du-velo.png 377w, https:\/\/samba-resille.org\/international-platform\/wp-content\/uploads\/2026\/04\/Maison-du-velo-300x115.png 300w, https:\/\/samba-resille.org\/international-platform\/wp-content\/uploads\/2026\/04\/Maison-du-velo-18x7.png 18w, https:\/\/samba-resille.org\/international-platform\/wp-content\/uploads\/2026\/04\/Maison-du-velo-24x9.png 24w, https:\/\/samba-resille.org\/international-platform\/wp-content\/uploads\/2026\/04\/Maison-du-velo-36x14.png 36w, https:\/\/samba-resille.org\/international-platform\/wp-content\/uploads\/2026\/04\/Maison-du-velo-48x18.png 48w\" sizes=\"(max-width: 377px) 100vw, 377px\" \/>\t\t\t\t\t\t\t\t\t\t<\/div>\n\t\t\t\t\t\t\t\t\t\t\t\t\t\t\t\t\t\t<div class=\"elementskit-profile-info\">\n\t\t\t\t\t\t\t\t\t\t<strong class=\"elementskit-author-name\">Lisbonne, Portugal<\/strong>\n\t\t\t\t\t\t\t\t\t\t<span class=\"elementskit-author-des\">25 avril - 3 mai<\/span>\n\t\t\t\t\t\t\t\t\t<\/div>\n\t\t\t\t\t\t\t\t<\/div>\n\t\t\t\t\t\t\t<\/div>\n\t\t\t\t\t\t<\/div>\n\t\t\t\t\t<\/div>\n\t\t\t\t<\/div>\n\t\t\t\t\t\t\t<div class=\"swiper-slide\">\n\t\t\t\t\t<div class=\"swiper-slide-inner\">\n\t\t\t\t\t\t<div class=\"elementskit-single-testimonial-slider elementskit-testimonial-slider-block-style elementskit-testimonial-slider-block-style-two   elementor-repeater-item-debcc0d\" >\n\t\t\t\t\t\t\t<div class=\"elementskit-commentor-header\">\n\t\t\t\t\t\t\t\t\n\t\t\t\t\t\t\t\t\t\t\t\t\t\t\t<\/div>\n\t\t\t\t\t\t\t\n\t\t\t\t\t\t\t\t\t\t\t\t\t\t\t<div class=\"elementskit-commentor-content\"><p>Mobilit\u00e9 p\u00e9dagogique s'adresse aux membres des batucadas d'Albi (Vibrasson) et de Tarbes (Em-Cima) qui partiront en tant qu'apprenants de Samba R\u00e9sille, suite \u00e0 un stage effectu\u00e9 avec Ivan Lepineux. Semaine combinant ateliers de pratique musicale (jeu de batucada) et temps de formation et d'\u00e9changes avec notre partenaire Zumbal\u00e9, groupe de percussions madril\u00e8ne, autour des questions d\u2019afro descendance, d\u2019interculturalit\u00e9 et de la place des femmes dans l\u2019enseignement des rythmes afro br\u00e9siliens.<\/p><\/div>\n\t\t\t\t\t\t\t\n\t\t\t\t\t\t\t<div class=\"elementskit-commentor-bio\">\n\t\t\t\t\t\t\t\t<div class=\"elementkit-commentor-details client_center\">\n\t\t\t\t\t\t\t\t\t\t\t\t\t\t\t\t\t\t\t<div class=\"elementskit-commentor-image ekit-testimonial--avatar\">\n\t\t\t\t\t\t\t\t\t\t\t<img loading=\"lazy\" decoding=\"async\" width=\"120\" height=\"120\" src=\"https:\/\/samba-resille.org\/international-platform\/wp-content\/uploads\/2026\/04\/Madrid-rond-2.png\" class=\"attachment-full size-full\" alt=\"\" srcset=\"https:\/\/samba-resille.org\/international-platform\/wp-content\/uploads\/2026\/04\/Madrid-rond-2.png 225w, https:\/\/samba-resille.org\/international-platform\/wp-content\/uploads\/2026\/04\/Madrid-rond-2-150x150.png 150w, https:\/\/samba-resille.org\/international-platform\/wp-content\/uploads\/2026\/04\/Madrid-rond-2-12x12.png 12w, https:\/\/samba-resille.org\/international-platform\/wp-content\/uploads\/2026\/04\/Madrid-rond-2-24x24.png 24w, https:\/\/samba-resille.org\/international-platform\/wp-content\/uploads\/2026\/04\/Madrid-rond-2-36x36.png 36w, https:\/\/samba-resille.org\/international-platform\/wp-content\/uploads\/2026\/04\/Madrid-rond-2-48x48.png 48w\" sizes=\"(max-width: 225px) 100vw, 225px\" \/>\t\t\t\t\t\t\t\t\t\t<\/div>\n\t\t\t\t\t\t\t\t\t\t\t\t\t\t\t\t\t\t<div class=\"elementskit-profile-info\">\n\t\t\t\t\t\t\t\t\t\t<strong class=\"elementskit-author-name\">Madrid, Espagne<\/strong>\n\t\t\t\t\t\t\t\t\t\t<span class=\"elementskit-author-des\">20-26 avril<\/span>\n\t\t\t\t\t\t\t\t\t<\/div>\n\t\t\t\t\t\t\t\t<\/div>\n\t\t\t\t\t\t\t<\/div>\n\t\t\t\t\t\t<\/div>\n\t\t\t\t\t<\/div>\n\t\t\t\t<\/div>\n\t\t\t\t\t\t\t<div class=\"swiper-slide\">\n\t\t\t\t\t<div class=\"swiper-slide-inner\">\n\t\t\t\t\t\t<div class=\"elementskit-single-testimonial-slider elementskit-testimonial-slider-block-style elementskit-testimonial-slider-block-style-two   elementor-repeater-item-16576e3\" >\n\t\t\t\t\t\t\t<div class=\"elementskit-commentor-header\">\n\t\t\t\t\t\t\t\t\n\t\t\t\t\t\t\t\t\t\t\t\t\t\t\t<\/div>\n\t\t\t\t\t\t\t\n\t\t\t\t\t\t\t\t\t\t\t\t\t\t\t<div class=\"elementskit-commentor-content\"><p>Mobilit\u00e9 est mise en place par Bajo El Mar pour les apprenants du R\u00e9seau Jazz Occitanie (France) ayant particip\u00e9 \u00e0 la Formation de Bajo el Mar : \"Enjeux et outils de la mobilit\u00e9 professionnelle \u00e0 l\u2019international\". Participation au salon de jazz international Jazzhead 2026.<\/p><\/div>\n\t\t\t\t\t\t\t\n\t\t\t\t\t\t\t<div class=\"elementskit-commentor-bio\">\n\t\t\t\t\t\t\t\t<div class=\"elementkit-commentor-details client_center\">\n\t\t\t\t\t\t\t\t\t\t\t\t\t\t\t\t\t\t\t<div class=\"elementskit-commentor-image ekit-testimonial--avatar\">\n\t\t\t\t\t\t\t\t\t\t\t<img loading=\"lazy\" decoding=\"async\" width=\"120\" height=\"120\" src=\"https:\/\/samba-resille.org\/international-platform\/wp-content\/uploads\/2026\/04\/d61def61-69bf-4b73-b311-8df86e1ca04a.png\" class=\"attachment-full size-full\" alt=\"\" srcset=\"https:\/\/samba-resille.org\/international-platform\/wp-content\/uploads\/2026\/04\/d61def61-69bf-4b73-b311-8df86e1ca04a.png 490w, https:\/\/samba-resille.org\/international-platform\/wp-content\/uploads\/2026\/04\/d61def61-69bf-4b73-b311-8df86e1ca04a-300x300.png 300w, https:\/\/samba-resille.org\/international-platform\/wp-content\/uploads\/2026\/04\/d61def61-69bf-4b73-b311-8df86e1ca04a-150x150.png 150w, https:\/\/samba-resille.org\/international-platform\/wp-content\/uploads\/2026\/04\/d61def61-69bf-4b73-b311-8df86e1ca04a-12x12.png 12w, https:\/\/samba-resille.org\/international-platform\/wp-content\/uploads\/2026\/04\/d61def61-69bf-4b73-b311-8df86e1ca04a-24x24.png 24w, https:\/\/samba-resille.org\/international-platform\/wp-content\/uploads\/2026\/04\/d61def61-69bf-4b73-b311-8df86e1ca04a-36x36.png 36w, https:\/\/samba-resille.org\/international-platform\/wp-content\/uploads\/2026\/04\/d61def61-69bf-4b73-b311-8df86e1ca04a-48x48.png 48w\" sizes=\"(max-width: 490px) 100vw, 490px\" \/>\t\t\t\t\t\t\t\t\t\t<\/div>\n\t\t\t\t\t\t\t\t\t\t\t\t\t\t\t\t\t\t<div class=\"elementskit-profile-info\">\n\t\t\t\t\t\t\t\t\t\t<strong class=\"elementskit-author-name\">Br\u00eame, Allemagne<\/strong>\n\t\t\t\t\t\t\t\t\t\t<span class=\"elementskit-author-des\">20-26 avril <\/span>\n\t\t\t\t\t\t\t\t\t<\/div>\n\t\t\t\t\t\t\t\t<\/div>\n\t\t\t\t\t\t\t<\/div>\n\t\t\t\t\t\t<\/div>\n\t\t\t\t\t<\/div>\n\t\t\t\t<\/div>\n\t\t\t\t\t\t\t<div class=\"swiper-slide\">\n\t\t\t\t\t<div class=\"swiper-slide-inner\">\n\t\t\t\t\t\t<div class=\"elementskit-single-testimonial-slider elementskit-testimonial-slider-block-style elementskit-testimonial-slider-block-style-two   elementor-repeater-item-74b8220\" >\n\t\t\t\t\t\t\t<div class=\"elementskit-commentor-header\">\n\t\t\t\t\t\t\t\t\n\t\t\t\t\t\t\t\t\t\t\t\t\t\t\t<\/div>\n\t\t\t\t\t\t\t\n\t\t\t\t\t\t\t\t\t\t\t\t\t\t\t<div class=\"elementskit-commentor-content\"><p>Claudio Monteverdi et ses contemporains autour de 1600\nPossibilit\u00e9 \u00e0 des chanteurs amateurs et musiciens professionnels de l\u2019Ensemble A bout de souffle d\u2019enrichir leur pratique en participant \u00e0 des ateliers de pratique musicale et vocale, des exp\u00e9rimentations de lecture \u00e0 vue sur le triple lutrin Renaissance, rencontre avec des artistes de Palma Choralis et participation \u00e0 des \u00e9v\u00e9nements dans la ville, visite sensible et \u00e9clair\u00e9 \u00e0 Mantoue, ville o\u00f9 est n\u00e9e l\u2019op\u00e9ra Orfeo de Monteverdi.\n<\/p><\/div>\n\t\t\t\t\t\t\t\n\t\t\t\t\t\t\t<div class=\"elementskit-commentor-bio\">\n\t\t\t\t\t\t\t\t<div class=\"elementkit-commentor-details client_center\">\n\t\t\t\t\t\t\t\t\t\t\t\t\t\t\t\t\t\t\t<div class=\"elementskit-commentor-image ekit-testimonial--avatar\">\n\t\t\t\t\t\t\t\t\t\t\t<img loading=\"lazy\" decoding=\"async\" width=\"120\" height=\"120\" src=\"https:\/\/samba-resille.org\/international-platform\/wp-content\/uploads\/2026\/04\/a-bout-de-souffle.png\" class=\"attachment-full size-full\" alt=\"\" srcset=\"https:\/\/samba-resille.org\/international-platform\/wp-content\/uploads\/2026\/04\/a-bout-de-souffle.png 220w, https:\/\/samba-resille.org\/international-platform\/wp-content\/uploads\/2026\/04\/a-bout-de-souffle-12x12.png 12w, https:\/\/samba-resille.org\/international-platform\/wp-content\/uploads\/2026\/04\/a-bout-de-souffle-24x24.png 24w, https:\/\/samba-resille.org\/international-platform\/wp-content\/uploads\/2026\/04\/a-bout-de-souffle-36x36.png 36w, https:\/\/samba-resille.org\/international-platform\/wp-content\/uploads\/2026\/04\/a-bout-de-souffle-48x48.png 48w\" sizes=\"(max-width: 220px) 100vw, 220px\" \/>\t\t\t\t\t\t\t\t\t\t<\/div>\n\t\t\t\t\t\t\t\t\t\t\t\t\t\t\t\t\t\t<div class=\"elementskit-profile-info\">\n\t\t\t\t\t\t\t\t\t\t<strong class=\"elementskit-author-name\">Brescia, Italie<\/strong>\n\t\t\t\t\t\t\t\t\t\t<span class=\"elementskit-author-des\"> 26 avril - 3 mai <\/span>\n\t\t\t\t\t\t\t\t\t<\/div>\n\t\t\t\t\t\t\t\t<\/div>\n\t\t\t\t\t\t\t<\/div>\n\t\t\t\t\t\t<\/div>\n\t\t\t\t\t<\/div>\n\t\t\t\t<\/div>\n\t\t\t\t\t\t\t<div class=\"swiper-slide\">\n\t\t\t\t\t<div class=\"swiper-slide-inner\">\n\t\t\t\t\t\t<div class=\"elementskit-single-testimonial-slider elementskit-testimonial-slider-block-style elementskit-testimonial-slider-block-style-two   elementor-repeater-item-9b2b4e1\" >\n\t\t\t\t\t\t\t<div class=\"elementskit-commentor-header\">\n\t\t\t\t\t\t\t\t\n\t\t\t\t\t\t\t\t\t\t\t\t\t\t\t<\/div>\n\t\t\t\t\t\t\t\n\t\t\t\t\t\t\t\t\t\t\t\t\t\t\t<div class=\"elementskit-commentor-content\"><p>stage d'observation du Festival Krearte organis\u00e9 par notre partenaire \u00e0 Grenade, la Escuela de Solidaridad\nParticiper et \u00e0 organiser \u00e0 Sierra Elvira diff\u00e9rents ateliers d\u2019art dans le domaine social avec plusieurs collectifs et artistes. La Escuela de Solidaridad veille particuli\u00e8rement \u00e0 int\u00e9grer des personnes r\u00e9fugi\u00e9es ou migrantes dans ses ateliers.\nLe r\u00e9sultat de ces ateliers formera un \u00e9norme d\u00e9fil\u00e9 dans Grenade le weekend du 23-24 mai.\n<\/p><\/div>\n\t\t\t\t\t\t\t\n\t\t\t\t\t\t\t<div class=\"elementskit-commentor-bio\">\n\t\t\t\t\t\t\t\t<div class=\"elementkit-commentor-details client_center\">\n\t\t\t\t\t\t\t\t\t\t\t\t\t\t\t\t\t\t\t<div class=\"elementskit-commentor-image ekit-testimonial--avatar\">\n\t\t\t\t\t\t\t\t\t\t\t<img loading=\"lazy\" decoding=\"async\" width=\"120\" height=\"120\" src=\"https:\/\/samba-resille.org\/international-platform\/wp-content\/uploads\/2026\/04\/Kourion3.png\" class=\"attachment-full size-full\" alt=\"\" srcset=\"https:\/\/samba-resille.org\/international-platform\/wp-content\/uploads\/2026\/04\/Kourion3.png 348w, https:\/\/samba-resille.org\/international-platform\/wp-content\/uploads\/2026\/04\/Kourion3-300x300.png 300w, https:\/\/samba-resille.org\/international-platform\/wp-content\/uploads\/2026\/04\/Kourion3-150x150.png 150w, https:\/\/samba-resille.org\/international-platform\/wp-content\/uploads\/2026\/04\/Kourion3-12x12.png 12w, https:\/\/samba-resille.org\/international-platform\/wp-content\/uploads\/2026\/04\/Kourion3-24x24.png 24w, https:\/\/samba-resille.org\/international-platform\/wp-content\/uploads\/2026\/04\/Kourion3-36x36.png 36w, https:\/\/samba-resille.org\/international-platform\/wp-content\/uploads\/2026\/04\/Kourion3-48x48.png 48w\" sizes=\"(max-width: 348px) 100vw, 348px\" \/>\t\t\t\t\t\t\t\t\t\t<\/div>\n\t\t\t\t\t\t\t\t\t\t\t\t\t\t\t\t\t\t<div class=\"elementskit-profile-info\">\n\t\t\t\t\t\t\t\t\t\t<strong class=\"elementskit-author-name\">Grenade, Espagne <\/strong>\n\t\t\t\t\t\t\t\t\t\t<span class=\"elementskit-author-des\">19-27 mai 2026<\/span>\n\t\t\t\t\t\t\t\t\t<\/div>\n\t\t\t\t\t\t\t\t<\/div>\n\t\t\t\t\t\t\t<\/div>\n\t\t\t\t\t\t<\/div>\n\t\t\t\t\t<\/div>\n\t\t\t\t<\/div>\n\t\t\t\t\t\t\t<div class=\"swiper-slide\">\n\t\t\t\t\t<div class=\"swiper-slide-inner\">\n\t\t\t\t\t\t<div class=\"elementskit-single-testimonial-slider elementskit-testimonial-slider-block-style elementskit-testimonial-slider-block-style-two   elementor-repeater-item-de1880d\" >\n\t\t\t\t\t\t\t<div class=\"elementskit-commentor-header\">\n\t\t\t\t\t\t\t\t\n\t\t\t\t\t\t\t\t\t\t\t\t\t\t\t<\/div>\n\t\t\t\t\t\t\t\n\t\t\t\t\t\t\t\t\t\t\t\t\t\t\t<div class=\"elementskit-commentor-content\"><p>Cette mobilit\u00e9 vise \u00e0 d\u00e9velopper la cr\u00e9ativit\u00e9, la coop\u00e9ration interculturelle et la conscience citoyenne des participants \u00e0 travers une participation \u00e0 la Pride de Nicosie et une rencontre avec les \u00e9quipes du Conseil de r\u00e9fugi\u00e9s de Chypre. <br> A destination des artistes, personnel b\u00e9n\u00e9vole et salari\u00e9 de Be-Art et Samba R\u00e9sille<\/p><\/div>\n\t\t\t\t\t\t\t\n\t\t\t\t\t\t\t<div class=\"elementskit-commentor-bio\">\n\t\t\t\t\t\t\t\t<div class=\"elementkit-commentor-details client_center\">\n\t\t\t\t\t\t\t\t\t\t\t\t\t\t\t\t\t\t\t<div class=\"elementskit-commentor-image ekit-testimonial--avatar\">\n\t\t\t\t\t\t\t\t\t\t\t<img loading=\"lazy\" decoding=\"async\" width=\"120\" height=\"120\" src=\"https:\/\/samba-resille.org\/international-platform\/wp-content\/uploads\/2026\/04\/nicosie2.jpg\" class=\"attachment-full size-full\" alt=\"\" srcset=\"https:\/\/samba-resille.org\/international-platform\/wp-content\/uploads\/2026\/04\/nicosie2.jpg 1920w, https:\/\/samba-resille.org\/international-platform\/wp-content\/uploads\/2026\/04\/nicosie2-300x200.jpg 300w, https:\/\/samba-resille.org\/international-platform\/wp-content\/uploads\/2026\/04\/nicosie2-1024x683.jpg 1024w, https:\/\/samba-resille.org\/international-platform\/wp-content\/uploads\/2026\/04\/nicosie2-768x512.jpg 768w, https:\/\/samba-resille.org\/international-platform\/wp-content\/uploads\/2026\/04\/nicosie2-1536x1024.jpg 1536w, https:\/\/samba-resille.org\/international-platform\/wp-content\/uploads\/2026\/04\/nicosie2-18x12.jpg 18w, https:\/\/samba-resille.org\/international-platform\/wp-content\/uploads\/2026\/04\/nicosie2-24x16.jpg 24w, https:\/\/samba-resille.org\/international-platform\/wp-content\/uploads\/2026\/04\/nicosie2-36x24.jpg 36w, https:\/\/samba-resille.org\/international-platform\/wp-content\/uploads\/2026\/04\/nicosie2-48x32.jpg 48w\" sizes=\"(max-width: 1920px) 100vw, 1920px\" \/>\t\t\t\t\t\t\t\t\t\t<\/div>\n\t\t\t\t\t\t\t\t\t\t\t\t\t\t\t\t\t\t<div class=\"elementskit-profile-info\">\n\t\t\t\t\t\t\t\t\t\t<strong class=\"elementskit-author-name\">Nicosie, Paphos, Chypre<\/strong>\n\t\t\t\t\t\t\t\t\t\t<span class=\"elementskit-author-des\">3-10 juin <\/span>\n\t\t\t\t\t\t\t\t\t<\/div>\n\t\t\t\t\t\t\t\t<\/div>\n\t\t\t\t\t\t\t<\/div>\n\t\t\t\t\t\t<\/div>\n\t\t\t\t\t<\/div>\n\t\t\t\t<\/div>\n\t\t\t\t\t\t\t<div class=\"swiper-slide\">\n\t\t\t\t\t<div class=\"swiper-slide-inner\">\n\t\t\t\t\t\t<div class=\"elementskit-single-testimonial-slider elementskit-testimonial-slider-block-style elementskit-testimonial-slider-block-style-two   elementor-repeater-item-d7ed634\" >\n\t\t\t\t\t\t\t<div class=\"elementskit-commentor-header\">\n\t\t\t\t\t\t\t\t\n\t\t\t\t\t\t\t\t\t\t\t\t\t\t\t<\/div>\n\t\t\t\t\t\t\t\n\t\t\t\t\t\t\t\t\t\t\t\t\t\t\t<div class=\"elementskit-commentor-content\"><p>Cette mobilit\u00e9, construite avec notre partenaire Adufe &amp; Alguidar, bas\u00e9 \u00e0 Lisbonne, propose une immersion dans la musique traditionnelle portugaise (chant et percussions) bas\u00e9e sur la d\u00e9couverte de l'adufe.<\/p><\/div>\n\t\t\t\t\t\t\t\n\t\t\t\t\t\t\t<div class=\"elementskit-commentor-bio\">\n\t\t\t\t\t\t\t\t<div class=\"elementkit-commentor-details client_center\">\n\t\t\t\t\t\t\t\t\t\t\t\t\t\t\t\t\t\t\t<div class=\"elementskit-commentor-image ekit-testimonial--avatar\">\n\t\t\t\t\t\t\t\t\t\t\t<img loading=\"lazy\" decoding=\"async\" width=\"120\" height=\"120\" src=\"https:\/\/samba-resille.org\/international-platform\/wp-content\/uploads\/2026\/04\/istockphoto-478897762-612x612-1.jpg\" class=\"attachment-full size-full\" alt=\"\" srcset=\"https:\/\/samba-resille.org\/international-platform\/wp-content\/uploads\/2026\/04\/istockphoto-478897762-612x612-1.jpg 612w, https:\/\/samba-resille.org\/international-platform\/wp-content\/uploads\/2026\/04\/istockphoto-478897762-612x612-1-300x200.jpg 300w, https:\/\/samba-resille.org\/international-platform\/wp-content\/uploads\/2026\/04\/istockphoto-478897762-612x612-1-18x12.jpg 18w, https:\/\/samba-resille.org\/international-platform\/wp-content\/uploads\/2026\/04\/istockphoto-478897762-612x612-1-24x16.jpg 24w, https:\/\/samba-resille.org\/international-platform\/wp-content\/uploads\/2026\/04\/istockphoto-478897762-612x612-1-36x24.jpg 36w, https:\/\/samba-resille.org\/international-platform\/wp-content\/uploads\/2026\/04\/istockphoto-478897762-612x612-1-48x32.jpg 48w\" sizes=\"(max-width: 612px) 100vw, 612px\" \/>\t\t\t\t\t\t\t\t\t\t<\/div>\n\t\t\t\t\t\t\t\t\t\t\t\t\t\t\t\t\t\t<div class=\"elementskit-profile-info\">\n\t\t\t\t\t\t\t\t\t\t<strong class=\"elementskit-author-name\">Lisbonne, Portugal<\/strong>\n\t\t\t\t\t\t\t\t\t\t<span class=\"elementskit-author-des\">14-21 juillet<\/span>\n\t\t\t\t\t\t\t\t\t<\/div>\n\t\t\t\t\t\t\t\t<\/div>\n\t\t\t\t\t\t\t<\/div>\n\t\t\t\t\t\t<\/div>\n\t\t\t\t\t<\/div>\n\t\t\t\t<\/div>\n\t\t\t\t\t\t\t<div class=\"swiper-slide\">\n\t\t\t\t\t<div class=\"swiper-slide-inner\">\n\t\t\t\t\t\t<div class=\"elementskit-single-testimonial-slider elementskit-testimonial-slider-block-style elementskit-testimonial-slider-block-style-two   elementor-repeater-item-b851a84\" >\n\t\t\t\t\t\t\t<div class=\"elementskit-commentor-header\">\n\t\t\t\t\t\t\t\t\n\t\t\t\t\t\t\t\t\t\t\t\t\t\t\t<\/div>\n\t\t\t\t\t\t\t\n\t\t\t\t\t\t\t\t\t\t\t\t\t\t\t<div class=\"elementskit-commentor-content\"><p>Mobilit\u00e9 initi\u00e9e par le Polymorphe, membre du Consortium. \u00ab Weave the wave \u00bb est un projet de coop\u00e9ration internationale, bas\u00e9 sur l'\u00e9change avec notre partenaire la ville de Kourion qui met en place des cours structur\u00e9s pour apprendre des techniques traditionnelles de broderies Chypriote. Ces techniques seront inject\u00e9es dans la cr\u00e9ation contemporaine de la pi\u00e8ce Sc\u00e9l\u00e9rates sur la mont\u00e9e des eaux.  <\/p><\/div>\n\t\t\t\t\t\t\t\n\t\t\t\t\t\t\t<div class=\"elementskit-commentor-bio\">\n\t\t\t\t\t\t\t\t<div class=\"elementkit-commentor-details client_center\">\n\t\t\t\t\t\t\t\t\t\t\t\t\t\t\t\t\t\t\t<div class=\"elementskit-commentor-image ekit-testimonial--avatar\">\n\t\t\t\t\t\t\t\t\t\t\t<img loading=\"lazy\" decoding=\"async\" width=\"120\" height=\"120\" src=\"https:\/\/samba-resille.org\/international-platform\/wp-content\/uploads\/2026\/04\/Kourion3.png\" class=\"attachment-full size-full\" alt=\"\" srcset=\"https:\/\/samba-resille.org\/international-platform\/wp-content\/uploads\/2026\/04\/Kourion3.png 348w, https:\/\/samba-resille.org\/international-platform\/wp-content\/uploads\/2026\/04\/Kourion3-300x300.png 300w, https:\/\/samba-resille.org\/international-platform\/wp-content\/uploads\/2026\/04\/Kourion3-150x150.png 150w, https:\/\/samba-resille.org\/international-platform\/wp-content\/uploads\/2026\/04\/Kourion3-12x12.png 12w, https:\/\/samba-resille.org\/international-platform\/wp-content\/uploads\/2026\/04\/Kourion3-24x24.png 24w, https:\/\/samba-resille.org\/international-platform\/wp-content\/uploads\/2026\/04\/Kourion3-36x36.png 36w, https:\/\/samba-resille.org\/international-platform\/wp-content\/uploads\/2026\/04\/Kourion3-48x48.png 48w\" sizes=\"(max-width: 348px) 100vw, 348px\" \/>\t\t\t\t\t\t\t\t\t\t<\/div>\n\t\t\t\t\t\t\t\t\t\t\t\t\t\t\t\t\t\t<div class=\"elementskit-profile-info\">\n\t\t\t\t\t\t\t\t\t\t<strong class=\"elementskit-author-name\">Nicosie, Chypre<\/strong>\n\t\t\t\t\t\t\t\t\t\t<span class=\"elementskit-author-des\">30 juin-05 juillet<\/span>\n\t\t\t\t\t\t\t\t\t<\/div>\n\t\t\t\t\t\t\t\t<\/div>\n\t\t\t\t\t\t\t<\/div>\n\t\t\t\t\t\t<\/div>\n\t\t\t\t\t<\/div>\n\t\t\t\t<\/div>\n\t\t\t\t\t\t\t<div class=\"swiper-slide\">\n\t\t\t\t\t<div class=\"swiper-slide-inner\">\n\t\t\t\t\t\t<div class=\"elementskit-single-testimonial-slider elementskit-testimonial-slider-block-style elementskit-testimonial-slider-block-style-two   elementor-repeater-item-6513b26\" >\n\t\t\t\t\t\t\t<div class=\"elementskit-commentor-header\">\n\t\t\t\t\t\t\t\t\n\t\t\t\t\t\t\t\t\t\t\t\t\t\t\t<\/div>\n\t\t\t\t\t\t\t\n\t\t\t\t\t\t\t\t\t\t\t\t\t\t\t<div class=\"elementskit-commentor-content\"><p>Mobilit\u00e9 au Festival International de Samba de Cobourg attire environ 180 000 visiteurs dans cette pittoresque ville franconienne au bord de l'Itz, au nord de la Bavi\u00e8re. Ce qui n'accueillait au d\u00e9part que quelques milliers de visiteurs est aujourd'hui le plus grand festival de samba hors du Br\u00e9sil.\nPr\u00e9sentation du spectacle Mundo Kanaval (m\u00ealant cuivres, batucada et chant) en public avec les membres de Samba R\u00e9sille et Fanfarna\u00fcm.\n<\/p><\/div>\n\t\t\t\t\t\t\t\n\t\t\t\t\t\t\t<div class=\"elementskit-commentor-bio\">\n\t\t\t\t\t\t\t\t<div class=\"elementkit-commentor-details client_center\">\n\t\t\t\t\t\t\t\t\t\t\t\t\t\t\t\t\t\t\t<div class=\"elementskit-commentor-image ekit-testimonial--avatar\">\n\t\t\t\t\t\t\t\t\t\t\t<img loading=\"lazy\" decoding=\"async\" width=\"120\" height=\"120\" src=\"https:\/\/samba-resille.org\/international-platform\/wp-content\/uploads\/2026\/04\/d61def61-69bf-4b73-b311-8df86e1ca04a.png\" class=\"attachment-full size-full\" alt=\"\" srcset=\"https:\/\/samba-resille.org\/international-platform\/wp-content\/uploads\/2026\/04\/d61def61-69bf-4b73-b311-8df86e1ca04a.png 490w, https:\/\/samba-resille.org\/international-platform\/wp-content\/uploads\/2026\/04\/d61def61-69bf-4b73-b311-8df86e1ca04a-300x300.png 300w, https:\/\/samba-resille.org\/international-platform\/wp-content\/uploads\/2026\/04\/d61def61-69bf-4b73-b311-8df86e1ca04a-150x150.png 150w, https:\/\/samba-resille.org\/international-platform\/wp-content\/uploads\/2026\/04\/d61def61-69bf-4b73-b311-8df86e1ca04a-12x12.png 12w, https:\/\/samba-resille.org\/international-platform\/wp-content\/uploads\/2026\/04\/d61def61-69bf-4b73-b311-8df86e1ca04a-24x24.png 24w, https:\/\/samba-resille.org\/international-platform\/wp-content\/uploads\/2026\/04\/d61def61-69bf-4b73-b311-8df86e1ca04a-36x36.png 36w, https:\/\/samba-resille.org\/international-platform\/wp-content\/uploads\/2026\/04\/d61def61-69bf-4b73-b311-8df86e1ca04a-48x48.png 48w\" sizes=\"(max-width: 490px) 100vw, 490px\" \/>\t\t\t\t\t\t\t\t\t\t<\/div>\n\t\t\t\t\t\t\t\t\t\t\t\t\t\t\t\t\t\t<div class=\"elementskit-profile-info\">\n\t\t\t\t\t\t\t\t\t\t<strong class=\"elementskit-author-name\">Coburg, Allemagne<\/strong>\n\t\t\t\t\t\t\t\t\t\t<span class=\"elementskit-author-des\">8-14 juillet <\/span>\n\t\t\t\t\t\t\t\t\t<\/div>\n\t\t\t\t\t\t\t\t<\/div>\n\t\t\t\t\t\t\t<\/div>\n\t\t\t\t\t\t<\/div>\n\t\t\t\t\t<\/div>\n\t\t\t\t<\/div>\n\t\t\t\t\t<\/div>\n\n\t\t\t\t\t<div class=\"swiper-pagination\"><\/div>\n\t\t\n\t\t\t\t\t<div class=\"swiper-navigation-button swiper-button-prev\">\n\t\t\t\t<i aria-hidden=\"true\" class=\"icon icon-left-arrows\"><\/i>\t\t\t<\/div>\n\t\t\t<div class=\"swiper-navigation-button swiper-button-next\">\n\t\t\t\t<i aria-hidden=\"true\" class=\"icon icon-right-arrow1\"><\/i>\t\t\t<\/div>\n\t\t\t<\/div>\n<\/div><\/div>\t\t\t\t<\/div>\n\t\t\t\t<\/div>\n\t\t\t\t\t<\/div>\n\t\t<\/div>\n\t\t\t\t\t<\/div>\n\t\t<\/section>\n\t\t\t\t<section class=\"elementor-section elementor-top-section elementor-element elementor-element-5a4f193 elementor-hidden-desktop elementor-hidden-tablet elementor-section-boxed elementor-section-height-default elementor-section-height-default wpr-particle-no wpr-jarallax-no wpr-parallax-no wpr-sticky-section-no wpr-equal-height-no\" data-id=\"5a4f193\" data-element_type=\"section\" data-e-type=\"section\">\n\t\t\t\t\t\t<div class=\"elementor-container elementor-column-gap-default\">\n\t\t\t\t\t<div class=\"elementor-column elementor-col-50 elementor-top-column elementor-element elementor-element-a77aea9\" data-id=\"a77aea9\" data-element_type=\"column\" data-e-type=\"column\">\n\t\t\t<div class=\"elementor-widget-wrap elementor-element-populated\">\n\t\t\t\t\t\t<div class=\"elementor-element elementor-element-6bc94f3 elementor-widget elementor-widget-text-editor\" data-id=\"6bc94f3\" data-element_type=\"widget\" data-e-type=\"widget\" data-widget_type=\"text-editor.default\">\n\t\t\t\t<div class=\"elementor-widget-container\">\n\t\t\t\t\t\t\t\t\t<p style=\"text-align: center;\">Samba R\u00e9sille ka1<\/p>\t\t\t\t\t\t\t\t<\/div>\n\t\t\t\t<\/div>\n\t\t\t\t<div class=\"elementor-element elementor-element-c35fd5b elementor-widget elementor-widget-text-editor\" data-id=\"c35fd5b\" data-element_type=\"widget\" data-e-type=\"widget\" data-widget_type=\"text-editor.default\">\n\t\t\t\t<div class=\"elementor-widget-container\">\n\t\t\t\t\t\t\t\t\t<p style=\"text-align: center;\">Samba R\u00e9sille ka2<\/p>\t\t\t\t\t\t\t\t<\/div>\n\t\t\t\t<\/div>\n\t\t\t\t<div class=\"elementor-element elementor-element-19a487b elementor-widget elementor-widget-text-editor\" data-id=\"19a487b\" data-element_type=\"widget\" data-e-type=\"widget\" data-widget_type=\"text-editor.default\">\n\t\t\t\t<div class=\"elementor-widget-container\">\n\t\t\t\t\t\t\t\t\t<p>Membre Consortium <\/p>\t\t\t\t\t\t\t\t<\/div>\n\t\t\t\t<\/div>\n\t\t\t\t\t<\/div>\n\t\t<\/div>\n\t\t\t\t<div class=\"elementor-column elementor-col-50 elementor-top-column elementor-element elementor-element-6685e6c\" data-id=\"6685e6c\" data-element_type=\"column\" data-e-type=\"column\">\n\t\t\t<div class=\"elementor-widget-wrap elementor-element-populated\">\n\t\t\t\t\t\t<div class=\"elementor-element elementor-element-b0b301b elementor-widget elementor-widget-text-editor\" data-id=\"b0b301b\" data-element_type=\"widget\" data-e-type=\"widget\" data-widget_type=\"text-editor.default\">\n\t\t\t\t<div class=\"elementor-widget-container\">\n\t\t\t\t\t\t\t\t\t<p>Consortium <\/p>\t\t\t\t\t\t\t\t<\/div>\n\t\t\t\t<\/div>\n\t\t\t\t<div class=\"elementor-element elementor-element-ecb3fc1 elementor-widget elementor-widget-text-editor\" data-id=\"ecb3fc1\" data-element_type=\"widget\" data-e-type=\"widget\" data-widget_type=\"text-editor.default\">\n\t\t\t\t<div class=\"elementor-widget-container\">\n\t\t\t\t\t\t\t\t\t<p>Mobilit\u00e9 individuelle<\/p>\t\t\t\t\t\t\t\t<\/div>\n\t\t\t\t<\/div>\n\t\t\t\t<div class=\"elementor-element elementor-element-5cc1303 elementor-widget elementor-widget-text-editor\" data-id=\"5cc1303\" data-element_type=\"widget\" data-e-type=\"widget\" data-widget_type=\"text-editor.default\">\n\t\t\t\t<div class=\"elementor-widget-container\">\n\t\t\t\t\t\t\t\t\t<p>Autre dispositif<\/p>\t\t\t\t\t\t\t\t<\/div>\n\t\t\t\t<\/div>\n\t\t\t\t\t<\/div>\n\t\t<\/div>\n\t\t\t\t\t<\/div>\n\t\t<\/section>\n\t\t\t\t<section class=\"elementor-section elementor-top-section elementor-element elementor-element-ab8d353 elementor-section-boxed elementor-section-height-default elementor-section-height-default wpr-particle-no wpr-jarallax-no wpr-parallax-no wpr-sticky-section-no wpr-equal-height-no\" data-id=\"ab8d353\" data-element_type=\"section\" data-e-type=\"section\">\n\t\t\t\t\t\t<div class=\"elementor-container elementor-column-gap-default\">\n\t\t\t\t\t<div class=\"elementor-column elementor-col-100 elementor-top-column elementor-element elementor-element-2b25c85\" data-id=\"2b25c85\" data-element_type=\"column\" data-e-type=\"column\">\n\t\t\t<div class=\"elementor-widget-wrap\">\n\t\t\t\t\t\t\t<\/div>\n\t\t<\/div>\n\t\t\t\t\t<\/div>\n\t\t<\/section>\n\t\t\t\t<section class=\"elementor-section elementor-top-section elementor-element elementor-element-5eb4e9b elementor-section-boxed elementor-section-height-default elementor-section-height-default wpr-particle-no wpr-jarallax-no wpr-parallax-no wpr-sticky-section-no wpr-equal-height-no\" data-id=\"5eb4e9b\" data-element_type=\"section\" data-e-type=\"section\">\n\t\t\t\t\t\t<div class=\"elementor-container elementor-column-gap-default\">\n\t\t\t\t\t<div class=\"elementor-column elementor-col-100 elementor-top-column elementor-element elementor-element-866725d\" data-id=\"866725d\" data-element_type=\"column\" data-e-type=\"column\">\n\t\t\t<div class=\"elementor-widget-wrap elementor-element-populated\">\n\t\t\t\t\t\t<div class=\"elementor-element elementor-element-c4b0354 elementor-widget elementor-widget-heading\" data-id=\"c4b0354\" data-element_type=\"widget\" data-e-type=\"widget\" data-widget_type=\"heading.default\">\n\t\t\t\t<div class=\"elementor-widget-container\">\n\t\t\t\t\t<h1 class=\"elementor-heading-title elementor-size-default\">CONSORTIUM ERASMUS+<\/h1>\t\t\t\t<\/div>\n\t\t\t\t<\/div>\n\t\t\t\t\t<\/div>\n\t\t<\/div>\n\t\t\t\t\t<\/div>\n\t\t<\/section>\n\t\t\t\t<section class=\"elementor-section elementor-top-section elementor-element elementor-element-6cc1e54 elementor-section-boxed elementor-section-height-default elementor-section-height-default wpr-particle-no wpr-jarallax-no wpr-parallax-no wpr-sticky-section-no wpr-equal-height-no\" data-id=\"6cc1e54\" data-element_type=\"section\" data-e-type=\"section\">\n\t\t\t\t\t\t<div class=\"elementor-container elementor-column-gap-default\">\n\t\t\t\t\t<div class=\"elementor-column elementor-col-100 elementor-top-column elementor-element elementor-element-3afbf53\" data-id=\"3afbf53\" data-element_type=\"column\" data-e-type=\"column\">\n\t\t\t<div class=\"elementor-widget-wrap elementor-element-populated\">\n\t\t\t\t\t\t<div class=\"elementor-element elementor-element-66c3dd6 elementor-widget elementor-widget-text-editor\" data-id=\"66c3dd6\" data-element_type=\"widget\" data-e-type=\"widget\" data-widget_type=\"text-editor.default\">\n\t\t\t\t<div class=\"elementor-widget-container\">\n\t\t\t\t\t\t\t\t\t<div style=\"width: 100%;\"><div style=\"position: relative; padding-bottom: 56.25%; padding-top: 0; height: 0;\"><iframe title=\"Consortium Education des Adultes SR &#038; Co\" frameborder=\"0\" width=\"1200\" height=\"675\" style=\"position: absolute; top: 0; left: 0; width: 100%; height: 100%;\" src=\"https:\/\/view.genial.ly\/64c9237bd519a7001805a2cb\" type=\"text\/html\" allowscriptaccess=\"always\" allowfullscreen=\"true\" scrolling=\"yes\" allownetworking=\"all\"><\/iframe> <\/div> <\/div>\t\t\t\t\t\t\t\t<\/div>\n\t\t\t\t<\/div>\n\t\t\t\t\t<\/div>\n\t\t<\/div>\n\t\t\t\t\t<\/div>\n\t\t<\/section>\n\t\t\t\t<section class=\"elementor-section elementor-top-section elementor-element elementor-element-9907d26 elementor-section-boxed elementor-section-height-default elementor-section-height-default wpr-particle-no wpr-jarallax-no wpr-parallax-no wpr-sticky-section-no wpr-equal-height-no\" data-id=\"9907d26\" data-element_type=\"section\" data-e-type=\"section\">\n\t\t\t\t\t\t<div class=\"elementor-container elementor-column-gap-default\">\n\t\t\t\t\t<div class=\"elementor-column elementor-col-100 elementor-top-column elementor-element elementor-element-f3b5135\" data-id=\"f3b5135\" data-element_type=\"column\" data-e-type=\"column\">\n\t\t\t<div class=\"elementor-widget-wrap elementor-element-populated\">\n\t\t\t\t\t\t<div class=\"elementor-element elementor-element-2aeeae6 elementor-widget__width-initial elementor-widget elementor-widget-heading\" data-id=\"2aeeae6\" data-element_type=\"widget\" data-e-type=\"widget\" data-widget_type=\"heading.default\">\n\t\t\t\t<div class=\"elementor-widget-container\">\n\t\t\t\t\t<h1 class=\"elementor-heading-title elementor-size-default\">PARTENAIRES DU CONSORTIUM ERASMUS+<\/h1>\t\t\t\t<\/div>\n\t\t\t\t<\/div>\n\t\t\t\t<div class=\"elementor-element elementor-element-5fb8fee elementor-widget elementor-widget-hotspot\" data-id=\"5fb8fee\" data-element_type=\"widget\" data-e-type=\"widget\" data-settings=\"{&quot;hotspot&quot;:[{&quot;_id&quot;:&quot;136242a&quot;,&quot;hotspot_custom_size&quot;:&quot;&quot;,&quot;hotspot_tooltip_content&quot;:&quot;&lt;p&gt;Artscape, Cape Town \\\/ Afrique du Sud&lt;\\\/p&gt;&lt;p&gt;&lt;img class=\\&quot;alignnone size-medium wp-image-5523\\&quot; src=\\&quot;https:\\\/\\\/samba-resille.org\\\/international-platform\\\/wp-content\\\/uploads\\\/2022\\\/12\\\/Artscape-300x300.jpeg\\&quot; alt=\\&quot;\\&quot; width=\\&quot;300\\&quot; height=\\&quot;300\\&quot; \\\/&gt;&lt;\\\/p&gt;&quot;,&quot;hotspot_offset_x&quot;:{&quot;unit&quot;:&quot;%&quot;,&quot;size&quot;:62,&quot;sizes&quot;:[]},&quot;hotspot_link&quot;:{&quot;url&quot;:&quot;https:\\\/\\\/www.artscape.co.za\\\/&quot;,&quot;is_external&quot;:&quot;on&quot;,&quot;nofollow&quot;:&quot;&quot;,&quot;custom_attributes&quot;:&quot;&quot;},&quot;hotspot_offset_y&quot;:{&quot;unit&quot;:&quot;%&quot;,&quot;size&quot;:95,&quot;sizes&quot;:[]},&quot;hotspot_label&quot;:&quot;Afrique du Sud&quot;,&quot;hotspot_icon&quot;:{&quot;value&quot;:&quot;&quot;,&quot;library&quot;:&quot;&quot;},&quot;hotspot_horizontal&quot;:&quot;left&quot;,&quot;hotspot_vertical&quot;:&quot;top&quot;,&quot;hotspot_tooltip_position&quot;:&quot;no&quot;,&quot;hotspot_position&quot;:null,&quot;hotspot_position_tablet&quot;:null,&quot;hotspot_position_mobile&quot;:null,&quot;hotspot_icon_position&quot;:null,&quot;hotspot_icon_spacing&quot;:null,&quot;hotspot_width&quot;:null,&quot;hotspot_height&quot;:null,&quot;hotspot_offset_x_tablet&quot;:{&quot;unit&quot;:&quot;px&quot;,&quot;size&quot;:&quot;&quot;,&quot;sizes&quot;:[]},&quot;hotspot_offset_x_mobile&quot;:{&quot;unit&quot;:&quot;px&quot;,&quot;size&quot;:&quot;&quot;,&quot;sizes&quot;:[]},&quot;hotspot_offset_y_tablet&quot;:{&quot;unit&quot;:&quot;px&quot;,&quot;size&quot;:&quot;&quot;,&quot;sizes&quot;:[]},&quot;hotspot_offset_y_mobile&quot;:{&quot;unit&quot;:&quot;px&quot;,&quot;size&quot;:&quot;&quot;,&quot;sizes&quot;:[]},&quot;hotspot_tooltip_width&quot;:null,&quot;hotspot_tooltip_width_tablet&quot;:null,&quot;hotspot_tooltip_width_mobile&quot;:null,&quot;hotspot_tooltip_text_wrap&quot;:null},{&quot;hotspot_custom_size&quot;:&quot;&quot;,&quot;hotspot_tooltip_content&quot;:&quot;&lt;p&gt;Barefeet - Lusaka \\\/ Zambie&lt;\\\/p&gt;&lt;p&gt;&lt;img class=\\&quot;alignnone size-medium wp-image-5526\\&quot; src=\\&quot;https:\\\/\\\/samba-resille.org\\\/international-platform\\\/wp-content\\\/uploads\\\/2022\\\/12\\\/Barefeet-300x114.png\\&quot; alt=\\&quot;\\&quot; width=\\&quot;300\\&quot; height=\\&quot;114\\&quot; \\\/&gt;&lt;\\\/p&gt;&quot;,&quot;hotspot_offset_x&quot;:{&quot;unit&quot;:&quot;%&quot;,&quot;size&quot;:66.5,&quot;sizes&quot;:[]},&quot;hotspot_link&quot;:{&quot;url&quot;:&quot;https:\\\/\\\/barefeettheatre.org\\\/&quot;,&quot;is_external&quot;:&quot;on&quot;,&quot;nofollow&quot;:&quot;&quot;,&quot;custom_attributes&quot;:&quot;&quot;},&quot;hotspot_offset_y&quot;:{&quot;unit&quot;:&quot;%&quot;,&quot;size&quot;:80,&quot;sizes&quot;:[]},&quot;_id&quot;:&quot;f35ba2b&quot;,&quot;hotspot_label&quot;:&quot;Zambie&quot;,&quot;hotspot_icon&quot;:{&quot;value&quot;:&quot;&quot;,&quot;library&quot;:&quot;&quot;},&quot;hotspot_horizontal&quot;:&quot;left&quot;,&quot;hotspot_vertical&quot;:&quot;top&quot;,&quot;hotspot_tooltip_position&quot;:&quot;no&quot;,&quot;hotspot_position&quot;:null,&quot;hotspot_position_tablet&quot;:null,&quot;hotspot_position_mobile&quot;:null,&quot;hotspot_icon_position&quot;:null,&quot;hotspot_icon_spacing&quot;:null,&quot;hotspot_width&quot;:null,&quot;hotspot_height&quot;:null,&quot;hotspot_offset_x_tablet&quot;:{&quot;unit&quot;:&quot;px&quot;,&quot;size&quot;:&quot;&quot;,&quot;sizes&quot;:[]},&quot;hotspot_offset_x_mobile&quot;:{&quot;unit&quot;:&quot;px&quot;,&quot;size&quot;:&quot;&quot;,&quot;sizes&quot;:[]},&quot;hotspot_offset_y_tablet&quot;:{&quot;unit&quot;:&quot;px&quot;,&quot;size&quot;:&quot;&quot;,&quot;sizes&quot;:[]},&quot;hotspot_offset_y_mobile&quot;:{&quot;unit&quot;:&quot;px&quot;,&quot;size&quot;:&quot;&quot;,&quot;sizes&quot;:[]},&quot;hotspot_tooltip_width&quot;:null,&quot;hotspot_tooltip_width_tablet&quot;:null,&quot;hotspot_tooltip_width_mobile&quot;:null,&quot;hotspot_tooltip_text_wrap&quot;:null},{&quot;hotspot_link&quot;:{&quot;url&quot;:&quot;https:\\\/\\\/chercheursdautres.com\\\/&quot;,&quot;is_external&quot;:&quot;on&quot;,&quot;nofollow&quot;:&quot;&quot;,&quot;custom_attributes&quot;:&quot;&quot;},&quot;hotspot_custom_size&quot;:&quot;&quot;,&quot;hotspot_width&quot;:null,&quot;hotspot_tooltip_content&quot;:&quot;&lt;p&gt;Chercheurs d&#039;autres&lt;\\\/p&gt;&lt;p&gt;&lt;a href=\\&quot;https:\\\/\\\/chercheursdautres.com\\\/\\&quot; target=\\&quot;_blank\\&quot; rel=\\&quot;noopener\\&quot;&gt;&lt;img class=\\&quot;alignnone size-medium wp-image-5529\\&quot; src=\\&quot;https:\\\/\\\/samba-resille.org\\\/international-platform\\\/wp-content\\\/uploads\\\/2022\\\/12\\\/CDA-300x134.jpg\\&quot; alt=\\&quot;\\&quot; width=\\&quot;300\\&quot; height=\\&quot;134\\&quot; \\\/&gt;&lt;\\\/a&gt;&lt;\\\/p&gt;&quot;,&quot;hotspot_offset_x&quot;:{&quot;unit&quot;:&quot;%&quot;,&quot;size&quot;:26,&quot;sizes&quot;:[]},&quot;hotspot_offset_y&quot;:{&quot;unit&quot;:&quot;%&quot;,&quot;size&quot;:66,&quot;sizes&quot;:[]},&quot;_id&quot;:&quot;0f13333&quot;,&quot;hotspot_label&quot;:&quot;Guyane &lt;br&gt; fran\\u00e7aise&quot;,&quot;hotspot_icon&quot;:{&quot;value&quot;:&quot;&quot;,&quot;library&quot;:&quot;&quot;},&quot;hotspot_horizontal&quot;:&quot;left&quot;,&quot;hotspot_vertical&quot;:&quot;top&quot;,&quot;hotspot_tooltip_position&quot;:&quot;no&quot;,&quot;hotspot_position&quot;:null,&quot;hotspot_position_tablet&quot;:null,&quot;hotspot_position_mobile&quot;:null,&quot;hotspot_icon_position&quot;:null,&quot;hotspot_icon_spacing&quot;:null,&quot;hotspot_height&quot;:null,&quot;hotspot_offset_x_tablet&quot;:{&quot;unit&quot;:&quot;px&quot;,&quot;size&quot;:&quot;&quot;,&quot;sizes&quot;:[]},&quot;hotspot_offset_x_mobile&quot;:{&quot;unit&quot;:&quot;px&quot;,&quot;size&quot;:&quot;&quot;,&quot;sizes&quot;:[]},&quot;hotspot_offset_y_tablet&quot;:{&quot;unit&quot;:&quot;px&quot;,&quot;size&quot;:&quot;&quot;,&quot;sizes&quot;:[]},&quot;hotspot_offset_y_mobile&quot;:{&quot;unit&quot;:&quot;px&quot;,&quot;size&quot;:&quot;&quot;,&quot;sizes&quot;:[]},&quot;hotspot_tooltip_width&quot;:null,&quot;hotspot_tooltip_width_tablet&quot;:null,&quot;hotspot_tooltip_width_mobile&quot;:null,&quot;hotspot_tooltip_text_wrap&quot;:null},{&quot;_id&quot;:&quot;17eb866&quot;,&quot;hotspot_tooltip_content&quot;:&quot;&lt;p&gt;Fondation Pierre Verger, Salvador do Bahia \\\/ Br\\u00e9sil&lt;\\\/p&gt;&lt;p&gt;&lt;img class=\\&quot;alignnone size-full wp-image-5541\\&quot; src=\\&quot;https:\\\/\\\/samba-resille.org\\\/international-platform\\\/wp-content\\\/uploads\\\/2022\\\/12\\\/FPV.webp\\&quot; alt=\\&quot;\\&quot; width=\\&quot;272\\&quot; height=\\&quot;78\\&quot; \\\/&gt;&lt;\\\/p&gt;&quot;,&quot;hotspot_link&quot;:{&quot;url&quot;:&quot;http:\\\/\\\/www.pierreverger.org\\\/fr\\\/homepagefr.html&quot;,&quot;is_external&quot;:&quot;on&quot;,&quot;nofollow&quot;:&quot;&quot;,&quot;custom_attributes&quot;:&quot;&quot;},&quot;hotspot_offset_x&quot;:{&quot;unit&quot;:&quot;%&quot;,&quot;size&quot;:31,&quot;sizes&quot;:[]},&quot;hotspot_offset_y&quot;:{&quot;unit&quot;:&quot;%&quot;,&quot;size&quot;:76,&quot;sizes&quot;:[]},&quot;hotspot_label&quot;:&quot;Salvador&quot;,&quot;hotspot_icon&quot;:{&quot;value&quot;:&quot;&quot;,&quot;library&quot;:&quot;&quot;},&quot;hotspot_custom_size&quot;:&quot;no&quot;,&quot;hotspot_horizontal&quot;:&quot;left&quot;,&quot;hotspot_vertical&quot;:&quot;top&quot;,&quot;hotspot_tooltip_position&quot;:&quot;no&quot;,&quot;hotspot_position&quot;:null,&quot;hotspot_position_tablet&quot;:null,&quot;hotspot_position_mobile&quot;:null,&quot;hotspot_icon_position&quot;:null,&quot;hotspot_icon_spacing&quot;:null,&quot;hotspot_width&quot;:null,&quot;hotspot_height&quot;:null,&quot;hotspot_offset_x_tablet&quot;:{&quot;unit&quot;:&quot;px&quot;,&quot;size&quot;:&quot;&quot;,&quot;sizes&quot;:[]},&quot;hotspot_offset_x_mobile&quot;:{&quot;unit&quot;:&quot;px&quot;,&quot;size&quot;:&quot;&quot;,&quot;sizes&quot;:[]},&quot;hotspot_offset_y_tablet&quot;:{&quot;unit&quot;:&quot;px&quot;,&quot;size&quot;:&quot;&quot;,&quot;sizes&quot;:[]},&quot;hotspot_offset_y_mobile&quot;:{&quot;unit&quot;:&quot;px&quot;,&quot;size&quot;:&quot;&quot;,&quot;sizes&quot;:[]},&quot;hotspot_tooltip_width&quot;:null,&quot;hotspot_tooltip_width_tablet&quot;:null,&quot;hotspot_tooltip_width_mobile&quot;:null,&quot;hotspot_tooltip_text_wrap&quot;:null},{&quot;hotspot_tooltip_content&quot;:&quot;&lt;p&gt;P\\u00e9niel - B\\u00e9nin&lt;\\\/p&gt;&lt;p&gt;&lt;picture class=\\&quot;wp-image-1034 alignleft\\&quot;&gt;&lt;img src=\\&quot;https:\\\/\\\/samba-resille.org\\\/international-platform\\\/wp-content\\\/uploads\\\/2019\\\/06\\\/peniel-logo.jpg\\&quot; alt=\\&quot;\\&quot; width=\\&quot;73\\&quot; height=\\&quot;61\\&quot; \\\/&gt;&lt;\\\/picture&gt;&lt;\\\/p&gt;&quot;,&quot;hotspot_link&quot;:{&quot;url&quot;:&quot;&quot;,&quot;is_external&quot;:&quot;on&quot;,&quot;nofollow&quot;:&quot;&quot;,&quot;custom_attributes&quot;:&quot;&quot;},&quot;hotspot_offset_x&quot;:{&quot;unit&quot;:&quot;%&quot;,&quot;size&quot;:53,&quot;sizes&quot;:[]},&quot;hotspot_offset_y&quot;:{&quot;unit&quot;:&quot;%&quot;,&quot;size&quot;:59,&quot;sizes&quot;:[]},&quot;_id&quot;:&quot;a4d76b3&quot;,&quot;hotspot_label&quot;:&quot;B\\u00e9nin&quot;,&quot;hotspot_icon&quot;:{&quot;value&quot;:&quot;&quot;,&quot;library&quot;:&quot;&quot;},&quot;hotspot_custom_size&quot;:&quot;no&quot;,&quot;hotspot_horizontal&quot;:&quot;left&quot;,&quot;hotspot_vertical&quot;:&quot;top&quot;,&quot;hotspot_tooltip_position&quot;:&quot;no&quot;,&quot;hotspot_position&quot;:null,&quot;hotspot_position_tablet&quot;:null,&quot;hotspot_position_mobile&quot;:null,&quot;hotspot_icon_position&quot;:null,&quot;hotspot_icon_spacing&quot;:null,&quot;hotspot_width&quot;:null,&quot;hotspot_height&quot;:null,&quot;hotspot_offset_x_tablet&quot;:{&quot;unit&quot;:&quot;px&quot;,&quot;size&quot;:&quot;&quot;,&quot;sizes&quot;:[]},&quot;hotspot_offset_x_mobile&quot;:{&quot;unit&quot;:&quot;px&quot;,&quot;size&quot;:&quot;&quot;,&quot;sizes&quot;:[]},&quot;hotspot_offset_y_tablet&quot;:{&quot;unit&quot;:&quot;px&quot;,&quot;size&quot;:&quot;&quot;,&quot;sizes&quot;:[]},&quot;hotspot_offset_y_mobile&quot;:{&quot;unit&quot;:&quot;px&quot;,&quot;size&quot;:&quot;&quot;,&quot;sizes&quot;:[]},&quot;hotspot_tooltip_width&quot;:null,&quot;hotspot_tooltip_width_tablet&quot;:null,&quot;hotspot_tooltip_width_mobile&quot;:null,&quot;hotspot_tooltip_text_wrap&quot;:null},{&quot;_id&quot;:&quot;00968ba&quot;,&quot;hotspot_link&quot;:{&quot;url&quot;:&quot;&quot;,&quot;is_external&quot;:&quot;on&quot;,&quot;nofollow&quot;:&quot;&quot;,&quot;custom_attributes&quot;:&quot;&quot;},&quot;hotspot_custom_size&quot;:&quot;&quot;,&quot;hotspot_tooltip_content&quot;:&quot;&lt;p&gt;BERLIN&lt;\\\/p&gt;&lt;p&gt;- Piranha arts&lt;\\\/p&gt;&lt;p&gt;&lt;a href=\\&quot;https:\\\/\\\/www.piranha-arts.com\\\/\\&quot; target=\\&quot;_blank\\&quot; rel=\\&quot;noopener\\&quot;&gt;&lt;img class=\\&quot;alignnone wp-image-5556 size-medium\\&quot; src=\\&quot;https:\\\/\\\/samba-resille.org\\\/international-platform\\\/wp-content\\\/uploads\\\/2022\\\/12\\\/piranha-300x67.png\\&quot; alt=\\&quot;\\&quot; width=\\&quot;300\\&quot; height=\\&quot;67\\&quot; \\\/&gt;&lt;\\\/a&gt;&lt;\\\/p&gt;&lt;p&gt;- Artistania&lt;\\\/p&gt;&lt;p&gt;&lt;a href=\\&quot;https:\\\/\\\/www.artistania.org\\\/\\&quot; target=\\&quot;_blank\\&quot; rel=\\&quot;noopener\\&quot;&gt;&lt;img class=\\&quot;alignnone wp-image-6091 size-full\\&quot; src=\\&quot;https:\\\/\\\/samba-resille.org\\\/international-platform\\\/wp-content\\\/uploads\\\/2023\\\/03\\\/Artistania.webp\\&quot; alt=\\&quot;\\&quot; width=\\&quot;93\\&quot; height=\\&quot;97\\&quot; \\\/&gt;&lt;\\\/a&gt;&lt;\\\/p&gt;&quot;,&quot;hotspot_offset_x&quot;:{&quot;unit&quot;:&quot;%&quot;,&quot;size&quot;:58.5,&quot;sizes&quot;:[]},&quot;hotspot_offset_y&quot;:{&quot;unit&quot;:&quot;%&quot;,&quot;size&quot;:16.5,&quot;sizes&quot;:[]},&quot;hotspot_label&quot;:&quot;&quot;,&quot;hotspot_icon&quot;:{&quot;value&quot;:&quot;&quot;,&quot;library&quot;:&quot;&quot;},&quot;hotspot_horizontal&quot;:&quot;left&quot;,&quot;hotspot_vertical&quot;:&quot;top&quot;,&quot;hotspot_tooltip_position&quot;:&quot;no&quot;,&quot;hotspot_position&quot;:null,&quot;hotspot_position_tablet&quot;:null,&quot;hotspot_position_mobile&quot;:null,&quot;hotspot_icon_position&quot;:null,&quot;hotspot_icon_spacing&quot;:null,&quot;hotspot_width&quot;:null,&quot;hotspot_height&quot;:null,&quot;hotspot_offset_x_tablet&quot;:{&quot;unit&quot;:&quot;px&quot;,&quot;size&quot;:&quot;&quot;,&quot;sizes&quot;:[]},&quot;hotspot_offset_x_mobile&quot;:{&quot;unit&quot;:&quot;px&quot;,&quot;size&quot;:&quot;&quot;,&quot;sizes&quot;:[]},&quot;hotspot_offset_y_tablet&quot;:{&quot;unit&quot;:&quot;px&quot;,&quot;size&quot;:&quot;&quot;,&quot;sizes&quot;:[]},&quot;hotspot_offset_y_mobile&quot;:{&quot;unit&quot;:&quot;px&quot;,&quot;size&quot;:&quot;&quot;,&quot;sizes&quot;:[]},&quot;hotspot_tooltip_width&quot;:null,&quot;hotspot_tooltip_width_tablet&quot;:null,&quot;hotspot_tooltip_width_mobile&quot;:null,&quot;hotspot_tooltip_text_wrap&quot;:null},{&quot;hotspot_link&quot;:{&quot;url&quot;:&quot;&quot;,&quot;is_external&quot;:&quot;on&quot;,&quot;nofollow&quot;:&quot;&quot;,&quot;custom_attributes&quot;:&quot;&quot;},&quot;hotspot_custom_size&quot;:&quot;&quot;,&quot;hotspot_tooltip_content&quot;:&quot;&lt;p&gt;&lt;img class=\\&quot;alignnone wp-image-5745\\&quot; src=\\&quot;https:\\\/\\\/samba-resille.org\\\/international-platform\\\/wp-content\\\/uploads\\\/2023\\\/01\\\/CARTOUCHE-CONSORTIUM-1-300x236.jpg\\&quot; alt=\\&quot;\\&quot; width=\\&quot;165\\&quot; height=\\&quot;133\\&quot; \\\/&gt;&lt;\\\/p&gt;&lt;p&gt;- Samba R\\u00e9sille&lt;br \\\/&gt;&lt;img class=\\&quot;alignnone wp-image-5625\\&quot; src=\\&quot;https:\\\/\\\/samba-resille.org\\\/international-platform\\\/wp-content\\\/uploads\\\/2020\\\/03\\\/INTER-300x300.png\\&quot; alt=\\&quot;\\&quot; width=\\&quot;89\\&quot; height=\\&quot;103\\&quot; \\\/&gt;&lt;\\\/p&gt;&lt;p&gt;- Maison du V\\u00e9lo Toulouse&lt;br \\\/&gt;&lt;a href=\\&quot;https:\\\/\\\/www.maisonduvelotoulouse.com\\\/\\&quot; target=\\&quot;_blank\\&quot; rel=\\&quot;noopener\\&quot;&gt;&lt;img class=\\&quot;alignnone wp-image-5555\\&quot; src=\\&quot;https:\\\/\\\/samba-resille.org\\\/international-platform\\\/wp-content\\\/uploads\\\/2022\\\/12\\\/parte-1-300x115.png\\&quot; alt=\\&quot;\\&quot; width=\\&quot;156\\&quot; height=\\&quot;66\\&quot; \\\/&gt;&lt;\\\/a&gt;&lt;\\\/p&gt;&lt;p&gt;- Le COCU&lt;br \\\/&gt;&lt;a href=\\&quot;https:\\\/\\\/carnavaldetoulouse.fr\\\/SiteCarnaval\\\/\\&quot; target=\\&quot;_blank\\&quot; rel=\\&quot;noopener\\&quot;&gt;&lt;img class=\\&quot;alignnone wp-image-5537\\&quot; src=\\&quot;https:\\\/\\\/samba-resille.org\\\/international-platform\\\/wp-content\\\/uploads\\\/2022\\\/12\\\/EL-COCU.png\\&quot; alt=\\&quot;\\&quot; width=\\&quot;109\\&quot; height=\\&quot;101\\&quot; \\\/&gt;&lt;\\\/a&gt;&lt;\\\/p&gt;&lt;p&gt;- Tia Paula&lt;br \\\/&gt;&lt;img class=\\&quot;alignnone wp-image-5567\\&quot; src=\\&quot;https:\\\/\\\/samba-resille.org\\\/international-platform\\\/wp-content\\\/uploads\\\/2022\\\/12\\\/Tia-paula-300x78.jpg\\&quot; alt=\\&quot;\\&quot; width=\\&quot;144\\&quot; height=\\&quot;30\\&quot; \\\/&gt;&lt;\\\/p&gt;&lt;p&gt;- BeArt&lt;br \\\/&gt;&lt;a href=\\&quot;https:\\\/\\\/www.bearttoulouse.fr\\\/\\&quot; target=\\&quot;_blank\\&quot; rel=\\&quot;noopener\\&quot;&gt;&lt;img class=\\&quot;alignnone wp-image-6463\\&quot; src=\\&quot;https:\\\/\\\/samba-resille.org\\\/international-platform\\\/wp-content\\\/uploads\\\/2023\\\/10\\\/beart.jpg\\&quot; alt=\\&quot;\\&quot; width=\\&quot;120\\&quot; height=\\&quot;108\\&quot; \\\/&gt;&lt;\\\/a&gt;&lt;\\\/p&gt;&lt;p&gt;- La Polymorphe&lt;br \\\/&gt;&lt;a href=\\&quot;https:\\\/\\\/www.lepolymorphe.com\\\/\\&quot; target=\\&quot;_blank\\&quot; rel=\\&quot;noopener\\&quot;&gt;&lt;img class=\\&quot;alignnone wp-image-3125\\&quot; src=\\&quot;https:\\\/\\\/samba-resille.org\\\/international-platform\\\/wp-content\\\/uploads\\\/2021\\\/09\\\/avatarlepolymorphepetit.jpg\\&quot; alt=\\&quot;\\&quot; width=\\&quot;122\\&quot; height=\\&quot;114\\&quot; \\\/&gt;&lt;\\\/a&gt;&lt;br \\\/&gt;- Contre chant&lt;br \\\/&gt;&lt;a href=\\&quot;https:\\\/\\\/www.contrechant.fr\\\/\\&quot; target=\\&quot;_blank\\&quot; rel=\\&quot;noopener\\&quot;&gt;&lt;img class=\\&quot;alignnone wp-image-7470\\&quot; src=\\&quot;https:\\\/\\\/samba-resille.org\\\/international-platform\\\/wp-content\\\/uploads\\\/2023\\\/11\\\/contre-chant.jpg\\&quot; alt=\\&quot;\\&quot; width=\\&quot;94\\&quot; height=\\&quot;87\\&quot; \\\/&gt;&lt;\\\/a&gt;&lt;\\\/p&gt;&lt;p&gt;- Bajo El Mar&lt;\\\/p&gt;&lt;p&gt;&lt;a href=\\&quot;https:\\\/\\\/bajoelmar.fr\\\/\\&quot; target=\\&quot;_blank\\&quot; rel=\\&quot;noopener\\&quot;&gt;&lt;img class=\\&quot;alignnone wp-image-6467\\&quot; src=\\&quot;https:\\\/\\\/samba-resille.org\\\/international-platform\\\/wp-content\\\/uploads\\\/2023\\\/10\\\/bajo-300x55.png\\&quot; alt=\\&quot;\\&quot; width=\\&quot;167\\&quot; height=\\&quot;20\\&quot; \\\/&gt;&lt;\\\/a&gt;&lt;\\\/p&gt;&lt;p&gt;- \\u00c0 bout de souffle\\u00a0&lt;br \\\/&gt;&lt;a href=\\&quot;https:\\\/\\\/www.aboutdesouffle.com\\\/\\&quot; target=\\&quot;_blank\\&quot; rel=\\&quot;noopener\\&quot;&gt;&lt;img class=\\&quot;alignnone wp-image-6471\\&quot; src=\\&quot;https:\\\/\\\/samba-resille.org\\\/international-platform\\\/wp-content\\\/uploads\\\/2023\\\/10\\\/a-bout-de-souffle.png\\&quot; alt=\\&quot;\\&quot; width=\\&quot;90\\&quot; height=\\&quot;106\\&quot; \\\/&gt;&lt;\\\/a&gt;&lt;\\\/p&gt;&lt;p&gt;- IDC&lt;br \\\/&gt;&lt;a href=\\&quot;https:\\\/\\\/initiativeetdeveloppementcitoyen.org\\\/\\&quot; target=\\&quot;_blank\\&quot; rel=\\&quot;noopener\\&quot;&gt;&lt;img class=\\&quot;alignnone wp-image-6445\\&quot; src=\\&quot;https:\\\/\\\/samba-resille.org\\\/international-platform\\\/wp-content\\\/uploads\\\/2023\\\/10\\\/idclogo.webp\\&quot; alt=\\&quot;\\&quot; width=\\&quot;148\\&quot; height=\\&quot;67\\&quot; \\\/&gt;&lt;\\\/a&gt;&lt;\\\/p&gt;&quot;,&quot;hotspot_offset_x&quot;:{&quot;unit&quot;:&quot;%&quot;,&quot;size&quot;:51.5,&quot;sizes&quot;:[]},&quot;hotspot_offset_y&quot;:{&quot;unit&quot;:&quot;%&quot;,&quot;size&quot;:22,&quot;sizes&quot;:[]},&quot;hotspot_width&quot;:null,&quot;hotspot_height&quot;:null,&quot;_id&quot;:&quot;45045c6&quot;,&quot;hotspot_label&quot;:&quot;CONSORTIUM&quot;,&quot;hotspot_icon&quot;:{&quot;value&quot;:&quot;fas fa-star&quot;,&quot;library&quot;:&quot;fa-solid&quot;},&quot;hotspot_horizontal&quot;:&quot;left&quot;,&quot;hotspot_vertical&quot;:&quot;top&quot;,&quot;hotspot_tooltip_position&quot;:&quot;no&quot;,&quot;hotspot_position&quot;:null,&quot;hotspot_position_tablet&quot;:null,&quot;hotspot_position_mobile&quot;:null,&quot;hotspot_icon_position&quot;:&quot;start&quot;,&quot;hotspot_icon_spacing&quot;:{&quot;unit&quot;:&quot;px&quot;,&quot;size&quot;:5,&quot;sizes&quot;:[]},&quot;hotspot_offset_x_tablet&quot;:{&quot;unit&quot;:&quot;px&quot;,&quot;size&quot;:&quot;&quot;,&quot;sizes&quot;:[]},&quot;hotspot_offset_x_mobile&quot;:{&quot;unit&quot;:&quot;px&quot;,&quot;size&quot;:&quot;&quot;,&quot;sizes&quot;:[]},&quot;hotspot_offset_y_tablet&quot;:{&quot;unit&quot;:&quot;px&quot;,&quot;size&quot;:&quot;&quot;,&quot;sizes&quot;:[]},&quot;hotspot_offset_y_mobile&quot;:{&quot;unit&quot;:&quot;px&quot;,&quot;size&quot;:&quot;&quot;,&quot;sizes&quot;:[]},&quot;hotspot_tooltip_width&quot;:null,&quot;hotspot_tooltip_width_tablet&quot;:null,&quot;hotspot_tooltip_width_mobile&quot;:null,&quot;hotspot_tooltip_text_wrap&quot;:null},{&quot;_id&quot;:&quot;cdf3071&quot;,&quot;hotspot_link&quot;:{&quot;url&quot;:&quot;https:\\\/\\\/www.caisa.fi\\\/&quot;,&quot;is_external&quot;:&quot;on&quot;,&quot;nofollow&quot;:&quot;&quot;,&quot;custom_attributes&quot;:&quot;&quot;},&quot;hotspot_tooltip_content&quot;:&quot;&lt;p&gt;- Caisa&lt;\\\/p&gt;&lt;p&gt;&lt;a href=\\&quot;https:\\\/\\\/www.caisa.fi\\\/\\&quot; target=\\&quot;_blank\\&quot; rel=\\&quot;noopener\\&quot;&gt;&lt;img class=\\&quot;alignnone wp-image-5542\\&quot; src=\\&quot;https:\\\/\\\/samba-resille.org\\\/international-platform\\\/wp-content\\\/uploads\\\/2022\\\/12\\\/Helsinki-300x139.png\\&quot; alt=\\&quot;\\&quot; width=\\&quot;243\\&quot; height=\\&quot;110\\&quot; \\\/&gt;&lt;\\\/a&gt;&lt;\\\/p&gt;&lt;p&gt;- F\\u00e9d\\u00e9ration \\u00c9coles Samba Finlande&lt;\\\/p&gt;&lt;p&gt;&lt;a href=\\&quot;https:\\\/\\\/samba.fi\\\/\\&quot; target=\\&quot;_blank\\&quot; rel=\\&quot;noopener\\&quot;&gt;&lt;img class=\\&quot;alignnone size-full wp-image-5564\\&quot; src=\\&quot;https:\\\/\\\/samba-resille.org\\\/international-platform\\\/wp-content\\\/uploads\\\/2022\\\/12\\\/SSKL.jpg\\&quot; alt=\\&quot;\\&quot; width=\\&quot;187\\&quot; height=\\&quot;187\\&quot; \\\/&gt;&lt;\\\/a&gt;&lt;\\\/p&gt;&quot;,&quot;hotspot_offset_x&quot;:{&quot;unit&quot;:&quot;%&quot;,&quot;size&quot;:63.5,&quot;sizes&quot;:[]},&quot;hotspot_offset_y&quot;:{&quot;unit&quot;:&quot;%&quot;,&quot;size&quot;:9,&quot;sizes&quot;:[]},&quot;hotspot_label&quot;:&quot;&quot;,&quot;hotspot_icon&quot;:{&quot;value&quot;:&quot;&quot;,&quot;library&quot;:&quot;&quot;},&quot;hotspot_custom_size&quot;:&quot;no&quot;,&quot;hotspot_horizontal&quot;:&quot;left&quot;,&quot;hotspot_vertical&quot;:&quot;top&quot;,&quot;hotspot_tooltip_position&quot;:&quot;no&quot;,&quot;hotspot_position&quot;:null,&quot;hotspot_position_tablet&quot;:null,&quot;hotspot_position_mobile&quot;:null,&quot;hotspot_icon_position&quot;:null,&quot;hotspot_icon_spacing&quot;:null,&quot;hotspot_width&quot;:null,&quot;hotspot_height&quot;:null,&quot;hotspot_offset_x_tablet&quot;:{&quot;unit&quot;:&quot;px&quot;,&quot;size&quot;:&quot;&quot;,&quot;sizes&quot;:[]},&quot;hotspot_offset_x_mobile&quot;:{&quot;unit&quot;:&quot;px&quot;,&quot;size&quot;:&quot;&quot;,&quot;sizes&quot;:[]},&quot;hotspot_offset_y_tablet&quot;:{&quot;unit&quot;:&quot;px&quot;,&quot;size&quot;:&quot;&quot;,&quot;sizes&quot;:[]},&quot;hotspot_offset_y_mobile&quot;:{&quot;unit&quot;:&quot;px&quot;,&quot;size&quot;:&quot;&quot;,&quot;sizes&quot;:[]},&quot;hotspot_tooltip_width&quot;:null,&quot;hotspot_tooltip_width_tablet&quot;:null,&quot;hotspot_tooltip_width_mobile&quot;:null,&quot;hotspot_tooltip_text_wrap&quot;:null},{&quot;_id&quot;:&quot;35189dc&quot;,&quot;hotspot_tooltip_content&quot;:&quot;&lt;p&gt;Avante3, Leganes \\\/ Madrid&lt;br \\\/&gt;&lt;a href=\\&quot;https:\\\/\\\/avante3.org\\\/\\&quot; target=\\&quot;_blank\\&quot; rel=\\&quot;noopener\\&quot;&gt;&lt;img class=\\&quot;alignnone size-full wp-image-4141\\&quot; src=\\&quot;https:\\\/\\\/samba-resille.org\\\/international-platform\\\/wp-content\\\/uploads\\\/2022\\\/03\\\/Avante3-logo.png\\&quot; alt=\\&quot;\\&quot; width=\\&quot;152\\&quot; height=\\&quot;94\\&quot; \\\/&gt;&lt;\\\/a&gt;&lt;\\\/p&gt;&lt;p&gt;- La Factoria del Guion, Madrid&lt;\\\/p&gt;&lt;p&gt;&lt;a href=\\&quot;https:\\\/\\\/www.facebook.com\\\/factoria.delguion\\\/\\&quot; target=\\&quot;_blank\\&quot; rel=\\&quot;noopener\\&quot;&gt;&lt;img class=\\&quot;alignnone wp-image-8403\\&quot; src=\\&quot;https:\\\/\\\/samba-resille.org\\\/international-platform\\\/wp-content\\\/uploads\\\/2024\\\/08\\\/factoria-del-guion-300x135.jpg\\&quot; alt=\\&quot;\\&quot; width=\\&quot;154\\&quot; height=\\&quot;69\\&quot; \\\/&gt;&lt;\\\/a&gt;&lt;\\\/p&gt;&lt;p&gt;- Associacion cultural zumbal\\u00e9 Samba, Madrid&lt;\\\/p&gt;&lt;p&gt;-&lt;a href=\\&quot;https:\\\/\\\/www.facebook.com\\\/events\\\/c-doctor-artero-sn-22004-huesca\\\/la-agrupaci%C3%B3-amics-de-laquarella-de-girona-i-comarques-visita-el-cdan\\\/363686630418822\\\/\\&quot; target=\\&quot;_blank\\&quot; rel=\\&quot;noopener\\&quot;&gt; Agrupacio Amics de l&#039;Aquarel-la de Girona i Comarques, &lt;br \\\/&gt;&lt;\\\/a&gt;L&#039;Hospilats de llers&lt;\\\/p&gt;&lt;p&gt;- Mairie de Saragosse, Saragosse&lt;\\\/p&gt;&lt;p&gt;- ADELE, academia, Tarragone&lt;\\\/p&gt;&lt;p&gt;&lt;a href=\\&quot;https:\\\/\\\/www.adele.cat\\\/ca\\\/\\&quot; target=\\&quot;_blank\\&quot; rel=\\&quot;noopener\\&quot;&gt;&lt;img class=\\&quot;alignnone wp-image-8408\\&quot; src=\\&quot;https:\\\/\\\/samba-resille.org\\\/international-platform\\\/wp-content\\\/uploads\\\/2024\\\/08\\\/adele.png\\&quot; alt=\\&quot;\\&quot; width=\\&quot;125\\&quot; height=\\&quot;124\\&quot; \\\/&gt;&lt;\\\/a&gt;&lt;\\\/p&gt;&lt;p&gt;Festa Major De Gracia, Barcelone&lt;\\\/p&gt;&lt;p&gt;&lt;img class=\\&quot;alignnone size-full wp-image-1252\\&quot; src=\\&quot;https:\\\/\\\/samba-resille.org\\\/international-platform\\\/wp-content\\\/uploads\\\/2019\\\/06\\\/festamajor_Logo.png\\&quot; alt=\\&quot;\\&quot; width=\\&quot;150\\&quot; height=\\&quot;144\\&quot; \\\/&gt;&lt;\\\/p&gt;&quot;,&quot;hotspot_offset_x&quot;:{&quot;unit&quot;:&quot;%&quot;,&quot;size&quot;:51,&quot;sizes&quot;:[]},&quot;hotspot_offset_y&quot;:{&quot;unit&quot;:&quot;%&quot;,&quot;size&quot;:28,&quot;sizes&quot;:[]},&quot;hotspot_label&quot;:&quot;&quot;,&quot;hotspot_link&quot;:{&quot;url&quot;:&quot;&quot;,&quot;is_external&quot;:&quot;&quot;,&quot;nofollow&quot;:&quot;&quot;,&quot;custom_attributes&quot;:&quot;&quot;},&quot;hotspot_icon&quot;:{&quot;value&quot;:&quot;&quot;,&quot;library&quot;:&quot;&quot;},&quot;hotspot_custom_size&quot;:&quot;no&quot;,&quot;hotspot_horizontal&quot;:&quot;left&quot;,&quot;hotspot_vertical&quot;:&quot;top&quot;,&quot;hotspot_tooltip_position&quot;:&quot;no&quot;,&quot;hotspot_position&quot;:null,&quot;hotspot_position_tablet&quot;:null,&quot;hotspot_position_mobile&quot;:null,&quot;hotspot_icon_position&quot;:null,&quot;hotspot_icon_spacing&quot;:null,&quot;hotspot_width&quot;:null,&quot;hotspot_height&quot;:null,&quot;hotspot_offset_x_tablet&quot;:{&quot;unit&quot;:&quot;px&quot;,&quot;size&quot;:&quot;&quot;,&quot;sizes&quot;:[]},&quot;hotspot_offset_x_mobile&quot;:{&quot;unit&quot;:&quot;px&quot;,&quot;size&quot;:&quot;&quot;,&quot;sizes&quot;:[]},&quot;hotspot_offset_y_tablet&quot;:{&quot;unit&quot;:&quot;px&quot;,&quot;size&quot;:&quot;&quot;,&quot;sizes&quot;:[]},&quot;hotspot_offset_y_mobile&quot;:{&quot;unit&quot;:&quot;px&quot;,&quot;size&quot;:&quot;&quot;,&quot;sizes&quot;:[]},&quot;hotspot_tooltip_width&quot;:null,&quot;hotspot_tooltip_width_tablet&quot;:null,&quot;hotspot_tooltip_width_mobile&quot;:null,&quot;hotspot_tooltip_text_wrap&quot;:null},{&quot;_id&quot;:&quot;bf650d8&quot;,&quot;hotspot_tooltip_content&quot;:&quot;&lt;p&gt;Bombrando, Lisbonne&lt;br \\\/&gt;&lt;a href=\\&quot;https:\\\/\\\/www.bombrando.com\\\/\\&quot; target=\\&quot;_blank\\&quot; rel=\\&quot;noopener\\&quot;&gt;&lt;img class=\\&quot;alignnone wp-image-5527 size-full\\&quot; src=\\&quot;https:\\\/\\\/samba-resille.org\\\/international-platform\\\/wp-content\\\/uploads\\\/2022\\\/12\\\/bombrando.jpg\\&quot; alt=\\&quot;\\&quot; width=\\&quot;260\\&quot; height=\\&quot;194\\&quot; \\\/&gt;&lt;\\\/a&gt;&lt;\\\/p&gt;&lt;p&gt;Nice Groove, Lisbonne&lt;br \\\/&gt;&lt;a href=\\&quot;https:\\\/\\\/www.facebook.com\\\/Batucadalusofona\\\/events\\\/\\&quot; target=\\&quot;_blank\\&quot; rel=\\&quot;noopener\\&quot;&gt;&lt;img class=\\&quot;alignnone size-full wp-image-5553\\&quot; src=\\&quot;https:\\\/\\\/samba-resille.org\\\/international-platform\\\/wp-content\\\/uploads\\\/2022\\\/12\\\/Nice-groove.png\\&quot; alt=\\&quot;\\&quot; width=\\&quot;234\\&quot; height=\\&quot;216\\&quot; \\\/&gt;&lt;\\\/a&gt;&lt;\\\/p&gt;&lt;p&gt;Samba Sem Fronteiras, Porto&lt;\\\/p&gt;&lt;p&gt;&lt;a href=\\&quot;https:\\\/\\\/sambasemfronteiras.com\\\/\\&quot; target=\\&quot;_blank\\&quot; rel=\\&quot;noopener\\&quot;&gt;&lt;img class=\\&quot;alignnone wp-image-5563\\&quot; src=\\&quot;https:\\\/\\\/samba-resille.org\\\/international-platform\\\/wp-content\\\/uploads\\\/2022\\\/12\\\/SSF.png\\&quot; alt=\\&quot;\\&quot; width=\\&quot;123\\&quot; height=\\&quot;134\\&quot; \\\/&gt;&lt;\\\/a&gt;&lt;\\\/p&gt;&quot;,&quot;hotspot_offset_x&quot;:{&quot;unit&quot;:&quot;%&quot;,&quot;size&quot;:48,&quot;sizes&quot;:[]},&quot;hotspot_offset_y&quot;:{&quot;unit&quot;:&quot;%&quot;,&quot;size&quot;:29,&quot;sizes&quot;:[]},&quot;hotspot_custom_size&quot;:&quot;&quot;,&quot;hotspot_label&quot;:&quot;&quot;,&quot;hotspot_link&quot;:{&quot;url&quot;:&quot;&quot;,&quot;is_external&quot;:&quot;&quot;,&quot;nofollow&quot;:&quot;&quot;,&quot;custom_attributes&quot;:&quot;&quot;},&quot;hotspot_icon&quot;:{&quot;value&quot;:&quot;&quot;,&quot;library&quot;:&quot;&quot;},&quot;hotspot_horizontal&quot;:&quot;left&quot;,&quot;hotspot_vertical&quot;:&quot;top&quot;,&quot;hotspot_tooltip_position&quot;:&quot;no&quot;,&quot;hotspot_position&quot;:null,&quot;hotspot_position_tablet&quot;:null,&quot;hotspot_position_mobile&quot;:null,&quot;hotspot_icon_position&quot;:null,&quot;hotspot_icon_spacing&quot;:null,&quot;hotspot_width&quot;:null,&quot;hotspot_height&quot;:null,&quot;hotspot_offset_x_tablet&quot;:{&quot;unit&quot;:&quot;px&quot;,&quot;size&quot;:&quot;&quot;,&quot;sizes&quot;:[]},&quot;hotspot_offset_x_mobile&quot;:{&quot;unit&quot;:&quot;px&quot;,&quot;size&quot;:&quot;&quot;,&quot;sizes&quot;:[]},&quot;hotspot_offset_y_tablet&quot;:{&quot;unit&quot;:&quot;px&quot;,&quot;size&quot;:&quot;&quot;,&quot;sizes&quot;:[]},&quot;hotspot_offset_y_mobile&quot;:{&quot;unit&quot;:&quot;px&quot;,&quot;size&quot;:&quot;&quot;,&quot;sizes&quot;:[]},&quot;hotspot_tooltip_width&quot;:null,&quot;hotspot_tooltip_width_tablet&quot;:null,&quot;hotspot_tooltip_width_mobile&quot;:null,&quot;hotspot_tooltip_text_wrap&quot;:null},{&quot;_id&quot;:&quot;06a734a&quot;,&quot;hotspot_tooltip_content&quot;:&quot;&lt;p&gt;ABUNDA - G\\u00f4teborg&lt;\\\/p&gt;&lt;p&gt;&lt;a href=\\&quot;http:\\\/\\\/member.abunda.se\\\/en\\\/#\\&quot; target=\\&quot;_blank\\&quot; rel=\\&quot;noopener\\&quot;&gt;&lt;img class=\\&quot;alignnone wp-image-5519\\&quot; src=\\&quot;https:\\\/\\\/samba-resille.org\\\/international-platform\\\/wp-content\\\/uploads\\\/2022\\\/12\\\/ABUNDA-300x300.png\\&quot; alt=\\&quot;\\&quot; width=\\&quot;118\\&quot; height=\\&quot;118\\&quot; \\\/&gt;&lt;\\\/a&gt;&lt;\\\/p&gt;&quot;,&quot;hotspot_offset_x&quot;:{&quot;unit&quot;:&quot;%&quot;,&quot;size&quot;:58,&quot;sizes&quot;:[]},&quot;hotspot_offset_y&quot;:{&quot;unit&quot;:&quot;%&quot;,&quot;size&quot;:12.5,&quot;sizes&quot;:[]},&quot;hotspot_label&quot;:&quot;&quot;,&quot;hotspot_link&quot;:{&quot;url&quot;:&quot;&quot;,&quot;is_external&quot;:&quot;&quot;,&quot;nofollow&quot;:&quot;&quot;,&quot;custom_attributes&quot;:&quot;&quot;},&quot;hotspot_icon&quot;:{&quot;value&quot;:&quot;&quot;,&quot;library&quot;:&quot;&quot;},&quot;hotspot_custom_size&quot;:&quot;no&quot;,&quot;hotspot_horizontal&quot;:&quot;left&quot;,&quot;hotspot_vertical&quot;:&quot;top&quot;,&quot;hotspot_tooltip_position&quot;:&quot;no&quot;,&quot;hotspot_position&quot;:null,&quot;hotspot_position_tablet&quot;:null,&quot;hotspot_position_mobile&quot;:null,&quot;hotspot_icon_position&quot;:null,&quot;hotspot_icon_spacing&quot;:null,&quot;hotspot_width&quot;:null,&quot;hotspot_height&quot;:null,&quot;hotspot_offset_x_tablet&quot;:{&quot;unit&quot;:&quot;px&quot;,&quot;size&quot;:&quot;&quot;,&quot;sizes&quot;:[]},&quot;hotspot_offset_x_mobile&quot;:{&quot;unit&quot;:&quot;px&quot;,&quot;size&quot;:&quot;&quot;,&quot;sizes&quot;:[]},&quot;hotspot_offset_y_tablet&quot;:{&quot;unit&quot;:&quot;px&quot;,&quot;size&quot;:&quot;&quot;,&quot;sizes&quot;:[]},&quot;hotspot_offset_y_mobile&quot;:{&quot;unit&quot;:&quot;px&quot;,&quot;size&quot;:&quot;&quot;,&quot;sizes&quot;:[]},&quot;hotspot_tooltip_width&quot;:null,&quot;hotspot_tooltip_width_tablet&quot;:null,&quot;hotspot_tooltip_width_mobile&quot;:null,&quot;hotspot_tooltip_text_wrap&quot;:null},{&quot;_id&quot;:&quot;9e8450a&quot;,&quot;hotspot_tooltip_content&quot;:&quot;&lt;p&gt;ENJOY - Turin&lt;br \\\/&gt;&lt;a href=\\&quot;http:\\\/\\\/www.associazionenjoy.it\\\/joomla30\\\/\\&quot; target=\\&quot;_blank\\&quot; rel=\\&quot;noopener\\&quot;&gt;&lt;img class=\\&quot;alignnone size-medium wp-image-5538\\&quot; src=\\&quot;https:\\\/\\\/samba-resille.org\\\/international-platform\\\/wp-content\\\/uploads\\\/2022\\\/12\\\/enjoy-300x296.jpg\\&quot; alt=\\&quot;\\&quot; width=\\&quot;300\\&quot; height=\\&quot;296\\&quot; \\\/&gt;&lt;\\\/a&gt;&lt;\\\/p&gt;&quot;,&quot;hotspot_offset_x&quot;:{&quot;unit&quot;:&quot;%&quot;,&quot;size&quot;:56,&quot;sizes&quot;:[]},&quot;hotspot_offset_y&quot;:{&quot;unit&quot;:&quot;%&quot;,&quot;size&quot;:23,&quot;sizes&quot;:[]},&quot;hotspot_label&quot;:&quot;&quot;,&quot;hotspot_link&quot;:{&quot;url&quot;:&quot;&quot;,&quot;is_external&quot;:&quot;&quot;,&quot;nofollow&quot;:&quot;&quot;,&quot;custom_attributes&quot;:&quot;&quot;},&quot;hotspot_icon&quot;:{&quot;value&quot;:&quot;&quot;,&quot;library&quot;:&quot;&quot;},&quot;hotspot_custom_size&quot;:&quot;no&quot;,&quot;hotspot_horizontal&quot;:&quot;left&quot;,&quot;hotspot_vertical&quot;:&quot;top&quot;,&quot;hotspot_tooltip_position&quot;:&quot;no&quot;,&quot;hotspot_position&quot;:null,&quot;hotspot_position_tablet&quot;:null,&quot;hotspot_position_mobile&quot;:null,&quot;hotspot_icon_position&quot;:null,&quot;hotspot_icon_spacing&quot;:null,&quot;hotspot_width&quot;:null,&quot;hotspot_height&quot;:null,&quot;hotspot_offset_x_tablet&quot;:{&quot;unit&quot;:&quot;px&quot;,&quot;size&quot;:&quot;&quot;,&quot;sizes&quot;:[]},&quot;hotspot_offset_x_mobile&quot;:{&quot;unit&quot;:&quot;px&quot;,&quot;size&quot;:&quot;&quot;,&quot;sizes&quot;:[]},&quot;hotspot_offset_y_tablet&quot;:{&quot;unit&quot;:&quot;px&quot;,&quot;size&quot;:&quot;&quot;,&quot;sizes&quot;:[]},&quot;hotspot_offset_y_mobile&quot;:{&quot;unit&quot;:&quot;px&quot;,&quot;size&quot;:&quot;&quot;,&quot;sizes&quot;:[]},&quot;hotspot_tooltip_width&quot;:null,&quot;hotspot_tooltip_width_tablet&quot;:null,&quot;hotspot_tooltip_width_mobile&quot;:null,&quot;hotspot_tooltip_text_wrap&quot;:null},{&quot;_id&quot;:&quot;cb01c4e&quot;,&quot;hotspot_tooltip_content&quot;:&quot;&lt;p&gt;MASAMBA - Dublin&lt;br \\\/&gt;&lt;a href=\\&quot;https:\\\/\\\/www.masamba.com\\\/\\&quot; target=\\&quot;_blank\\&quot; rel=\\&quot;noopener\\&quot;&gt;&lt;img class=\\&quot;alignnone size-full wp-image-7541\\&quot; src=\\&quot;https:\\\/\\\/samba-resille.org\\\/international-platform\\\/wp-content\\\/uploads\\\/2023\\\/12\\\/masamba2.png\\&quot; alt=\\&quot;\\&quot; width=\\&quot;140\\&quot; height=\\&quot;172\\&quot; \\\/&gt;&lt;\\\/a&gt;&lt;\\\/p&gt;&quot;,&quot;hotspot_offset_x&quot;:{&quot;unit&quot;:&quot;%&quot;,&quot;size&quot;:49.5,&quot;sizes&quot;:[]},&quot;hotspot_offset_y&quot;:{&quot;unit&quot;:&quot;%&quot;,&quot;size&quot;:16,&quot;sizes&quot;:[]},&quot;hotspot_label&quot;:&quot;&quot;,&quot;hotspot_link&quot;:{&quot;url&quot;:&quot;&quot;,&quot;is_external&quot;:&quot;&quot;,&quot;nofollow&quot;:&quot;&quot;,&quot;custom_attributes&quot;:&quot;&quot;},&quot;hotspot_icon&quot;:{&quot;value&quot;:&quot;&quot;,&quot;library&quot;:&quot;&quot;},&quot;hotspot_custom_size&quot;:&quot;no&quot;,&quot;hotspot_horizontal&quot;:&quot;left&quot;,&quot;hotspot_vertical&quot;:&quot;top&quot;,&quot;hotspot_tooltip_position&quot;:&quot;no&quot;,&quot;hotspot_position&quot;:null,&quot;hotspot_position_tablet&quot;:null,&quot;hotspot_position_mobile&quot;:null,&quot;hotspot_icon_position&quot;:null,&quot;hotspot_icon_spacing&quot;:null,&quot;hotspot_width&quot;:null,&quot;hotspot_height&quot;:null,&quot;hotspot_offset_x_tablet&quot;:{&quot;unit&quot;:&quot;px&quot;,&quot;size&quot;:&quot;&quot;,&quot;sizes&quot;:[]},&quot;hotspot_offset_x_mobile&quot;:{&quot;unit&quot;:&quot;px&quot;,&quot;size&quot;:&quot;&quot;,&quot;sizes&quot;:[]},&quot;hotspot_offset_y_tablet&quot;:{&quot;unit&quot;:&quot;px&quot;,&quot;size&quot;:&quot;&quot;,&quot;sizes&quot;:[]},&quot;hotspot_offset_y_mobile&quot;:{&quot;unit&quot;:&quot;px&quot;,&quot;size&quot;:&quot;&quot;,&quot;sizes&quot;:[]},&quot;hotspot_tooltip_width&quot;:null,&quot;hotspot_tooltip_width_tablet&quot;:null,&quot;hotspot_tooltip_width_mobile&quot;:null,&quot;hotspot_tooltip_text_wrap&quot;:null},{&quot;_id&quot;:&quot;d6b8a71&quot;,&quot;hotspot_tooltip_content&quot;:&quot;&lt;p&gt;&lt;strong&gt;BELGIQUE&lt;br \\\/&gt;&lt;\\\/strong&gt;&lt;br \\\/&gt;- Metx (Bruxelles)&lt;\\\/p&gt;&lt;p&gt;&lt;a href=\\&quot;https:\\\/\\\/www.metx.be\\\/fr\\\/\\&quot; target=\\&quot;_blank\\&quot; rel=\\&quot;noopener\\&quot;&gt;&lt;img class=\\&quot;alignnone wp-image-5552\\&quot; src=\\&quot;https:\\\/\\\/samba-resille.org\\\/international-platform\\\/wp-content\\\/uploads\\\/2022\\\/12\\\/MetX.png\\&quot; alt=\\&quot;\\&quot; width=\\&quot;212\\&quot; height=\\&quot;113\\&quot; \\\/&gt;&lt;\\\/a&gt;&lt;\\\/p&gt;&lt;p&gt;- CIFAS (Bruxelles)&lt;\\\/p&gt;&lt;p&gt;&lt;a href=\\&quot;https:\\\/\\\/cifas.be\\\/fr\\\/\\&quot; target=\\&quot;_blank\\&quot; rel=\\&quot;noopener\\&quot;&gt;&lt;img class=\\&quot;alignnone size-medium wp-image-8349\\&quot; src=\\&quot;https:\\\/\\\/samba-resille.org\\\/international-platform\\\/wp-content\\\/uploads\\\/2024\\\/07\\\/cifas_logo-300x88.jpg\\&quot; alt=\\&quot;\\&quot; width=\\&quot;300\\&quot; height=\\&quot;88\\&quot; \\\/&gt;&lt;\\\/a&gt;&lt;\\\/p&gt;&lt;p&gt;- L&#039;\\u00e9tang d&#039;art (Bruxelles)&lt;\\\/p&gt;&lt;p&gt;&lt;a href=\\&quot;https:\\\/\\\/lydiethonnard.wixsite.com\\\/letangdart?fbclid=IwY2xjawEQl-RleHRuA2FlbQIxMAABHUSa2qHP_5848_nQZmp_gnOKIXi6eCeFWj97D9a2qP-d9Ni15RWGhV4a7Q_aem_X0I1SW-abUp2hcCOKWYE_g\\&quot; target=\\&quot;_blank\\&quot; rel=\\&quot;noopener\\&quot;&gt;&lt;img class=\\&quot;alignnone size-medium wp-image-8357\\&quot; src=\\&quot;https:\\\/\\\/samba-resille.org\\\/international-platform\\\/wp-content\\\/uploads\\\/2024\\\/07\\\/etang-dart-300x114.jpg\\&quot; alt=\\&quot;\\&quot; width=\\&quot;300\\&quot; height=\\&quot;114\\&quot; \\\/&gt;&lt;\\\/a&gt;&lt;br \\\/&gt;&lt;a href=\\&quot;https:\\\/\\\/upupup.be\\\/\\&quot; target=\\&quot;_blank\\&quot; rel=\\&quot;noopener\\&quot;&gt;- UP\\u00a0 \\\/ Cirque Bruxelles&lt;\\\/a&gt; (Espace Catastrophe)&lt;\\\/p&gt;&lt;p&gt;&lt;a href=\\&quot;https:\\\/\\\/sequenzacie.wixsite.com\\\/spectacle\\&quot; target=\\&quot;_blank\\&quot; rel=\\&quot;noopener\\&quot;&gt;- Sequenza Cie (Forest)&lt;\\\/a&gt;&lt;\\\/p&gt;&lt;p&gt;- A place in the sun (koekelberg)&lt;\\\/p&gt;&lt;p&gt;&lt;a href=\\&quot;https:\\\/\\\/latitude50.be\\\/\\&quot; target=\\&quot;_blank\\&quot; rel=\\&quot;noopener\\&quot;&gt;- Latitude 50 (Marchin)&lt;\\\/a&gt;&lt;\\\/p&gt;&lt;p&gt;&lt;a href=\\&quot;https:\\\/\\\/www.provelo.org\\\/\\&quot; target=\\&quot;_blank\\&quot; rel=\\&quot;noopener\\&quot;&gt;- Pro Velo (Ixelles)&lt;\\\/a&gt;&lt;\\\/p&gt;&lt;p&gt;-Views International (Li\\u00e8ge)&lt;\\\/p&gt;&lt;p&gt;&lt;a href=\\&quot;https:\\\/\\\/viewsinternational.eu\\\/\\&quot; target=\\&quot;_blank\\&quot; rel=\\&quot;noopener\\&quot;&gt;&lt;img class=\\&quot;alignnone size-medium wp-image-8366\\&quot; src=\\&quot;https:\\\/\\\/samba-resille.org\\\/international-platform\\\/wp-content\\\/uploads\\\/2024\\\/07\\\/views-inte-300x111.png\\&quot; alt=\\&quot;\\&quot; width=\\&quot;300\\&quot; height=\\&quot;111\\&quot; \\\/&gt;&lt;\\\/a&gt;&lt;\\\/p&gt;&quot;,&quot;hotspot_offset_x&quot;:{&quot;unit&quot;:&quot;%&quot;,&quot;size&quot;:54.5,&quot;sizes&quot;:[]},&quot;hotspot_offset_y&quot;:{&quot;unit&quot;:&quot;%&quot;,&quot;size&quot;:19,&quot;sizes&quot;:[]},&quot;hotspot_label&quot;:&quot;&quot;,&quot;hotspot_link&quot;:{&quot;url&quot;:&quot;&quot;,&quot;is_external&quot;:&quot;&quot;,&quot;nofollow&quot;:&quot;&quot;,&quot;custom_attributes&quot;:&quot;&quot;},&quot;hotspot_icon&quot;:{&quot;value&quot;:&quot;&quot;,&quot;library&quot;:&quot;&quot;},&quot;hotspot_custom_size&quot;:&quot;no&quot;,&quot;hotspot_horizontal&quot;:&quot;left&quot;,&quot;hotspot_vertical&quot;:&quot;top&quot;,&quot;hotspot_tooltip_position&quot;:&quot;no&quot;,&quot;hotspot_position&quot;:null,&quot;hotspot_position_tablet&quot;:null,&quot;hotspot_position_mobile&quot;:null,&quot;hotspot_icon_position&quot;:null,&quot;hotspot_icon_spacing&quot;:null,&quot;hotspot_width&quot;:null,&quot;hotspot_height&quot;:null,&quot;hotspot_offset_x_tablet&quot;:{&quot;unit&quot;:&quot;px&quot;,&quot;size&quot;:&quot;&quot;,&quot;sizes&quot;:[]},&quot;hotspot_offset_x_mobile&quot;:{&quot;unit&quot;:&quot;px&quot;,&quot;size&quot;:&quot;&quot;,&quot;sizes&quot;:[]},&quot;hotspot_offset_y_tablet&quot;:{&quot;unit&quot;:&quot;px&quot;,&quot;size&quot;:&quot;&quot;,&quot;sizes&quot;:[]},&quot;hotspot_offset_y_mobile&quot;:{&quot;unit&quot;:&quot;px&quot;,&quot;size&quot;:&quot;&quot;,&quot;sizes&quot;:[]},&quot;hotspot_tooltip_width&quot;:null,&quot;hotspot_tooltip_width_tablet&quot;:null,&quot;hotspot_tooltip_width_mobile&quot;:null,&quot;hotspot_tooltip_text_wrap&quot;:null},{&quot;_id&quot;:&quot;9763bb1&quot;,&quot;hotspot_tooltip_content&quot;:&quot;&lt;p&gt;- SMAC Aruba\\u00a0 (Oranjestad, Pays-Bas)&lt;br \\\/&gt;&lt;a href=\\&quot;https:\\\/\\\/www.facebook.com\\\/smacaruba\\\/?locale=ca_ES\\&quot; target=\\&quot;_blank\\&quot; rel=\\&quot;noopener\\&quot;&gt;&lt;img class=\\&quot;alignnone wp-image-7619 size-medium\\&quot; src=\\&quot;https:\\\/\\\/samba-resille.org\\\/international-platform\\\/wp-content\\\/uploads\\\/2024\\\/01\\\/logo-aruba-carnaval-e1722954477235-300x98.png\\&quot; alt=\\&quot;\\&quot; width=\\&quot;300\\&quot; height=\\&quot;98\\&quot; \\\/&gt;&lt;\\\/a&gt;&lt;\\\/p&gt;&quot;,&quot;hotspot_offset_x&quot;:{&quot;unit&quot;:&quot;%&quot;,&quot;size&quot;:14,&quot;sizes&quot;:[]},&quot;hotspot_offset_y&quot;:{&quot;unit&quot;:&quot;%&quot;,&quot;size&quot;:53,&quot;sizes&quot;:[]},&quot;hotspot_label&quot;:&quot;Aruba&quot;,&quot;hotspot_link&quot;:{&quot;url&quot;:&quot;&quot;,&quot;is_external&quot;:&quot;&quot;,&quot;nofollow&quot;:&quot;&quot;,&quot;custom_attributes&quot;:&quot;&quot;},&quot;hotspot_icon&quot;:{&quot;value&quot;:&quot;&quot;,&quot;library&quot;:&quot;&quot;},&quot;hotspot_custom_size&quot;:&quot;no&quot;,&quot;hotspot_horizontal&quot;:&quot;left&quot;,&quot;hotspot_vertical&quot;:&quot;top&quot;,&quot;hotspot_tooltip_position&quot;:&quot;no&quot;,&quot;hotspot_position&quot;:null,&quot;hotspot_position_tablet&quot;:null,&quot;hotspot_position_mobile&quot;:null,&quot;hotspot_icon_position&quot;:null,&quot;hotspot_icon_spacing&quot;:null,&quot;hotspot_width&quot;:null,&quot;hotspot_height&quot;:null,&quot;hotspot_offset_x_tablet&quot;:{&quot;unit&quot;:&quot;px&quot;,&quot;size&quot;:&quot;&quot;,&quot;sizes&quot;:[]},&quot;hotspot_offset_x_mobile&quot;:{&quot;unit&quot;:&quot;px&quot;,&quot;size&quot;:&quot;&quot;,&quot;sizes&quot;:[]},&quot;hotspot_offset_y_tablet&quot;:{&quot;unit&quot;:&quot;px&quot;,&quot;size&quot;:&quot;&quot;,&quot;sizes&quot;:[]},&quot;hotspot_offset_y_mobile&quot;:{&quot;unit&quot;:&quot;px&quot;,&quot;size&quot;:&quot;&quot;,&quot;sizes&quot;:[]},&quot;hotspot_tooltip_width&quot;:null,&quot;hotspot_tooltip_width_tablet&quot;:null,&quot;hotspot_tooltip_width_mobile&quot;:null,&quot;hotspot_tooltip_text_wrap&quot;:null},{&quot;_id&quot;:&quot;2671413&quot;,&quot;hotspot_tooltip_content&quot;:&quot;&lt;p&gt;Association PassAmontagne, Vogogna \\\/ Italie&lt;\\\/p&gt;&lt;p&gt;&lt;a href=\\&quot;https:\\\/\\\/passamontagne.org\\\/fr\\\/une-semaine-de-chant-%C3%A0-vogogna-la-video\\&quot; target=\\&quot;_blank\\&quot; rel=\\&quot;noopener\\&quot;&gt;&lt;img class=\\&quot;alignnone wp-image-8425\\&quot; src=\\&quot;https:\\\/\\\/samba-resille.org\\\/international-platform\\\/wp-content\\\/uploads\\\/2024\\\/08\\\/passamontagne.png\\&quot; alt=\\&quot;\\&quot; width=\\&quot;139\\&quot; height=\\&quot;118\\&quot; \\\/&gt;&lt;\\\/a&gt;&lt;\\\/p&gt;&quot;,&quot;hotspot_offset_x&quot;:{&quot;unit&quot;:&quot;%&quot;,&quot;size&quot;:57,&quot;sizes&quot;:[]},&quot;hotspot_offset_y&quot;:{&quot;unit&quot;:&quot;%&quot;,&quot;size&quot;:22,&quot;sizes&quot;:[]},&quot;hotspot_label&quot;:&quot;&quot;,&quot;hotspot_link&quot;:{&quot;url&quot;:&quot;&quot;,&quot;is_external&quot;:&quot;&quot;,&quot;nofollow&quot;:&quot;&quot;,&quot;custom_attributes&quot;:&quot;&quot;},&quot;hotspot_icon&quot;:{&quot;value&quot;:&quot;&quot;,&quot;library&quot;:&quot;&quot;},&quot;hotspot_custom_size&quot;:&quot;no&quot;,&quot;hotspot_horizontal&quot;:&quot;left&quot;,&quot;hotspot_vertical&quot;:&quot;top&quot;,&quot;hotspot_tooltip_position&quot;:&quot;no&quot;,&quot;hotspot_position&quot;:null,&quot;hotspot_position_tablet&quot;:null,&quot;hotspot_position_mobile&quot;:null,&quot;hotspot_icon_position&quot;:null,&quot;hotspot_icon_spacing&quot;:null,&quot;hotspot_width&quot;:null,&quot;hotspot_height&quot;:null,&quot;hotspot_offset_x_tablet&quot;:{&quot;unit&quot;:&quot;px&quot;,&quot;size&quot;:&quot;&quot;,&quot;sizes&quot;:[]},&quot;hotspot_offset_x_mobile&quot;:{&quot;unit&quot;:&quot;px&quot;,&quot;size&quot;:&quot;&quot;,&quot;sizes&quot;:[]},&quot;hotspot_offset_y_tablet&quot;:{&quot;unit&quot;:&quot;px&quot;,&quot;size&quot;:&quot;&quot;,&quot;sizes&quot;:[]},&quot;hotspot_offset_y_mobile&quot;:{&quot;unit&quot;:&quot;px&quot;,&quot;size&quot;:&quot;&quot;,&quot;sizes&quot;:[]},&quot;hotspot_tooltip_width&quot;:null,&quot;hotspot_tooltip_width_tablet&quot;:null,&quot;hotspot_tooltip_width_mobile&quot;:null,&quot;hotspot_tooltip_text_wrap&quot;:null},{&quot;_id&quot;:&quot;f25d237&quot;,&quot;hotspot_tooltip_content&quot;:&quot;&lt;p&gt;Exit Music, Rome \\\/ italie&lt;br \\\/&gt;&lt;a href=\\&quot;https:\\\/\\\/mobstudios.it\\\/sale-prova\\\/\\&quot; target=\\&quot;_blank\\&quot; rel=\\&quot;noopener\\&quot;&gt;&lt;img class=\\&quot;alignnone size-full wp-image-8433\\&quot; src=\\&quot;https:\\\/\\\/samba-resille.org\\\/international-platform\\\/wp-content\\\/uploads\\\/2024\\\/08\\\/exit-music.png\\&quot; alt=\\&quot;\\&quot; width=\\&quot;150\\&quot; height=\\&quot;150\\&quot; \\\/&gt;&lt;\\\/a&gt;&lt;\\\/p&gt;&quot;,&quot;hotspot_offset_x&quot;:{&quot;unit&quot;:&quot;%&quot;,&quot;size&quot;:58,&quot;sizes&quot;:[]},&quot;hotspot_offset_y&quot;:{&quot;unit&quot;:&quot;%&quot;,&quot;size&quot;:26,&quot;sizes&quot;:[]},&quot;hotspot_label&quot;:&quot;&quot;,&quot;hotspot_link&quot;:{&quot;url&quot;:&quot;&quot;,&quot;is_external&quot;:&quot;&quot;,&quot;nofollow&quot;:&quot;&quot;,&quot;custom_attributes&quot;:&quot;&quot;},&quot;hotspot_icon&quot;:{&quot;value&quot;:&quot;&quot;,&quot;library&quot;:&quot;&quot;},&quot;hotspot_custom_size&quot;:&quot;no&quot;,&quot;hotspot_horizontal&quot;:&quot;left&quot;,&quot;hotspot_vertical&quot;:&quot;top&quot;,&quot;hotspot_tooltip_position&quot;:&quot;no&quot;,&quot;hotspot_position&quot;:null,&quot;hotspot_position_tablet&quot;:null,&quot;hotspot_position_mobile&quot;:null,&quot;hotspot_icon_position&quot;:null,&quot;hotspot_icon_spacing&quot;:null,&quot;hotspot_width&quot;:null,&quot;hotspot_height&quot;:null,&quot;hotspot_offset_x_tablet&quot;:{&quot;unit&quot;:&quot;px&quot;,&quot;size&quot;:&quot;&quot;,&quot;sizes&quot;:[]},&quot;hotspot_offset_x_mobile&quot;:{&quot;unit&quot;:&quot;px&quot;,&quot;size&quot;:&quot;&quot;,&quot;sizes&quot;:[]},&quot;hotspot_offset_y_tablet&quot;:{&quot;unit&quot;:&quot;px&quot;,&quot;size&quot;:&quot;&quot;,&quot;sizes&quot;:[]},&quot;hotspot_offset_y_mobile&quot;:{&quot;unit&quot;:&quot;px&quot;,&quot;size&quot;:&quot;&quot;,&quot;sizes&quot;:[]},&quot;hotspot_tooltip_width&quot;:null,&quot;hotspot_tooltip_width_tablet&quot;:null,&quot;hotspot_tooltip_width_mobile&quot;:null,&quot;hotspot_tooltip_text_wrap&quot;:null},{&quot;_id&quot;:&quot;63aee11&quot;,&quot;hotspot_tooltip_content&quot;:&quot;&lt;p&gt;- Kalentura, Amsterdam&lt;br \\\/&gt;&lt;a href=\\&quot;https:\\\/\\\/www.kalentura.com\\\/\\&quot; target=\\&quot;_blank\\&quot; rel=\\&quot;noopener\\&quot;&gt;&lt;img class=\\&quot;alignnone size-medium wp-image-585\\&quot; src=\\&quot;https:\\\/\\\/samba-resille.org\\\/international-platform\\\/wp-content\\\/uploads\\\/2018\\\/10\\\/kalentura_logo-300x249.jpg\\&quot; alt=\\&quot;\\&quot; width=\\&quot;300\\&quot; height=\\&quot;249\\&quot; \\\/&gt;&lt;\\\/a&gt;&lt;br \\\/&gt;- Dunya Foundation&lt;\\\/p&gt;&lt;p&gt;&lt;a href=\\&quot;https:\\\/\\\/rotterdamunlimited.com\\\/engels\\&quot; target=\\&quot;_blank\\&quot; rel=\\&quot;noopener\\&quot;&gt;&lt;img class=\\&quot;alignnone size-full wp-image-1003\\&quot; src=\\&quot;https:\\\/\\\/samba-resille.org\\\/international-platform\\\/wp-content\\\/uploads\\\/2019\\\/06\\\/ru-logo.png\\&quot; alt=\\&quot;\\&quot; width=\\&quot;88\\&quot; height=\\&quot;83\\&quot; \\\/&gt;&lt;\\\/a&gt;&lt;\\\/p&gt;&quot;,&quot;hotspot_offset_x&quot;:{&quot;unit&quot;:&quot;%&quot;,&quot;size&quot;:54.5,&quot;sizes&quot;:[]},&quot;hotspot_offset_y&quot;:{&quot;unit&quot;:&quot;%&quot;,&quot;size&quot;:16,&quot;sizes&quot;:[]},&quot;hotspot_label&quot;:&quot;&quot;,&quot;hotspot_link&quot;:{&quot;url&quot;:&quot;&quot;,&quot;is_external&quot;:&quot;&quot;,&quot;nofollow&quot;:&quot;&quot;,&quot;custom_attributes&quot;:&quot;&quot;},&quot;hotspot_icon&quot;:{&quot;value&quot;:&quot;&quot;,&quot;library&quot;:&quot;&quot;},&quot;hotspot_custom_size&quot;:&quot;no&quot;,&quot;hotspot_horizontal&quot;:&quot;left&quot;,&quot;hotspot_vertical&quot;:&quot;top&quot;,&quot;hotspot_tooltip_position&quot;:&quot;no&quot;,&quot;hotspot_position&quot;:null,&quot;hotspot_position_tablet&quot;:null,&quot;hotspot_position_mobile&quot;:null,&quot;hotspot_icon_position&quot;:null,&quot;hotspot_icon_spacing&quot;:null,&quot;hotspot_width&quot;:null,&quot;hotspot_height&quot;:null,&quot;hotspot_offset_x_tablet&quot;:{&quot;unit&quot;:&quot;px&quot;,&quot;size&quot;:&quot;&quot;,&quot;sizes&quot;:[]},&quot;hotspot_offset_x_mobile&quot;:{&quot;unit&quot;:&quot;px&quot;,&quot;size&quot;:&quot;&quot;,&quot;sizes&quot;:[]},&quot;hotspot_offset_y_tablet&quot;:{&quot;unit&quot;:&quot;px&quot;,&quot;size&quot;:&quot;&quot;,&quot;sizes&quot;:[]},&quot;hotspot_offset_y_mobile&quot;:{&quot;unit&quot;:&quot;px&quot;,&quot;size&quot;:&quot;&quot;,&quot;sizes&quot;:[]},&quot;hotspot_tooltip_width&quot;:null,&quot;hotspot_tooltip_width_tablet&quot;:null,&quot;hotspot_tooltip_width_mobile&quot;:null,&quot;hotspot_tooltip_text_wrap&quot;:null},{&quot;_id&quot;:&quot;abd6024&quot;,&quot;hotspot_tooltip_content&quot;:&quot;&lt;p&gt;Metropolis, Copenhague&lt;\\\/p&gt;&lt;p&gt;&lt;a href=\\&quot;https:\\\/\\\/www.metropolis.dk\\\/\\&quot; target=\\&quot;_blank\\&quot; rel=\\&quot;noopener\\&quot;&gt;&lt;img class=\\&quot;alignnone size-medium wp-image-8452\\&quot; src=\\&quot;https:\\\/\\\/samba-resille.org\\\/international-platform\\\/wp-content\\\/uploads\\\/2024\\\/08\\\/metropolis-300x90.png\\&quot; alt=\\&quot;\\&quot; width=\\&quot;300\\&quot; height=\\&quot;90\\&quot; \\\/&gt;&lt;\\\/a&gt;&lt;\\\/p&gt;&quot;,&quot;hotspot_offset_x&quot;:{&quot;unit&quot;:&quot;%&quot;,&quot;size&quot;:57.5,&quot;sizes&quot;:[]},&quot;hotspot_offset_y&quot;:{&quot;unit&quot;:&quot;%&quot;,&quot;size&quot;:14,&quot;sizes&quot;:[]},&quot;hotspot_label&quot;:&quot;&quot;,&quot;hotspot_link&quot;:{&quot;url&quot;:&quot;&quot;,&quot;is_external&quot;:&quot;&quot;,&quot;nofollow&quot;:&quot;&quot;,&quot;custom_attributes&quot;:&quot;&quot;},&quot;hotspot_icon&quot;:{&quot;value&quot;:&quot;&quot;,&quot;library&quot;:&quot;&quot;},&quot;hotspot_custom_size&quot;:&quot;no&quot;,&quot;hotspot_horizontal&quot;:&quot;left&quot;,&quot;hotspot_vertical&quot;:&quot;top&quot;,&quot;hotspot_tooltip_position&quot;:&quot;no&quot;,&quot;hotspot_position&quot;:null,&quot;hotspot_position_tablet&quot;:null,&quot;hotspot_position_mobile&quot;:null,&quot;hotspot_icon_position&quot;:null,&quot;hotspot_icon_spacing&quot;:null,&quot;hotspot_width&quot;:null,&quot;hotspot_height&quot;:null,&quot;hotspot_offset_x_tablet&quot;:{&quot;unit&quot;:&quot;px&quot;,&quot;size&quot;:&quot;&quot;,&quot;sizes&quot;:[]},&quot;hotspot_offset_x_mobile&quot;:{&quot;unit&quot;:&quot;px&quot;,&quot;size&quot;:&quot;&quot;,&quot;sizes&quot;:[]},&quot;hotspot_offset_y_tablet&quot;:{&quot;unit&quot;:&quot;px&quot;,&quot;size&quot;:&quot;&quot;,&quot;sizes&quot;:[]},&quot;hotspot_offset_y_mobile&quot;:{&quot;unit&quot;:&quot;px&quot;,&quot;size&quot;:&quot;&quot;,&quot;sizes&quot;:[]},&quot;hotspot_tooltip_width&quot;:null,&quot;hotspot_tooltip_width_tablet&quot;:null,&quot;hotspot_tooltip_width_mobile&quot;:null,&quot;hotspot_tooltip_text_wrap&quot;:null},{&quot;_id&quot;:&quot;64bc6b9&quot;,&quot;hotspot_tooltip_content&quot;:&quot;&lt;p&gt;Soul Fool Band, Budapest Hongrie&lt;\\\/p&gt;&lt;p&gt;&lt;a href=\\&quot;https:\\\/\\\/soundcloud.com\\\/suba-attila-soulfool\\&quot; target=\\&quot;_blank\\&quot; rel=\\&quot;noopener\\&quot;&gt;&lt;img class=\\&quot;alignnone wp-image-745\\&quot; src=\\&quot;https:\\\/\\\/samba-resille.org\\\/international-platform\\\/wp-content\\\/uploads\\\/2019\\\/05\\\/Soulfool-logo-300x300.jpg\\&quot; alt=\\&quot;\\&quot; width=\\&quot;173\\&quot; height=\\&quot;171\\&quot; \\\/&gt;&lt;\\\/a&gt;&lt;\\\/p&gt;&quot;,&quot;hotspot_offset_x&quot;:{&quot;unit&quot;:&quot;%&quot;,&quot;size&quot;:61.5,&quot;sizes&quot;:[]},&quot;hotspot_offset_y&quot;:{&quot;unit&quot;:&quot;%&quot;,&quot;size&quot;:21,&quot;sizes&quot;:[]},&quot;hotspot_label&quot;:&quot;&quot;,&quot;hotspot_link&quot;:{&quot;url&quot;:&quot;&quot;,&quot;is_external&quot;:&quot;&quot;,&quot;nofollow&quot;:&quot;&quot;,&quot;custom_attributes&quot;:&quot;&quot;},&quot;hotspot_icon&quot;:{&quot;value&quot;:&quot;&quot;,&quot;library&quot;:&quot;&quot;},&quot;hotspot_custom_size&quot;:&quot;no&quot;,&quot;hotspot_horizontal&quot;:&quot;left&quot;,&quot;hotspot_vertical&quot;:&quot;top&quot;,&quot;hotspot_tooltip_position&quot;:&quot;no&quot;,&quot;hotspot_position&quot;:null,&quot;hotspot_position_tablet&quot;:null,&quot;hotspot_position_mobile&quot;:null,&quot;hotspot_icon_position&quot;:null,&quot;hotspot_icon_spacing&quot;:null,&quot;hotspot_width&quot;:null,&quot;hotspot_height&quot;:null,&quot;hotspot_offset_x_tablet&quot;:{&quot;unit&quot;:&quot;px&quot;,&quot;size&quot;:&quot;&quot;,&quot;sizes&quot;:[]},&quot;hotspot_offset_x_mobile&quot;:{&quot;unit&quot;:&quot;px&quot;,&quot;size&quot;:&quot;&quot;,&quot;sizes&quot;:[]},&quot;hotspot_offset_y_tablet&quot;:{&quot;unit&quot;:&quot;px&quot;,&quot;size&quot;:&quot;&quot;,&quot;sizes&quot;:[]},&quot;hotspot_offset_y_mobile&quot;:{&quot;unit&quot;:&quot;px&quot;,&quot;size&quot;:&quot;&quot;,&quot;sizes&quot;:[]},&quot;hotspot_tooltip_width&quot;:null,&quot;hotspot_tooltip_width_tablet&quot;:null,&quot;hotspot_tooltip_width_mobile&quot;:null,&quot;hotspot_tooltip_text_wrap&quot;:null},{&quot;_id&quot;:&quot;684031e&quot;,&quot;hotspot_tooltip_content&quot;:&quot;&lt;p&gt;&lt;strong&gt;- Edinburgh Festival Carnival, Edimbourg&lt;\\\/strong&gt;&lt;br \\\/&gt;&lt;a href=\\&quot;https:\\\/\\\/www.ejbf.co.uk\\\/carnival\\&quot; target=\\&quot;_blank\\&quot; rel=\\&quot;noopener\\&quot;&gt;&lt;img class=\\&quot;alignnone wp-image-5536\\&quot; src=\\&quot;https:\\\/\\\/samba-resille.org\\\/international-platform\\\/wp-content\\\/uploads\\\/2022\\\/12\\\/EFC-300x187.png\\&quot; alt=\\&quot;\\&quot; width=\\&quot;147\\&quot; height=\\&quot;101\\&quot; \\\/&gt;&lt;\\\/a&gt;&lt;\\\/p&gt;&lt;p&gt;&lt;strong&gt;- Brouhaha International, Liverpool&lt;\\\/strong&gt;&lt;br \\\/&gt;&lt;img class=\\&quot;alignnone wp-image-1004\\&quot; src=\\&quot;https:\\\/\\\/samba-resille.org\\\/international-platform\\\/wp-content\\\/uploads\\\/2019\\\/06\\\/brouhaha-international_logo-300x101.jpg\\&quot; alt=\\&quot;\\&quot; width=\\&quot;165\\&quot; height=\\&quot;59\\&quot; \\\/&gt;&lt;\\\/p&gt;&lt;p&gt;&lt;strong&gt;- Samba Ya Bamba, Glasgow&lt;\\\/strong&gt;&lt;br \\\/&gt;&lt;img class=\\&quot;alignnone wp-image-5565\\&quot; src=\\&quot;https:\\\/\\\/samba-resille.org\\\/international-platform\\\/wp-content\\\/uploads\\\/2022\\\/12\\\/SY-300x300.jpg\\&quot; alt=\\&quot;\\&quot; width=\\&quot;157\\&quot; height=\\&quot;181\\&quot; \\\/&gt;&lt;\\\/p&gt;&quot;,&quot;hotspot_offset_x&quot;:{&quot;unit&quot;:&quot;%&quot;,&quot;size&quot;:51.5,&quot;sizes&quot;:[]},&quot;hotspot_offset_y&quot;:{&quot;unit&quot;:&quot;%&quot;,&quot;size&quot;:16,&quot;sizes&quot;:[]},&quot;hotspot_custom_size&quot;:&quot;yes&quot;,&quot;hotspot_label&quot;:&quot;&quot;,&quot;hotspot_link&quot;:{&quot;url&quot;:&quot;&quot;,&quot;is_external&quot;:&quot;&quot;,&quot;nofollow&quot;:&quot;&quot;,&quot;custom_attributes&quot;:&quot;&quot;},&quot;hotspot_icon&quot;:{&quot;value&quot;:&quot;&quot;,&quot;library&quot;:&quot;&quot;},&quot;hotspot_horizontal&quot;:&quot;left&quot;,&quot;hotspot_vertical&quot;:&quot;top&quot;,&quot;hotspot_tooltip_position&quot;:&quot;no&quot;,&quot;hotspot_position&quot;:null,&quot;hotspot_position_tablet&quot;:null,&quot;hotspot_position_mobile&quot;:null,&quot;hotspot_icon_position&quot;:null,&quot;hotspot_icon_spacing&quot;:null,&quot;hotspot_width&quot;:{&quot;unit&quot;:&quot;px&quot;,&quot;size&quot;:&quot;&quot;,&quot;sizes&quot;:[]},&quot;hotspot_height&quot;:{&quot;unit&quot;:&quot;px&quot;,&quot;size&quot;:&quot;&quot;,&quot;sizes&quot;:[]},&quot;hotspot_offset_x_tablet&quot;:{&quot;unit&quot;:&quot;px&quot;,&quot;size&quot;:&quot;&quot;,&quot;sizes&quot;:[]},&quot;hotspot_offset_x_mobile&quot;:{&quot;unit&quot;:&quot;px&quot;,&quot;size&quot;:&quot;&quot;,&quot;sizes&quot;:[]},&quot;hotspot_offset_y_tablet&quot;:{&quot;unit&quot;:&quot;px&quot;,&quot;size&quot;:&quot;&quot;,&quot;sizes&quot;:[]},&quot;hotspot_offset_y_mobile&quot;:{&quot;unit&quot;:&quot;px&quot;,&quot;size&quot;:&quot;&quot;,&quot;sizes&quot;:[]},&quot;hotspot_tooltip_width&quot;:null,&quot;hotspot_tooltip_width_tablet&quot;:null,&quot;hotspot_tooltip_width_mobile&quot;:null,&quot;hotspot_tooltip_text_wrap&quot;:null},{&quot;_id&quot;:&quot;f70d252&quot;,&quot;hotspot_tooltip_content&quot;:&quot;&lt;p&gt;Artos House, Kourion Chypre&lt;br \\\/&gt;&lt;a href=\\&quot;https:\\\/\\\/www.artoshouse.org\\\/\\&quot; target=\\&quot;_blank\\&quot; rel=\\&quot;noopener\\&quot;&gt;&lt;img class=\\&quot;alignnone size-full wp-image-8858\\&quot; src=\\&quot;https:\\\/\\\/samba-resille.org\\\/international-platform\\\/wp-content\\\/uploads\\\/2024\\\/10\\\/ARTos_House-WHITE-TRANSPARENT.webp\\&quot; alt=\\&quot;\\&quot; width=\\&quot;147\\&quot; height=\\&quot;75\\&quot; \\\/&gt;&lt;\\\/a&gt;&lt;br \\\/&gt;Kourion 2030&lt;\\\/p&gt;&lt;p&gt;&lt;a href=\\&quot;https:\\\/\\\/www.kourion2030.eu\\\/home\\&quot; target=\\&quot;_blank\\&quot; rel=\\&quot;noopener\\&quot;&gt;&lt;img class=\\&quot;alignnone wp-image-9154\\&quot; src=\\&quot;https:\\\/\\\/samba-resille.org\\\/international-platform\\\/wp-content\\\/uploads\\\/2025\\\/02\\\/kourion-logoblack.png\\&quot; alt=\\&quot;\\&quot; width=\\&quot;145\\&quot; height=\\&quot;43\\&quot; \\\/&gt;&lt;\\\/a&gt;&lt;\\\/p&gt;&quot;,&quot;hotspot_offset_x&quot;:{&quot;unit&quot;:&quot;%&quot;,&quot;size&quot;:68.5,&quot;sizes&quot;:[]},&quot;hotspot_offset_y&quot;:{&quot;unit&quot;:&quot;%&quot;,&quot;size&quot;:32.5,&quot;sizes&quot;:[]},&quot;hotspot_label&quot;:&quot;&quot;,&quot;hotspot_link&quot;:{&quot;url&quot;:&quot;&quot;,&quot;is_external&quot;:&quot;&quot;,&quot;nofollow&quot;:&quot;&quot;,&quot;custom_attributes&quot;:&quot;&quot;},&quot;hotspot_icon&quot;:{&quot;value&quot;:&quot;&quot;,&quot;library&quot;:&quot;&quot;},&quot;hotspot_custom_size&quot;:&quot;no&quot;,&quot;hotspot_horizontal&quot;:&quot;left&quot;,&quot;hotspot_vertical&quot;:&quot;top&quot;,&quot;hotspot_tooltip_position&quot;:&quot;no&quot;,&quot;hotspot_position&quot;:null,&quot;hotspot_position_tablet&quot;:null,&quot;hotspot_position_mobile&quot;:null,&quot;hotspot_icon_position&quot;:null,&quot;hotspot_icon_spacing&quot;:null,&quot;hotspot_width&quot;:null,&quot;hotspot_height&quot;:null,&quot;hotspot_offset_x_tablet&quot;:{&quot;unit&quot;:&quot;px&quot;,&quot;size&quot;:&quot;&quot;,&quot;sizes&quot;:[]},&quot;hotspot_offset_x_mobile&quot;:{&quot;unit&quot;:&quot;px&quot;,&quot;size&quot;:&quot;&quot;,&quot;sizes&quot;:[]},&quot;hotspot_offset_y_tablet&quot;:{&quot;unit&quot;:&quot;px&quot;,&quot;size&quot;:&quot;&quot;,&quot;sizes&quot;:[]},&quot;hotspot_offset_y_mobile&quot;:{&quot;unit&quot;:&quot;px&quot;,&quot;size&quot;:&quot;&quot;,&quot;sizes&quot;:[]},&quot;hotspot_tooltip_width&quot;:null,&quot;hotspot_tooltip_width_tablet&quot;:null,&quot;hotspot_tooltip_width_mobile&quot;:null,&quot;hotspot_tooltip_text_wrap&quot;:null},{&quot;_id&quot;:&quot;b42528d&quot;,&quot;hotspot_label&quot;:&quot;Rio de Janeiro&quot;,&quot;hotspot_tooltip_content&quot;:&quot;&lt;p&gt;&lt;strong&gt;Consulat G\\u00e9n\\u00e9ral de France \\u00e0 Rio, &lt;\\\/strong&gt;Rio de Janeiro&lt;br \\\/&gt;&lt;a href=\\&quot;https:\\\/\\\/www.instagram.com\\\/francanorio\\\/?next=%2Flatinograff%2F\\&quot; target=\\&quot;_blank\\&quot; rel=\\&quot;noopener\\&quot;&gt;&lt;img class=\\&quot;alignnone  wp-image-9719\\&quot; src=\\&quot;https:\\\/\\\/samba-resille.org\\\/international-platform\\\/wp-content\\\/uploads\\\/2026\\\/04\\\/image001-300x248.png\\&quot; alt=\\&quot;\\&quot; width=\\&quot;126\\&quot; height=\\&quot;118\\&quot; \\\/&gt;&lt;\\\/a&gt;&lt;\\\/p&gt;&lt;p&gt;&lt;strong&gt;Museu do Samba&lt;\\\/strong&gt;,\\u00a0Rio de Janeiro&lt;br \\\/&gt;&lt;a href=\\&quot;https:\\\/\\\/www.museudosamba.org.br\\\/\\&quot; target=\\&quot;_blank\\&quot; rel=\\&quot;noopener\\&quot;&gt;&lt;img class=\\&quot;alignnone size-full wp-image-9225\\&quot; src=\\&quot;https:\\\/\\\/samba-resille.org\\\/international-platform\\\/wp-content\\\/uploads\\\/2025\\\/02\\\/logo-museo-do-samba.jpg\\&quot; alt=\\&quot;\\&quot; width=\\&quot;86\\&quot; height=\\&quot;81\\&quot; \\\/&gt;&lt;\\\/a&gt;&lt;\\\/p&gt;&lt;p&gt;Biblio Maison, Rio de Janeiro&lt;\\\/p&gt;&lt;p&gt;&lt;a href=\\&quot;https:\\\/\\\/bibliomaison.net.br\\\/\\&quot; target=\\&quot;_blank\\&quot; rel=\\&quot;noopener\\&quot;&gt;&lt;img class=\\&quot;alignnone  wp-image-9718\\&quot; src=\\&quot;https:\\\/\\\/samba-resille.org\\\/international-platform\\\/wp-content\\\/uploads\\\/2026\\\/04\\\/BiblioMaison-sem-fundo.png\\&quot; alt=\\&quot;\\&quot; width=\\&quot;116\\&quot; height=\\&quot;81\\&quot; \\\/&gt; &lt;\\\/a&gt;&lt;\\\/p&gt;&lt;p&gt;\\u00a0&lt;\\\/p&gt;&lt;p&gt;\\u00a0&lt;\\\/p&gt;&quot;,&quot;hotspot_offset_x&quot;:{&quot;unit&quot;:&quot;%&quot;,&quot;size&quot;:29,&quot;sizes&quot;:[]},&quot;hotspot_offset_y&quot;:{&quot;unit&quot;:&quot;%&quot;,&quot;size&quot;:86,&quot;sizes&quot;:[]},&quot;hotspot_link&quot;:{&quot;url&quot;:&quot;&quot;,&quot;is_external&quot;:&quot;&quot;,&quot;nofollow&quot;:&quot;&quot;,&quot;custom_attributes&quot;:&quot;&quot;},&quot;hotspot_icon&quot;:{&quot;value&quot;:&quot;&quot;,&quot;library&quot;:&quot;&quot;},&quot;hotspot_custom_size&quot;:&quot;no&quot;,&quot;hotspot_horizontal&quot;:&quot;left&quot;,&quot;hotspot_vertical&quot;:&quot;top&quot;,&quot;hotspot_tooltip_position&quot;:&quot;no&quot;,&quot;hotspot_position&quot;:null,&quot;hotspot_position_tablet&quot;:null,&quot;hotspot_position_mobile&quot;:null,&quot;hotspot_icon_position&quot;:null,&quot;hotspot_icon_spacing&quot;:null,&quot;hotspot_width&quot;:null,&quot;hotspot_height&quot;:null,&quot;hotspot_offset_x_tablet&quot;:{&quot;unit&quot;:&quot;px&quot;,&quot;size&quot;:&quot;&quot;,&quot;sizes&quot;:[]},&quot;hotspot_offset_x_mobile&quot;:{&quot;unit&quot;:&quot;px&quot;,&quot;size&quot;:&quot;&quot;,&quot;sizes&quot;:[]},&quot;hotspot_offset_y_tablet&quot;:{&quot;unit&quot;:&quot;px&quot;,&quot;size&quot;:&quot;&quot;,&quot;sizes&quot;:[]},&quot;hotspot_offset_y_mobile&quot;:{&quot;unit&quot;:&quot;px&quot;,&quot;size&quot;:&quot;&quot;,&quot;sizes&quot;:[]},&quot;hotspot_tooltip_width&quot;:null,&quot;hotspot_tooltip_width_tablet&quot;:null,&quot;hotspot_tooltip_width_mobile&quot;:null,&quot;hotspot_tooltip_text_wrap&quot;:null},{&quot;_id&quot;:&quot;821971b&quot;,&quot;hotspot_tooltip_content&quot;:&quot;&lt;p&gt;&lt;strong&gt;Communitism&lt;\\\/strong&gt;, Ath\\u00e8nes&lt;\\\/p&gt;&lt;p&gt;&lt;a href=\\&quot;https:\\\/\\\/communitism.space\\\/\\&quot; target=\\&quot;_blank\\&quot; rel=\\&quot;noopener\\&quot;&gt;&lt;img class=\\&quot;alignnone wp-image-9724\\&quot; src=\\&quot;https:\\\/\\\/samba-resille.org\\\/international-platform\\\/wp-content\\\/uploads\\\/2026\\\/04\\\/communitism.png\\&quot; alt=\\&quot;\\&quot; width=\\&quot;120\\&quot; height=\\&quot;130\\&quot; \\\/&gt;&lt;\\\/a&gt;&lt;\\\/p&gt;&quot;,&quot;hotspot_offset_x&quot;:{&quot;unit&quot;:&quot;%&quot;,&quot;size&quot;:64,&quot;sizes&quot;:[]},&quot;hotspot_offset_y&quot;:{&quot;unit&quot;:&quot;%&quot;,&quot;size&quot;:30,&quot;sizes&quot;:[]},&quot;hotspot_label&quot;:&quot;&quot;,&quot;hotspot_link&quot;:{&quot;url&quot;:&quot;&quot;,&quot;is_external&quot;:&quot;&quot;,&quot;nofollow&quot;:&quot;&quot;,&quot;custom_attributes&quot;:&quot;&quot;},&quot;hotspot_icon&quot;:{&quot;value&quot;:&quot;&quot;,&quot;library&quot;:&quot;&quot;},&quot;hotspot_custom_size&quot;:&quot;no&quot;,&quot;hotspot_horizontal&quot;:&quot;left&quot;,&quot;hotspot_vertical&quot;:&quot;top&quot;,&quot;hotspot_tooltip_position&quot;:&quot;no&quot;,&quot;hotspot_position&quot;:null,&quot;hotspot_position_tablet&quot;:null,&quot;hotspot_position_mobile&quot;:null,&quot;hotspot_icon_position&quot;:null,&quot;hotspot_icon_spacing&quot;:null,&quot;hotspot_width&quot;:null,&quot;hotspot_height&quot;:null,&quot;hotspot_offset_x_tablet&quot;:{&quot;unit&quot;:&quot;px&quot;,&quot;size&quot;:&quot;&quot;,&quot;sizes&quot;:[]},&quot;hotspot_offset_x_mobile&quot;:{&quot;unit&quot;:&quot;px&quot;,&quot;size&quot;:&quot;&quot;,&quot;sizes&quot;:[]},&quot;hotspot_offset_y_tablet&quot;:{&quot;unit&quot;:&quot;px&quot;,&quot;size&quot;:&quot;&quot;,&quot;sizes&quot;:[]},&quot;hotspot_offset_y_mobile&quot;:{&quot;unit&quot;:&quot;px&quot;,&quot;size&quot;:&quot;&quot;,&quot;sizes&quot;:[]},&quot;hotspot_tooltip_width&quot;:null,&quot;hotspot_tooltip_width_tablet&quot;:null,&quot;hotspot_tooltip_width_mobile&quot;:null,&quot;hotspot_tooltip_text_wrap&quot;:null}],&quot;tooltip_position&quot;:&quot;right&quot;,&quot;tooltip_trigger&quot;:&quot;mouseenter&quot;,&quot;tooltip_animation&quot;:&quot;e-hotspot--fade-in-out&quot;}\" data-widget_type=\"hotspot.default\">\n\t\t\t\t<div class=\"elementor-widget-container\">\n\t\t\t\t\t<img loading=\"lazy\" decoding=\"async\" width=\"2560\" height=\"1713\" src=\"https:\/\/samba-resille.org\/international-platform\/wp-content\/uploads\/2023\/11\/virgin-map2-scaled.jpg\" class=\"attachment-full size-full wp-image-7145\" alt=\"\" srcset=\"https:\/\/samba-resille.org\/international-platform\/wp-content\/uploads\/2023\/11\/virgin-map2-scaled.jpg 2560w, https:\/\/samba-resille.org\/international-platform\/wp-content\/uploads\/2023\/11\/virgin-map2-300x201.jpg 300w, https:\/\/samba-resille.org\/international-platform\/wp-content\/uploads\/2023\/11\/virgin-map2-1024x685.jpg 1024w, https:\/\/samba-resille.org\/international-platform\/wp-content\/uploads\/2023\/11\/virgin-map2-768x514.jpg 768w, https:\/\/samba-resille.org\/international-platform\/wp-content\/uploads\/2023\/11\/virgin-map2-1536x1028.jpg 1536w, https:\/\/samba-resille.org\/international-platform\/wp-content\/uploads\/2023\/11\/virgin-map2-2048x1371.jpg 2048w, https:\/\/samba-resille.org\/international-platform\/wp-content\/uploads\/2023\/11\/virgin-map2-18x12.jpg 18w, https:\/\/samba-resille.org\/international-platform\/wp-content\/uploads\/2023\/11\/virgin-map2-24x16.jpg 24w, https:\/\/samba-resille.org\/international-platform\/wp-content\/uploads\/2023\/11\/virgin-map2-36x24.jpg 36w, https:\/\/samba-resille.org\/international-platform\/wp-content\/uploads\/2023\/11\/virgin-map2-48x32.jpg 48w\" sizes=\"(max-width: 2560px) 100vw, 2560px\" \/>\n\t\t\t\t\t\t<a class=\"e-hotspot elementor-repeater-item-136242a  e-hotspot--position-left e-hotspot--position-top e-hotspot--link \" href=\"https:\/\/www.artscape.co.za\/\" target=\"_blank\">\n\n\t\t\t\t\t\t\t\t<div class=\"e-hotspot__button e-hotspot--expand\">\n\t\t\t\t\t\t\t\t\t\t\t\t\t\t\t\t\t\t\t\t\t\t\t\t<div class=\"e-hotspot__label\">Afrique du Sud<\/div>\n\t\t\t\t\t\t\t\t\t\t\t\t\t\t\t<\/div>\n\n\t\t\t\t\t\t\t\t\t\t\t\t\t\t\t\t\t\t<div class=\"e-hotspot__tooltip  e-hotspot--tooltip-position e-hotspot--fade-in-out \" >\n\t\t\t\t\t\t<p>Artscape, Cape Town \/ Afrique du Sud<\/p><p><img loading=\"lazy\" decoding=\"async\" class=\"alignnone size-medium wp-image-5523\" src=\"https:\/\/samba-resille.org\/international-platform\/wp-content\/uploads\/2022\/12\/Artscape-300x300.jpeg\" alt=\"\" width=\"300\" height=\"300\" srcset=\"https:\/\/samba-resille.org\/international-platform\/wp-content\/uploads\/2022\/12\/Artscape-300x300.jpeg 300w, https:\/\/samba-resille.org\/international-platform\/wp-content\/uploads\/2022\/12\/Artscape-150x150.jpeg 150w, https:\/\/samba-resille.org\/international-platform\/wp-content\/uploads\/2022\/12\/Artscape-12x12.jpeg 12w, https:\/\/samba-resille.org\/international-platform\/wp-content\/uploads\/2022\/12\/Artscape-24x24.jpeg 24w, https:\/\/samba-resille.org\/international-platform\/wp-content\/uploads\/2022\/12\/Artscape-36x36.jpeg 36w, https:\/\/samba-resille.org\/international-platform\/wp-content\/uploads\/2022\/12\/Artscape-48x48.jpeg 48w, https:\/\/samba-resille.org\/international-platform\/wp-content\/uploads\/2022\/12\/Artscape.jpeg 450w\" sizes=\"(max-width: 300px) 100vw, 300px\" \/><\/p>\t\t\t\t\t<\/div>\n\t\t\t\t\t\t\t\t\t\n\t\t\t<\/a>\n\n\t\n\t\t\t\t\t\t<a class=\"e-hotspot elementor-repeater-item-f35ba2b  e-hotspot--position-left e-hotspot--position-top e-hotspot--link \" href=\"https:\/\/barefeettheatre.org\/\" target=\"_blank\">\n\n\t\t\t\t\t\t\t\t<div class=\"e-hotspot__button e-hotspot--expand\">\n\t\t\t\t\t\t\t\t\t\t\t\t\t\t\t\t\t\t\t\t\t\t\t\t<div class=\"e-hotspot__label\">Zambie<\/div>\n\t\t\t\t\t\t\t\t\t\t\t\t\t\t\t<\/div>\n\n\t\t\t\t\t\t\t\t\t\t\t\t\t\t\t\t\t\t<div class=\"e-hotspot__tooltip  e-hotspot--tooltip-position e-hotspot--fade-in-out \" >\n\t\t\t\t\t\t<p>Barefeet - Lusaka \/ Zambie<\/p><p><img loading=\"lazy\" decoding=\"async\" class=\"alignnone size-medium wp-image-5526\" src=\"https:\/\/samba-resille.org\/international-platform\/wp-content\/uploads\/2022\/12\/Barefeet-300x114.png\" alt=\"\" width=\"300\" height=\"114\" srcset=\"https:\/\/samba-resille.org\/international-platform\/wp-content\/uploads\/2022\/12\/Barefeet-300x114.png 300w, https:\/\/samba-resille.org\/international-platform\/wp-content\/uploads\/2022\/12\/Barefeet-18x7.png 18w, https:\/\/samba-resille.org\/international-platform\/wp-content\/uploads\/2022\/12\/Barefeet-24x9.png 24w, https:\/\/samba-resille.org\/international-platform\/wp-content\/uploads\/2022\/12\/Barefeet-36x14.png 36w, https:\/\/samba-resille.org\/international-platform\/wp-content\/uploads\/2022\/12\/Barefeet-48x18.png 48w, https:\/\/samba-resille.org\/international-platform\/wp-content\/uploads\/2022\/12\/Barefeet.png 640w\" sizes=\"(max-width: 300px) 100vw, 300px\" \/><\/p>\t\t\t\t\t<\/div>\n\t\t\t\t\t\t\t\t\t\n\t\t\t<\/a>\n\n\t\n\t\t\t\t\t\t<a class=\"e-hotspot elementor-repeater-item-0f13333  e-hotspot--position-left e-hotspot--position-top e-hotspot--link \" href=\"https:\/\/chercheursdautres.com\/\" target=\"_blank\">\n\n\t\t\t\t\t\t\t\t<div class=\"e-hotspot__button e-hotspot--expand\">\n\t\t\t\t\t\t\t\t\t\t\t\t\t\t\t\t\t\t\t\t\t\t\t\t<div class=\"e-hotspot__label\">Guyane <br> fran\u00e7aise<\/div>\n\t\t\t\t\t\t\t\t\t\t\t\t\t\t\t<\/div>\n\n\t\t\t\t\t\t\t\t\t\t\t\t\t\t\t\t\t\t<div class=\"e-hotspot__tooltip  e-hotspot--tooltip-position e-hotspot--fade-in-out \" >\n\t\t\t\t\t\t<p>Chercheurs d'autres<\/p><p><a href=\"https:\/\/chercheursdautres.com\/\" target=\"_blank\" rel=\"noopener\"><img loading=\"lazy\" decoding=\"async\" class=\"alignnone size-medium wp-image-5529\" src=\"https:\/\/samba-resille.org\/international-platform\/wp-content\/uploads\/2022\/12\/CDA-300x134.jpg\" alt=\"\" width=\"300\" height=\"134\" srcset=\"https:\/\/samba-resille.org\/international-platform\/wp-content\/uploads\/2022\/12\/CDA-300x134.jpg 300w, https:\/\/samba-resille.org\/international-platform\/wp-content\/uploads\/2022\/12\/CDA-768x344.jpg 768w, https:\/\/samba-resille.org\/international-platform\/wp-content\/uploads\/2022\/12\/CDA-18x8.jpg 18w, https:\/\/samba-resille.org\/international-platform\/wp-content\/uploads\/2022\/12\/CDA-24x11.jpg 24w, https:\/\/samba-resille.org\/international-platform\/wp-content\/uploads\/2022\/12\/CDA-36x16.jpg 36w, https:\/\/samba-resille.org\/international-platform\/wp-content\/uploads\/2022\/12\/CDA-48x21.jpg 48w, https:\/\/samba-resille.org\/international-platform\/wp-content\/uploads\/2022\/12\/CDA.jpg 965w\" sizes=\"(max-width: 300px) 100vw, 300px\" \/><\/a><\/p>\t\t\t\t\t<\/div>\n\t\t\t\t\t\t\t\t\t\n\t\t\t<\/a>\n\n\t\n\t\t\t\t\t\t<a class=\"e-hotspot elementor-repeater-item-17eb866  e-hotspot--position-left e-hotspot--position-top e-hotspot--link \" href=\"http:\/\/www.pierreverger.org\/fr\/homepagefr.html\" target=\"_blank\">\n\n\t\t\t\t\t\t\t\t<div class=\"e-hotspot__button e-hotspot--expand\">\n\t\t\t\t\t\t\t\t\t\t\t\t\t\t\t\t\t\t\t\t\t\t\t\t<div class=\"e-hotspot__label\">Salvador<\/div>\n\t\t\t\t\t\t\t\t\t\t\t\t\t\t\t<\/div>\n\n\t\t\t\t\t\t\t\t\t\t\t\t\t\t\t\t\t\t<div class=\"e-hotspot__tooltip  e-hotspot--tooltip-position e-hotspot--fade-in-out \" >\n\t\t\t\t\t\t<p>Fondation Pierre Verger, Salvador do Bahia \/ Br\u00e9sil<\/p><p><img loading=\"lazy\" decoding=\"async\" class=\"alignnone size-full wp-image-5541\" src=\"https:\/\/samba-resille.org\/international-platform\/wp-content\/uploads\/2022\/12\/FPV.webp\" alt=\"\" width=\"272\" height=\"78\" srcset=\"https:\/\/samba-resille.org\/international-platform\/wp-content\/uploads\/2022\/12\/FPV.webp 272w, https:\/\/samba-resille.org\/international-platform\/wp-content\/uploads\/2022\/12\/FPV-18x5.webp 18w, https:\/\/samba-resille.org\/international-platform\/wp-content\/uploads\/2022\/12\/FPV-24x7.webp 24w, https:\/\/samba-resille.org\/international-platform\/wp-content\/uploads\/2022\/12\/FPV-36x10.webp 36w, https:\/\/samba-resille.org\/international-platform\/wp-content\/uploads\/2022\/12\/FPV-48x14.webp 48w\" sizes=\"(max-width: 272px) 100vw, 272px\" \/><\/p>\t\t\t\t\t<\/div>\n\t\t\t\t\t\t\t\t\t\n\t\t\t<\/a>\n\n\t\n\t\t\t\t\t\t<div class=\"e-hotspot elementor-repeater-item-a4d76b3  e-hotspot--position-left e-hotspot--position-top  \">\n\n\t\t\t\t\t\t\t\t<div class=\"e-hotspot__button e-hotspot--expand\">\n\t\t\t\t\t\t\t\t\t\t\t\t\t\t\t\t\t\t\t\t\t\t\t\t<div class=\"e-hotspot__label\">B\u00e9nin<\/div>\n\t\t\t\t\t\t\t\t\t\t\t\t\t\t\t<\/div>\n\n\t\t\t\t\t\t\t\t\t\t\t\t\t\t\t\t\t\t<div class=\"e-hotspot__tooltip  e-hotspot--tooltip-position e-hotspot--fade-in-out \" >\n\t\t\t\t\t\t<p>P\u00e9niel - B\u00e9nin<\/p><p><picture class=\"wp-image-1034 alignleft\"><img loading=\"lazy\" decoding=\"async\" src=\"https:\/\/samba-resille.org\/international-platform\/wp-content\/uploads\/2019\/06\/peniel-logo.jpg\" alt=\"\" width=\"73\" height=\"61\" \/><\/picture><\/p>\t\t\t\t\t<\/div>\n\t\t\t\t\t\t\t\t\t\n\t\t\t<\/div>\n\n\t\n\t\t\t\t\t\t<div class=\"e-hotspot elementor-repeater-item-00968ba  e-hotspot--position-left e-hotspot--position-top   e-hotspot--circle\">\n\n\t\t\t\t\t\t\t\t<div class=\"e-hotspot__button e-hotspot--expand\">\n\t\t\t\t\t\t\t\t\t\t\t<div class=\"e-hotspot__outer-circle\"><\/div>\n\t\t\t\t\t\t<div class=\"e-hotspot__inner-circle\"><\/div>\n\t\t\t\t\t\t\t\t\t<\/div>\n\n\t\t\t\t\t\t\t\t\t\t\t\t\t\t\t\t\t\t<div class=\"e-hotspot__tooltip  e-hotspot--tooltip-position e-hotspot--fade-in-out \" >\n\t\t\t\t\t\t<p>BERLIN<\/p><p>- Piranha arts<\/p><p><a href=\"https:\/\/www.piranha-arts.com\/\" target=\"_blank\" rel=\"noopener\"><img loading=\"lazy\" decoding=\"async\" class=\"alignnone wp-image-5556 size-medium\" src=\"https:\/\/samba-resille.org\/international-platform\/wp-content\/uploads\/2022\/12\/piranha-300x67.png\" alt=\"\" width=\"300\" height=\"67\" srcset=\"https:\/\/samba-resille.org\/international-platform\/wp-content\/uploads\/2022\/12\/piranha-300x67.png 300w, https:\/\/samba-resille.org\/international-platform\/wp-content\/uploads\/2022\/12\/piranha-1024x227.png 1024w, https:\/\/samba-resille.org\/international-platform\/wp-content\/uploads\/2022\/12\/piranha-768x171.png 768w\" sizes=\"(max-width: 300px) 100vw, 300px\" \/><\/a><\/p><p>- Artistania<\/p><p><a href=\"https:\/\/www.artistania.org\/\" target=\"_blank\" rel=\"noopener\"><img loading=\"lazy\" decoding=\"async\" class=\"alignnone wp-image-6091 size-full\" src=\"https:\/\/samba-resille.org\/international-platform\/wp-content\/uploads\/2023\/03\/Artistania.webp\" alt=\"\" width=\"93\" height=\"97\" srcset=\"https:\/\/samba-resille.org\/international-platform\/wp-content\/uploads\/2023\/03\/Artistania.webp 93w, https:\/\/samba-resille.org\/international-platform\/wp-content\/uploads\/2023\/03\/Artistania-12x12.webp 12w, https:\/\/samba-resille.org\/international-platform\/wp-content\/uploads\/2023\/03\/Artistania-24x24.webp 24w, https:\/\/samba-resille.org\/international-platform\/wp-content\/uploads\/2023\/03\/Artistania-46x48.webp 46w\" sizes=\"(max-width: 93px) 100vw, 93px\" \/><\/a><\/p>\t\t\t\t\t<\/div>\n\t\t\t\t\t\t\t\t\t\n\t\t\t<\/div>\n\n\t\n\t\t\t\t\t\t<div class=\"e-hotspot elementor-repeater-item-45045c6  e-hotspot--position-left e-hotspot--position-top  \">\n\n\t\t\t\t\t\t\t\t<div class=\"e-hotspot__button e-hotspot--expand\">\n\t\t\t\t\t\t\t\t\t\t\t\t\t\t\t\t\t\t<div class=\"e-hotspot__icon\"><i class=\"fas fa-star\"><\/i><\/div>\n\t\t\t\t\t\t\t\t\t\t\t\t\t\t\t\t\t\t\t<div class=\"e-hotspot__label\">CONSORTIUM<\/div>\n\t\t\t\t\t\t\t\t\t\t\t\t\t\t\t<\/div>\n\n\t\t\t\t\t\t\t\t\t\t\t\t\t\t\t\t\t\t<div class=\"e-hotspot__tooltip  e-hotspot--tooltip-position e-hotspot--fade-in-out \" >\n\t\t\t\t\t\t<p><img loading=\"lazy\" decoding=\"async\" class=\"alignnone wp-image-5745\" src=\"https:\/\/samba-resille.org\/international-platform\/wp-content\/uploads\/2023\/01\/CARTOUCHE-CONSORTIUM-1-300x236.jpg\" alt=\"\" width=\"165\" height=\"133\" srcset=\"https:\/\/samba-resille.org\/international-platform\/wp-content\/uploads\/2023\/01\/CARTOUCHE-CONSORTIUM-1-15x12.jpg 15w, https:\/\/samba-resille.org\/international-platform\/wp-content\/uploads\/2023\/01\/CARTOUCHE-CONSORTIUM-1-24x19.jpg 24w, https:\/\/samba-resille.org\/international-platform\/wp-content\/uploads\/2023\/01\/CARTOUCHE-CONSORTIUM-1-36x28.jpg 36w, https:\/\/samba-resille.org\/international-platform\/wp-content\/uploads\/2023\/01\/CARTOUCHE-CONSORTIUM-1-48x38.jpg 48w\" sizes=\"(max-width: 165px) 100vw, 165px\" \/><\/p><p>- Samba R\u00e9sille<br \/><img loading=\"lazy\" decoding=\"async\" class=\"alignnone wp-image-5625\" src=\"https:\/\/samba-resille.org\/international-platform\/wp-content\/uploads\/2020\/03\/INTER-300x300.png\" alt=\"\" width=\"89\" height=\"103\" \/><\/p><p>- Maison du V\u00e9lo Toulouse<br \/><a href=\"https:\/\/www.maisonduvelotoulouse.com\/\" target=\"_blank\" rel=\"noopener\"><img loading=\"lazy\" decoding=\"async\" class=\"alignnone wp-image-5555\" src=\"https:\/\/samba-resille.org\/international-platform\/wp-content\/uploads\/2022\/12\/parte-1-300x115.png\" alt=\"\" width=\"156\" height=\"66\" srcset=\"https:\/\/samba-resille.org\/international-platform\/wp-content\/uploads\/2022\/12\/parte-1-18x7.png 18w, https:\/\/samba-resille.org\/international-platform\/wp-content\/uploads\/2022\/12\/parte-1-24x9.png 24w, https:\/\/samba-resille.org\/international-platform\/wp-content\/uploads\/2022\/12\/parte-1-36x14.png 36w\" sizes=\"(max-width: 156px) 100vw, 156px\" \/><\/a><\/p><p>- Le COCU<br \/><a href=\"https:\/\/carnavaldetoulouse.fr\/SiteCarnaval\/\" target=\"_blank\" rel=\"noopener\"><img loading=\"lazy\" decoding=\"async\" class=\"alignnone wp-image-5537\" src=\"https:\/\/samba-resille.org\/international-platform\/wp-content\/uploads\/2022\/12\/EL-COCU.png\" alt=\"\" width=\"109\" height=\"101\" \/><\/a><\/p><p>- Tia Paula<br \/><img loading=\"lazy\" decoding=\"async\" class=\"alignnone wp-image-5567\" src=\"https:\/\/samba-resille.org\/international-platform\/wp-content\/uploads\/2022\/12\/Tia-paula-300x78.jpg\" alt=\"\" width=\"144\" height=\"30\" srcset=\"https:\/\/samba-resille.org\/international-platform\/wp-content\/uploads\/2022\/12\/Tia-paula-18x5.jpg 18w, https:\/\/samba-resille.org\/international-platform\/wp-content\/uploads\/2022\/12\/Tia-paula-24x6.jpg 24w, https:\/\/samba-resille.org\/international-platform\/wp-content\/uploads\/2022\/12\/Tia-paula-36x9.jpg 36w\" sizes=\"(max-width: 144px) 100vw, 144px\" \/><\/p><p>- BeArt<br \/><a href=\"https:\/\/www.bearttoulouse.fr\/\" target=\"_blank\" rel=\"noopener\"><img loading=\"lazy\" decoding=\"async\" class=\"alignnone wp-image-6463\" src=\"https:\/\/samba-resille.org\/international-platform\/wp-content\/uploads\/2023\/10\/beart.jpg\" alt=\"\" width=\"120\" height=\"108\" \/><\/a><\/p><p>- La Polymorphe<br \/><a href=\"https:\/\/www.lepolymorphe.com\/\" target=\"_blank\" rel=\"noopener\"><img loading=\"lazy\" decoding=\"async\" class=\"alignnone wp-image-3125\" src=\"https:\/\/samba-resille.org\/international-platform\/wp-content\/uploads\/2021\/09\/avatarlepolymorphepetit.jpg\" alt=\"\" width=\"122\" height=\"114\" \/><\/a><br \/>- Contre chant<br \/><a href=\"https:\/\/www.contrechant.fr\/\" target=\"_blank\" rel=\"noopener\"><img loading=\"lazy\" decoding=\"async\" class=\"alignnone wp-image-7470\" src=\"https:\/\/samba-resille.org\/international-platform\/wp-content\/uploads\/2023\/11\/contre-chant.jpg\" alt=\"\" width=\"94\" height=\"87\" \/><\/a><\/p><p>- Bajo El Mar<\/p><p><a href=\"https:\/\/bajoelmar.fr\/\" target=\"_blank\" rel=\"noopener\"><img loading=\"lazy\" decoding=\"async\" class=\"alignnone wp-image-6467\" src=\"https:\/\/samba-resille.org\/international-platform\/wp-content\/uploads\/2023\/10\/bajo-300x55.png\" alt=\"\" width=\"167\" height=\"20\" srcset=\"https:\/\/samba-resille.org\/international-platform\/wp-content\/uploads\/2023\/10\/bajo-18x3.png 18w, https:\/\/samba-resille.org\/international-platform\/wp-content\/uploads\/2023\/10\/bajo-24x4.png 24w\" sizes=\"(max-width: 167px) 100vw, 167px\" \/><\/a><\/p><p>- \u00c0 bout de souffle\u00a0<br \/><a href=\"https:\/\/www.aboutdesouffle.com\/\" target=\"_blank\" rel=\"noopener\"><img loading=\"lazy\" decoding=\"async\" class=\"alignnone wp-image-6471\" src=\"https:\/\/samba-resille.org\/international-platform\/wp-content\/uploads\/2023\/10\/a-bout-de-souffle.png\" alt=\"\" width=\"90\" height=\"106\" \/><\/a><\/p><p>- IDC<br \/><a href=\"https:\/\/initiativeetdeveloppementcitoyen.org\/\" target=\"_blank\" rel=\"noopener\"><img loading=\"lazy\" decoding=\"async\" class=\"alignnone wp-image-6445\" src=\"https:\/\/samba-resille.org\/international-platform\/wp-content\/uploads\/2023\/10\/idclogo.webp\" alt=\"\" width=\"148\" height=\"67\" srcset=\"https:\/\/samba-resille.org\/international-platform\/wp-content\/uploads\/2023\/10\/idclogo-18x9.webp 18w, https:\/\/samba-resille.org\/international-platform\/wp-content\/uploads\/2023\/10\/idclogo-24x12.webp 24w, https:\/\/samba-resille.org\/international-platform\/wp-content\/uploads\/2023\/10\/idclogo-48x23.webp 48w\" sizes=\"(max-width: 148px) 100vw, 148px\" \/><\/a><\/p>\t\t\t\t\t<\/div>\n\t\t\t\t\t\t\t\t\t\n\t\t\t<\/div>\n\n\t\n\t\t\t\t\t\t<a class=\"e-hotspot elementor-repeater-item-cdf3071  e-hotspot--position-left e-hotspot--position-top e-hotspot--link  e-hotspot--circle\" href=\"https:\/\/www.caisa.fi\/\" target=\"_blank\">\n\n\t\t\t\t\t\t\t\t<div class=\"e-hotspot__button e-hotspot--expand\">\n\t\t\t\t\t\t\t\t\t\t\t<div class=\"e-hotspot__outer-circle\"><\/div>\n\t\t\t\t\t\t<div class=\"e-hotspot__inner-circle\"><\/div>\n\t\t\t\t\t\t\t\t\t<\/div>\n\n\t\t\t\t\t\t\t\t\t\t\t\t\t\t\t\t\t\t<div class=\"e-hotspot__tooltip  e-hotspot--tooltip-position e-hotspot--fade-in-out \" >\n\t\t\t\t\t\t<p>- Caisa<\/p><p><a href=\"https:\/\/www.caisa.fi\/\" target=\"_blank\" rel=\"noopener\"><img loading=\"lazy\" decoding=\"async\" class=\"alignnone wp-image-5542\" src=\"https:\/\/samba-resille.org\/international-platform\/wp-content\/uploads\/2022\/12\/Helsinki-300x139.png\" alt=\"\" width=\"243\" height=\"110\" srcset=\"https:\/\/samba-resille.org\/international-platform\/wp-content\/uploads\/2022\/12\/Helsinki-18x8.png 18w, https:\/\/samba-resille.org\/international-platform\/wp-content\/uploads\/2022\/12\/Helsinki-24x11.png 24w, https:\/\/samba-resille.org\/international-platform\/wp-content\/uploads\/2022\/12\/Helsinki-36x17.png 36w, https:\/\/samba-resille.org\/international-platform\/wp-content\/uploads\/2022\/12\/Helsinki-48x22.png 48w\" sizes=\"(max-width: 243px) 100vw, 243px\" \/><\/a><\/p><p>- F\u00e9d\u00e9ration \u00c9coles Samba Finlande<\/p><p><a href=\"https:\/\/samba.fi\/\" target=\"_blank\" rel=\"noopener\"><img loading=\"lazy\" decoding=\"async\" class=\"alignnone size-full wp-image-5564\" src=\"https:\/\/samba-resille.org\/international-platform\/wp-content\/uploads\/2022\/12\/SSKL.jpg\" alt=\"\" width=\"187\" height=\"187\" srcset=\"https:\/\/samba-resille.org\/international-platform\/wp-content\/uploads\/2022\/12\/SSKL.jpg 187w, https:\/\/samba-resille.org\/international-platform\/wp-content\/uploads\/2022\/12\/SSKL-150x150.jpg 150w, https:\/\/samba-resille.org\/international-platform\/wp-content\/uploads\/2022\/12\/SSKL-12x12.jpg 12w, https:\/\/samba-resille.org\/international-platform\/wp-content\/uploads\/2022\/12\/SSKL-24x24.jpg 24w, https:\/\/samba-resille.org\/international-platform\/wp-content\/uploads\/2022\/12\/SSKL-36x36.jpg 36w, https:\/\/samba-resille.org\/international-platform\/wp-content\/uploads\/2022\/12\/SSKL-48x48.jpg 48w\" sizes=\"(max-width: 187px) 100vw, 187px\" \/><\/a><\/p>\t\t\t\t\t<\/div>\n\t\t\t\t\t\t\t\t\t\n\t\t\t<\/a>\n\n\t\n\t\t\t\t\t\t<div class=\"e-hotspot elementor-repeater-item-35189dc  e-hotspot--position-left e-hotspot--position-top   e-hotspot--circle\">\n\n\t\t\t\t\t\t\t\t<div class=\"e-hotspot__button e-hotspot--expand\">\n\t\t\t\t\t\t\t\t\t\t\t<div class=\"e-hotspot__outer-circle\"><\/div>\n\t\t\t\t\t\t<div class=\"e-hotspot__inner-circle\"><\/div>\n\t\t\t\t\t\t\t\t\t<\/div>\n\n\t\t\t\t\t\t\t\t\t\t\t\t\t\t\t\t\t\t<div class=\"e-hotspot__tooltip  e-hotspot--tooltip-position e-hotspot--fade-in-out \" >\n\t\t\t\t\t\t<p>Avante3, Leganes \/ Madrid<br \/><a href=\"https:\/\/avante3.org\/\" target=\"_blank\" rel=\"noopener\"><img loading=\"lazy\" decoding=\"async\" class=\"alignnone size-full wp-image-4141\" src=\"https:\/\/samba-resille.org\/international-platform\/wp-content\/uploads\/2022\/03\/Avante3-logo.png\" alt=\"\" width=\"152\" height=\"94\" srcset=\"https:\/\/samba-resille.org\/international-platform\/wp-content\/uploads\/2022\/03\/Avante3-logo.png 152w, https:\/\/samba-resille.org\/international-platform\/wp-content\/uploads\/2022\/03\/Avante3-logo-150x94.png 150w\" sizes=\"(max-width: 152px) 100vw, 152px\" \/><\/a><\/p><p>- La Factoria del Guion, Madrid<\/p><p><a href=\"https:\/\/www.facebook.com\/factoria.delguion\/\" target=\"_blank\" rel=\"noopener\"><img loading=\"lazy\" decoding=\"async\" class=\"alignnone wp-image-8403\" src=\"https:\/\/samba-resille.org\/international-platform\/wp-content\/uploads\/2024\/08\/factoria-del-guion-300x135.jpg\" alt=\"\" width=\"154\" height=\"69\" srcset=\"https:\/\/samba-resille.org\/international-platform\/wp-content\/uploads\/2024\/08\/factoria-del-guion-300x135.jpg 300w, https:\/\/samba-resille.org\/international-platform\/wp-content\/uploads\/2024\/08\/factoria-del-guion-18x8.jpg 18w, https:\/\/samba-resille.org\/international-platform\/wp-content\/uploads\/2024\/08\/factoria-del-guion-24x11.jpg 24w, https:\/\/samba-resille.org\/international-platform\/wp-content\/uploads\/2024\/08\/factoria-del-guion-36x16.jpg 36w, https:\/\/samba-resille.org\/international-platform\/wp-content\/uploads\/2024\/08\/factoria-del-guion-48x22.jpg 48w, https:\/\/samba-resille.org\/international-platform\/wp-content\/uploads\/2024\/08\/factoria-del-guion.jpg 308w\" sizes=\"(max-width: 154px) 100vw, 154px\" \/><\/a><\/p><p>- Associacion cultural zumbal\u00e9 Samba, Madrid<\/p><p>-<a href=\"https:\/\/www.facebook.com\/events\/c-doctor-artero-sn-22004-huesca\/la-agrupaci%C3%B3-amics-de-laquarella-de-girona-i-comarques-visita-el-cdan\/363686630418822\/\" target=\"_blank\" rel=\"noopener\"> Agrupacio Amics de l'Aquarel-la de Girona i Comarques, <br \/><\/a>L'Hospilats de llers<\/p><p>- Mairie de Saragosse, Saragosse<\/p><p>- ADELE, academia, Tarragone<\/p><p><a href=\"https:\/\/www.adele.cat\/ca\/\" target=\"_blank\" rel=\"noopener\"><img loading=\"lazy\" decoding=\"async\" class=\"alignnone wp-image-8408\" src=\"https:\/\/samba-resille.org\/international-platform\/wp-content\/uploads\/2024\/08\/adele.png\" alt=\"\" width=\"125\" height=\"124\" \/><\/a><\/p><p>Festa Major De Gracia, Barcelone<\/p><p><img loading=\"lazy\" decoding=\"async\" class=\"alignnone size-full wp-image-1252\" src=\"https:\/\/samba-resille.org\/international-platform\/wp-content\/uploads\/2019\/06\/festamajor_Logo.png\" alt=\"\" width=\"150\" height=\"144\" \/><\/p>\t\t\t\t\t<\/div>\n\t\t\t\t\t\t\t\t\t\n\t\t\t<\/div>\n\n\t\n\t\t\t\t\t\t<div class=\"e-hotspot elementor-repeater-item-bf650d8  e-hotspot--position-left e-hotspot--position-top   e-hotspot--circle\">\n\n\t\t\t\t\t\t\t\t<div class=\"e-hotspot__button e-hotspot--expand\">\n\t\t\t\t\t\t\t\t\t\t\t<div class=\"e-hotspot__outer-circle\"><\/div>\n\t\t\t\t\t\t<div class=\"e-hotspot__inner-circle\"><\/div>\n\t\t\t\t\t\t\t\t\t<\/div>\n\n\t\t\t\t\t\t\t\t\t\t\t\t\t\t\t\t\t\t<div class=\"e-hotspot__tooltip  e-hotspot--tooltip-position e-hotspot--fade-in-out \" >\n\t\t\t\t\t\t<p>Bombrando, Lisbonne<br \/><a href=\"https:\/\/www.bombrando.com\/\" target=\"_blank\" rel=\"noopener\"><img loading=\"lazy\" decoding=\"async\" class=\"alignnone wp-image-5527 size-full\" src=\"https:\/\/samba-resille.org\/international-platform\/wp-content\/uploads\/2022\/12\/bombrando.jpg\" alt=\"\" width=\"260\" height=\"194\" srcset=\"https:\/\/samba-resille.org\/international-platform\/wp-content\/uploads\/2022\/12\/bombrando.jpg 260w, https:\/\/samba-resille.org\/international-platform\/wp-content\/uploads\/2022\/12\/bombrando-16x12.jpg 16w, https:\/\/samba-resille.org\/international-platform\/wp-content\/uploads\/2022\/12\/bombrando-24x18.jpg 24w, https:\/\/samba-resille.org\/international-platform\/wp-content\/uploads\/2022\/12\/bombrando-36x27.jpg 36w, https:\/\/samba-resille.org\/international-platform\/wp-content\/uploads\/2022\/12\/bombrando-48x36.jpg 48w\" sizes=\"(max-width: 260px) 100vw, 260px\" \/><\/a><\/p><p>Nice Groove, Lisbonne<br \/><a href=\"https:\/\/www.facebook.com\/Batucadalusofona\/events\/\" target=\"_blank\" rel=\"noopener\"><img loading=\"lazy\" decoding=\"async\" class=\"alignnone size-full wp-image-5553\" src=\"https:\/\/samba-resille.org\/international-platform\/wp-content\/uploads\/2022\/12\/Nice-groove.png\" alt=\"\" width=\"234\" height=\"216\" srcset=\"https:\/\/samba-resille.org\/international-platform\/wp-content\/uploads\/2022\/12\/Nice-groove.png 234w, https:\/\/samba-resille.org\/international-platform\/wp-content\/uploads\/2022\/12\/Nice-groove-13x12.png 13w, https:\/\/samba-resille.org\/international-platform\/wp-content\/uploads\/2022\/12\/Nice-groove-24x22.png 24w, https:\/\/samba-resille.org\/international-platform\/wp-content\/uploads\/2022\/12\/Nice-groove-36x33.png 36w, https:\/\/samba-resille.org\/international-platform\/wp-content\/uploads\/2022\/12\/Nice-groove-48x44.png 48w\" sizes=\"(max-width: 234px) 100vw, 234px\" \/><\/a><\/p><p>Samba Sem Fronteiras, Porto<\/p><p><a href=\"https:\/\/sambasemfronteiras.com\/\" target=\"_blank\" rel=\"noopener\"><img loading=\"lazy\" decoding=\"async\" class=\"alignnone wp-image-5563\" src=\"https:\/\/samba-resille.org\/international-platform\/wp-content\/uploads\/2022\/12\/SSF.png\" alt=\"\" width=\"123\" height=\"134\" \/><\/a><\/p>\t\t\t\t\t<\/div>\n\t\t\t\t\t\t\t\t\t\n\t\t\t<\/div>\n\n\t\n\t\t\t\t\t\t<div class=\"e-hotspot elementor-repeater-item-06a734a  e-hotspot--position-left e-hotspot--position-top   e-hotspot--circle\">\n\n\t\t\t\t\t\t\t\t<div class=\"e-hotspot__button e-hotspot--expand\">\n\t\t\t\t\t\t\t\t\t\t\t<div class=\"e-hotspot__outer-circle\"><\/div>\n\t\t\t\t\t\t<div class=\"e-hotspot__inner-circle\"><\/div>\n\t\t\t\t\t\t\t\t\t<\/div>\n\n\t\t\t\t\t\t\t\t\t\t\t\t\t\t\t\t\t\t<div class=\"e-hotspot__tooltip  e-hotspot--tooltip-position e-hotspot--fade-in-out \" >\n\t\t\t\t\t\t<p>ABUNDA - G\u00f4teborg<\/p><p><a href=\"http:\/\/member.abunda.se\/en\/#\" target=\"_blank\" rel=\"noopener\"><img loading=\"lazy\" decoding=\"async\" class=\"alignnone wp-image-5519\" src=\"https:\/\/samba-resille.org\/international-platform\/wp-content\/uploads\/2022\/12\/ABUNDA-300x300.png\" alt=\"\" width=\"118\" height=\"118\" srcset=\"https:\/\/samba-resille.org\/international-platform\/wp-content\/uploads\/2022\/12\/ABUNDA-300x300.png 300w, https:\/\/samba-resille.org\/international-platform\/wp-content\/uploads\/2022\/12\/ABUNDA-150x150.png 150w, https:\/\/samba-resille.org\/international-platform\/wp-content\/uploads\/2022\/12\/ABUNDA-768x771.png 768w, https:\/\/samba-resille.org\/international-platform\/wp-content\/uploads\/2022\/12\/ABUNDA-12x12.png 12w, https:\/\/samba-resille.org\/international-platform\/wp-content\/uploads\/2022\/12\/ABUNDA-24x24.png 24w, https:\/\/samba-resille.org\/international-platform\/wp-content\/uploads\/2022\/12\/ABUNDA-36x36.png 36w, https:\/\/samba-resille.org\/international-platform\/wp-content\/uploads\/2022\/12\/ABUNDA-48x48.png 48w, https:\/\/samba-resille.org\/international-platform\/wp-content\/uploads\/2022\/12\/ABUNDA.png 1000w\" sizes=\"(max-width: 118px) 100vw, 118px\" \/><\/a><\/p>\t\t\t\t\t<\/div>\n\t\t\t\t\t\t\t\t\t\n\t\t\t<\/div>\n\n\t\n\t\t\t\t\t\t<div class=\"e-hotspot elementor-repeater-item-9e8450a  e-hotspot--position-left e-hotspot--position-top   e-hotspot--circle\">\n\n\t\t\t\t\t\t\t\t<div class=\"e-hotspot__button e-hotspot--expand\">\n\t\t\t\t\t\t\t\t\t\t\t<div class=\"e-hotspot__outer-circle\"><\/div>\n\t\t\t\t\t\t<div class=\"e-hotspot__inner-circle\"><\/div>\n\t\t\t\t\t\t\t\t\t<\/div>\n\n\t\t\t\t\t\t\t\t\t\t\t\t\t\t\t\t\t\t<div class=\"e-hotspot__tooltip  e-hotspot--tooltip-position e-hotspot--fade-in-out \" >\n\t\t\t\t\t\t<p>ENJOY - Turin<br \/><a href=\"http:\/\/www.associazionenjoy.it\/joomla30\/\" target=\"_blank\" rel=\"noopener\"><img loading=\"lazy\" decoding=\"async\" class=\"alignnone size-medium wp-image-5538\" src=\"https:\/\/samba-resille.org\/international-platform\/wp-content\/uploads\/2022\/12\/enjoy-300x296.jpg\" alt=\"\" width=\"300\" height=\"296\" srcset=\"https:\/\/samba-resille.org\/international-platform\/wp-content\/uploads\/2022\/12\/enjoy-300x296.jpg 300w, https:\/\/samba-resille.org\/international-platform\/wp-content\/uploads\/2022\/12\/enjoy-1024x1010.jpg 1024w, https:\/\/samba-resille.org\/international-platform\/wp-content\/uploads\/2022\/12\/enjoy-768x757.jpg 768w, https:\/\/samba-resille.org\/international-platform\/wp-content\/uploads\/2022\/12\/enjoy-12x12.jpg 12w, https:\/\/samba-resille.org\/international-platform\/wp-content\/uploads\/2022\/12\/enjoy-24x24.jpg 24w, https:\/\/samba-resille.org\/international-platform\/wp-content\/uploads\/2022\/12\/enjoy-36x36.jpg 36w, https:\/\/samba-resille.org\/international-platform\/wp-content\/uploads\/2022\/12\/enjoy-48x48.jpg 48w, https:\/\/samba-resille.org\/international-platform\/wp-content\/uploads\/2022\/12\/enjoy.jpg 1440w\" sizes=\"(max-width: 300px) 100vw, 300px\" \/><\/a><\/p>\t\t\t\t\t<\/div>\n\t\t\t\t\t\t\t\t\t\n\t\t\t<\/div>\n\n\t\n\t\t\t\t\t\t<div class=\"e-hotspot elementor-repeater-item-cb01c4e  e-hotspot--position-left e-hotspot--position-top   e-hotspot--circle\">\n\n\t\t\t\t\t\t\t\t<div class=\"e-hotspot__button e-hotspot--expand\">\n\t\t\t\t\t\t\t\t\t\t\t<div class=\"e-hotspot__outer-circle\"><\/div>\n\t\t\t\t\t\t<div class=\"e-hotspot__inner-circle\"><\/div>\n\t\t\t\t\t\t\t\t\t<\/div>\n\n\t\t\t\t\t\t\t\t\t\t\t\t\t\t\t\t\t\t<div class=\"e-hotspot__tooltip  e-hotspot--tooltip-position e-hotspot--fade-in-out \" >\n\t\t\t\t\t\t<p>MASAMBA - Dublin<br \/><a href=\"https:\/\/www.masamba.com\/\" target=\"_blank\" rel=\"noopener\"><img loading=\"lazy\" decoding=\"async\" class=\"alignnone size-full wp-image-7541\" src=\"https:\/\/samba-resille.org\/international-platform\/wp-content\/uploads\/2023\/12\/masamba2.png\" alt=\"\" width=\"140\" height=\"172\" srcset=\"https:\/\/samba-resille.org\/international-platform\/wp-content\/uploads\/2023\/12\/masamba2.png 140w, https:\/\/samba-resille.org\/international-platform\/wp-content\/uploads\/2023\/12\/masamba2-10x12.png 10w, https:\/\/samba-resille.org\/international-platform\/wp-content\/uploads\/2023\/12\/masamba2-20x24.png 20w, https:\/\/samba-resille.org\/international-platform\/wp-content\/uploads\/2023\/12\/masamba2-29x36.png 29w, https:\/\/samba-resille.org\/international-platform\/wp-content\/uploads\/2023\/12\/masamba2-39x48.png 39w\" sizes=\"(max-width: 140px) 100vw, 140px\" \/><\/a><\/p>\t\t\t\t\t<\/div>\n\t\t\t\t\t\t\t\t\t\n\t\t\t<\/div>\n\n\t\n\t\t\t\t\t\t<div class=\"e-hotspot elementor-repeater-item-d6b8a71  e-hotspot--position-left e-hotspot--position-top   e-hotspot--circle\">\n\n\t\t\t\t\t\t\t\t<div class=\"e-hotspot__button e-hotspot--expand\">\n\t\t\t\t\t\t\t\t\t\t\t<div class=\"e-hotspot__outer-circle\"><\/div>\n\t\t\t\t\t\t<div class=\"e-hotspot__inner-circle\"><\/div>\n\t\t\t\t\t\t\t\t\t<\/div>\n\n\t\t\t\t\t\t\t\t\t\t\t\t\t\t\t\t\t\t<div class=\"e-hotspot__tooltip  e-hotspot--tooltip-position e-hotspot--fade-in-out \" >\n\t\t\t\t\t\t<p><strong>BELGIQUE<br \/><\/strong><br \/>- Metx (Bruxelles)<\/p><p><a href=\"https:\/\/www.metx.be\/fr\/\" target=\"_blank\" rel=\"noopener\"><img loading=\"lazy\" decoding=\"async\" class=\"alignnone wp-image-5552\" src=\"https:\/\/samba-resille.org\/international-platform\/wp-content\/uploads\/2022\/12\/MetX.png\" alt=\"\" width=\"212\" height=\"113\" srcset=\"https:\/\/samba-resille.org\/international-platform\/wp-content\/uploads\/2022\/12\/MetX-18x10.png 18w, https:\/\/samba-resille.org\/international-platform\/wp-content\/uploads\/2022\/12\/MetX-24x13.png 24w, https:\/\/samba-resille.org\/international-platform\/wp-content\/uploads\/2022\/12\/MetX-36x20.png 36w, https:\/\/samba-resille.org\/international-platform\/wp-content\/uploads\/2022\/12\/MetX-48x27.png 48w\" sizes=\"(max-width: 212px) 100vw, 212px\" \/><\/a><\/p><p>- CIFAS (Bruxelles)<\/p><p><a href=\"https:\/\/cifas.be\/fr\/\" target=\"_blank\" rel=\"noopener\"><img loading=\"lazy\" decoding=\"async\" class=\"alignnone size-medium wp-image-8349\" src=\"https:\/\/samba-resille.org\/international-platform\/wp-content\/uploads\/2024\/07\/cifas_logo-300x88.jpg\" alt=\"\" width=\"300\" height=\"88\" srcset=\"https:\/\/samba-resille.org\/international-platform\/wp-content\/uploads\/2024\/07\/cifas_logo-300x88.jpg 300w, https:\/\/samba-resille.org\/international-platform\/wp-content\/uploads\/2024\/07\/cifas_logo-18x5.jpg 18w, https:\/\/samba-resille.org\/international-platform\/wp-content\/uploads\/2024\/07\/cifas_logo-24x7.jpg 24w, https:\/\/samba-resille.org\/international-platform\/wp-content\/uploads\/2024\/07\/cifas_logo-36x11.jpg 36w, https:\/\/samba-resille.org\/international-platform\/wp-content\/uploads\/2024\/07\/cifas_logo-48x14.jpg 48w, https:\/\/samba-resille.org\/international-platform\/wp-content\/uploads\/2024\/07\/cifas_logo.jpg 425w\" sizes=\"(max-width: 300px) 100vw, 300px\" \/><\/a><\/p><p>- L'\u00e9tang d'art (Bruxelles)<\/p><p><a href=\"https:\/\/lydiethonnard.wixsite.com\/letangdart?fbclid=IwY2xjawEQl-RleHRuA2FlbQIxMAABHUSa2qHP_5848_nQZmp_gnOKIXi6eCeFWj97D9a2qP-d9Ni15RWGhV4a7Q_aem_X0I1SW-abUp2hcCOKWYE_g\" target=\"_blank\" rel=\"noopener\"><img loading=\"lazy\" decoding=\"async\" class=\"alignnone size-medium wp-image-8357\" src=\"https:\/\/samba-resille.org\/international-platform\/wp-content\/uploads\/2024\/07\/etang-dart-300x114.jpg\" alt=\"\" width=\"300\" height=\"114\" srcset=\"https:\/\/samba-resille.org\/international-platform\/wp-content\/uploads\/2024\/07\/etang-dart-300x114.jpg 300w, https:\/\/samba-resille.org\/international-platform\/wp-content\/uploads\/2024\/07\/etang-dart-1024x389.jpg 1024w, https:\/\/samba-resille.org\/international-platform\/wp-content\/uploads\/2024\/07\/etang-dart-768x292.jpg 768w, https:\/\/samba-resille.org\/international-platform\/wp-content\/uploads\/2024\/07\/etang-dart-18x7.jpg 18w, https:\/\/samba-resille.org\/international-platform\/wp-content\/uploads\/2024\/07\/etang-dart-24x9.jpg 24w, https:\/\/samba-resille.org\/international-platform\/wp-content\/uploads\/2024\/07\/etang-dart-36x14.jpg 36w, https:\/\/samba-resille.org\/international-platform\/wp-content\/uploads\/2024\/07\/etang-dart-48x18.jpg 48w, https:\/\/samba-resille.org\/international-platform\/wp-content\/uploads\/2024\/07\/etang-dart.jpg 1043w\" sizes=\"(max-width: 300px) 100vw, 300px\" \/><\/a><br \/><a href=\"https:\/\/upupup.be\/\" target=\"_blank\" rel=\"noopener\">- UP\u00a0 \/ Cirque Bruxelles<\/a> (Espace Catastrophe)<\/p><p><a href=\"https:\/\/sequenzacie.wixsite.com\/spectacle\" target=\"_blank\" rel=\"noopener\">- Sequenza Cie (Forest)<\/a><\/p><p>- A place in the sun (koekelberg)<\/p><p><a href=\"https:\/\/latitude50.be\/\" target=\"_blank\" rel=\"noopener\">- Latitude 50 (Marchin)<\/a><\/p><p><a href=\"https:\/\/www.provelo.org\/\" target=\"_blank\" rel=\"noopener\">- Pro Velo (Ixelles)<\/a><\/p><p>-Views International (Li\u00e8ge)<\/p><p><a href=\"https:\/\/viewsinternational.eu\/\" target=\"_blank\" rel=\"noopener\"><img loading=\"lazy\" decoding=\"async\" class=\"alignnone size-medium wp-image-8366\" src=\"https:\/\/samba-resille.org\/international-platform\/wp-content\/uploads\/2024\/07\/views-inte-300x111.png\" alt=\"\" width=\"300\" height=\"111\" srcset=\"https:\/\/samba-resille.org\/international-platform\/wp-content\/uploads\/2024\/07\/views-inte-300x111.png 300w, https:\/\/samba-resille.org\/international-platform\/wp-content\/uploads\/2024\/07\/views-inte-1024x379.png 1024w, https:\/\/samba-resille.org\/international-platform\/wp-content\/uploads\/2024\/07\/views-inte-768x284.png 768w, https:\/\/samba-resille.org\/international-platform\/wp-content\/uploads\/2024\/07\/views-inte-1536x568.png 1536w, https:\/\/samba-resille.org\/international-platform\/wp-content\/uploads\/2024\/07\/views-inte-2048x758.png 2048w, https:\/\/samba-resille.org\/international-platform\/wp-content\/uploads\/2024\/07\/views-inte-18x7.png 18w, https:\/\/samba-resille.org\/international-platform\/wp-content\/uploads\/2024\/07\/views-inte-24x9.png 24w, https:\/\/samba-resille.org\/international-platform\/wp-content\/uploads\/2024\/07\/views-inte-36x13.png 36w, https:\/\/samba-resille.org\/international-platform\/wp-content\/uploads\/2024\/07\/views-inte-48x18.png 48w\" sizes=\"(max-width: 300px) 100vw, 300px\" \/><\/a><\/p>\t\t\t\t\t<\/div>\n\t\t\t\t\t\t\t\t\t\n\t\t\t<\/div>\n\n\t\n\t\t\t\t\t\t<div class=\"e-hotspot elementor-repeater-item-9763bb1  e-hotspot--position-left e-hotspot--position-top  \">\n\n\t\t\t\t\t\t\t\t<div class=\"e-hotspot__button e-hotspot--expand\">\n\t\t\t\t\t\t\t\t\t\t\t\t\t\t\t\t\t\t\t\t\t\t\t\t<div class=\"e-hotspot__label\">Aruba<\/div>\n\t\t\t\t\t\t\t\t\t\t\t\t\t\t\t<\/div>\n\n\t\t\t\t\t\t\t\t\t\t\t\t\t\t\t\t\t\t<div class=\"e-hotspot__tooltip  e-hotspot--tooltip-position e-hotspot--fade-in-out \" >\n\t\t\t\t\t\t<p>- SMAC Aruba\u00a0 (Oranjestad, Pays-Bas)<br \/><a href=\"https:\/\/www.facebook.com\/smacaruba\/?locale=ca_ES\" target=\"_blank\" rel=\"noopener\"><img loading=\"lazy\" decoding=\"async\" class=\"alignnone wp-image-7619 size-medium\" src=\"https:\/\/samba-resille.org\/international-platform\/wp-content\/uploads\/2024\/01\/logo-aruba-carnaval-e1722954477235-300x98.png\" alt=\"\" width=\"300\" height=\"98\" srcset=\"https:\/\/samba-resille.org\/international-platform\/wp-content\/uploads\/2024\/01\/logo-aruba-carnaval-e1722954477235-300x98.png 300w, https:\/\/samba-resille.org\/international-platform\/wp-content\/uploads\/2024\/01\/logo-aruba-carnaval-e1722954477235-768x250.png 768w, https:\/\/samba-resille.org\/international-platform\/wp-content\/uploads\/2024\/01\/logo-aruba-carnaval-e1722954477235-18x6.png 18w, https:\/\/samba-resille.org\/international-platform\/wp-content\/uploads\/2024\/01\/logo-aruba-carnaval-e1722954477235-24x8.png 24w, https:\/\/samba-resille.org\/international-platform\/wp-content\/uploads\/2024\/01\/logo-aruba-carnaval-e1722954477235-36x12.png 36w, https:\/\/samba-resille.org\/international-platform\/wp-content\/uploads\/2024\/01\/logo-aruba-carnaval-e1722954477235-48x16.png 48w, https:\/\/samba-resille.org\/international-platform\/wp-content\/uploads\/2024\/01\/logo-aruba-carnaval-e1722954477235.png 960w\" sizes=\"(max-width: 300px) 100vw, 300px\" \/><\/a><\/p>\t\t\t\t\t<\/div>\n\t\t\t\t\t\t\t\t\t\n\t\t\t<\/div>\n\n\t\n\t\t\t\t\t\t<div class=\"e-hotspot elementor-repeater-item-2671413  e-hotspot--position-left e-hotspot--position-top   e-hotspot--circle\">\n\n\t\t\t\t\t\t\t\t<div class=\"e-hotspot__button e-hotspot--expand\">\n\t\t\t\t\t\t\t\t\t\t\t<div class=\"e-hotspot__outer-circle\"><\/div>\n\t\t\t\t\t\t<div class=\"e-hotspot__inner-circle\"><\/div>\n\t\t\t\t\t\t\t\t\t<\/div>\n\n\t\t\t\t\t\t\t\t\t\t\t\t\t\t\t\t\t\t<div class=\"e-hotspot__tooltip  e-hotspot--tooltip-position e-hotspot--fade-in-out \" >\n\t\t\t\t\t\t<p>Association PassAmontagne, Vogogna \/ Italie<\/p><p><a href=\"https:\/\/passamontagne.org\/fr\/une-semaine-de-chant-%C3%A0-vogogna-la-video\" target=\"_blank\" rel=\"noopener\"><img loading=\"lazy\" decoding=\"async\" class=\"alignnone wp-image-8425\" src=\"https:\/\/samba-resille.org\/international-platform\/wp-content\/uploads\/2024\/08\/passamontagne.png\" alt=\"\" width=\"139\" height=\"118\" \/><\/a><\/p>\t\t\t\t\t<\/div>\n\t\t\t\t\t\t\t\t\t\n\t\t\t<\/div>\n\n\t\n\t\t\t\t\t\t<div class=\"e-hotspot elementor-repeater-item-f25d237  e-hotspot--position-left e-hotspot--position-top   e-hotspot--circle\">\n\n\t\t\t\t\t\t\t\t<div class=\"e-hotspot__button e-hotspot--expand\">\n\t\t\t\t\t\t\t\t\t\t\t<div class=\"e-hotspot__outer-circle\"><\/div>\n\t\t\t\t\t\t<div class=\"e-hotspot__inner-circle\"><\/div>\n\t\t\t\t\t\t\t\t\t<\/div>\n\n\t\t\t\t\t\t\t\t\t\t\t\t\t\t\t\t\t\t<div class=\"e-hotspot__tooltip  e-hotspot--tooltip-position e-hotspot--fade-in-out \" >\n\t\t\t\t\t\t<p>Exit Music, Rome \/ italie<br \/><a href=\"https:\/\/mobstudios.it\/sale-prova\/\" target=\"_blank\" rel=\"noopener\"><img loading=\"lazy\" decoding=\"async\" class=\"alignnone size-full wp-image-8433\" src=\"https:\/\/samba-resille.org\/international-platform\/wp-content\/uploads\/2024\/08\/exit-music.png\" alt=\"\" width=\"150\" height=\"150\" srcset=\"https:\/\/samba-resille.org\/international-platform\/wp-content\/uploads\/2024\/08\/exit-music.png 150w, https:\/\/samba-resille.org\/international-platform\/wp-content\/uploads\/2024\/08\/exit-music-12x12.png 12w, https:\/\/samba-resille.org\/international-platform\/wp-content\/uploads\/2024\/08\/exit-music-24x24.png 24w, https:\/\/samba-resille.org\/international-platform\/wp-content\/uploads\/2024\/08\/exit-music-36x36.png 36w, https:\/\/samba-resille.org\/international-platform\/wp-content\/uploads\/2024\/08\/exit-music-48x48.png 48w\" sizes=\"(max-width: 150px) 100vw, 150px\" \/><\/a><\/p>\t\t\t\t\t<\/div>\n\t\t\t\t\t\t\t\t\t\n\t\t\t<\/div>\n\n\t\n\t\t\t\t\t\t<div class=\"e-hotspot elementor-repeater-item-63aee11  e-hotspot--position-left e-hotspot--position-top   e-hotspot--circle\">\n\n\t\t\t\t\t\t\t\t<div class=\"e-hotspot__button e-hotspot--expand\">\n\t\t\t\t\t\t\t\t\t\t\t<div class=\"e-hotspot__outer-circle\"><\/div>\n\t\t\t\t\t\t<div class=\"e-hotspot__inner-circle\"><\/div>\n\t\t\t\t\t\t\t\t\t<\/div>\n\n\t\t\t\t\t\t\t\t\t\t\t\t\t\t\t\t\t\t<div class=\"e-hotspot__tooltip  e-hotspot--tooltip-position e-hotspot--fade-in-out \" >\n\t\t\t\t\t\t<p>- Kalentura, Amsterdam<br \/><a href=\"https:\/\/www.kalentura.com\/\" target=\"_blank\" rel=\"noopener\"><img loading=\"lazy\" decoding=\"async\" class=\"alignnone size-medium wp-image-585\" src=\"https:\/\/samba-resille.org\/international-platform\/wp-content\/uploads\/2018\/10\/kalentura_logo-300x249.jpg\" alt=\"\" width=\"300\" height=\"249\" srcset=\"https:\/\/samba-resille.org\/international-platform\/wp-content\/uploads\/2018\/10\/kalentura_logo-300x249.jpg 300w, https:\/\/samba-resille.org\/international-platform\/wp-content\/uploads\/2018\/10\/kalentura_logo.jpg 621w\" sizes=\"(max-width: 300px) 100vw, 300px\" \/><\/a><br \/>- Dunya Foundation<\/p><p><a href=\"https:\/\/rotterdamunlimited.com\/engels\" target=\"_blank\" rel=\"noopener\"><img loading=\"lazy\" decoding=\"async\" class=\"alignnone size-full wp-image-1003\" src=\"https:\/\/samba-resille.org\/international-platform\/wp-content\/uploads\/2019\/06\/ru-logo.png\" alt=\"\" width=\"88\" height=\"83\" \/><\/a><\/p>\t\t\t\t\t<\/div>\n\t\t\t\t\t\t\t\t\t\n\t\t\t<\/div>\n\n\t\n\t\t\t\t\t\t<div class=\"e-hotspot elementor-repeater-item-abd6024  e-hotspot--position-left e-hotspot--position-top   e-hotspot--circle\">\n\n\t\t\t\t\t\t\t\t<div class=\"e-hotspot__button e-hotspot--expand\">\n\t\t\t\t\t\t\t\t\t\t\t<div class=\"e-hotspot__outer-circle\"><\/div>\n\t\t\t\t\t\t<div class=\"e-hotspot__inner-circle\"><\/div>\n\t\t\t\t\t\t\t\t\t<\/div>\n\n\t\t\t\t\t\t\t\t\t\t\t\t\t\t\t\t\t\t<div class=\"e-hotspot__tooltip  e-hotspot--tooltip-position e-hotspot--fade-in-out \" >\n\t\t\t\t\t\t<p>Metropolis, Copenhague<\/p><p><a href=\"https:\/\/www.metropolis.dk\/\" target=\"_blank\" rel=\"noopener\"><img loading=\"lazy\" decoding=\"async\" class=\"alignnone size-medium wp-image-8452\" src=\"https:\/\/samba-resille.org\/international-platform\/wp-content\/uploads\/2024\/08\/metropolis-300x90.png\" alt=\"\" width=\"300\" height=\"90\" srcset=\"https:\/\/samba-resille.org\/international-platform\/wp-content\/uploads\/2024\/08\/metropolis-300x90.png 300w, https:\/\/samba-resille.org\/international-platform\/wp-content\/uploads\/2024\/08\/metropolis-18x5.png 18w, https:\/\/samba-resille.org\/international-platform\/wp-content\/uploads\/2024\/08\/metropolis-24x7.png 24w, https:\/\/samba-resille.org\/international-platform\/wp-content\/uploads\/2024\/08\/metropolis-36x11.png 36w, https:\/\/samba-resille.org\/international-platform\/wp-content\/uploads\/2024\/08\/metropolis-48x14.png 48w, https:\/\/samba-resille.org\/international-platform\/wp-content\/uploads\/2024\/08\/metropolis.png 409w\" sizes=\"(max-width: 300px) 100vw, 300px\" \/><\/a><\/p>\t\t\t\t\t<\/div>\n\t\t\t\t\t\t\t\t\t\n\t\t\t<\/div>\n\n\t\n\t\t\t\t\t\t<div class=\"e-hotspot elementor-repeater-item-64bc6b9  e-hotspot--position-left e-hotspot--position-top   e-hotspot--circle\">\n\n\t\t\t\t\t\t\t\t<div class=\"e-hotspot__button e-hotspot--expand\">\n\t\t\t\t\t\t\t\t\t\t\t<div class=\"e-hotspot__outer-circle\"><\/div>\n\t\t\t\t\t\t<div class=\"e-hotspot__inner-circle\"><\/div>\n\t\t\t\t\t\t\t\t\t<\/div>\n\n\t\t\t\t\t\t\t\t\t\t\t\t\t\t\t\t\t\t<div class=\"e-hotspot__tooltip  e-hotspot--tooltip-position e-hotspot--fade-in-out \" >\n\t\t\t\t\t\t<p>Soul Fool Band, Budapest Hongrie<\/p><p><a href=\"https:\/\/soundcloud.com\/suba-attila-soulfool\" target=\"_blank\" rel=\"noopener\"><img loading=\"lazy\" decoding=\"async\" class=\"alignnone wp-image-745\" src=\"https:\/\/samba-resille.org\/international-platform\/wp-content\/uploads\/2019\/05\/Soulfool-logo-300x300.jpg\" alt=\"\" width=\"173\" height=\"171\" \/><\/a><\/p>\t\t\t\t\t<\/div>\n\t\t\t\t\t\t\t\t\t\n\t\t\t<\/div>\n\n\t\n\t\t\t\t\t\t<div class=\"e-hotspot elementor-repeater-item-684031e  e-hotspot--position-left e-hotspot--position-top   e-hotspot--circle\">\n\n\t\t\t\t\t\t\t\t<div class=\"e-hotspot__button e-hotspot--expand\">\n\t\t\t\t\t\t\t\t\t\t\t<div class=\"e-hotspot__outer-circle\"><\/div>\n\t\t\t\t\t\t<div class=\"e-hotspot__inner-circle\"><\/div>\n\t\t\t\t\t\t\t\t\t<\/div>\n\n\t\t\t\t\t\t\t\t\t\t\t\t\t\t\t\t\t\t<div class=\"e-hotspot__tooltip  e-hotspot--tooltip-position e-hotspot--fade-in-out \" >\n\t\t\t\t\t\t<p><strong>- Edinburgh Festival Carnival, Edimbourg<\/strong><br \/><a href=\"https:\/\/www.ejbf.co.uk\/carnival\" target=\"_blank\" rel=\"noopener\"><img loading=\"lazy\" decoding=\"async\" class=\"alignnone wp-image-5536\" src=\"https:\/\/samba-resille.org\/international-platform\/wp-content\/uploads\/2022\/12\/EFC-300x187.png\" alt=\"\" width=\"147\" height=\"101\" srcset=\"https:\/\/samba-resille.org\/international-platform\/wp-content\/uploads\/2022\/12\/EFC-18x12.png 18w, https:\/\/samba-resille.org\/international-platform\/wp-content\/uploads\/2022\/12\/EFC-24x15.png 24w\" sizes=\"(max-width: 147px) 100vw, 147px\" \/><\/a><\/p><p><strong>- Brouhaha International, Liverpool<\/strong><br \/><img loading=\"lazy\" decoding=\"async\" class=\"alignnone wp-image-1004\" src=\"https:\/\/samba-resille.org\/international-platform\/wp-content\/uploads\/2019\/06\/brouhaha-international_logo-300x101.jpg\" alt=\"\" width=\"165\" height=\"59\" \/><\/p><p><strong>- Samba Ya Bamba, Glasgow<\/strong><br \/><img loading=\"lazy\" decoding=\"async\" class=\"alignnone wp-image-5565\" src=\"https:\/\/samba-resille.org\/international-platform\/wp-content\/uploads\/2022\/12\/SY-300x300.jpg\" alt=\"\" width=\"157\" height=\"181\" \/><\/p>\t\t\t\t\t<\/div>\n\t\t\t\t\t\t\t\t\t\n\t\t\t<\/div>\n\n\t\n\t\t\t\t\t\t<div class=\"e-hotspot elementor-repeater-item-f70d252  e-hotspot--position-left e-hotspot--position-top   e-hotspot--circle\">\n\n\t\t\t\t\t\t\t\t<div class=\"e-hotspot__button e-hotspot--expand\">\n\t\t\t\t\t\t\t\t\t\t\t<div class=\"e-hotspot__outer-circle\"><\/div>\n\t\t\t\t\t\t<div class=\"e-hotspot__inner-circle\"><\/div>\n\t\t\t\t\t\t\t\t\t<\/div>\n\n\t\t\t\t\t\t\t\t\t\t\t\t\t\t\t\t\t\t<div class=\"e-hotspot__tooltip  e-hotspot--tooltip-position e-hotspot--fade-in-out \" >\n\t\t\t\t\t\t<p>Artos House, Kourion Chypre<br \/><a href=\"https:\/\/www.artoshouse.org\/\" target=\"_blank\" rel=\"noopener\"><img loading=\"lazy\" decoding=\"async\" class=\"alignnone size-full wp-image-8858\" src=\"https:\/\/samba-resille.org\/international-platform\/wp-content\/uploads\/2024\/10\/ARTos_House-WHITE-TRANSPARENT.webp\" alt=\"\" width=\"147\" height=\"75\" srcset=\"https:\/\/samba-resille.org\/international-platform\/wp-content\/uploads\/2024\/10\/ARTos_House-WHITE-TRANSPARENT.webp 147w, https:\/\/samba-resille.org\/international-platform\/wp-content\/uploads\/2024\/10\/ARTos_House-WHITE-TRANSPARENT-18x9.webp 18w, https:\/\/samba-resille.org\/international-platform\/wp-content\/uploads\/2024\/10\/ARTos_House-WHITE-TRANSPARENT-24x12.webp 24w, https:\/\/samba-resille.org\/international-platform\/wp-content\/uploads\/2024\/10\/ARTos_House-WHITE-TRANSPARENT-36x18.webp 36w, https:\/\/samba-resille.org\/international-platform\/wp-content\/uploads\/2024\/10\/ARTos_House-WHITE-TRANSPARENT-48x24.webp 48w\" sizes=\"(max-width: 147px) 100vw, 147px\" \/><\/a><br \/>Kourion 2030<\/p><p><a href=\"https:\/\/www.kourion2030.eu\/home\" target=\"_blank\" rel=\"noopener\"><img loading=\"lazy\" decoding=\"async\" class=\"alignnone wp-image-9154\" src=\"https:\/\/samba-resille.org\/international-platform\/wp-content\/uploads\/2025\/02\/kourion-logoblack.png\" alt=\"\" width=\"145\" height=\"43\" srcset=\"https:\/\/samba-resille.org\/international-platform\/wp-content\/uploads\/2025\/02\/kourion-logoblack-18x5.png 18w, https:\/\/samba-resille.org\/international-platform\/wp-content\/uploads\/2025\/02\/kourion-logoblack-24x7.png 24w, https:\/\/samba-resille.org\/international-platform\/wp-content\/uploads\/2025\/02\/kourion-logoblack-36x10.png 36w, https:\/\/samba-resille.org\/international-platform\/wp-content\/uploads\/2025\/02\/kourion-logoblack-48x13.png 48w\" sizes=\"(max-width: 145px) 100vw, 145px\" \/><\/a><\/p>\t\t\t\t\t<\/div>\n\t\t\t\t\t\t\t\t\t\n\t\t\t<\/div>\n\n\t\n\t\t\t\t\t\t<div class=\"e-hotspot elementor-repeater-item-b42528d  e-hotspot--position-left e-hotspot--position-top  \">\n\n\t\t\t\t\t\t\t\t<div class=\"e-hotspot__button e-hotspot--expand\">\n\t\t\t\t\t\t\t\t\t\t\t\t\t\t\t\t\t\t\t\t\t\t\t\t<div class=\"e-hotspot__label\">Rio de Janeiro<\/div>\n\t\t\t\t\t\t\t\t\t\t\t\t\t\t\t<\/div>\n\n\t\t\t\t\t\t\t\t\t\t\t\t\t\t\t\t\t\t<div class=\"e-hotspot__tooltip  e-hotspot--tooltip-position e-hotspot--fade-in-out \" >\n\t\t\t\t\t\t<p><strong>Consulat G\u00e9n\u00e9ral de France \u00e0 Rio, <\/strong>Rio de Janeiro<br \/><a href=\"https:\/\/www.instagram.com\/francanorio\/?next=%2Flatinograff%2F\" target=\"_blank\" rel=\"noopener\"><img loading=\"lazy\" decoding=\"async\" class=\"alignnone  wp-image-9719\" src=\"https:\/\/samba-resille.org\/international-platform\/wp-content\/uploads\/2026\/04\/image001-300x248.png\" alt=\"\" width=\"126\" height=\"118\" \/><\/a><\/p><p><strong>Museu do Samba<\/strong>,\u00a0Rio de Janeiro<br \/><a href=\"https:\/\/www.museudosamba.org.br\/\" target=\"_blank\" rel=\"noopener\"><img loading=\"lazy\" decoding=\"async\" class=\"alignnone size-full wp-image-9225\" src=\"https:\/\/samba-resille.org\/international-platform\/wp-content\/uploads\/2025\/02\/logo-museo-do-samba.jpg\" alt=\"\" width=\"86\" height=\"81\" srcset=\"https:\/\/samba-resille.org\/international-platform\/wp-content\/uploads\/2025\/02\/logo-museo-do-samba.jpg 86w, https:\/\/samba-resille.org\/international-platform\/wp-content\/uploads\/2025\/02\/logo-museo-do-samba-13x12.jpg 13w, https:\/\/samba-resille.org\/international-platform\/wp-content\/uploads\/2025\/02\/logo-museo-do-samba-24x24.jpg 24w, https:\/\/samba-resille.org\/international-platform\/wp-content\/uploads\/2025\/02\/logo-museo-do-samba-36x34.jpg 36w, https:\/\/samba-resille.org\/international-platform\/wp-content\/uploads\/2025\/02\/logo-museo-do-samba-48x45.jpg 48w\" sizes=\"(max-width: 86px) 100vw, 86px\" \/><\/a><\/p><p>Biblio Maison, Rio de Janeiro<\/p><p><a href=\"https:\/\/bibliomaison.net.br\/\" target=\"_blank\" rel=\"noopener\"><img loading=\"lazy\" decoding=\"async\" class=\"alignnone  wp-image-9718\" src=\"https:\/\/samba-resille.org\/international-platform\/wp-content\/uploads\/2026\/04\/BiblioMaison-sem-fundo.png\" alt=\"\" width=\"116\" height=\"81\" srcset=\"https:\/\/samba-resille.org\/international-platform\/wp-content\/uploads\/2026\/04\/BiblioMaison-sem-fundo-16x12.png 16w, https:\/\/samba-resille.org\/international-platform\/wp-content\/uploads\/2026\/04\/BiblioMaison-sem-fundo-24x18.png 24w\" sizes=\"(max-width: 116px) 100vw, 116px\" \/> <\/a><\/p><p>\u00a0<\/p><p>\u00a0<\/p>\t\t\t\t\t<\/div>\n\t\t\t\t\t\t\t\t\t\n\t\t\t<\/div>\n\n\t\n\t\t\t\t\t\t<div class=\"e-hotspot elementor-repeater-item-821971b  e-hotspot--position-left e-hotspot--position-top   e-hotspot--circle\">\n\n\t\t\t\t\t\t\t\t<div class=\"e-hotspot__button e-hotspot--expand\">\n\t\t\t\t\t\t\t\t\t\t\t<div class=\"e-hotspot__outer-circle\"><\/div>\n\t\t\t\t\t\t<div class=\"e-hotspot__inner-circle\"><\/div>\n\t\t\t\t\t\t\t\t\t<\/div>\n\n\t\t\t\t\t\t\t\t\t\t\t\t\t\t\t\t\t\t<div class=\"e-hotspot__tooltip  e-hotspot--tooltip-position e-hotspot--fade-in-out \" >\n\t\t\t\t\t\t<p><strong>Communitism<\/strong>, Ath\u00e8nes<\/p><p><a href=\"https:\/\/communitism.space\/\" target=\"_blank\" rel=\"noopener\"><img loading=\"lazy\" decoding=\"async\" class=\"alignnone wp-image-9724\" src=\"https:\/\/samba-resille.org\/international-platform\/wp-content\/uploads\/2026\/04\/communitism.png\" alt=\"\" width=\"120\" height=\"130\" \/><\/a><\/p>\t\t\t\t\t<\/div>\n\t\t\t\t\t\t\t\t\t\n\t\t\t<\/div>\n\n\t\n\t\t\t\t\t\t<\/div>\n\t\t\t\t<\/div>\n\t\t\t\t\t<\/div>\n\t\t<\/div>\n\t\t\t\t\t<\/div>\n\t\t<\/section>\n\t\t\t\t<section class=\"elementor-section elementor-top-section elementor-element elementor-element-89ba1db elementor-section-boxed elementor-section-height-default elementor-section-height-default wpr-particle-no wpr-jarallax-no wpr-parallax-no wpr-sticky-section-no wpr-equal-height-no\" data-id=\"89ba1db\" data-element_type=\"section\" data-e-type=\"section\">\n\t\t\t\t\t\t<div class=\"elementor-container elementor-column-gap-default\">\n\t\t\t\t\t<div class=\"elementor-column elementor-col-100 elementor-top-column elementor-element elementor-element-12db983\" data-id=\"12db983\" data-element_type=\"column\" data-e-type=\"column\">\n\t\t\t<div class=\"elementor-widget-wrap elementor-element-populated\">\n\t\t\t\t\t\t<div class=\"elementor-element elementor-element-494dbf7 elementor-widget elementor-widget-heading\" data-id=\"494dbf7\" data-element_type=\"widget\" data-e-type=\"widget\" data-widget_type=\"heading.default\">\n\t\t\t\t<div class=\"elementor-widget-container\">\n\t\t\t\t\t<h3 class=\"elementor-heading-title elementor-size-xl\">Derni\u00e8res actus<\/h3>\t\t\t\t<\/div>\n\t\t\t\t<\/div>\n\t\t\t\t<div class=\"elementor-element elementor-element-646b610 elementor-grid-4 elementor-grid-tablet-2 elementor-grid-mobile-1 elementor-posts--thumbnail-top elementor-widget elementor-widget-posts\" data-id=\"646b610\" data-element_type=\"widget\" data-e-type=\"widget\" data-settings=\"{&quot;classic_columns&quot;:&quot;4&quot;,&quot;classic_columns_tablet&quot;:&quot;2&quot;,&quot;classic_columns_mobile&quot;:&quot;1&quot;,&quot;classic_row_gap&quot;:{&quot;unit&quot;:&quot;px&quot;,&quot;size&quot;:35,&quot;sizes&quot;:[]},&quot;classic_row_gap_tablet&quot;:{&quot;unit&quot;:&quot;px&quot;,&quot;size&quot;:&quot;&quot;,&quot;sizes&quot;:[]},&quot;classic_row_gap_mobile&quot;:{&quot;unit&quot;:&quot;px&quot;,&quot;size&quot;:&quot;&quot;,&quot;sizes&quot;:[]}}\" data-widget_type=\"posts.classic\">\n\t\t\t\t<div class=\"elementor-widget-container\">\n\t\t\t\t\t\t\t<div class=\"elementor-posts-container elementor-posts elementor-posts--skin-classic elementor-grid\" role=\"list\">\n\t\t\t\t<article class=\"elementor-post elementor-grid-item post-9671 post type-post status-publish format-standard has-post-thumbnail hentry category-uncategorized\" role=\"listitem\">\n\t\t\t\t<a class=\"elementor-post__thumbnail__link\" href=\"https:\/\/samba-resille.org\/international-platform\/2026\/04\/17\/en-avril-le-consortium-en-mobilites\/\" tabindex=\"-1\" >\n\t\t\t<div class=\"elementor-post__thumbnail\"><img loading=\"lazy\" decoding=\"async\" width=\"300\" height=\"200\" src=\"https:\/\/samba-resille.org\/international-platform\/wp-content\/uploads\/2025\/03\/istockphoto-478897762-612x612-1-300x200.jpg\" class=\"attachment-medium size-medium wp-image-9272\" alt=\"\" srcset=\"https:\/\/samba-resille.org\/international-platform\/wp-content\/uploads\/2025\/03\/istockphoto-478897762-612x612-1-300x200.jpg 300w, https:\/\/samba-resille.org\/international-platform\/wp-content\/uploads\/2025\/03\/istockphoto-478897762-612x612-1-18x12.jpg 18w, https:\/\/samba-resille.org\/international-platform\/wp-content\/uploads\/2025\/03\/istockphoto-478897762-612x612-1-24x16.jpg 24w, https:\/\/samba-resille.org\/international-platform\/wp-content\/uploads\/2025\/03\/istockphoto-478897762-612x612-1-36x24.jpg 36w, https:\/\/samba-resille.org\/international-platform\/wp-content\/uploads\/2025\/03\/istockphoto-478897762-612x612-1-48x32.jpg 48w, https:\/\/samba-resille.org\/international-platform\/wp-content\/uploads\/2025\/03\/istockphoto-478897762-612x612-1.jpg 612w\" sizes=\"(max-width: 300px) 100vw, 300px\" \/><\/div>\n\t\t<\/a>\n\t\t\t\t<div class=\"elementor-post__text\">\n\t\t\t\t<h3 class=\"elementor-post__title\">\n\t\t\t<a href=\"https:\/\/samba-resille.org\/international-platform\/2026\/04\/17\/en-avril-le-consortium-en-mobilites\/\" >\n\t\t\t\tEn avril, le consortium en mobilit\u00e9s !\t\t\t<\/a>\n\t\t<\/h3>\n\t\t\t\t<div class=\"elementor-post__excerpt\">\n\t\t\t<p>Les mobilit\u00e9s europ\u00e9ennes Erasmus+ d\u2019avril 2026<br \/>\nSamba R\u00e9sille d\u00e9ploie une s\u00e9rie de quatre mobilit\u00e9s europ\u00e9ennes riches en apprentissages, rencontres et exp\u00e9rimentations artistiques.<br \/>\nRendez-vus \u00e0 Madrid, Lisbonne, Estoril et Br\u00eame !<\/p>\n\t\t<\/div>\n\t\t\n\t\t<a class=\"elementor-post__read-more\" href=\"https:\/\/samba-resille.org\/international-platform\/2026\/04\/17\/en-avril-le-consortium-en-mobilites\/\" aria-label=\"En savoir plus sur En avril, le consortium en mobilit\u00e9s !\" tabindex=\"-1\" >\n\t\t\tLire la suite \u00bb\t\t<\/a>\n\n\t\t\t\t<\/div>\n\t\t\t\t<\/article>\n\t\t\t\t<article class=\"elementor-post elementor-grid-item post-9552 post type-post status-publish format-standard has-post-thumbnail hentry category-80 category-adultes category-finlande category-projet-europeen\" role=\"listitem\">\n\t\t\t\t<a class=\"elementor-post__thumbnail__link\" href=\"https:\/\/samba-resille.org\/international-platform\/2025\/10\/22\/une-delegation-occitane-au-womex-worldwide-music-expo-2025-du-21-au-27-octobre\/\" tabindex=\"-1\" >\n\t\t\t<div class=\"elementor-post__thumbnail\"><img loading=\"lazy\" decoding=\"async\" width=\"225\" height=\"300\" src=\"https:\/\/samba-resille.org\/international-platform\/wp-content\/uploads\/2025\/10\/womex25-225x300.jpg\" class=\"attachment-medium size-medium wp-image-9553\" alt=\"\" srcset=\"https:\/\/samba-resille.org\/international-platform\/wp-content\/uploads\/2025\/10\/womex25-225x300.jpg 225w, https:\/\/samba-resille.org\/international-platform\/wp-content\/uploads\/2025\/10\/womex25-768x1024.jpg 768w, https:\/\/samba-resille.org\/international-platform\/wp-content\/uploads\/2025\/10\/womex25-9x12.jpg 9w, https:\/\/samba-resille.org\/international-platform\/wp-content\/uploads\/2025\/10\/womex25-18x24.jpg 18w, https:\/\/samba-resille.org\/international-platform\/wp-content\/uploads\/2025\/10\/womex25-27x36.jpg 27w, https:\/\/samba-resille.org\/international-platform\/wp-content\/uploads\/2025\/10\/womex25-36x48.jpg 36w, https:\/\/samba-resille.org\/international-platform\/wp-content\/uploads\/2025\/10\/womex25.jpg 1152w\" sizes=\"(max-width: 225px) 100vw, 225px\" \/><\/div>\n\t\t<\/a>\n\t\t\t\t<div class=\"elementor-post__text\">\n\t\t\t\t<h3 class=\"elementor-post__title\">\n\t\t\t<a href=\"https:\/\/samba-resille.org\/international-platform\/2025\/10\/22\/une-delegation-occitane-au-womex-worldwide-music-expo-2025-du-21-au-27-octobre\/\" >\n\t\t\t\tUne d\u00e9l\u00e9gation occitane au WOMEX &#8211; Worldwide | Music | Expo 2025 ! Du 21 au 27 octobre\t\t\t<\/a>\n\t\t<\/h3>\n\t\t\t\t<div class=\"elementor-post__excerpt\">\n\t\t\t<p>Une quinzaine de professionnel\u00b7les des musiques actuelles d\u2019Occitanie s\u2019envolent vers Tampere (Finlande) pour repr\u00e9senter la sc\u00e8ne locale au WOMEX&#8230;<\/p>\n\t\t<\/div>\n\t\t\n\t\t<a class=\"elementor-post__read-more\" href=\"https:\/\/samba-resille.org\/international-platform\/2025\/10\/22\/une-delegation-occitane-au-womex-worldwide-music-expo-2025-du-21-au-27-octobre\/\" aria-label=\"En savoir plus sur Une d\u00e9l\u00e9gation occitane au WOMEX &#8211; Worldwide | Music | Expo 2025 ! Du 21 au 27 octobre\" tabindex=\"-1\" >\n\t\t\tLire la suite \u00bb\t\t<\/a>\n\n\t\t\t\t<\/div>\n\t\t\t\t<\/article>\n\t\t\t\t<article class=\"elementor-post elementor-grid-item post-9538 post type-post status-publish format-standard has-post-thumbnail hentry category-80 category-adultes category-projet-europeen category-stage-dobservation\" role=\"listitem\">\n\t\t\t\t<a class=\"elementor-post__thumbnail__link\" href=\"https:\/\/samba-resille.org\/international-platform\/2025\/09\/25\/mobilite-mobilite-espagne-du-18-au-26-octobre\/\" tabindex=\"-1\" >\n\t\t\t<div class=\"elementor-post__thumbnail\"><img loading=\"lazy\" decoding=\"async\" width=\"300\" height=\"225\" src=\"https:\/\/samba-resille.org\/international-platform\/wp-content\/uploads\/2025\/09\/IMG_5001-300x225.jpg\" class=\"attachment-medium size-medium wp-image-9539\" alt=\"\" srcset=\"https:\/\/samba-resille.org\/international-platform\/wp-content\/uploads\/2025\/09\/IMG_5001-300x225.jpg 300w, https:\/\/samba-resille.org\/international-platform\/wp-content\/uploads\/2025\/09\/IMG_5001-1024x768.jpg 1024w, https:\/\/samba-resille.org\/international-platform\/wp-content\/uploads\/2025\/09\/IMG_5001-768x576.jpg 768w, https:\/\/samba-resille.org\/international-platform\/wp-content\/uploads\/2025\/09\/IMG_5001-1536x1152.jpg 1536w, https:\/\/samba-resille.org\/international-platform\/wp-content\/uploads\/2025\/09\/IMG_5001-2048x1536.jpg 2048w, https:\/\/samba-resille.org\/international-platform\/wp-content\/uploads\/2025\/09\/IMG_5001-16x12.jpg 16w, https:\/\/samba-resille.org\/international-platform\/wp-content\/uploads\/2025\/09\/IMG_5001-24x18.jpg 24w, https:\/\/samba-resille.org\/international-platform\/wp-content\/uploads\/2025\/09\/IMG_5001-36x27.jpg 36w, https:\/\/samba-resille.org\/international-platform\/wp-content\/uploads\/2025\/09\/IMG_5001-48x36.jpg 48w\" sizes=\"(max-width: 300px) 100vw, 300px\" \/><\/div>\n\t\t<\/a>\n\t\t\t\t<div class=\"elementor-post__text\">\n\t\t\t\t<h3 class=\"elementor-post__title\">\n\t\t\t<a href=\"https:\/\/samba-resille.org\/international-platform\/2025\/09\/25\/mobilite-mobilite-espagne-du-18-au-26-octobre\/\" >\n\t\t\t\tMobilit\u00e9 Espagne du 18 au 26 octobre\t\t\t<\/a>\n\t\t<\/h3>\n\t\t\t\t<div class=\"elementor-post__excerpt\">\n\t\t\t<p>\u200dLes participants prendront part \u00e0 un stage d&rsquo;observation de 5 jours (avec 4 jours de transport) en fran\u00e7ais, anglais, espagnol et catalan, d\u00e9livr\u00e9 par Ad\u00e8le Monera et 5 autres professeurs de l\u2019\u00e9cole ADELE Academia de dansa de Tarragone.<\/p>\n\t\t<\/div>\n\t\t\n\t\t<a class=\"elementor-post__read-more\" href=\"https:\/\/samba-resille.org\/international-platform\/2025\/09\/25\/mobilite-mobilite-espagne-du-18-au-26-octobre\/\" aria-label=\"En savoir plus sur Mobilit\u00e9 Espagne du 18 au 26 octobre\" tabindex=\"-1\" >\n\t\t\tLire la suite \u00bb\t\t<\/a>\n\n\t\t\t\t<\/div>\n\t\t\t\t<\/article>\n\t\t\t\t<article class=\"elementor-post elementor-grid-item post-9525 post type-post status-publish format-standard has-post-thumbnail hentry category-80 category-adultes category-projet-europeen category-stage-dobservation\" role=\"listitem\">\n\t\t\t\t<a class=\"elementor-post__thumbnail__link\" href=\"https:\/\/samba-resille.org\/international-platform\/2025\/09\/25\/mobilite-italie-carnaval-de-sona-du-9-au-13-octobre\/\" tabindex=\"-1\" >\n\t\t\t<div class=\"elementor-post__thumbnail\"><img loading=\"lazy\" decoding=\"async\" width=\"300\" height=\"200\" src=\"https:\/\/samba-resille.org\/international-platform\/wp-content\/uploads\/2025\/09\/pexels-jeshoots-7522-300x200.jpg\" class=\"attachment-medium size-medium wp-image-9521\" alt=\"\" srcset=\"https:\/\/samba-resille.org\/international-platform\/wp-content\/uploads\/2025\/09\/pexels-jeshoots-7522-300x200.jpg 300w, https:\/\/samba-resille.org\/international-platform\/wp-content\/uploads\/2025\/09\/pexels-jeshoots-7522-1024x683.jpg 1024w, https:\/\/samba-resille.org\/international-platform\/wp-content\/uploads\/2025\/09\/pexels-jeshoots-7522-768x512.jpg 768w, https:\/\/samba-resille.org\/international-platform\/wp-content\/uploads\/2025\/09\/pexels-jeshoots-7522-1536x1024.jpg 1536w, https:\/\/samba-resille.org\/international-platform\/wp-content\/uploads\/2025\/09\/pexels-jeshoots-7522-2048x1365.jpg 2048w, https:\/\/samba-resille.org\/international-platform\/wp-content\/uploads\/2025\/09\/pexels-jeshoots-7522-18x12.jpg 18w, https:\/\/samba-resille.org\/international-platform\/wp-content\/uploads\/2025\/09\/pexels-jeshoots-7522-24x16.jpg 24w, https:\/\/samba-resille.org\/international-platform\/wp-content\/uploads\/2025\/09\/pexels-jeshoots-7522-36x24.jpg 36w, https:\/\/samba-resille.org\/international-platform\/wp-content\/uploads\/2025\/09\/pexels-jeshoots-7522-48x32.jpg 48w\" sizes=\"(max-width: 300px) 100vw, 300px\" \/><\/div>\n\t\t<\/a>\n\t\t\t\t<div class=\"elementor-post__text\">\n\t\t\t\t<h3 class=\"elementor-post__title\">\n\t\t\t<a href=\"https:\/\/samba-resille.org\/international-platform\/2025\/09\/25\/mobilite-italie-carnaval-de-sona-du-9-au-13-octobre\/\" >\n\t\t\t\tMobilit\u00e9 Italie, Carnaval de Sona du 9 au 13 octobre\t\t\t<\/a>\n\t\t<\/h3>\n\t\t\t\t<div class=\"elementor-post__excerpt\">\n\t\t\t<p>\u200dLes \u00e9quipes du carnaval de Sona, Italie, ont souhait\u00e9 inviter des membres de l\u2019encadrement du carnaval de Toulouse lors de leur carnaval, afin de renforcer les liens entre les porteurs de projets de carnavals europ\u00e9ens. <\/p>\n\t\t<\/div>\n\t\t\n\t\t<a class=\"elementor-post__read-more\" href=\"https:\/\/samba-resille.org\/international-platform\/2025\/09\/25\/mobilite-italie-carnaval-de-sona-du-9-au-13-octobre\/\" aria-label=\"En savoir plus sur Mobilit\u00e9 Italie, Carnaval de Sona du 9 au 13 octobre\" tabindex=\"-1\" >\n\t\t\tLire la suite \u00bb\t\t<\/a>\n\n\t\t\t\t<\/div>\n\t\t\t\t<\/article>\n\t\t\t\t<\/div>\n\t\t\n\t\t\t\t\t\t<\/div>\n\t\t\t\t<\/div>\n\t\t\t\t\t<\/div>\n\t\t<\/div>\n\t\t\t\t\t<\/div>\n\t\t<\/section>\n\t\t\t\t<section class=\"elementor-section elementor-top-section elementor-element elementor-element-b6e7db9 elementor-hidden-mobile elementor-section-boxed elementor-section-height-default elementor-section-height-default wpr-particle-no wpr-jarallax-no wpr-parallax-no wpr-sticky-section-no wpr-equal-height-no\" data-id=\"b6e7db9\" data-element_type=\"section\" data-e-type=\"section\">\n\t\t\t\t\t\t<div class=\"elementor-container elementor-column-gap-default\">\n\t\t\t\t\t<div class=\"elementor-column elementor-col-100 elementor-top-column elementor-element elementor-element-0dba5f6\" data-id=\"0dba5f6\" data-element_type=\"column\" data-e-type=\"column\">\n\t\t\t<div class=\"elementor-widget-wrap elementor-element-populated\">\n\t\t\t\t\t\t<div class=\"elementor-element elementor-element-b18c786 elementor-hidden-mobile elementor-grid-3 elementor-grid-tablet-2 elementor-grid-mobile-1 elementor-widget elementor-widget-portfolio\" data-id=\"b18c786\" data-element_type=\"widget\" data-e-type=\"widget\" data-settings=\"{&quot;row_gap&quot;:{&quot;unit&quot;:&quot;px&quot;,&quot;size&quot;:5,&quot;sizes&quot;:[]},&quot;columns&quot;:&quot;3&quot;,&quot;columns_tablet&quot;:&quot;2&quot;,&quot;columns_mobile&quot;:&quot;1&quot;,&quot;item_ratio&quot;:{&quot;unit&quot;:&quot;px&quot;,&quot;size&quot;:0.66,&quot;sizes&quot;:[]},&quot;item_gap&quot;:{&quot;unit&quot;:&quot;px&quot;,&quot;size&quot;:&quot;&quot;,&quot;sizes&quot;:[]}}\" data-widget_type=\"portfolio.default\">\n\t\t\t\t<div class=\"elementor-widget-container\">\n\t\t\t\t\t\t\t<div class=\"elementor-portfolio elementor-grid elementor-posts-container\" role=\"list\">\n\t\t\t\t<article class=\"elementor-portfolio-item elementor-post  post-9671 post type-post status-publish format-standard has-post-thumbnail hentry category-uncategorized\" role=\"listitem\">\n\t\t\t<a class=\"elementor-post__thumbnail__link\" href=\"https:\/\/samba-resille.org\/international-platform\/2026\/04\/17\/en-avril-le-consortium-en-mobilites\/\">\n\t\t\t\t<div class=\"elementor-portfolio-item__img elementor-post__thumbnail\">\n\t\t\t<img loading=\"lazy\" decoding=\"async\" width=\"300\" height=\"200\" src=\"https:\/\/samba-resille.org\/international-platform\/wp-content\/uploads\/2025\/03\/istockphoto-478897762-612x612-1-300x200.jpg\" class=\"attachment-medium size-medium wp-image-9272\" alt=\"\" srcset=\"https:\/\/samba-resille.org\/international-platform\/wp-content\/uploads\/2025\/03\/istockphoto-478897762-612x612-1-300x200.jpg 300w, https:\/\/samba-resille.org\/international-platform\/wp-content\/uploads\/2025\/03\/istockphoto-478897762-612x612-1-18x12.jpg 18w, https:\/\/samba-resille.org\/international-platform\/wp-content\/uploads\/2025\/03\/istockphoto-478897762-612x612-1-24x16.jpg 24w, https:\/\/samba-resille.org\/international-platform\/wp-content\/uploads\/2025\/03\/istockphoto-478897762-612x612-1-36x24.jpg 36w, https:\/\/samba-resille.org\/international-platform\/wp-content\/uploads\/2025\/03\/istockphoto-478897762-612x612-1-48x32.jpg 48w, https:\/\/samba-resille.org\/international-platform\/wp-content\/uploads\/2025\/03\/istockphoto-478897762-612x612-1.jpg 612w\" sizes=\"(max-width: 300px) 100vw, 300px\" \/>\t\t<\/div>\n\t\t\t\t<div class=\"elementor-portfolio-item__overlay\">\n\t\t\t\t<h3 class=\"elementor-portfolio-item__title\">\n\t\tEn avril, le consortium en mobilit\u00e9s !\t\t<\/h3>\n\t\t\t\t<\/div>\n\t\t\t\t<\/a>\n\t\t<\/article>\n\t\t\t\t<article class=\"elementor-portfolio-item elementor-post  post-9552 post type-post status-publish format-standard has-post-thumbnail hentry category-80 category-adultes category-finlande category-projet-europeen\" role=\"listitem\">\n\t\t\t<a class=\"elementor-post__thumbnail__link\" href=\"https:\/\/samba-resille.org\/international-platform\/2025\/10\/22\/une-delegation-occitane-au-womex-worldwide-music-expo-2025-du-21-au-27-octobre\/\">\n\t\t\t\t<div class=\"elementor-portfolio-item__img elementor-post__thumbnail\">\n\t\t\t<img loading=\"lazy\" decoding=\"async\" width=\"225\" height=\"300\" src=\"https:\/\/samba-resille.org\/international-platform\/wp-content\/uploads\/2025\/10\/womex25-225x300.jpg\" class=\"attachment-medium size-medium wp-image-9553\" alt=\"\" srcset=\"https:\/\/samba-resille.org\/international-platform\/wp-content\/uploads\/2025\/10\/womex25-225x300.jpg 225w, https:\/\/samba-resille.org\/international-platform\/wp-content\/uploads\/2025\/10\/womex25-768x1024.jpg 768w, https:\/\/samba-resille.org\/international-platform\/wp-content\/uploads\/2025\/10\/womex25-9x12.jpg 9w, https:\/\/samba-resille.org\/international-platform\/wp-content\/uploads\/2025\/10\/womex25-18x24.jpg 18w, https:\/\/samba-resille.org\/international-platform\/wp-content\/uploads\/2025\/10\/womex25-27x36.jpg 27w, https:\/\/samba-resille.org\/international-platform\/wp-content\/uploads\/2025\/10\/womex25-36x48.jpg 36w, https:\/\/samba-resille.org\/international-platform\/wp-content\/uploads\/2025\/10\/womex25.jpg 1152w\" sizes=\"(max-width: 225px) 100vw, 225px\" \/>\t\t<\/div>\n\t\t\t\t<div class=\"elementor-portfolio-item__overlay\">\n\t\t\t\t<h3 class=\"elementor-portfolio-item__title\">\n\t\tUne d\u00e9l\u00e9gation occitane au WOMEX &#8211; Worldwide | Music | Expo 2025 ! Du 21 au 27 octobre\t\t<\/h3>\n\t\t\t\t<\/div>\n\t\t\t\t<\/a>\n\t\t<\/article>\n\t\t\t\t<article class=\"elementor-portfolio-item elementor-post  post-9538 post type-post status-publish format-standard has-post-thumbnail hentry category-80 category-adultes category-projet-europeen category-stage-dobservation\" role=\"listitem\">\n\t\t\t<a class=\"elementor-post__thumbnail__link\" href=\"https:\/\/samba-resille.org\/international-platform\/2025\/09\/25\/mobilite-mobilite-espagne-du-18-au-26-octobre\/\">\n\t\t\t\t<div class=\"elementor-portfolio-item__img elementor-post__thumbnail\">\n\t\t\t<img loading=\"lazy\" decoding=\"async\" width=\"300\" height=\"225\" src=\"https:\/\/samba-resille.org\/international-platform\/wp-content\/uploads\/2025\/09\/IMG_5001-300x225.jpg\" class=\"attachment-medium size-medium wp-image-9539\" alt=\"\" srcset=\"https:\/\/samba-resille.org\/international-platform\/wp-content\/uploads\/2025\/09\/IMG_5001-300x225.jpg 300w, https:\/\/samba-resille.org\/international-platform\/wp-content\/uploads\/2025\/09\/IMG_5001-1024x768.jpg 1024w, https:\/\/samba-resille.org\/international-platform\/wp-content\/uploads\/2025\/09\/IMG_5001-768x576.jpg 768w, https:\/\/samba-resille.org\/international-platform\/wp-content\/uploads\/2025\/09\/IMG_5001-1536x1152.jpg 1536w, https:\/\/samba-resille.org\/international-platform\/wp-content\/uploads\/2025\/09\/IMG_5001-2048x1536.jpg 2048w, https:\/\/samba-resille.org\/international-platform\/wp-content\/uploads\/2025\/09\/IMG_5001-16x12.jpg 16w, https:\/\/samba-resille.org\/international-platform\/wp-content\/uploads\/2025\/09\/IMG_5001-24x18.jpg 24w, https:\/\/samba-resille.org\/international-platform\/wp-content\/uploads\/2025\/09\/IMG_5001-36x27.jpg 36w, https:\/\/samba-resille.org\/international-platform\/wp-content\/uploads\/2025\/09\/IMG_5001-48x36.jpg 48w\" sizes=\"(max-width: 300px) 100vw, 300px\" \/>\t\t<\/div>\n\t\t\t\t<div class=\"elementor-portfolio-item__overlay\">\n\t\t\t\t<h3 class=\"elementor-portfolio-item__title\">\n\t\tMobilit\u00e9 Espagne du 18 au 26 octobre\t\t<\/h3>\n\t\t\t\t<\/div>\n\t\t\t\t<\/a>\n\t\t<\/article>\n\t\t\t\t<article class=\"elementor-portfolio-item elementor-post  post-9525 post type-post status-publish format-standard has-post-thumbnail hentry category-80 category-adultes category-projet-europeen category-stage-dobservation\" role=\"listitem\">\n\t\t\t<a class=\"elementor-post__thumbnail__link\" href=\"https:\/\/samba-resille.org\/international-platform\/2025\/09\/25\/mobilite-italie-carnaval-de-sona-du-9-au-13-octobre\/\">\n\t\t\t\t<div class=\"elementor-portfolio-item__img elementor-post__thumbnail\">\n\t\t\t<img loading=\"lazy\" decoding=\"async\" width=\"300\" height=\"200\" src=\"https:\/\/samba-resille.org\/international-platform\/wp-content\/uploads\/2025\/09\/pexels-jeshoots-7522-300x200.jpg\" class=\"attachment-medium size-medium wp-image-9521\" alt=\"\" srcset=\"https:\/\/samba-resille.org\/international-platform\/wp-content\/uploads\/2025\/09\/pexels-jeshoots-7522-300x200.jpg 300w, https:\/\/samba-resille.org\/international-platform\/wp-content\/uploads\/2025\/09\/pexels-jeshoots-7522-1024x683.jpg 1024w, https:\/\/samba-resille.org\/international-platform\/wp-content\/uploads\/2025\/09\/pexels-jeshoots-7522-768x512.jpg 768w, https:\/\/samba-resille.org\/international-platform\/wp-content\/uploads\/2025\/09\/pexels-jeshoots-7522-1536x1024.jpg 1536w, https:\/\/samba-resille.org\/international-platform\/wp-content\/uploads\/2025\/09\/pexels-jeshoots-7522-2048x1365.jpg 2048w, https:\/\/samba-resille.org\/international-platform\/wp-content\/uploads\/2025\/09\/pexels-jeshoots-7522-18x12.jpg 18w, https:\/\/samba-resille.org\/international-platform\/wp-content\/uploads\/2025\/09\/pexels-jeshoots-7522-24x16.jpg 24w, https:\/\/samba-resille.org\/international-platform\/wp-content\/uploads\/2025\/09\/pexels-jeshoots-7522-36x24.jpg 36w, https:\/\/samba-resille.org\/international-platform\/wp-content\/uploads\/2025\/09\/pexels-jeshoots-7522-48x32.jpg 48w\" sizes=\"(max-width: 300px) 100vw, 300px\" \/>\t\t<\/div>\n\t\t\t\t<div class=\"elementor-portfolio-item__overlay\">\n\t\t\t\t<h3 class=\"elementor-portfolio-item__title\">\n\t\tMobilit\u00e9 Italie, Carnaval de Sona du 9 au 13 octobre\t\t<\/h3>\n\t\t\t\t<\/div>\n\t\t\t\t<\/a>\n\t\t<\/article>\n\t\t\t\t<article class=\"elementor-portfolio-item elementor-post  post-9496 post type-post status-publish format-standard has-post-thumbnail hentry category-80 category-adultes category-projet-europeen category-stage-dobservation\" role=\"listitem\">\n\t\t\t<a class=\"elementor-post__thumbnail__link\" href=\"https:\/\/samba-resille.org\/international-platform\/2025\/09\/22\/mobilite-portugal-nice-groove-du-8-au-14-octobre\/\">\n\t\t\t\t<div class=\"elementor-portfolio-item__img elementor-post__thumbnail\">\n\t\t\t<img loading=\"lazy\" decoding=\"async\" width=\"225\" height=\"300\" src=\"https:\/\/samba-resille.org\/international-platform\/wp-content\/uploads\/2025\/09\/IMG_0603-225x300.jpg\" class=\"attachment-medium size-medium wp-image-9497\" alt=\"\" srcset=\"https:\/\/samba-resille.org\/international-platform\/wp-content\/uploads\/2025\/09\/IMG_0603-225x300.jpg 225w, https:\/\/samba-resille.org\/international-platform\/wp-content\/uploads\/2025\/09\/IMG_0603-768x1024.jpg 768w, https:\/\/samba-resille.org\/international-platform\/wp-content\/uploads\/2025\/09\/IMG_0603-1152x1536.jpg 1152w, https:\/\/samba-resille.org\/international-platform\/wp-content\/uploads\/2025\/09\/IMG_0603-1536x2048.jpg 1536w, https:\/\/samba-resille.org\/international-platform\/wp-content\/uploads\/2025\/09\/IMG_0603-9x12.jpg 9w, https:\/\/samba-resille.org\/international-platform\/wp-content\/uploads\/2025\/09\/IMG_0603-18x24.jpg 18w, https:\/\/samba-resille.org\/international-platform\/wp-content\/uploads\/2025\/09\/IMG_0603-27x36.jpg 27w, https:\/\/samba-resille.org\/international-platform\/wp-content\/uploads\/2025\/09\/IMG_0603-36x48.jpg 36w, https:\/\/samba-resille.org\/international-platform\/wp-content\/uploads\/2025\/09\/IMG_0603-scaled.jpg 1920w\" sizes=\"(max-width: 225px) 100vw, 225px\" \/>\t\t<\/div>\n\t\t\t\t<div class=\"elementor-portfolio-item__overlay\">\n\t\t\t\t<h3 class=\"elementor-portfolio-item__title\">\n\t\tMobilit\u00e9 Portugal &#8211; Nice Groove du 8 au 14 octobre\t\t<\/h3>\n\t\t\t\t<\/div>\n\t\t\t\t<\/a>\n\t\t<\/article>\n\t\t\t\t<article class=\"elementor-portfolio-item elementor-post  post-9478 post type-post status-publish format-standard has-post-thumbnail hentry category-65 category-62 category-61 category-48 category-80 category-adultes category-projet-europeen category-zoom\" role=\"listitem\">\n\t\t\t<a class=\"elementor-post__thumbnail__link\" href=\"https:\/\/samba-resille.org\/international-platform\/2025\/09\/18\/label-dexcellence-pour-le-consortium-samba-resille\/\">\n\t\t\t\t<div class=\"elementor-portfolio-item__img elementor-post__thumbnail\">\n\t\t\t<img loading=\"lazy\" decoding=\"async\" width=\"300\" height=\"100\" src=\"https:\/\/samba-resille.org\/international-platform\/wp-content\/uploads\/2025\/09\/logo_bleu_label_excellence_1747753335_1757944800-300x100.jpg\" class=\"attachment-medium size-medium wp-image-9487\" alt=\"\" srcset=\"https:\/\/samba-resille.org\/international-platform\/wp-content\/uploads\/2025\/09\/logo_bleu_label_excellence_1747753335_1757944800-300x100.jpg 300w, https:\/\/samba-resille.org\/international-platform\/wp-content\/uploads\/2025\/09\/logo_bleu_label_excellence_1747753335_1757944800-1024x341.jpg 1024w, https:\/\/samba-resille.org\/international-platform\/wp-content\/uploads\/2025\/09\/logo_bleu_label_excellence_1747753335_1757944800-768x256.jpg 768w, https:\/\/samba-resille.org\/international-platform\/wp-content\/uploads\/2025\/09\/logo_bleu_label_excellence_1747753335_1757944800-1536x512.jpg 1536w, https:\/\/samba-resille.org\/international-platform\/wp-content\/uploads\/2025\/09\/logo_bleu_label_excellence_1747753335_1757944800-2048x682.jpg 2048w, https:\/\/samba-resille.org\/international-platform\/wp-content\/uploads\/2025\/09\/logo_bleu_label_excellence_1747753335_1757944800-18x6.jpg 18w, https:\/\/samba-resille.org\/international-platform\/wp-content\/uploads\/2025\/09\/logo_bleu_label_excellence_1747753335_1757944800-24x8.jpg 24w, https:\/\/samba-resille.org\/international-platform\/wp-content\/uploads\/2025\/09\/logo_bleu_label_excellence_1747753335_1757944800-36x12.jpg 36w, https:\/\/samba-resille.org\/international-platform\/wp-content\/uploads\/2025\/09\/logo_bleu_label_excellence_1747753335_1757944800-48x16.jpg 48w\" sizes=\"(max-width: 300px) 100vw, 300px\" \/>\t\t<\/div>\n\t\t\t\t<div class=\"elementor-portfolio-item__overlay\">\n\t\t\t\t<h3 class=\"elementor-portfolio-item__title\">\n\t\tLabel d\u2019Excellence pour le Consortium Samba R\u00e9sille !\t\t<\/h3>\n\t\t\t\t<\/div>\n\t\t\t\t<\/a>\n\t\t<\/article>\n\t\t\t\t<article class=\"elementor-portfolio-item elementor-post  post-9546 post type-post status-publish format-standard has-post-thumbnail hentry category-80 category-adultes category-projet-europeen category-stage-dobservation\" role=\"listitem\">\n\t\t\t<a class=\"elementor-post__thumbnail__link\" href=\"https:\/\/samba-resille.org\/international-platform\/2025\/09\/17\/mobilite-serbiecarnaval-de-sabac-du-17-au-21-cocu\/\">\n\t\t\t\t<div class=\"elementor-portfolio-item__img elementor-post__thumbnail\">\n\t\t\t<img loading=\"lazy\" decoding=\"async\" width=\"300\" height=\"240\" src=\"https:\/\/samba-resille.org\/international-platform\/wp-content\/uploads\/2025\/09\/hisar-leskovac-300x240.jpg\" class=\"attachment-medium size-medium wp-image-9547\" alt=\"\" srcset=\"https:\/\/samba-resille.org\/international-platform\/wp-content\/uploads\/2025\/09\/hisar-leskovac-300x240.jpg 300w, https:\/\/samba-resille.org\/international-platform\/wp-content\/uploads\/2025\/09\/hisar-leskovac-15x12.jpg 15w, https:\/\/samba-resille.org\/international-platform\/wp-content\/uploads\/2025\/09\/hisar-leskovac-24x19.jpg 24w, https:\/\/samba-resille.org\/international-platform\/wp-content\/uploads\/2025\/09\/hisar-leskovac-36x29.jpg 36w, https:\/\/samba-resille.org\/international-platform\/wp-content\/uploads\/2025\/09\/hisar-leskovac-48x38.jpg 48w, https:\/\/samba-resille.org\/international-platform\/wp-content\/uploads\/2025\/09\/hisar-leskovac.jpg 500w\" sizes=\"(max-width: 300px) 100vw, 300px\" \/>\t\t<\/div>\n\t\t\t\t<div class=\"elementor-portfolio-item__overlay\">\n\t\t\t\t<h3 class=\"elementor-portfolio-item__title\">\n\t\t\u200dMobilit\u00e9 Serbie, Carnaval de \u0160abac du 17 au 21 septembre (COCU)\t\t<\/h3>\n\t\t\t\t<\/div>\n\t\t\t\t<\/a>\n\t\t<\/article>\n\t\t\t\t<article class=\"elementor-portfolio-item elementor-post  post-9469 post type-post status-publish format-standard has-post-thumbnail hentry category-80 category-adultes category-finlande category-projet-europeen category-stage-dobservation\" role=\"listitem\">\n\t\t\t<a class=\"elementor-post__thumbnail__link\" href=\"https:\/\/samba-resille.org\/international-platform\/2025\/09\/11\/mobilite-finlande-womex-du-21-au-27-octobre\/\">\n\t\t\t\t<div class=\"elementor-portfolio-item__img elementor-post__thumbnail\">\n\t\t\t<img loading=\"lazy\" decoding=\"async\" width=\"225\" height=\"300\" src=\"https:\/\/samba-resille.org\/international-platform\/wp-content\/uploads\/2025\/09\/womex-225x300.jpeg\" class=\"attachment-medium size-medium wp-image-9471\" alt=\"\" srcset=\"https:\/\/samba-resille.org\/international-platform\/wp-content\/uploads\/2025\/09\/womex-225x300.jpeg 225w, https:\/\/samba-resille.org\/international-platform\/wp-content\/uploads\/2025\/09\/womex-768x1024.jpeg 768w, https:\/\/samba-resille.org\/international-platform\/wp-content\/uploads\/2025\/09\/womex-1152x1536.jpeg 1152w, https:\/\/samba-resille.org\/international-platform\/wp-content\/uploads\/2025\/09\/womex-9x12.jpeg 9w, https:\/\/samba-resille.org\/international-platform\/wp-content\/uploads\/2025\/09\/womex-18x24.jpeg 18w, https:\/\/samba-resille.org\/international-platform\/wp-content\/uploads\/2025\/09\/womex-27x36.jpeg 27w, https:\/\/samba-resille.org\/international-platform\/wp-content\/uploads\/2025\/09\/womex-36x48.jpeg 36w, https:\/\/samba-resille.org\/international-platform\/wp-content\/uploads\/2025\/09\/womex.jpeg 1200w\" sizes=\"(max-width: 225px) 100vw, 225px\" \/>\t\t<\/div>\n\t\t\t\t<div class=\"elementor-portfolio-item__overlay\">\n\t\t\t\t<h3 class=\"elementor-portfolio-item__title\">\n\t\tMobilit\u00e9 Finlande &#8211; Womex du 21 au 27 octobre\t\t<\/h3>\n\t\t\t\t<\/div>\n\t\t\t\t<\/a>\n\t\t<\/article>\n\t\t\t\t<article class=\"elementor-portfolio-item elementor-post  post-9454 post type-post status-publish format-standard has-post-thumbnail hentry category-80 category-adultes category-projet-europeen category-stage-dobservation\" role=\"listitem\">\n\t\t\t<a class=\"elementor-post__thumbnail__link\" href=\"https:\/\/samba-resille.org\/international-platform\/2025\/09\/02\/mobilite-chypre-arts-et-geosciences-du-05-au-12-juillet\/\">\n\t\t\t\t<div class=\"elementor-portfolio-item__img elementor-post__thumbnail\">\n\t\t\t<img loading=\"lazy\" decoding=\"async\" width=\"300\" height=\"200\" src=\"https:\/\/samba-resille.org\/international-platform\/wp-content\/uploads\/2025\/09\/DSCF6477-300x200.jpg\" class=\"attachment-medium size-medium wp-image-9456\" alt=\"\" srcset=\"https:\/\/samba-resille.org\/international-platform\/wp-content\/uploads\/2025\/09\/DSCF6477-300x200.jpg 300w, https:\/\/samba-resille.org\/international-platform\/wp-content\/uploads\/2025\/09\/DSCF6477-1024x683.jpg 1024w, https:\/\/samba-resille.org\/international-platform\/wp-content\/uploads\/2025\/09\/DSCF6477-768x512.jpg 768w, https:\/\/samba-resille.org\/international-platform\/wp-content\/uploads\/2025\/09\/DSCF6477-1536x1024.jpg 1536w, https:\/\/samba-resille.org\/international-platform\/wp-content\/uploads\/2025\/09\/DSCF6477-2048x1365.jpg 2048w, https:\/\/samba-resille.org\/international-platform\/wp-content\/uploads\/2025\/09\/DSCF6477-18x12.jpg 18w, https:\/\/samba-resille.org\/international-platform\/wp-content\/uploads\/2025\/09\/DSCF6477-24x16.jpg 24w, https:\/\/samba-resille.org\/international-platform\/wp-content\/uploads\/2025\/09\/DSCF6477-36x24.jpg 36w, https:\/\/samba-resille.org\/international-platform\/wp-content\/uploads\/2025\/09\/DSCF6477-48x32.jpg 48w\" sizes=\"(max-width: 300px) 100vw, 300px\" \/>\t\t<\/div>\n\t\t\t\t<div class=\"elementor-portfolio-item__overlay\">\n\t\t\t\t<h3 class=\"elementor-portfolio-item__title\">\n\t\tMobilit\u00e9 Chypre &#8211;  Arts et g\u00e9osciences du 05 au 12 septembre\t\t<\/h3>\n\t\t\t\t<\/div>\n\t\t\t\t<\/a>\n\t\t<\/article>\n\t\t\t\t<article class=\"elementor-portfolio-item elementor-post  post-9447 post type-post status-publish format-standard has-post-thumbnail hentry category-80 category-adultes category-projet-europeen\" role=\"listitem\">\n\t\t\t<a class=\"elementor-post__thumbnail__link\" href=\"https:\/\/samba-resille.org\/international-platform\/2025\/07\/01\/mobilite-cobourg-festival-de-samba-de-cobourg-du-09-au-15-juillet\/\">\n\t\t\t\t<div class=\"elementor-portfolio-item__img elementor-post__thumbnail\">\n\t\t\t<img loading=\"lazy\" decoding=\"async\" width=\"298\" height=\"300\" src=\"https:\/\/samba-resille.org\/international-platform\/wp-content\/uploads\/2025\/07\/cobourg-298x300.png\" class=\"attachment-medium size-medium wp-image-9450\" alt=\"\" srcset=\"https:\/\/samba-resille.org\/international-platform\/wp-content\/uploads\/2025\/07\/cobourg-298x300.png 298w, https:\/\/samba-resille.org\/international-platform\/wp-content\/uploads\/2025\/07\/cobourg-150x150.png 150w, https:\/\/samba-resille.org\/international-platform\/wp-content\/uploads\/2025\/07\/cobourg-768x773.png 768w, https:\/\/samba-resille.org\/international-platform\/wp-content\/uploads\/2025\/07\/cobourg-12x12.png 12w, https:\/\/samba-resille.org\/international-platform\/wp-content\/uploads\/2025\/07\/cobourg-24x24.png 24w, https:\/\/samba-resille.org\/international-platform\/wp-content\/uploads\/2025\/07\/cobourg-36x36.png 36w, https:\/\/samba-resille.org\/international-platform\/wp-content\/uploads\/2025\/07\/cobourg-48x48.png 48w, https:\/\/samba-resille.org\/international-platform\/wp-content\/uploads\/2025\/07\/cobourg.png 792w\" sizes=\"(max-width: 298px) 100vw, 298px\" \/>\t\t<\/div>\n\t\t\t\t<div class=\"elementor-portfolio-item__overlay\">\n\t\t\t\t<h3 class=\"elementor-portfolio-item__title\">\n\t\tMobilit\u00e9 Cobourg &#8211;  Festival de Samba de Cobourg du 09 au 15 juillet\t\t<\/h3>\n\t\t\t\t<\/div>\n\t\t\t\t<\/a>\n\t\t<\/article>\n\t\t\t\t<article class=\"elementor-portfolio-item elementor-post  post-9407 post type-post status-publish format-standard has-post-thumbnail hentry category-80 category-adultes category-projet-europeen\" role=\"listitem\">\n\t\t\t<a class=\"elementor-post__thumbnail__link\" href=\"https:\/\/samba-resille.org\/international-platform\/2025\/06\/26\/mobilite-athenes-du-25-septembre-au-02-octobre\/\">\n\t\t\t\t<div class=\"elementor-portfolio-item__img elementor-post__thumbnail\">\n\t\t\t<img loading=\"lazy\" decoding=\"async\" width=\"300\" height=\"265\" src=\"https:\/\/samba-resille.org\/international-platform\/wp-content\/uploads\/2024\/11\/athens2-300x265.jpg\" class=\"attachment-medium size-medium wp-image-9019\" alt=\"\" srcset=\"https:\/\/samba-resille.org\/international-platform\/wp-content\/uploads\/2024\/11\/athens2-300x265.jpg 300w, https:\/\/samba-resille.org\/international-platform\/wp-content\/uploads\/2024\/11\/athens2-14x12.jpg 14w, https:\/\/samba-resille.org\/international-platform\/wp-content\/uploads\/2024\/11\/athens2-24x21.jpg 24w, https:\/\/samba-resille.org\/international-platform\/wp-content\/uploads\/2024\/11\/athens2-36x32.jpg 36w, https:\/\/samba-resille.org\/international-platform\/wp-content\/uploads\/2024\/11\/athens2-48x42.jpg 48w, https:\/\/samba-resille.org\/international-platform\/wp-content\/uploads\/2024\/11\/athens2.jpg 743w\" sizes=\"(max-width: 300px) 100vw, 300px\" \/>\t\t<\/div>\n\t\t\t\t<div class=\"elementor-portfolio-item__overlay\">\n\t\t\t\t<h3 class=\"elementor-portfolio-item__title\">\n\t\tMobilit\u00e9 Ath\u00e8nes &#8211; du  25 septembre au  02 octobre\t\t<\/h3>\n\t\t\t\t<\/div>\n\t\t\t\t<\/a>\n\t\t<\/article>\n\t\t\t\t<article class=\"elementor-portfolio-item elementor-post  post-9399 post type-post status-publish format-standard has-post-thumbnail hentry category-80 category-adultes category-projet-europeen\" role=\"listitem\">\n\t\t\t<a class=\"elementor-post__thumbnail__link\" href=\"https:\/\/samba-resille.org\/international-platform\/2025\/06\/26\/mobilite-barcelone-festa-major-de-gracia-du-12-au-17-aout\/\">\n\t\t\t\t<div class=\"elementor-portfolio-item__img elementor-post__thumbnail\">\n\t\t\t<img loading=\"lazy\" decoding=\"async\" width=\"225\" height=\"300\" src=\"https:\/\/samba-resille.org\/international-platform\/wp-content\/uploads\/2025\/06\/IMG_9333-225x300.jpg\" class=\"attachment-medium size-medium wp-image-9400\" alt=\"\" srcset=\"https:\/\/samba-resille.org\/international-platform\/wp-content\/uploads\/2025\/06\/IMG_9333-225x300.jpg 225w, https:\/\/samba-resille.org\/international-platform\/wp-content\/uploads\/2025\/06\/IMG_9333-768x1024.jpg 768w, https:\/\/samba-resille.org\/international-platform\/wp-content\/uploads\/2025\/06\/IMG_9333-1152x1536.jpg 1152w, https:\/\/samba-resille.org\/international-platform\/wp-content\/uploads\/2025\/06\/IMG_9333-1536x2048.jpg 1536w, https:\/\/samba-resille.org\/international-platform\/wp-content\/uploads\/2025\/06\/IMG_9333-9x12.jpg 9w, https:\/\/samba-resille.org\/international-platform\/wp-content\/uploads\/2025\/06\/IMG_9333-18x24.jpg 18w, https:\/\/samba-resille.org\/international-platform\/wp-content\/uploads\/2025\/06\/IMG_9333-27x36.jpg 27w, https:\/\/samba-resille.org\/international-platform\/wp-content\/uploads\/2025\/06\/IMG_9333-36x48.jpg 36w, https:\/\/samba-resille.org\/international-platform\/wp-content\/uploads\/2025\/06\/IMG_9333-scaled.jpg 1920w\" sizes=\"(max-width: 225px) 100vw, 225px\" \/>\t\t<\/div>\n\t\t\t\t<div class=\"elementor-portfolio-item__overlay\">\n\t\t\t\t<h3 class=\"elementor-portfolio-item__title\">\n\t\tMobilit\u00e9 Barcelone &#8211; Festa Major de Gracia du  12 au  17 ao\u00fbt\t\t<\/h3>\n\t\t\t\t<\/div>\n\t\t\t\t<\/a>\n\t\t<\/article>\n\t\t\t\t<\/div>\n\t\t\t\t\t\t<\/div>\n\t\t\t\t<\/div>\n\t\t\t\t<div class=\"elementor-element elementor-element-576b670 elementor-grid-4 elementor-grid-mobile-3 elementor-hidden-desktop elementor-hidden-tablet elementor-grid-tablet-2 elementor-posts--thumbnail-top elementor-widget elementor-widget-posts\" data-id=\"576b670\" data-element_type=\"widget\" data-e-type=\"widget\" data-settings=\"{&quot;classic_columns&quot;:&quot;4&quot;,&quot;classic_columns_mobile&quot;:&quot;3&quot;,&quot;classic_columns_tablet&quot;:&quot;2&quot;,&quot;classic_row_gap&quot;:{&quot;unit&quot;:&quot;px&quot;,&quot;size&quot;:35,&quot;sizes&quot;:[]},&quot;classic_row_gap_tablet&quot;:{&quot;unit&quot;:&quot;px&quot;,&quot;size&quot;:&quot;&quot;,&quot;sizes&quot;:[]},&quot;classic_row_gap_mobile&quot;:{&quot;unit&quot;:&quot;px&quot;,&quot;size&quot;:&quot;&quot;,&quot;sizes&quot;:[]}}\" data-widget_type=\"posts.classic\">\n\t\t\t\t<div class=\"elementor-widget-container\">\n\t\t\t\t\t\t\t<div class=\"elementor-posts-container elementor-posts elementor-posts--skin-classic elementor-grid\" role=\"list\">\n\t\t\t\t<article class=\"elementor-post elementor-grid-item post-9671 post type-post status-publish format-standard has-post-thumbnail hentry category-uncategorized\" role=\"listitem\">\n\t\t\t\t<a class=\"elementor-post__thumbnail__link\" href=\"https:\/\/samba-resille.org\/international-platform\/2026\/04\/17\/en-avril-le-consortium-en-mobilites\/\" tabindex=\"-1\" >\n\t\t\t<div class=\"elementor-post__thumbnail\"><img loading=\"lazy\" decoding=\"async\" width=\"300\" height=\"200\" src=\"https:\/\/samba-resille.org\/international-platform\/wp-content\/uploads\/2025\/03\/istockphoto-478897762-612x612-1-300x200.jpg\" class=\"attachment-medium size-medium wp-image-9272\" alt=\"\" srcset=\"https:\/\/samba-resille.org\/international-platform\/wp-content\/uploads\/2025\/03\/istockphoto-478897762-612x612-1-300x200.jpg 300w, https:\/\/samba-resille.org\/international-platform\/wp-content\/uploads\/2025\/03\/istockphoto-478897762-612x612-1-18x12.jpg 18w, https:\/\/samba-resille.org\/international-platform\/wp-content\/uploads\/2025\/03\/istockphoto-478897762-612x612-1-24x16.jpg 24w, https:\/\/samba-resille.org\/international-platform\/wp-content\/uploads\/2025\/03\/istockphoto-478897762-612x612-1-36x24.jpg 36w, https:\/\/samba-resille.org\/international-platform\/wp-content\/uploads\/2025\/03\/istockphoto-478897762-612x612-1-48x32.jpg 48w, https:\/\/samba-resille.org\/international-platform\/wp-content\/uploads\/2025\/03\/istockphoto-478897762-612x612-1.jpg 612w\" sizes=\"(max-width: 300px) 100vw, 300px\" \/><\/div>\n\t\t<\/a>\n\t\t\t\t<div class=\"elementor-post__text\">\n\t\t\t\t<h3 class=\"elementor-post__title\">\n\t\t\t<a href=\"https:\/\/samba-resille.org\/international-platform\/2026\/04\/17\/en-avril-le-consortium-en-mobilites\/\" >\n\t\t\t\tEn avril, le consortium en mobilit\u00e9s !\t\t\t<\/a>\n\t\t<\/h3>\n\t\t\t\t<div class=\"elementor-post__excerpt\">\n\t\t\t<p>Les mobilit\u00e9s europ\u00e9ennes Erasmus+ d\u2019avril 2026<br \/>\nSamba R\u00e9sille d\u00e9ploie une s\u00e9rie de quatre mobilit\u00e9s europ\u00e9ennes riches en apprentissages, rencontres et exp\u00e9rimentations artistiques.<br \/>\nRendez-vus \u00e0 Madrid, Lisbonne, Estoril et Br\u00eame !<\/p>\n\t\t<\/div>\n\t\t\n\t\t<a class=\"elementor-post__read-more\" href=\"https:\/\/samba-resille.org\/international-platform\/2026\/04\/17\/en-avril-le-consortium-en-mobilites\/\" aria-label=\"En savoir plus sur En avril, le consortium en mobilit\u00e9s !\" tabindex=\"-1\" >\n\t\t\tLire la suite \u00bb\t\t<\/a>\n\n\t\t\t\t<\/div>\n\t\t\t\t<\/article>\n\t\t\t\t<article class=\"elementor-post elementor-grid-item post-9552 post type-post status-publish format-standard has-post-thumbnail hentry category-80 category-adultes category-finlande category-projet-europeen\" role=\"listitem\">\n\t\t\t\t<a class=\"elementor-post__thumbnail__link\" href=\"https:\/\/samba-resille.org\/international-platform\/2025\/10\/22\/une-delegation-occitane-au-womex-worldwide-music-expo-2025-du-21-au-27-octobre\/\" tabindex=\"-1\" >\n\t\t\t<div class=\"elementor-post__thumbnail\"><img loading=\"lazy\" decoding=\"async\" width=\"225\" height=\"300\" src=\"https:\/\/samba-resille.org\/international-platform\/wp-content\/uploads\/2025\/10\/womex25-225x300.jpg\" class=\"attachment-medium size-medium wp-image-9553\" alt=\"\" srcset=\"https:\/\/samba-resille.org\/international-platform\/wp-content\/uploads\/2025\/10\/womex25-225x300.jpg 225w, https:\/\/samba-resille.org\/international-platform\/wp-content\/uploads\/2025\/10\/womex25-768x1024.jpg 768w, https:\/\/samba-resille.org\/international-platform\/wp-content\/uploads\/2025\/10\/womex25-9x12.jpg 9w, https:\/\/samba-resille.org\/international-platform\/wp-content\/uploads\/2025\/10\/womex25-18x24.jpg 18w, https:\/\/samba-resille.org\/international-platform\/wp-content\/uploads\/2025\/10\/womex25-27x36.jpg 27w, https:\/\/samba-resille.org\/international-platform\/wp-content\/uploads\/2025\/10\/womex25-36x48.jpg 36w, https:\/\/samba-resille.org\/international-platform\/wp-content\/uploads\/2025\/10\/womex25.jpg 1152w\" sizes=\"(max-width: 225px) 100vw, 225px\" \/><\/div>\n\t\t<\/a>\n\t\t\t\t<div class=\"elementor-post__text\">\n\t\t\t\t<h3 class=\"elementor-post__title\">\n\t\t\t<a href=\"https:\/\/samba-resille.org\/international-platform\/2025\/10\/22\/une-delegation-occitane-au-womex-worldwide-music-expo-2025-du-21-au-27-octobre\/\" >\n\t\t\t\tUne d\u00e9l\u00e9gation occitane au WOMEX &#8211; Worldwide | Music | Expo 2025 ! Du 21 au 27 octobre\t\t\t<\/a>\n\t\t<\/h3>\n\t\t\t\t<div class=\"elementor-post__excerpt\">\n\t\t\t<p>Une quinzaine de professionnel\u00b7les des musiques actuelles d\u2019Occitanie s\u2019envolent vers Tampere (Finlande) pour repr\u00e9senter la sc\u00e8ne locale au WOMEX&#8230;<\/p>\n\t\t<\/div>\n\t\t\n\t\t<a class=\"elementor-post__read-more\" href=\"https:\/\/samba-resille.org\/international-platform\/2025\/10\/22\/une-delegation-occitane-au-womex-worldwide-music-expo-2025-du-21-au-27-octobre\/\" aria-label=\"En savoir plus sur Une d\u00e9l\u00e9gation occitane au WOMEX &#8211; Worldwide | Music | Expo 2025 ! Du 21 au 27 octobre\" tabindex=\"-1\" >\n\t\t\tLire la suite \u00bb\t\t<\/a>\n\n\t\t\t\t<\/div>\n\t\t\t\t<\/article>\n\t\t\t\t<article class=\"elementor-post elementor-grid-item post-9538 post type-post status-publish format-standard has-post-thumbnail hentry category-80 category-adultes category-projet-europeen category-stage-dobservation\" role=\"listitem\">\n\t\t\t\t<a class=\"elementor-post__thumbnail__link\" href=\"https:\/\/samba-resille.org\/international-platform\/2025\/09\/25\/mobilite-mobilite-espagne-du-18-au-26-octobre\/\" tabindex=\"-1\" >\n\t\t\t<div class=\"elementor-post__thumbnail\"><img loading=\"lazy\" decoding=\"async\" width=\"300\" height=\"225\" src=\"https:\/\/samba-resille.org\/international-platform\/wp-content\/uploads\/2025\/09\/IMG_5001-300x225.jpg\" class=\"attachment-medium size-medium wp-image-9539\" alt=\"\" srcset=\"https:\/\/samba-resille.org\/international-platform\/wp-content\/uploads\/2025\/09\/IMG_5001-300x225.jpg 300w, https:\/\/samba-resille.org\/international-platform\/wp-content\/uploads\/2025\/09\/IMG_5001-1024x768.jpg 1024w, https:\/\/samba-resille.org\/international-platform\/wp-content\/uploads\/2025\/09\/IMG_5001-768x576.jpg 768w, https:\/\/samba-resille.org\/international-platform\/wp-content\/uploads\/2025\/09\/IMG_5001-1536x1152.jpg 1536w, https:\/\/samba-resille.org\/international-platform\/wp-content\/uploads\/2025\/09\/IMG_5001-2048x1536.jpg 2048w, https:\/\/samba-resille.org\/international-platform\/wp-content\/uploads\/2025\/09\/IMG_5001-16x12.jpg 16w, https:\/\/samba-resille.org\/international-platform\/wp-content\/uploads\/2025\/09\/IMG_5001-24x18.jpg 24w, https:\/\/samba-resille.org\/international-platform\/wp-content\/uploads\/2025\/09\/IMG_5001-36x27.jpg 36w, https:\/\/samba-resille.org\/international-platform\/wp-content\/uploads\/2025\/09\/IMG_5001-48x36.jpg 48w\" sizes=\"(max-width: 300px) 100vw, 300px\" \/><\/div>\n\t\t<\/a>\n\t\t\t\t<div class=\"elementor-post__text\">\n\t\t\t\t<h3 class=\"elementor-post__title\">\n\t\t\t<a href=\"https:\/\/samba-resille.org\/international-platform\/2025\/09\/25\/mobilite-mobilite-espagne-du-18-au-26-octobre\/\" >\n\t\t\t\tMobilit\u00e9 Espagne du 18 au 26 octobre\t\t\t<\/a>\n\t\t<\/h3>\n\t\t\t\t<div class=\"elementor-post__excerpt\">\n\t\t\t<p>\u200dLes participants prendront part \u00e0 un stage d&rsquo;observation de 5 jours (avec 4 jours de transport) en fran\u00e7ais, anglais, espagnol et catalan, d\u00e9livr\u00e9 par Ad\u00e8le Monera et 5 autres professeurs de l\u2019\u00e9cole ADELE Academia de dansa de Tarragone.<\/p>\n\t\t<\/div>\n\t\t\n\t\t<a class=\"elementor-post__read-more\" href=\"https:\/\/samba-resille.org\/international-platform\/2025\/09\/25\/mobilite-mobilite-espagne-du-18-au-26-octobre\/\" aria-label=\"En savoir plus sur Mobilit\u00e9 Espagne du 18 au 26 octobre\" tabindex=\"-1\" >\n\t\t\tLire la suite \u00bb\t\t<\/a>\n\n\t\t\t\t<\/div>\n\t\t\t\t<\/article>\n\t\t\t\t<article class=\"elementor-post elementor-grid-item post-9525 post type-post status-publish format-standard has-post-thumbnail hentry category-80 category-adultes category-projet-europeen category-stage-dobservation\" role=\"listitem\">\n\t\t\t\t<a class=\"elementor-post__thumbnail__link\" href=\"https:\/\/samba-resille.org\/international-platform\/2025\/09\/25\/mobilite-italie-carnaval-de-sona-du-9-au-13-octobre\/\" tabindex=\"-1\" >\n\t\t\t<div class=\"elementor-post__thumbnail\"><img loading=\"lazy\" decoding=\"async\" width=\"300\" height=\"200\" src=\"https:\/\/samba-resille.org\/international-platform\/wp-content\/uploads\/2025\/09\/pexels-jeshoots-7522-300x200.jpg\" class=\"attachment-medium size-medium wp-image-9521\" alt=\"\" srcset=\"https:\/\/samba-resille.org\/international-platform\/wp-content\/uploads\/2025\/09\/pexels-jeshoots-7522-300x200.jpg 300w, https:\/\/samba-resille.org\/international-platform\/wp-content\/uploads\/2025\/09\/pexels-jeshoots-7522-1024x683.jpg 1024w, https:\/\/samba-resille.org\/international-platform\/wp-content\/uploads\/2025\/09\/pexels-jeshoots-7522-768x512.jpg 768w, https:\/\/samba-resille.org\/international-platform\/wp-content\/uploads\/2025\/09\/pexels-jeshoots-7522-1536x1024.jpg 1536w, https:\/\/samba-resille.org\/international-platform\/wp-content\/uploads\/2025\/09\/pexels-jeshoots-7522-2048x1365.jpg 2048w, https:\/\/samba-resille.org\/international-platform\/wp-content\/uploads\/2025\/09\/pexels-jeshoots-7522-18x12.jpg 18w, https:\/\/samba-resille.org\/international-platform\/wp-content\/uploads\/2025\/09\/pexels-jeshoots-7522-24x16.jpg 24w, https:\/\/samba-resille.org\/international-platform\/wp-content\/uploads\/2025\/09\/pexels-jeshoots-7522-36x24.jpg 36w, https:\/\/samba-resille.org\/international-platform\/wp-content\/uploads\/2025\/09\/pexels-jeshoots-7522-48x32.jpg 48w\" sizes=\"(max-width: 300px) 100vw, 300px\" \/><\/div>\n\t\t<\/a>\n\t\t\t\t<div class=\"elementor-post__text\">\n\t\t\t\t<h3 class=\"elementor-post__title\">\n\t\t\t<a href=\"https:\/\/samba-resille.org\/international-platform\/2025\/09\/25\/mobilite-italie-carnaval-de-sona-du-9-au-13-octobre\/\" >\n\t\t\t\tMobilit\u00e9 Italie, Carnaval de Sona du 9 au 13 octobre\t\t\t<\/a>\n\t\t<\/h3>\n\t\t\t\t<div class=\"elementor-post__excerpt\">\n\t\t\t<p>\u200dLes \u00e9quipes du carnaval de Sona, Italie, ont souhait\u00e9 inviter des membres de l\u2019encadrement du carnaval de Toulouse lors de leur carnaval, afin de renforcer les liens entre les porteurs de projets de carnavals europ\u00e9ens. <\/p>\n\t\t<\/div>\n\t\t\n\t\t<a class=\"elementor-post__read-more\" href=\"https:\/\/samba-resille.org\/international-platform\/2025\/09\/25\/mobilite-italie-carnaval-de-sona-du-9-au-13-octobre\/\" aria-label=\"En savoir plus sur Mobilit\u00e9 Italie, Carnaval de Sona du 9 au 13 octobre\" tabindex=\"-1\" >\n\t\t\tLire la suite \u00bb\t\t<\/a>\n\n\t\t\t\t<\/div>\n\t\t\t\t<\/article>\n\t\t\t\t<article class=\"elementor-post elementor-grid-item post-9496 post type-post status-publish format-standard has-post-thumbnail hentry category-80 category-adultes category-projet-europeen category-stage-dobservation\" role=\"listitem\">\n\t\t\t\t<a class=\"elementor-post__thumbnail__link\" href=\"https:\/\/samba-resille.org\/international-platform\/2025\/09\/22\/mobilite-portugal-nice-groove-du-8-au-14-octobre\/\" tabindex=\"-1\" >\n\t\t\t<div class=\"elementor-post__thumbnail\"><img loading=\"lazy\" decoding=\"async\" width=\"225\" height=\"300\" src=\"https:\/\/samba-resille.org\/international-platform\/wp-content\/uploads\/2025\/09\/IMG_0603-225x300.jpg\" class=\"attachment-medium size-medium wp-image-9497\" alt=\"\" srcset=\"https:\/\/samba-resille.org\/international-platform\/wp-content\/uploads\/2025\/09\/IMG_0603-225x300.jpg 225w, https:\/\/samba-resille.org\/international-platform\/wp-content\/uploads\/2025\/09\/IMG_0603-768x1024.jpg 768w, https:\/\/samba-resille.org\/international-platform\/wp-content\/uploads\/2025\/09\/IMG_0603-1152x1536.jpg 1152w, https:\/\/samba-resille.org\/international-platform\/wp-content\/uploads\/2025\/09\/IMG_0603-1536x2048.jpg 1536w, https:\/\/samba-resille.org\/international-platform\/wp-content\/uploads\/2025\/09\/IMG_0603-9x12.jpg 9w, https:\/\/samba-resille.org\/international-platform\/wp-content\/uploads\/2025\/09\/IMG_0603-18x24.jpg 18w, https:\/\/samba-resille.org\/international-platform\/wp-content\/uploads\/2025\/09\/IMG_0603-27x36.jpg 27w, https:\/\/samba-resille.org\/international-platform\/wp-content\/uploads\/2025\/09\/IMG_0603-36x48.jpg 36w, https:\/\/samba-resille.org\/international-platform\/wp-content\/uploads\/2025\/09\/IMG_0603-scaled.jpg 1920w\" sizes=\"(max-width: 225px) 100vw, 225px\" \/><\/div>\n\t\t<\/a>\n\t\t\t\t<div class=\"elementor-post__text\">\n\t\t\t\t<h3 class=\"elementor-post__title\">\n\t\t\t<a href=\"https:\/\/samba-resille.org\/international-platform\/2025\/09\/22\/mobilite-portugal-nice-groove-du-8-au-14-octobre\/\" >\n\t\t\t\tMobilit\u00e9 Portugal &#8211; Nice Groove du 8 au 14 octobre\t\t\t<\/a>\n\t\t<\/h3>\n\t\t\t\t<div class=\"elementor-post__excerpt\">\n\t\t\t<p>Les participant(e)s prendront part \u00e0 un stage d\u2019observation de 4 jours en anglais et en portugais, d\u00e9livr\u00e9 par Filipe Neves et les formateurs de Nice Groove.<\/p>\n\t\t<\/div>\n\t\t\n\t\t<a class=\"elementor-post__read-more\" href=\"https:\/\/samba-resille.org\/international-platform\/2025\/09\/22\/mobilite-portugal-nice-groove-du-8-au-14-octobre\/\" aria-label=\"En savoir plus sur Mobilit\u00e9 Portugal &#8211; Nice Groove du 8 au 14 octobre\" tabindex=\"-1\" >\n\t\t\tLire la suite \u00bb\t\t<\/a>\n\n\t\t\t\t<\/div>\n\t\t\t\t<\/article>\n\t\t\t\t<article class=\"elementor-post elementor-grid-item post-9478 post type-post status-publish format-standard has-post-thumbnail hentry category-65 category-62 category-61 category-48 category-80 category-adultes category-projet-europeen category-zoom\" role=\"listitem\">\n\t\t\t\t<a class=\"elementor-post__thumbnail__link\" href=\"https:\/\/samba-resille.org\/international-platform\/2025\/09\/18\/label-dexcellence-pour-le-consortium-samba-resille\/\" tabindex=\"-1\" >\n\t\t\t<div class=\"elementor-post__thumbnail\"><img loading=\"lazy\" decoding=\"async\" width=\"300\" height=\"100\" src=\"https:\/\/samba-resille.org\/international-platform\/wp-content\/uploads\/2025\/09\/logo_bleu_label_excellence_1747753335_1757944800-300x100.jpg\" class=\"attachment-medium size-medium wp-image-9487\" alt=\"\" srcset=\"https:\/\/samba-resille.org\/international-platform\/wp-content\/uploads\/2025\/09\/logo_bleu_label_excellence_1747753335_1757944800-300x100.jpg 300w, https:\/\/samba-resille.org\/international-platform\/wp-content\/uploads\/2025\/09\/logo_bleu_label_excellence_1747753335_1757944800-1024x341.jpg 1024w, https:\/\/samba-resille.org\/international-platform\/wp-content\/uploads\/2025\/09\/logo_bleu_label_excellence_1747753335_1757944800-768x256.jpg 768w, https:\/\/samba-resille.org\/international-platform\/wp-content\/uploads\/2025\/09\/logo_bleu_label_excellence_1747753335_1757944800-1536x512.jpg 1536w, https:\/\/samba-resille.org\/international-platform\/wp-content\/uploads\/2025\/09\/logo_bleu_label_excellence_1747753335_1757944800-2048x682.jpg 2048w, https:\/\/samba-resille.org\/international-platform\/wp-content\/uploads\/2025\/09\/logo_bleu_label_excellence_1747753335_1757944800-18x6.jpg 18w, https:\/\/samba-resille.org\/international-platform\/wp-content\/uploads\/2025\/09\/logo_bleu_label_excellence_1747753335_1757944800-24x8.jpg 24w, https:\/\/samba-resille.org\/international-platform\/wp-content\/uploads\/2025\/09\/logo_bleu_label_excellence_1747753335_1757944800-36x12.jpg 36w, https:\/\/samba-resille.org\/international-platform\/wp-content\/uploads\/2025\/09\/logo_bleu_label_excellence_1747753335_1757944800-48x16.jpg 48w\" sizes=\"(max-width: 300px) 100vw, 300px\" \/><\/div>\n\t\t<\/a>\n\t\t\t\t<div class=\"elementor-post__text\">\n\t\t\t\t<h3 class=\"elementor-post__title\">\n\t\t\t<a href=\"https:\/\/samba-resille.org\/international-platform\/2025\/09\/18\/label-dexcellence-pour-le-consortium-samba-resille\/\" >\n\t\t\t\tLabel d\u2019Excellence pour le Consortium Samba R\u00e9sille !\t\t\t<\/a>\n\t\t<\/h3>\n\t\t\t\t<div class=\"elementor-post__excerpt\">\n\t\t\t<p>Obtention du label Excellence pour notre consortium Erasmus&#8230;<\/p>\n\t\t<\/div>\n\t\t\n\t\t<a class=\"elementor-post__read-more\" href=\"https:\/\/samba-resille.org\/international-platform\/2025\/09\/18\/label-dexcellence-pour-le-consortium-samba-resille\/\" aria-label=\"En savoir plus sur Label d\u2019Excellence pour le Consortium Samba R\u00e9sille !\" tabindex=\"-1\" >\n\t\t\tLire la suite \u00bb\t\t<\/a>\n\n\t\t\t\t<\/div>\n\t\t\t\t<\/article>\n\t\t\t\t<\/div>\n\t\t\n\t\t\t\t\t\t<\/div>\n\t\t\t\t<\/div>\n\t\t\t\t\t<\/div>\n\t\t<\/div>\n\t\t\t\t\t<\/div>\n\t\t<\/section>\n\t\t\t\t<section class=\"elementor-section elementor-top-section elementor-element elementor-element-cb0004a elementor-section-boxed elementor-section-height-default elementor-section-height-default wpr-particle-no wpr-jarallax-no wpr-parallax-no wpr-sticky-section-no wpr-equal-height-no\" data-id=\"cb0004a\" data-element_type=\"section\" data-e-type=\"section\">\n\t\t\t\t\t\t<div class=\"elementor-container elementor-column-gap-default\">\n\t\t\t\t\t<div class=\"elementor-column elementor-col-100 elementor-top-column elementor-element elementor-element-6d650fa\" data-id=\"6d650fa\" data-element_type=\"column\" data-e-type=\"column\">\n\t\t\t<div class=\"elementor-widget-wrap elementor-element-populated\">\n\t\t\t\t\t\t<div class=\"elementor-element elementor-element-d560809 elementor-grid-mobile-3 elementor-hidden-desktop elementor-hidden-tablet elementor-hidden-mobile elementor-grid-3 elementor-grid-tablet-2 elementor-widget elementor-widget-portfolio\" data-id=\"d560809\" data-element_type=\"widget\" data-e-type=\"widget\" data-settings=\"{&quot;row_gap&quot;:{&quot;unit&quot;:&quot;px&quot;,&quot;size&quot;:5,&quot;sizes&quot;:[]},&quot;columns_mobile&quot;:&quot;3&quot;,&quot;item_ratio&quot;:{&quot;unit&quot;:&quot;px&quot;,&quot;size&quot;:0.84,&quot;sizes&quot;:[]},&quot;columns&quot;:&quot;3&quot;,&quot;columns_tablet&quot;:&quot;2&quot;,&quot;item_gap&quot;:{&quot;unit&quot;:&quot;px&quot;,&quot;size&quot;:&quot;&quot;,&quot;sizes&quot;:[]}}\" data-widget_type=\"portfolio.default\">\n\t\t\t\t<div class=\"elementor-widget-container\">\n\t\t\t\t\t\t\t<ul class=\"elementor-portfolio__filters\">\n\t\t\t<li class=\"elementor-portfolio__filter elementor-active\" tabindex=\"0\" data-filter=\"__all\">Tout<\/li>\n\t\t\t\t\t\t\t<li class=\"elementor-portfolio__filter\" tabindex=\"0\" data-filter=\"65\">2021<\/li>\n\t\t\t\t\t\t\t<li class=\"elementor-portfolio__filter\" tabindex=\"0\" data-filter=\"62\">2022<\/li>\n\t\t\t\t\t\t\t<li class=\"elementor-portfolio__filter\" tabindex=\"0\" data-filter=\"61\">2023<\/li>\n\t\t\t\t\t\t\t<li class=\"elementor-portfolio__filter\" tabindex=\"0\" data-filter=\"48\">2024<\/li>\n\t\t\t\t\t\t\t<li class=\"elementor-portfolio__filter\" tabindex=\"0\" data-filter=\"80\">2025<\/li>\n\t\t\t\t\t\t\t<li class=\"elementor-portfolio__filter\" tabindex=\"0\" data-filter=\"45\">Adultes<\/li>\n\t\t\t\t\t\t\t<li class=\"elementor-portfolio__filter\" tabindex=\"0\" data-filter=\"54\">Finlande<\/li>\n\t\t\t\t\t\t\t<li class=\"elementor-portfolio__filter\" tabindex=\"0\" data-filter=\"43\">Projet Europ\u00e9en<\/li>\n\t\t\t\t\t\t\t<li class=\"elementor-portfolio__filter\" tabindex=\"0\" data-filter=\"39\">Stage d&#039;observation<\/li>\n\t\t\t\t\t\t\t<li class=\"elementor-portfolio__filter\" tabindex=\"0\" data-filter=\"1\">Uncategorized<\/li>\n\t\t\t\t\t\t\t<li class=\"elementor-portfolio__filter\" tabindex=\"0\" data-filter=\"26\">Zoom<\/li>\n\t\t\t\t\t<\/ul>\n\t\t\t\t<div class=\"elementor-portfolio elementor-grid elementor-posts-container\" role=\"list\">\n\t\t\t\t<article class=\"elementor-portfolio-item elementor-post elementor-filter-1 post-9671 post type-post status-publish format-standard has-post-thumbnail hentry category-uncategorized\" role=\"listitem\">\n\t\t\t<a class=\"elementor-post__thumbnail__link\" href=\"https:\/\/samba-resille.org\/international-platform\/2026\/04\/17\/en-avril-le-consortium-en-mobilites\/\">\n\t\t\t\t<div class=\"elementor-portfolio-item__img elementor-post__thumbnail\">\n\t\t\t<img loading=\"lazy\" decoding=\"async\" width=\"300\" height=\"200\" src=\"https:\/\/samba-resille.org\/international-platform\/wp-content\/uploads\/2025\/03\/istockphoto-478897762-612x612-1-300x200.jpg\" class=\"attachment-medium size-medium wp-image-9272\" alt=\"\" srcset=\"https:\/\/samba-resille.org\/international-platform\/wp-content\/uploads\/2025\/03\/istockphoto-478897762-612x612-1-300x200.jpg 300w, https:\/\/samba-resille.org\/international-platform\/wp-content\/uploads\/2025\/03\/istockphoto-478897762-612x612-1-18x12.jpg 18w, https:\/\/samba-resille.org\/international-platform\/wp-content\/uploads\/2025\/03\/istockphoto-478897762-612x612-1-24x16.jpg 24w, https:\/\/samba-resille.org\/international-platform\/wp-content\/uploads\/2025\/03\/istockphoto-478897762-612x612-1-36x24.jpg 36w, https:\/\/samba-resille.org\/international-platform\/wp-content\/uploads\/2025\/03\/istockphoto-478897762-612x612-1-48x32.jpg 48w, https:\/\/samba-resille.org\/international-platform\/wp-content\/uploads\/2025\/03\/istockphoto-478897762-612x612-1.jpg 612w\" sizes=\"(max-width: 300px) 100vw, 300px\" \/>\t\t<\/div>\n\t\t\t\t<div class=\"elementor-portfolio-item__overlay\">\n\t\t\t\t<h3 class=\"elementor-portfolio-item__title\">\n\t\tEn avril, le consortium en mobilit\u00e9s !\t\t<\/h3>\n\t\t\t\t<\/div>\n\t\t\t\t<\/a>\n\t\t<\/article>\n\t\t\t\t<article class=\"elementor-portfolio-item elementor-post elementor-filter-80 elementor-filter-45 elementor-filter-54 elementor-filter-43 post-9552 post type-post status-publish format-standard has-post-thumbnail hentry category-80 category-adultes category-finlande category-projet-europeen\" role=\"listitem\">\n\t\t\t<a class=\"elementor-post__thumbnail__link\" href=\"https:\/\/samba-resille.org\/international-platform\/2025\/10\/22\/une-delegation-occitane-au-womex-worldwide-music-expo-2025-du-21-au-27-octobre\/\">\n\t\t\t\t<div class=\"elementor-portfolio-item__img elementor-post__thumbnail\">\n\t\t\t<img loading=\"lazy\" decoding=\"async\" width=\"225\" height=\"300\" src=\"https:\/\/samba-resille.org\/international-platform\/wp-content\/uploads\/2025\/10\/womex25-225x300.jpg\" class=\"attachment-medium size-medium wp-image-9553\" alt=\"\" srcset=\"https:\/\/samba-resille.org\/international-platform\/wp-content\/uploads\/2025\/10\/womex25-225x300.jpg 225w, https:\/\/samba-resille.org\/international-platform\/wp-content\/uploads\/2025\/10\/womex25-768x1024.jpg 768w, https:\/\/samba-resille.org\/international-platform\/wp-content\/uploads\/2025\/10\/womex25-9x12.jpg 9w, https:\/\/samba-resille.org\/international-platform\/wp-content\/uploads\/2025\/10\/womex25-18x24.jpg 18w, https:\/\/samba-resille.org\/international-platform\/wp-content\/uploads\/2025\/10\/womex25-27x36.jpg 27w, https:\/\/samba-resille.org\/international-platform\/wp-content\/uploads\/2025\/10\/womex25-36x48.jpg 36w, https:\/\/samba-resille.org\/international-platform\/wp-content\/uploads\/2025\/10\/womex25.jpg 1152w\" sizes=\"(max-width: 225px) 100vw, 225px\" \/>\t\t<\/div>\n\t\t\t\t<div class=\"elementor-portfolio-item__overlay\">\n\t\t\t\t<h3 class=\"elementor-portfolio-item__title\">\n\t\tUne d\u00e9l\u00e9gation occitane au WOMEX &#8211; Worldwide | Music | Expo 2025 ! Du 21 au 27 octobre\t\t<\/h3>\n\t\t\t\t<\/div>\n\t\t\t\t<\/a>\n\t\t<\/article>\n\t\t\t\t<article class=\"elementor-portfolio-item elementor-post elementor-filter-80 elementor-filter-45 elementor-filter-43 elementor-filter-39 post-9538 post type-post status-publish format-standard has-post-thumbnail hentry category-80 category-adultes category-projet-europeen category-stage-dobservation\" role=\"listitem\">\n\t\t\t<a class=\"elementor-post__thumbnail__link\" href=\"https:\/\/samba-resille.org\/international-platform\/2025\/09\/25\/mobilite-mobilite-espagne-du-18-au-26-octobre\/\">\n\t\t\t\t<div class=\"elementor-portfolio-item__img elementor-post__thumbnail\">\n\t\t\t<img loading=\"lazy\" decoding=\"async\" width=\"300\" height=\"225\" src=\"https:\/\/samba-resille.org\/international-platform\/wp-content\/uploads\/2025\/09\/IMG_5001-300x225.jpg\" class=\"attachment-medium size-medium wp-image-9539\" alt=\"\" srcset=\"https:\/\/samba-resille.org\/international-platform\/wp-content\/uploads\/2025\/09\/IMG_5001-300x225.jpg 300w, https:\/\/samba-resille.org\/international-platform\/wp-content\/uploads\/2025\/09\/IMG_5001-1024x768.jpg 1024w, https:\/\/samba-resille.org\/international-platform\/wp-content\/uploads\/2025\/09\/IMG_5001-768x576.jpg 768w, https:\/\/samba-resille.org\/international-platform\/wp-content\/uploads\/2025\/09\/IMG_5001-1536x1152.jpg 1536w, https:\/\/samba-resille.org\/international-platform\/wp-content\/uploads\/2025\/09\/IMG_5001-2048x1536.jpg 2048w, https:\/\/samba-resille.org\/international-platform\/wp-content\/uploads\/2025\/09\/IMG_5001-16x12.jpg 16w, https:\/\/samba-resille.org\/international-platform\/wp-content\/uploads\/2025\/09\/IMG_5001-24x18.jpg 24w, https:\/\/samba-resille.org\/international-platform\/wp-content\/uploads\/2025\/09\/IMG_5001-36x27.jpg 36w, https:\/\/samba-resille.org\/international-platform\/wp-content\/uploads\/2025\/09\/IMG_5001-48x36.jpg 48w\" sizes=\"(max-width: 300px) 100vw, 300px\" \/>\t\t<\/div>\n\t\t\t\t<div class=\"elementor-portfolio-item__overlay\">\n\t\t\t\t<h3 class=\"elementor-portfolio-item__title\">\n\t\tMobilit\u00e9 Espagne du 18 au 26 octobre\t\t<\/h3>\n\t\t\t\t<\/div>\n\t\t\t\t<\/a>\n\t\t<\/article>\n\t\t\t\t<article class=\"elementor-portfolio-item elementor-post elementor-filter-80 elementor-filter-45 elementor-filter-43 elementor-filter-39 post-9525 post type-post status-publish format-standard has-post-thumbnail hentry category-80 category-adultes category-projet-europeen category-stage-dobservation\" role=\"listitem\">\n\t\t\t<a class=\"elementor-post__thumbnail__link\" href=\"https:\/\/samba-resille.org\/international-platform\/2025\/09\/25\/mobilite-italie-carnaval-de-sona-du-9-au-13-octobre\/\">\n\t\t\t\t<div class=\"elementor-portfolio-item__img elementor-post__thumbnail\">\n\t\t\t<img loading=\"lazy\" decoding=\"async\" width=\"300\" height=\"200\" src=\"https:\/\/samba-resille.org\/international-platform\/wp-content\/uploads\/2025\/09\/pexels-jeshoots-7522-300x200.jpg\" class=\"attachment-medium size-medium wp-image-9521\" alt=\"\" srcset=\"https:\/\/samba-resille.org\/international-platform\/wp-content\/uploads\/2025\/09\/pexels-jeshoots-7522-300x200.jpg 300w, https:\/\/samba-resille.org\/international-platform\/wp-content\/uploads\/2025\/09\/pexels-jeshoots-7522-1024x683.jpg 1024w, https:\/\/samba-resille.org\/international-platform\/wp-content\/uploads\/2025\/09\/pexels-jeshoots-7522-768x512.jpg 768w, https:\/\/samba-resille.org\/international-platform\/wp-content\/uploads\/2025\/09\/pexels-jeshoots-7522-1536x1024.jpg 1536w, https:\/\/samba-resille.org\/international-platform\/wp-content\/uploads\/2025\/09\/pexels-jeshoots-7522-2048x1365.jpg 2048w, https:\/\/samba-resille.org\/international-platform\/wp-content\/uploads\/2025\/09\/pexels-jeshoots-7522-18x12.jpg 18w, https:\/\/samba-resille.org\/international-platform\/wp-content\/uploads\/2025\/09\/pexels-jeshoots-7522-24x16.jpg 24w, https:\/\/samba-resille.org\/international-platform\/wp-content\/uploads\/2025\/09\/pexels-jeshoots-7522-36x24.jpg 36w, https:\/\/samba-resille.org\/international-platform\/wp-content\/uploads\/2025\/09\/pexels-jeshoots-7522-48x32.jpg 48w\" sizes=\"(max-width: 300px) 100vw, 300px\" \/>\t\t<\/div>\n\t\t\t\t<div class=\"elementor-portfolio-item__overlay\">\n\t\t\t\t<h3 class=\"elementor-portfolio-item__title\">\n\t\tMobilit\u00e9 Italie, Carnaval de Sona du 9 au 13 octobre\t\t<\/h3>\n\t\t\t\t<\/div>\n\t\t\t\t<\/a>\n\t\t<\/article>\n\t\t\t\t<article class=\"elementor-portfolio-item elementor-post elementor-filter-80 elementor-filter-45 elementor-filter-43 elementor-filter-39 post-9496 post type-post status-publish format-standard has-post-thumbnail hentry category-80 category-adultes category-projet-europeen category-stage-dobservation\" role=\"listitem\">\n\t\t\t<a class=\"elementor-post__thumbnail__link\" href=\"https:\/\/samba-resille.org\/international-platform\/2025\/09\/22\/mobilite-portugal-nice-groove-du-8-au-14-octobre\/\">\n\t\t\t\t<div class=\"elementor-portfolio-item__img elementor-post__thumbnail\">\n\t\t\t<img loading=\"lazy\" decoding=\"async\" width=\"225\" height=\"300\" src=\"https:\/\/samba-resille.org\/international-platform\/wp-content\/uploads\/2025\/09\/IMG_0603-225x300.jpg\" class=\"attachment-medium size-medium wp-image-9497\" alt=\"\" srcset=\"https:\/\/samba-resille.org\/international-platform\/wp-content\/uploads\/2025\/09\/IMG_0603-225x300.jpg 225w, https:\/\/samba-resille.org\/international-platform\/wp-content\/uploads\/2025\/09\/IMG_0603-768x1024.jpg 768w, https:\/\/samba-resille.org\/international-platform\/wp-content\/uploads\/2025\/09\/IMG_0603-1152x1536.jpg 1152w, https:\/\/samba-resille.org\/international-platform\/wp-content\/uploads\/2025\/09\/IMG_0603-1536x2048.jpg 1536w, https:\/\/samba-resille.org\/international-platform\/wp-content\/uploads\/2025\/09\/IMG_0603-9x12.jpg 9w, https:\/\/samba-resille.org\/international-platform\/wp-content\/uploads\/2025\/09\/IMG_0603-18x24.jpg 18w, https:\/\/samba-resille.org\/international-platform\/wp-content\/uploads\/2025\/09\/IMG_0603-27x36.jpg 27w, https:\/\/samba-resille.org\/international-platform\/wp-content\/uploads\/2025\/09\/IMG_0603-36x48.jpg 36w, https:\/\/samba-resille.org\/international-platform\/wp-content\/uploads\/2025\/09\/IMG_0603-scaled.jpg 1920w\" sizes=\"(max-width: 225px) 100vw, 225px\" \/>\t\t<\/div>\n\t\t\t\t<div class=\"elementor-portfolio-item__overlay\">\n\t\t\t\t<h3 class=\"elementor-portfolio-item__title\">\n\t\tMobilit\u00e9 Portugal &#8211; Nice Groove du 8 au 14 octobre\t\t<\/h3>\n\t\t\t\t<\/div>\n\t\t\t\t<\/a>\n\t\t<\/article>\n\t\t\t\t<article class=\"elementor-portfolio-item elementor-post elementor-filter-65 elementor-filter-62 elementor-filter-61 elementor-filter-48 elementor-filter-80 elementor-filter-45 elementor-filter-43 elementor-filter-26 post-9478 post type-post status-publish format-standard has-post-thumbnail hentry category-65 category-62 category-61 category-48 category-80 category-adultes category-projet-europeen category-zoom\" role=\"listitem\">\n\t\t\t<a class=\"elementor-post__thumbnail__link\" href=\"https:\/\/samba-resille.org\/international-platform\/2025\/09\/18\/label-dexcellence-pour-le-consortium-samba-resille\/\">\n\t\t\t\t<div class=\"elementor-portfolio-item__img elementor-post__thumbnail\">\n\t\t\t<img loading=\"lazy\" decoding=\"async\" width=\"300\" height=\"100\" src=\"https:\/\/samba-resille.org\/international-platform\/wp-content\/uploads\/2025\/09\/logo_bleu_label_excellence_1747753335_1757944800-300x100.jpg\" class=\"attachment-medium size-medium wp-image-9487\" alt=\"\" srcset=\"https:\/\/samba-resille.org\/international-platform\/wp-content\/uploads\/2025\/09\/logo_bleu_label_excellence_1747753335_1757944800-300x100.jpg 300w, https:\/\/samba-resille.org\/international-platform\/wp-content\/uploads\/2025\/09\/logo_bleu_label_excellence_1747753335_1757944800-1024x341.jpg 1024w, https:\/\/samba-resille.org\/international-platform\/wp-content\/uploads\/2025\/09\/logo_bleu_label_excellence_1747753335_1757944800-768x256.jpg 768w, https:\/\/samba-resille.org\/international-platform\/wp-content\/uploads\/2025\/09\/logo_bleu_label_excellence_1747753335_1757944800-1536x512.jpg 1536w, https:\/\/samba-resille.org\/international-platform\/wp-content\/uploads\/2025\/09\/logo_bleu_label_excellence_1747753335_1757944800-2048x682.jpg 2048w, https:\/\/samba-resille.org\/international-platform\/wp-content\/uploads\/2025\/09\/logo_bleu_label_excellence_1747753335_1757944800-18x6.jpg 18w, https:\/\/samba-resille.org\/international-platform\/wp-content\/uploads\/2025\/09\/logo_bleu_label_excellence_1747753335_1757944800-24x8.jpg 24w, https:\/\/samba-resille.org\/international-platform\/wp-content\/uploads\/2025\/09\/logo_bleu_label_excellence_1747753335_1757944800-36x12.jpg 36w, https:\/\/samba-resille.org\/international-platform\/wp-content\/uploads\/2025\/09\/logo_bleu_label_excellence_1747753335_1757944800-48x16.jpg 48w\" sizes=\"(max-width: 300px) 100vw, 300px\" \/>\t\t<\/div>\n\t\t\t\t<div class=\"elementor-portfolio-item__overlay\">\n\t\t\t\t<h3 class=\"elementor-portfolio-item__title\">\n\t\tLabel d\u2019Excellence pour le Consortium Samba R\u00e9sille !\t\t<\/h3>\n\t\t\t\t<\/div>\n\t\t\t\t<\/a>\n\t\t<\/article>\n\t\t\t\t<article class=\"elementor-portfolio-item elementor-post elementor-filter-80 elementor-filter-45 elementor-filter-43 elementor-filter-39 post-9546 post type-post status-publish format-standard has-post-thumbnail hentry category-80 category-adultes category-projet-europeen category-stage-dobservation\" role=\"listitem\">\n\t\t\t<a class=\"elementor-post__thumbnail__link\" href=\"https:\/\/samba-resille.org\/international-platform\/2025\/09\/17\/mobilite-serbiecarnaval-de-sabac-du-17-au-21-cocu\/\">\n\t\t\t\t<div class=\"elementor-portfolio-item__img elementor-post__thumbnail\">\n\t\t\t<img loading=\"lazy\" decoding=\"async\" width=\"300\" height=\"240\" src=\"https:\/\/samba-resille.org\/international-platform\/wp-content\/uploads\/2025\/09\/hisar-leskovac-300x240.jpg\" class=\"attachment-medium size-medium wp-image-9547\" alt=\"\" srcset=\"https:\/\/samba-resille.org\/international-platform\/wp-content\/uploads\/2025\/09\/hisar-leskovac-300x240.jpg 300w, https:\/\/samba-resille.org\/international-platform\/wp-content\/uploads\/2025\/09\/hisar-leskovac-15x12.jpg 15w, https:\/\/samba-resille.org\/international-platform\/wp-content\/uploads\/2025\/09\/hisar-leskovac-24x19.jpg 24w, https:\/\/samba-resille.org\/international-platform\/wp-content\/uploads\/2025\/09\/hisar-leskovac-36x29.jpg 36w, https:\/\/samba-resille.org\/international-platform\/wp-content\/uploads\/2025\/09\/hisar-leskovac-48x38.jpg 48w, https:\/\/samba-resille.org\/international-platform\/wp-content\/uploads\/2025\/09\/hisar-leskovac.jpg 500w\" sizes=\"(max-width: 300px) 100vw, 300px\" \/>\t\t<\/div>\n\t\t\t\t<div class=\"elementor-portfolio-item__overlay\">\n\t\t\t\t<h3 class=\"elementor-portfolio-item__title\">\n\t\t\u200dMobilit\u00e9 Serbie, Carnaval de \u0160abac du 17 au 21 septembre (COCU)\t\t<\/h3>\n\t\t\t\t<\/div>\n\t\t\t\t<\/a>\n\t\t<\/article>\n\t\t\t\t<article class=\"elementor-portfolio-item elementor-post elementor-filter-80 elementor-filter-45 elementor-filter-54 elementor-filter-43 elementor-filter-39 post-9469 post type-post status-publish format-standard has-post-thumbnail hentry category-80 category-adultes category-finlande category-projet-europeen category-stage-dobservation\" role=\"listitem\">\n\t\t\t<a class=\"elementor-post__thumbnail__link\" href=\"https:\/\/samba-resille.org\/international-platform\/2025\/09\/11\/mobilite-finlande-womex-du-21-au-27-octobre\/\">\n\t\t\t\t<div class=\"elementor-portfolio-item__img elementor-post__thumbnail\">\n\t\t\t<img loading=\"lazy\" decoding=\"async\" width=\"225\" height=\"300\" src=\"https:\/\/samba-resille.org\/international-platform\/wp-content\/uploads\/2025\/09\/womex-225x300.jpeg\" class=\"attachment-medium size-medium wp-image-9471\" alt=\"\" srcset=\"https:\/\/samba-resille.org\/international-platform\/wp-content\/uploads\/2025\/09\/womex-225x300.jpeg 225w, https:\/\/samba-resille.org\/international-platform\/wp-content\/uploads\/2025\/09\/womex-768x1024.jpeg 768w, https:\/\/samba-resille.org\/international-platform\/wp-content\/uploads\/2025\/09\/womex-1152x1536.jpeg 1152w, https:\/\/samba-resille.org\/international-platform\/wp-content\/uploads\/2025\/09\/womex-9x12.jpeg 9w, https:\/\/samba-resille.org\/international-platform\/wp-content\/uploads\/2025\/09\/womex-18x24.jpeg 18w, https:\/\/samba-resille.org\/international-platform\/wp-content\/uploads\/2025\/09\/womex-27x36.jpeg 27w, https:\/\/samba-resille.org\/international-platform\/wp-content\/uploads\/2025\/09\/womex-36x48.jpeg 36w, https:\/\/samba-resille.org\/international-platform\/wp-content\/uploads\/2025\/09\/womex.jpeg 1200w\" sizes=\"(max-width: 225px) 100vw, 225px\" \/>\t\t<\/div>\n\t\t\t\t<div class=\"elementor-portfolio-item__overlay\">\n\t\t\t\t<h3 class=\"elementor-portfolio-item__title\">\n\t\tMobilit\u00e9 Finlande &#8211; Womex du 21 au 27 octobre\t\t<\/h3>\n\t\t\t\t<\/div>\n\t\t\t\t<\/a>\n\t\t<\/article>\n\t\t\t\t<article class=\"elementor-portfolio-item elementor-post elementor-filter-80 elementor-filter-45 elementor-filter-43 elementor-filter-39 post-9454 post type-post status-publish format-standard has-post-thumbnail hentry category-80 category-adultes category-projet-europeen category-stage-dobservation\" role=\"listitem\">\n\t\t\t<a class=\"elementor-post__thumbnail__link\" href=\"https:\/\/samba-resille.org\/international-platform\/2025\/09\/02\/mobilite-chypre-arts-et-geosciences-du-05-au-12-juillet\/\">\n\t\t\t\t<div class=\"elementor-portfolio-item__img elementor-post__thumbnail\">\n\t\t\t<img loading=\"lazy\" decoding=\"async\" width=\"300\" height=\"200\" src=\"https:\/\/samba-resille.org\/international-platform\/wp-content\/uploads\/2025\/09\/DSCF6477-300x200.jpg\" class=\"attachment-medium size-medium wp-image-9456\" alt=\"\" srcset=\"https:\/\/samba-resille.org\/international-platform\/wp-content\/uploads\/2025\/09\/DSCF6477-300x200.jpg 300w, https:\/\/samba-resille.org\/international-platform\/wp-content\/uploads\/2025\/09\/DSCF6477-1024x683.jpg 1024w, https:\/\/samba-resille.org\/international-platform\/wp-content\/uploads\/2025\/09\/DSCF6477-768x512.jpg 768w, https:\/\/samba-resille.org\/international-platform\/wp-content\/uploads\/2025\/09\/DSCF6477-1536x1024.jpg 1536w, https:\/\/samba-resille.org\/international-platform\/wp-content\/uploads\/2025\/09\/DSCF6477-2048x1365.jpg 2048w, https:\/\/samba-resille.org\/international-platform\/wp-content\/uploads\/2025\/09\/DSCF6477-18x12.jpg 18w, https:\/\/samba-resille.org\/international-platform\/wp-content\/uploads\/2025\/09\/DSCF6477-24x16.jpg 24w, https:\/\/samba-resille.org\/international-platform\/wp-content\/uploads\/2025\/09\/DSCF6477-36x24.jpg 36w, https:\/\/samba-resille.org\/international-platform\/wp-content\/uploads\/2025\/09\/DSCF6477-48x32.jpg 48w\" sizes=\"(max-width: 300px) 100vw, 300px\" \/>\t\t<\/div>\n\t\t\t\t<div class=\"elementor-portfolio-item__overlay\">\n\t\t\t\t<h3 class=\"elementor-portfolio-item__title\">\n\t\tMobilit\u00e9 Chypre &#8211;  Arts et g\u00e9osciences du 05 au 12 septembre\t\t<\/h3>\n\t\t\t\t<\/div>\n\t\t\t\t<\/a>\n\t\t<\/article>\n\t\t\t\t<article class=\"elementor-portfolio-item elementor-post elementor-filter-80 elementor-filter-45 elementor-filter-43 post-9447 post type-post status-publish format-standard has-post-thumbnail hentry category-80 category-adultes category-projet-europeen\" role=\"listitem\">\n\t\t\t<a class=\"elementor-post__thumbnail__link\" href=\"https:\/\/samba-resille.org\/international-platform\/2025\/07\/01\/mobilite-cobourg-festival-de-samba-de-cobourg-du-09-au-15-juillet\/\">\n\t\t\t\t<div class=\"elementor-portfolio-item__img elementor-post__thumbnail\">\n\t\t\t<img loading=\"lazy\" decoding=\"async\" width=\"298\" height=\"300\" src=\"https:\/\/samba-resille.org\/international-platform\/wp-content\/uploads\/2025\/07\/cobourg-298x300.png\" class=\"attachment-medium size-medium wp-image-9450\" alt=\"\" srcset=\"https:\/\/samba-resille.org\/international-platform\/wp-content\/uploads\/2025\/07\/cobourg-298x300.png 298w, https:\/\/samba-resille.org\/international-platform\/wp-content\/uploads\/2025\/07\/cobourg-150x150.png 150w, https:\/\/samba-resille.org\/international-platform\/wp-content\/uploads\/2025\/07\/cobourg-768x773.png 768w, https:\/\/samba-resille.org\/international-platform\/wp-content\/uploads\/2025\/07\/cobourg-12x12.png 12w, https:\/\/samba-resille.org\/international-platform\/wp-content\/uploads\/2025\/07\/cobourg-24x24.png 24w, https:\/\/samba-resille.org\/international-platform\/wp-content\/uploads\/2025\/07\/cobourg-36x36.png 36w, https:\/\/samba-resille.org\/international-platform\/wp-content\/uploads\/2025\/07\/cobourg-48x48.png 48w, https:\/\/samba-resille.org\/international-platform\/wp-content\/uploads\/2025\/07\/cobourg.png 792w\" sizes=\"(max-width: 298px) 100vw, 298px\" \/>\t\t<\/div>\n\t\t\t\t<div class=\"elementor-portfolio-item__overlay\">\n\t\t\t\t<h3 class=\"elementor-portfolio-item__title\">\n\t\tMobilit\u00e9 Cobourg &#8211;  Festival de Samba de Cobourg du 09 au 15 juillet\t\t<\/h3>\n\t\t\t\t<\/div>\n\t\t\t\t<\/a>\n\t\t<\/article>\n\t\t\t\t<article class=\"elementor-portfolio-item elementor-post elementor-filter-80 elementor-filter-45 elementor-filter-43 post-9407 post type-post status-publish format-standard has-post-thumbnail hentry category-80 category-adultes category-projet-europeen\" role=\"listitem\">\n\t\t\t<a class=\"elementor-post__thumbnail__link\" href=\"https:\/\/samba-resille.org\/international-platform\/2025\/06\/26\/mobilite-athenes-du-25-septembre-au-02-octobre\/\">\n\t\t\t\t<div class=\"elementor-portfolio-item__img elementor-post__thumbnail\">\n\t\t\t<img loading=\"lazy\" decoding=\"async\" width=\"300\" height=\"265\" src=\"https:\/\/samba-resille.org\/international-platform\/wp-content\/uploads\/2024\/11\/athens2-300x265.jpg\" class=\"attachment-medium size-medium wp-image-9019\" alt=\"\" srcset=\"https:\/\/samba-resille.org\/international-platform\/wp-content\/uploads\/2024\/11\/athens2-300x265.jpg 300w, https:\/\/samba-resille.org\/international-platform\/wp-content\/uploads\/2024\/11\/athens2-14x12.jpg 14w, https:\/\/samba-resille.org\/international-platform\/wp-content\/uploads\/2024\/11\/athens2-24x21.jpg 24w, https:\/\/samba-resille.org\/international-platform\/wp-content\/uploads\/2024\/11\/athens2-36x32.jpg 36w, https:\/\/samba-resille.org\/international-platform\/wp-content\/uploads\/2024\/11\/athens2-48x42.jpg 48w, https:\/\/samba-resille.org\/international-platform\/wp-content\/uploads\/2024\/11\/athens2.jpg 743w\" sizes=\"(max-width: 300px) 100vw, 300px\" \/>\t\t<\/div>\n\t\t\t\t<div class=\"elementor-portfolio-item__overlay\">\n\t\t\t\t<h3 class=\"elementor-portfolio-item__title\">\n\t\tMobilit\u00e9 Ath\u00e8nes &#8211; du  25 septembre au  02 octobre\t\t<\/h3>\n\t\t\t\t<\/div>\n\t\t\t\t<\/a>\n\t\t<\/article>\n\t\t\t\t<article class=\"elementor-portfolio-item elementor-post elementor-filter-80 elementor-filter-45 elementor-filter-43 post-9399 post type-post status-publish format-standard has-post-thumbnail hentry category-80 category-adultes category-projet-europeen\" role=\"listitem\">\n\t\t\t<a class=\"elementor-post__thumbnail__link\" href=\"https:\/\/samba-resille.org\/international-platform\/2025\/06\/26\/mobilite-barcelone-festa-major-de-gracia-du-12-au-17-aout\/\">\n\t\t\t\t<div class=\"elementor-portfolio-item__img elementor-post__thumbnail\">\n\t\t\t<img loading=\"lazy\" decoding=\"async\" width=\"225\" height=\"300\" src=\"https:\/\/samba-resille.org\/international-platform\/wp-content\/uploads\/2025\/06\/IMG_9333-225x300.jpg\" class=\"attachment-medium size-medium wp-image-9400\" alt=\"\" srcset=\"https:\/\/samba-resille.org\/international-platform\/wp-content\/uploads\/2025\/06\/IMG_9333-225x300.jpg 225w, https:\/\/samba-resille.org\/international-platform\/wp-content\/uploads\/2025\/06\/IMG_9333-768x1024.jpg 768w, https:\/\/samba-resille.org\/international-platform\/wp-content\/uploads\/2025\/06\/IMG_9333-1152x1536.jpg 1152w, https:\/\/samba-resille.org\/international-platform\/wp-content\/uploads\/2025\/06\/IMG_9333-1536x2048.jpg 1536w, https:\/\/samba-resille.org\/international-platform\/wp-content\/uploads\/2025\/06\/IMG_9333-9x12.jpg 9w, https:\/\/samba-resille.org\/international-platform\/wp-content\/uploads\/2025\/06\/IMG_9333-18x24.jpg 18w, https:\/\/samba-resille.org\/international-platform\/wp-content\/uploads\/2025\/06\/IMG_9333-27x36.jpg 27w, https:\/\/samba-resille.org\/international-platform\/wp-content\/uploads\/2025\/06\/IMG_9333-36x48.jpg 36w, https:\/\/samba-resille.org\/international-platform\/wp-content\/uploads\/2025\/06\/IMG_9333-scaled.jpg 1920w\" sizes=\"(max-width: 225px) 100vw, 225px\" \/>\t\t<\/div>\n\t\t\t\t<div class=\"elementor-portfolio-item__overlay\">\n\t\t\t\t<h3 class=\"elementor-portfolio-item__title\">\n\t\tMobilit\u00e9 Barcelone &#8211; Festa Major de Gracia du  12 au  17 ao\u00fbt\t\t<\/h3>\n\t\t\t\t<\/div>\n\t\t\t\t<\/a>\n\t\t<\/article>\n\t\t\t\t<\/div>\n\t\t\t\t\t\t<\/div>\n\t\t\t\t<\/div>\n\t\t\t\t\t<\/div>\n\t\t<\/div>\n\t\t\t\t\t<\/div>\n\t\t<\/section>\n\t\t\t\t<section class=\"elementor-section elementor-top-section elementor-element elementor-element-6a82874 elementor-section-boxed elementor-section-height-default elementor-section-height-default wpr-particle-no wpr-jarallax-no wpr-parallax-no wpr-sticky-section-no wpr-equal-height-no\" data-id=\"6a82874\" data-element_type=\"section\" data-e-type=\"section\">\n\t\t\t\t\t\t<div class=\"elementor-container elementor-column-gap-default\">\n\t\t\t\t\t<div class=\"elementor-column elementor-col-100 elementor-top-column elementor-element elementor-element-4afdbef\" data-id=\"4afdbef\" data-element_type=\"column\" data-e-type=\"column\">\n\t\t\t<div class=\"elementor-widget-wrap elementor-element-populated\">\n\t\t\t\t\t\t<div class=\"elementor-element elementor-element-a53f731 elementor-widget elementor-widget-heading\" data-id=\"a53f731\" data-element_type=\"widget\" data-e-type=\"widget\" data-widget_type=\"heading.default\">\n\t\t\t\t<div class=\"elementor-widget-container\">\n\t\t\t\t\t<h6 class=\"elementor-heading-title elementor-size-xxl\">Retrouvez-nous sur les r\u00e9seaux ...<\/h6>\t\t\t\t<\/div>\n\t\t\t\t<\/div>\n\t\t\t\t\t<\/div>\n\t\t<\/div>\n\t\t\t\t\t<\/div>\n\t\t<\/section>\n\t\t\t\t<section class=\"elementor-section elementor-top-section elementor-element elementor-element-af4a245 elementor-section-boxed elementor-section-height-default elementor-section-height-default wpr-particle-no wpr-jarallax-no wpr-parallax-no wpr-sticky-section-no wpr-equal-height-no\" data-id=\"af4a245\" data-element_type=\"section\" data-e-type=\"section\">\n\t\t\t\t\t\t<div class=\"elementor-container elementor-column-gap-default\">\n\t\t\t\t\t<div class=\"elementor-column elementor-col-100 elementor-top-column elementor-element elementor-element-8b8cfbc\" data-id=\"8b8cfbc\" data-element_type=\"column\" data-e-type=\"column\">\n\t\t\t<div class=\"elementor-widget-wrap elementor-element-populated\">\n\t\t\t\t\t\t<section class=\"elementor-section elementor-inner-section elementor-element elementor-element-02160d6 elementor-section-boxed elementor-section-height-default elementor-section-height-default wpr-particle-no wpr-jarallax-no wpr-parallax-no wpr-sticky-section-no wpr-equal-height-no\" data-id=\"02160d6\" data-element_type=\"section\" data-e-type=\"section\">\n\t\t\t\t\t\t<div class=\"elementor-container elementor-column-gap-default\">\n\t\t\t\t\t<div class=\"elementor-column elementor-col-20 elementor-inner-column elementor-element elementor-element-e3caa18\" data-id=\"e3caa18\" data-element_type=\"column\" data-e-type=\"column\">\n\t\t\t<div class=\"elementor-widget-wrap elementor-element-populated\">\n\t\t\t\t\t\t<div class=\"elementor-element elementor-element-328a8af elementor-widget elementor-widget-elementskit-social-media\" data-id=\"328a8af\" data-element_type=\"widget\" data-e-type=\"widget\" data-widget_type=\"elementskit-social-media.default\">\n\t\t\t\t<div class=\"elementor-widget-container\">\n\t\t\t\t\t<div class=\"ekit-wid-con\" >\t\t\t <ul class=\"ekit_social_media\">\n\t\t\t\t\t\t\t\t\t\t\t\t\t\t<li class=\"elementor-repeater-item-172011e\">\n\t\t\t\t\t    <a\n\t\t\t\t\t\thref=\"https:\/\/www.facebook.com\/sambaresille\" aria-label=\"Facebook\" class=\"f\" >\n\t\t\t\t\t\t\t                                                        Facebook                                                        \n\t\t\t\t\t\t\t<i aria-hidden=\"true\" class=\"fab fa-facebook-f\"><\/i>\n                                                    <\/a>\n                    <\/li>\n                    \t\t\t\t\t\t\t<\/ul>\n\t\t<\/div>\t\t\t\t<\/div>\n\t\t\t\t<\/div>\n\t\t\t\t\t<\/div>\n\t\t<\/div>\n\t\t\t\t<div class=\"elementor-column elementor-col-20 elementor-inner-column elementor-element elementor-element-0778699\" data-id=\"0778699\" data-element_type=\"column\" data-e-type=\"column\">\n\t\t\t<div class=\"elementor-widget-wrap elementor-element-populated\">\n\t\t\t\t\t\t<div class=\"elementor-element elementor-element-593da94 elementor-widget elementor-widget-elementskit-social-media\" data-id=\"593da94\" data-element_type=\"widget\" data-e-type=\"widget\" data-widget_type=\"elementskit-social-media.default\">\n\t\t\t\t<div class=\"elementor-widget-container\">\n\t\t\t\t\t<div class=\"ekit-wid-con\" >\t\t\t <ul class=\"ekit_social_media\">\n\t\t\t\t\t\t\t\t\t\t\t\t\t\t<li class=\"elementor-repeater-item-0825b5a\">\n\t\t\t\t\t    <a\n\t\t\t\t\t\thref=\"https:\/\/twitter.com\/sambaresille?lang=fr\" aria-label=\"Twitter\" class=\"twitter\" >\n\t\t\t\t\t\t\t                                                        Twitter                                                        \n\t\t\t\t\t\t\t<i aria-hidden=\"true\" class=\"fasicon icon-twitter\"><\/i>\n                                                    <\/a>\n                    <\/li>\n                    \t\t\t\t\t\t\t<\/ul>\n\t\t<\/div>\t\t\t\t<\/div>\n\t\t\t\t<\/div>\n\t\t\t\t\t<\/div>\n\t\t<\/div>\n\t\t\t\t<div class=\"elementor-column elementor-col-20 elementor-inner-column elementor-element elementor-element-3e69773\" data-id=\"3e69773\" data-element_type=\"column\" data-e-type=\"column\">\n\t\t\t<div class=\"elementor-widget-wrap elementor-element-populated\">\n\t\t\t\t\t\t<div class=\"elementor-element elementor-element-bf567b7 elementor-widget elementor-widget-elementskit-social-media\" data-id=\"bf567b7\" data-element_type=\"widget\" data-e-type=\"widget\" data-widget_type=\"elementskit-social-media.default\">\n\t\t\t\t<div class=\"elementor-widget-container\">\n\t\t\t\t\t<div class=\"ekit-wid-con\" >\t\t\t <ul class=\"ekit_social_media\">\n\t\t\t\t\t\t\t\t\t\t\t\t\t\t<li class=\"elementor-repeater-item-fa40825\">\n\t\t\t\t\t    <a\n\t\t\t\t\t\thref=\"https:\/\/www.instagram.com\/sambaresille\/?hl=fr\" aria-label=\"Instagram\" class=\"instagram\" >\n\t\t\t\t\t\t\t                                                        Instagram                                                        \n\t\t\t\t\t\t\t<i aria-hidden=\"true\" class=\"fab fa-instagram\"><\/i>\n                                                    <\/a>\n                    <\/li>\n                    \t\t\t\t\t\t\t<\/ul>\n\t\t<\/div>\t\t\t\t<\/div>\n\t\t\t\t<\/div>\n\t\t\t\t\t<\/div>\n\t\t<\/div>\n\t\t\t\t<div class=\"elementor-column elementor-col-20 elementor-inner-column elementor-element elementor-element-e8a0df2\" data-id=\"e8a0df2\" data-element_type=\"column\" data-e-type=\"column\">\n\t\t\t<div class=\"elementor-widget-wrap elementor-element-populated\">\n\t\t\t\t\t\t<div class=\"elementor-element elementor-element-6721cba elementor-widget elementor-widget-elementskit-social-media\" data-id=\"6721cba\" data-element_type=\"widget\" data-e-type=\"widget\" data-widget_type=\"elementskit-social-media.default\">\n\t\t\t\t<div class=\"elementor-widget-container\">\n\t\t\t\t\t<div class=\"ekit-wid-con\" >\t\t\t <ul class=\"ekit_social_media\">\n\t\t\t\t\t\t\t\t\t\t\t\t\t\t<li class=\"elementor-repeater-item-a5750c2\">\n\t\t\t\t\t    <a\n\t\t\t\t\t\thref=\"https:\/\/www.youtube.com\/channel\/UCoa0_TlzgB3kbTnXogH3FEg\/videos\" aria-label=\"Youtube\" class=\"youtube\" >\n\t\t\t\t\t\t\t                                                        Youtube                                                        \n\t\t\t\t\t\t\t<i aria-hidden=\"true\" class=\"fab fa-youtube\"><\/i>\n                                                    <\/a>\n                    <\/li>\n                    \t\t\t\t\t\t\t<\/ul>\n\t\t<\/div>\t\t\t\t<\/div>\n\t\t\t\t<\/div>\n\t\t\t\t\t<\/div>\n\t\t<\/div>\n\t\t\t\t<div class=\"elementor-column elementor-col-20 elementor-inner-column elementor-element elementor-element-dc5223f\" data-id=\"dc5223f\" data-element_type=\"column\" data-e-type=\"column\">\n\t\t\t<div class=\"elementor-widget-wrap elementor-element-populated\">\n\t\t\t\t\t\t<div class=\"elementor-element elementor-element-475a3e6 elementor-widget elementor-widget-elementskit-social-media\" data-id=\"475a3e6\" data-element_type=\"widget\" data-e-type=\"widget\" data-widget_type=\"elementskit-social-media.default\">\n\t\t\t\t<div class=\"elementor-widget-container\">\n\t\t\t\t\t<div class=\"ekit-wid-con\" >\t\t\t <ul class=\"ekit_social_media\">\n\t\t\t\t\t\t\t\t\t\t\t\t\t\t<li class=\"elementor-repeater-item-240971c\">\n\t\t\t\t\t    <a\n\t\t\t\t\t\thref=\"https:\/\/www.linkedin.com\/company\/samba-resille\/\" aria-label=\"LinkedIn\" class=\"linkedin\" >\n\t\t\t\t\t\t\t                                                        LinkedIn                                                        \n\t\t\t\t\t\t\t<i aria-hidden=\"true\" class=\"fasicon icon-linkedin\"><\/i>\n                                                    <\/a>\n                    <\/li>\n                    \t\t\t\t\t\t\t<\/ul>\n\t\t<\/div>\t\t\t\t<\/div>\n\t\t\t\t<\/div>\n\t\t\t\t\t<\/div>\n\t\t<\/div>\n\t\t\t\t\t<\/div>\n\t\t<\/section>\n\t\t\t\t\t<\/div>\n\t\t<\/div>\n\t\t\t\t\t<\/div>\n\t\t<\/section>\n\t\t\t\t<section class=\"elementor-section elementor-top-section elementor-element elementor-element-a1116c5 elementor-section-boxed elementor-section-height-default elementor-section-height-default wpr-particle-no wpr-jarallax-no wpr-parallax-no wpr-sticky-section-no wpr-equal-height-no\" data-id=\"a1116c5\" data-element_type=\"section\" data-e-type=\"section\">\n\t\t\t\t\t\t<div class=\"elementor-container elementor-column-gap-default\">\n\t\t\t\t\t<div class=\"elementor-column elementor-col-100 elementor-top-column elementor-element elementor-element-7e162a2\" data-id=\"7e162a2\" data-element_type=\"column\" data-e-type=\"column\">\n\t\t\t<div class=\"elementor-widget-wrap\">\n\t\t\t\t\t\t\t<\/div>\n\t\t<\/div>\n\t\t\t\t\t<\/div>\n\t\t<\/section>\n\t\t\t\t<section class=\"elementor-section elementor-top-section elementor-element elementor-element-4320e0c elementor-section-boxed elementor-section-height-default elementor-section-height-default wpr-particle-no wpr-jarallax-no wpr-parallax-no wpr-sticky-section-no wpr-equal-height-no\" data-id=\"4320e0c\" data-element_type=\"section\" data-e-type=\"section\">\n\t\t\t\t\t\t<div class=\"elementor-container elementor-column-gap-default\">\n\t\t\t\t\t<div class=\"elementor-column elementor-col-100 elementor-top-column elementor-element elementor-element-e19a756\" data-id=\"e19a756\" data-element_type=\"column\" data-e-type=\"column\">\n\t\t\t<div class=\"elementor-widget-wrap elementor-element-populated\">\n\t\t\t\t\t\t<div class=\"elementor-element elementor-element-f75f656 e-tabs-view-vertical elementor-layout-end elementor-widget elementor-widget-video-playlist\" data-id=\"f75f656\" data-element_type=\"widget\" data-e-type=\"widget\" data-settings=\"{&quot;playlist_title&quot;:&quot;Playlist&quot;,&quot;tabs&quot;:[{&quot;_id&quot;:&quot;c20ffbc&quot;,&quot;youtube_url&quot;:&quot;https:\\\/\\\/youtu.be\\\/OuMLzieX4eI?si=aeyxL9L1IGY58JjK&quot;,&quot;vimeo_url&quot;:null,&quot;title&quot;:&quot;                                                                              Berlin d\\u00e9c 2024 - Consortium ErasmusPlus - Beart                                                                                                                      Berlin d\\u00e9c 2024 - Consortium ErasmusPlus - Beart &quot;,&quot;thumbnail&quot;:{&quot;url&quot;:&quot;https:\\\/\\\/samba-resille.org\\\/international-platform\\\/wp-content\\\/uploads\\\/2025\\\/10\\\/20241216_155306-scaled.jpg&quot;,&quot;id&quot;:9575,&quot;size&quot;:&quot;&quot;,&quot;alt&quot;:&quot;&quot;,&quot;source&quot;:&quot;library&quot;},&quot;inner_tab_content_1&quot;:null,&quot;type&quot;:&quot;youtube&quot;,&quot;is_external_url&quot;:null,&quot;hosted_url&quot;:null,&quot;external_url&quot;:null,&quot;section_html_tag&quot;:null,&quot;video_html_tag&quot;:&quot;h4&quot;,&quot;duration&quot;:&quot;&quot;,&quot;inner_tab_is_content_visible&quot;:&quot;&quot;,&quot;inner_tab_content_2&quot;:null},{&quot;title&quot;:&quot; 16:53 En cours de lecture \\u00c0 regarder plus tard Ajouter \\u00e0 la file d&#039;attente Dublin 2023 - Masamba&quot;,&quot;youtube_url&quot;:&quot;https:\\\/\\\/youtu.be\\\/mkjeqdO2coA?feature=shared&quot;,&quot;duration&quot;:&quot;7:28&quot;,&quot;thumbnail&quot;:{&quot;url&quot;:&quot;https:\\\/\\\/samba-resille.org\\\/international-platform\\\/wp-content\\\/uploads\\\/2023\\\/09\\\/video-dublin.jpg&quot;,&quot;id&quot;:6257,&quot;size&quot;:&quot;&quot;,&quot;alt&quot;:&quot;&quot;,&quot;source&quot;:&quot;library&quot;},&quot;_id&quot;:&quot;64264df&quot;,&quot;vimeo_url&quot;:null,&quot;inner_tab_content_1&quot;:null,&quot;type&quot;:&quot;youtube&quot;,&quot;is_external_url&quot;:null,&quot;hosted_url&quot;:null,&quot;external_url&quot;:null,&quot;section_html_tag&quot;:null,&quot;video_html_tag&quot;:&quot;h4&quot;,&quot;inner_tab_is_content_visible&quot;:&quot;&quot;,&quot;inner_tab_content_2&quot;:null},{&quot;title&quot;:&quot;Helsinki 2021 - Nyctalope_Travers\\u00e9e des femmes dans l&#039;espace public la nuit&quot;,&quot;youtube_url&quot;:&quot;https:\\\/\\\/youtu.be\\\/uCcVU2qpO1I&quot;,&quot;duration&quot;:&quot;8:02&quot;,&quot;thumbnail&quot;:{&quot;url&quot;:&quot;http:\\\/\\\/img.youtube.com\\\/vi\\\/uCcVU2qpO1I\\\/maxresdefault.jpg&quot;,&quot;id&quot;:&quot;&quot;,&quot;size&quot;:&quot;&quot;},&quot;_id&quot;:&quot;e11b921&quot;,&quot;vimeo_url&quot;:null,&quot;inner_tab_content_1&quot;:null,&quot;type&quot;:&quot;youtube&quot;,&quot;is_external_url&quot;:null,&quot;hosted_url&quot;:null,&quot;external_url&quot;:null,&quot;section_html_tag&quot;:null,&quot;video_html_tag&quot;:&quot;h4&quot;,&quot;inner_tab_is_content_visible&quot;:&quot;&quot;,&quot;inner_tab_content_2&quot;:null},{&quot;title&quot;:&quot;Samba R\\u00e9sille, 30 ans !&quot;,&quot;youtube_url&quot;:&quot;https:\\\/\\\/youtu.be\\\/1NDXsJREeXI&quot;,&quot;duration&quot;:&quot;2:12&quot;,&quot;thumbnail&quot;:{&quot;url&quot;:&quot;http:\\\/\\\/img.youtube.com\\\/vi\\\/1NDXsJREeXI\\\/maxresdefault.jpg&quot;,&quot;id&quot;:&quot;&quot;,&quot;size&quot;:&quot;&quot;},&quot;_id&quot;:&quot;4029a81&quot;,&quot;vimeo_url&quot;:null,&quot;inner_tab_content_1&quot;:null,&quot;type&quot;:&quot;youtube&quot;,&quot;is_external_url&quot;:null,&quot;hosted_url&quot;:null,&quot;external_url&quot;:null,&quot;section_html_tag&quot;:null,&quot;video_html_tag&quot;:&quot;h4&quot;,&quot;inner_tab_is_content_visible&quot;:&quot;&quot;,&quot;inner_tab_content_2&quot;:null},{&quot;_id&quot;:&quot;1d600ac&quot;,&quot;youtube_url&quot;:&quot;https:\\\/\\\/youtu.be\\\/4gkw6QkHPXs&quot;,&quot;vimeo_url&quot;:null,&quot;title&quot;:&quot;ERASMUS+  IDEM TOULOUSE 2021&quot;,&quot;duration&quot;:&quot;22:29&quot;,&quot;thumbnail&quot;:{&quot;url&quot;:&quot;http:\\\/\\\/img.youtube.com\\\/vi\\\/4gkw6QkHPXs\\\/maxresdefault.jpg&quot;,&quot;id&quot;:&quot;&quot;,&quot;size&quot;:&quot;&quot;},&quot;inner_tab_content_1&quot;:null,&quot;type&quot;:&quot;youtube&quot;,&quot;is_external_url&quot;:null,&quot;hosted_url&quot;:null,&quot;external_url&quot;:null,&quot;section_html_tag&quot;:null,&quot;video_html_tag&quot;:&quot;h4&quot;,&quot;inner_tab_is_content_visible&quot;:&quot;&quot;,&quot;inner_tab_content_2&quot;:null},{&quot;_id&quot;:&quot;2bc65ec&quot;,&quot;youtube_url&quot;:&quot;https:\\\/\\\/youtu.be\\\/mbAz9c1oj8s?si=3c2HOr0PM78DjTwk&quot;,&quot;vimeo_url&quot;:null,&quot;title&quot;:&quot;LA VAGUE BACK TO SCHOOL !\\u2013 Concert 27\\\/09\\\/24&quot;,&quot;thumbnail&quot;:{&quot;url&quot;:&quot;https:\\\/\\\/samba-resille.org\\\/international-platform\\\/wp-content\\\/uploads\\\/2025\\\/10\\\/la-vague.png&quot;,&quot;id&quot;:9576,&quot;size&quot;:&quot;&quot;,&quot;alt&quot;:&quot;&quot;,&quot;source&quot;:&quot;library&quot;},&quot;type&quot;:&quot;youtube&quot;,&quot;is_external_url&quot;:null,&quot;hosted_url&quot;:null,&quot;external_url&quot;:null,&quot;section_html_tag&quot;:null,&quot;video_html_tag&quot;:&quot;h4&quot;,&quot;duration&quot;:&quot;&quot;,&quot;inner_tab_is_content_visible&quot;:&quot;&quot;,&quot;inner_tab_content_1&quot;:null,&quot;inner_tab_content_2&quot;:null}],&quot;inner_tab_title_1&quot;:&quot;Tab #1&quot;,&quot;inner_tab_title_2&quot;:&quot;Tab #2&quot;}\" data-widget_type=\"video-playlist.default\">\n\t\t\t\t<div class=\"elementor-widget-container\">\n\t\t\t\t\t\n\t\t<div class=\"e-tabs\" role=\"region\" aria-labelledby=\"e-playlist-f75f656\">\n\t\t\t<div class=\"e-tabs-main-area\">\n\t\t\t\t<div class=\"e-tabs-wrapper\">\n\t\t\t\t\t<div class=\"e-tabs-header\">\n\t\t\t\t\t\t<h2 class=\"e-tabs-title\" id=\"e-playlist-f75f656\">Playlist<\/h2>\n\t\t\t\t\t\t<div class=\"e-tabs-header-right-side\">\n\t\t\t\t\t\t\t\t\t\t\t\t\t\t\t<span class=\"e-tabs-videos-count\">6 Vid\u00e9os<\/span>\n\t\t\t\t\t\t\t\t\t\t\t\t\t\t<i aria-hidden=\"true\" class=\"e-tabs-toggle-videos-display-button rotate-down eicon-caret-down\"><\/i>\t\t\t\t\t\t<\/div>\n\t\t\t\t\t<\/div>\n\t\t\t\t\t<div class=\"e-tabs-items-wrapper\">\n\t\t\t\t\t\t<div class=\"e-tabs-items\" role=\"tablist\">\n\t\t\t\t\t\t\t\t\t\t\t\t\t\t\t\t\t\t\t\t\t\t\t\t<div id=\"e-tab-title-2591\" class=\"e-tab-title e-tab-desktop-title\" aria-selected=\"true\" data-tab=\"1\" role=\"tab\" tabindex=\"0\" aria-controls=\"e-tab-content-2591\">\n\t\t\t\t\t\t\t\t\t\t\t\t\t\t\t\t\t\t\t\t\t<div class=\"e-tab-thumbnail\">\n\t\t\t\t\t\t\t\t\t\t\t\t\t\t\t\t\t\t\t\t\t\t\t\t\t<img decoding=\"async\" src=\"https:\/\/samba-resille.org\/international-platform\/wp-content\/uploads\/2025\/10\/20241216_155306-scaled.jpg\" alt=\"                                                                              Berlin d\u00e9c 2024 - Consortium ErasmusPlus - Beart                                                                                                                      Berlin d\u00e9c 2024 - Consortium ErasmusPlus - Beart \" loading=\"lazy\" \/>\n\t\t\t\t\t\t\t\t\t\t\t\t\t\t\t\t\t\t\t\t\t\t\t\t<span class=\"icon-play\"><i aria-hidden=\"true\" class=\"fas fa-play-circle\"><\/i><\/span>\n\t\t\t\t\t\t\t\t\t\t\t\t<span class=\"icon-watched\"><i aria-hidden=\"true\" class=\"fas fa-check-circle\"><\/i><\/span>\n\t\t\t\t\t\t\t\t\t\t\t<\/div>\n\t\t\t\t\t\t\t\t\t\t\t\t\t\t\t\t\t\t\t\t<h4 class=\"e-tab-title-text\">\n\t\t\t\t\t\t\t\t\t\t\t<button type=\"button\">                                                                              Berlin d\u00e9c 2024 - Consortium ErasmusPlus - Beart                                                                                                                      Berlin d\u00e9c 2024 - Consortium ErasmusPlus - Beart <\/button>\n\t\t\t\t\t\t\t\t\t\t<\/h4>\n\t\t\t\t\t\t\t\t\t\t\t\t\t\t\t\t\t\t\t<\/div>\n\t\t\t\t\t\t\t\t\t\t\t\t\t\t\t\t\t\t\t\t\t\t\t\t\t\t\t\t\t\t\t\t<div id=\"e-tab-title-2592\" class=\"e-tab-title e-tab-desktop-title\" aria-selected=\"false\" data-tab=\"2\" role=\"tab\" tabindex=\"-1\" aria-controls=\"e-tab-content-2592\">\n\t\t\t\t\t\t\t\t\t\t\t\t\t\t\t\t\t\t\t\t\t<div class=\"e-tab-thumbnail\">\n\t\t\t\t\t\t\t\t\t\t\t\t\t\t\t\t\t\t\t\t\t\t\t\t\t<img decoding=\"async\" src=\"https:\/\/samba-resille.org\/international-platform\/wp-content\/uploads\/2023\/09\/video-dublin.jpg\" alt=\" 16:53 En cours de lecture \u00c0 regarder plus tard Ajouter \u00e0 la file d&#039;attente Dublin 2023 - Masamba\" loading=\"lazy\" \/>\n\t\t\t\t\t\t\t\t\t\t\t\t\t\t\t\t\t\t\t\t\t\t\t\t<span class=\"icon-play\"><i aria-hidden=\"true\" class=\"fas fa-play-circle\"><\/i><\/span>\n\t\t\t\t\t\t\t\t\t\t\t\t<span class=\"icon-watched\"><i aria-hidden=\"true\" class=\"fas fa-check-circle\"><\/i><\/span>\n\t\t\t\t\t\t\t\t\t\t\t<\/div>\n\t\t\t\t\t\t\t\t\t\t\t\t\t\t\t\t\t\t\t\t<h4 class=\"e-tab-title-text\">\n\t\t\t\t\t\t\t\t\t\t\t<button type=\"button\"> 16:53 En cours de lecture \u00c0 regarder plus tard Ajouter \u00e0 la file d'attente Dublin 2023 - Masamba<\/button>\n\t\t\t\t\t\t\t\t\t\t<\/h4>\n\t\t\t\t\t\t\t\t\t\t\t\t\t\t\t\t\t\t\t\t\t<span class=\"e-tab-duration\">7:28<\/span>\n\t\t\t\t\t\t\t\t\t\t\t\t\t\t\t\t\t\t\t<\/div>\n\t\t\t\t\t\t\t\t\t\t\t\t\t\t\t\t\t\t\t\t\t\t\t\t\t\t\t\t\t\t\t\t<div id=\"e-tab-title-2593\" class=\"e-tab-title e-tab-desktop-title\" aria-selected=\"false\" data-tab=\"3\" role=\"tab\" tabindex=\"-1\" aria-controls=\"e-tab-content-2593\">\n\t\t\t\t\t\t\t\t\t\t\t\t\t\t\t\t\t\t\t\t\t<div class=\"e-tab-thumbnail\">\n\t\t\t\t\t\t\t\t\t\t\t\t\t\t\t\t\t\t\t\t\t\t\t\t\t<img decoding=\"async\" src=\"http:\/\/img.youtube.com\/vi\/uCcVU2qpO1I\/maxresdefault.jpg\" alt=\"Helsinki 2021 - Nyctalope_Travers\u00e9e des femmes dans l&#039;espace public la nuit\" loading=\"lazy\" \/>\n\t\t\t\t\t\t\t\t\t\t\t\t\t\t\t\t\t\t\t\t\t\t\t\t<span class=\"icon-play\"><i aria-hidden=\"true\" class=\"fas fa-play-circle\"><\/i><\/span>\n\t\t\t\t\t\t\t\t\t\t\t\t<span class=\"icon-watched\"><i aria-hidden=\"true\" class=\"fas fa-check-circle\"><\/i><\/span>\n\t\t\t\t\t\t\t\t\t\t\t<\/div>\n\t\t\t\t\t\t\t\t\t\t\t\t\t\t\t\t\t\t\t\t<h4 class=\"e-tab-title-text\">\n\t\t\t\t\t\t\t\t\t\t\t<button type=\"button\">Helsinki 2021 - Nyctalope_Travers\u00e9e des femmes dans l'espace public la nuit<\/button>\n\t\t\t\t\t\t\t\t\t\t<\/h4>\n\t\t\t\t\t\t\t\t\t\t\t\t\t\t\t\t\t\t\t\t\t<span class=\"e-tab-duration\">8:02<\/span>\n\t\t\t\t\t\t\t\t\t\t\t\t\t\t\t\t\t\t\t<\/div>\n\t\t\t\t\t\t\t\t\t\t\t\t\t\t\t\t\t\t\t\t\t\t\t\t\t\t\t\t\t\t\t\t<div id=\"e-tab-title-2594\" class=\"e-tab-title e-tab-desktop-title\" aria-selected=\"false\" data-tab=\"4\" role=\"tab\" tabindex=\"-1\" aria-controls=\"e-tab-content-2594\">\n\t\t\t\t\t\t\t\t\t\t\t\t\t\t\t\t\t\t\t\t\t<div class=\"e-tab-thumbnail\">\n\t\t\t\t\t\t\t\t\t\t\t\t\t\t\t\t\t\t\t\t\t\t\t\t\t<img decoding=\"async\" src=\"http:\/\/img.youtube.com\/vi\/1NDXsJREeXI\/maxresdefault.jpg\" alt=\"Samba R\u00e9sille, 30 ans !\" loading=\"lazy\" \/>\n\t\t\t\t\t\t\t\t\t\t\t\t\t\t\t\t\t\t\t\t\t\t\t\t<span class=\"icon-play\"><i aria-hidden=\"true\" class=\"fas fa-play-circle\"><\/i><\/span>\n\t\t\t\t\t\t\t\t\t\t\t\t<span class=\"icon-watched\"><i aria-hidden=\"true\" class=\"fas fa-check-circle\"><\/i><\/span>\n\t\t\t\t\t\t\t\t\t\t\t<\/div>\n\t\t\t\t\t\t\t\t\t\t\t\t\t\t\t\t\t\t\t\t<h4 class=\"e-tab-title-text\">\n\t\t\t\t\t\t\t\t\t\t\t<button type=\"button\">Samba R\u00e9sille, 30 ans !<\/button>\n\t\t\t\t\t\t\t\t\t\t<\/h4>\n\t\t\t\t\t\t\t\t\t\t\t\t\t\t\t\t\t\t\t\t\t<span class=\"e-tab-duration\">2:12<\/span>\n\t\t\t\t\t\t\t\t\t\t\t\t\t\t\t\t\t\t\t<\/div>\n\t\t\t\t\t\t\t\t\t\t\t\t\t\t\t\t\t\t\t\t\t\t\t\t\t\t\t\t\t\t\t\t<div id=\"e-tab-title-2595\" class=\"e-tab-title e-tab-desktop-title\" aria-selected=\"false\" data-tab=\"5\" role=\"tab\" tabindex=\"-1\" aria-controls=\"e-tab-content-2595\">\n\t\t\t\t\t\t\t\t\t\t\t\t\t\t\t\t\t\t\t\t\t<div class=\"e-tab-thumbnail\">\n\t\t\t\t\t\t\t\t\t\t\t\t\t\t\t\t\t\t\t\t\t\t\t\t\t<img decoding=\"async\" src=\"http:\/\/img.youtube.com\/vi\/4gkw6QkHPXs\/maxresdefault.jpg\" alt=\"ERASMUS+  IDEM TOULOUSE 2021\" loading=\"lazy\" \/>\n\t\t\t\t\t\t\t\t\t\t\t\t\t\t\t\t\t\t\t\t\t\t\t\t<span class=\"icon-play\"><i aria-hidden=\"true\" class=\"fas fa-play-circle\"><\/i><\/span>\n\t\t\t\t\t\t\t\t\t\t\t\t<span class=\"icon-watched\"><i aria-hidden=\"true\" class=\"fas fa-check-circle\"><\/i><\/span>\n\t\t\t\t\t\t\t\t\t\t\t<\/div>\n\t\t\t\t\t\t\t\t\t\t\t\t\t\t\t\t\t\t\t\t<h4 class=\"e-tab-title-text\">\n\t\t\t\t\t\t\t\t\t\t\t<button type=\"button\">ERASMUS+  IDEM TOULOUSE 2021<\/button>\n\t\t\t\t\t\t\t\t\t\t<\/h4>\n\t\t\t\t\t\t\t\t\t\t\t\t\t\t\t\t\t\t\t\t\t<span class=\"e-tab-duration\">22:29<\/span>\n\t\t\t\t\t\t\t\t\t\t\t\t\t\t\t\t\t\t\t<\/div>\n\t\t\t\t\t\t\t\t\t\t\t\t\t\t\t\t\t\t\t\t\t\t\t\t\t\t\t\t\t\t\t\t<div id=\"e-tab-title-2596\" class=\"e-tab-title e-tab-desktop-title\" aria-selected=\"false\" data-tab=\"6\" role=\"tab\" tabindex=\"-1\" aria-controls=\"e-tab-content-2596\">\n\t\t\t\t\t\t\t\t\t\t\t\t\t\t\t\t\t\t\t\t\t<div class=\"e-tab-thumbnail\">\n\t\t\t\t\t\t\t\t\t\t\t\t\t\t\t\t\t\t\t\t\t\t\t\t\t<img decoding=\"async\" src=\"https:\/\/samba-resille.org\/international-platform\/wp-content\/uploads\/2025\/10\/la-vague.png\" alt=\"LA VAGUE BACK TO SCHOOL !\u2013 Concert 27\/09\/24\" loading=\"lazy\" \/>\n\t\t\t\t\t\t\t\t\t\t\t\t\t\t\t\t\t\t\t\t\t\t\t\t<span class=\"icon-play\"><i aria-hidden=\"true\" class=\"fas fa-play-circle\"><\/i><\/span>\n\t\t\t\t\t\t\t\t\t\t\t\t<span class=\"icon-watched\"><i aria-hidden=\"true\" class=\"fas fa-check-circle\"><\/i><\/span>\n\t\t\t\t\t\t\t\t\t\t\t<\/div>\n\t\t\t\t\t\t\t\t\t\t\t\t\t\t\t\t\t\t\t\t<h4 class=\"e-tab-title-text\">\n\t\t\t\t\t\t\t\t\t\t\t<button type=\"button\">LA VAGUE BACK TO SCHOOL !\u2013 Concert 27\/09\/24<\/button>\n\t\t\t\t\t\t\t\t\t\t<\/h4>\n\t\t\t\t\t\t\t\t\t\t\t\t\t\t\t\t\t\t\t<\/div>\n\t\t\t\t\t\t\t\t\t\t\t\t\t\t\t\t\t\t\t\t\t<\/div>\n\t\t\t\t\t\t<div class=\"shadow shadow-top\" aria-hidden=\"true\"><\/div>\n\t\t\t\t\t\t<div class=\"shadow shadow-bottom\" aria-hidden=\"true\"><\/div>\n\t\t\t\t\t<\/div>\n\t\t\t\t<\/div>\n\n\t\t\t\t<div class=\"e-tabs-content-wrapper\" role=\"tablist\" aria-orientation=\"vertical\">\n\t\t\t\t\t\t\t\t\t\t\t<div id=\"e-tab-content-2591\" class=\"e-tab-content elementor-clearfix\" data-tab=\"1\" role=\"tabpanel\" aria-labelledby=\"e-tab-title-2591\" tabindex=\"0\" data-video-url=\"https:\/\/youtu.be\/OuMLzieX4eI?si=aeyxL9L1IGY58JjK\" data-video-type=\"youtube\" data-video-title=\"                                                                              Berlin d\u00e9c 2024 - Consortium ErasmusPlus - Beart                                                                                                                      Berlin d\u00e9c 2024 - Consortium ErasmusPlus - Beart \" data-video-duration=\"\">\n\t\t\t\t\t\t\t<div><\/div>\n\t\t\t\t\t\t\t\t\t\t\t\t\t<\/div>\n\t\t\t\t\t\t\t\t\t\t\t<div id=\"e-tab-content-2592\" class=\"e-tab-content elementor-clearfix\" data-tab=\"2\" role=\"tabpanel\" aria-labelledby=\"e-tab-title-2592\" tabindex=\"0\" data-video-url=\"https:\/\/youtu.be\/mkjeqdO2coA?feature=shared\" data-video-type=\"youtube\" data-video-title=\" 16:53 En cours de lecture \u00c0 regarder plus tard Ajouter \u00e0 la file d&#039;attente Dublin 2023 - Masamba\" data-video-duration=\"7:28\" hidden=\"hidden\">\n\t\t\t\t\t\t\t<div><\/div>\n\t\t\t\t\t\t\t\t\t\t\t\t\t<\/div>\n\t\t\t\t\t\t\t\t\t\t\t<div id=\"e-tab-content-2593\" class=\"e-tab-content elementor-clearfix\" data-tab=\"3\" role=\"tabpanel\" aria-labelledby=\"e-tab-title-2593\" tabindex=\"0\" data-video-url=\"https:\/\/youtu.be\/uCcVU2qpO1I\" data-video-type=\"youtube\" data-video-title=\"Helsinki 2021 - Nyctalope_Travers\u00e9e des femmes dans l&#039;espace public la nuit\" data-video-duration=\"8:02\" hidden=\"hidden\">\n\t\t\t\t\t\t\t<div><\/div>\n\t\t\t\t\t\t\t\t\t\t\t\t\t<\/div>\n\t\t\t\t\t\t\t\t\t\t\t<div id=\"e-tab-content-2594\" class=\"e-tab-content elementor-clearfix\" data-tab=\"4\" role=\"tabpanel\" aria-labelledby=\"e-tab-title-2594\" tabindex=\"0\" data-video-url=\"https:\/\/youtu.be\/1NDXsJREeXI\" data-video-type=\"youtube\" data-video-title=\"Samba R\u00e9sille, 30 ans !\" data-video-duration=\"2:12\" hidden=\"hidden\">\n\t\t\t\t\t\t\t<div><\/div>\n\t\t\t\t\t\t\t\t\t\t\t\t\t<\/div>\n\t\t\t\t\t\t\t\t\t\t\t<div id=\"e-tab-content-2595\" class=\"e-tab-content elementor-clearfix\" data-tab=\"5\" role=\"tabpanel\" aria-labelledby=\"e-tab-title-2595\" tabindex=\"0\" data-video-url=\"https:\/\/youtu.be\/4gkw6QkHPXs\" data-video-type=\"youtube\" data-video-title=\"ERASMUS+  IDEM TOULOUSE 2021\" data-video-duration=\"22:29\" hidden=\"hidden\">\n\t\t\t\t\t\t\t<div><\/div>\n\t\t\t\t\t\t\t\t\t\t\t\t\t<\/div>\n\t\t\t\t\t\t\t\t\t\t\t<div id=\"e-tab-content-2596\" class=\"e-tab-content elementor-clearfix\" data-tab=\"6\" role=\"tabpanel\" aria-labelledby=\"e-tab-title-2596\" tabindex=\"0\" data-video-url=\"https:\/\/youtu.be\/mbAz9c1oj8s?si=3c2HOr0PM78DjTwk\" data-video-type=\"youtube\" data-video-title=\"LA VAGUE BACK TO SCHOOL !\u2013 Concert 27\/09\/24\" data-video-duration=\"\" hidden=\"hidden\">\n\t\t\t\t\t\t\t<div><\/div>\n\t\t\t\t\t\t\t\t\t\t\t\t\t<\/div>\n\t\t\t\t\t\t\t\t\t<\/div>\n\t\t\t<\/div>\n\n\t\t\t<div class=\"e-tabs-inner-tabs\" >\n\t\t\t\t\t\t\t\t\t\t\t\t\t\t\t\t\t\t\t\t\t\t\t\t\t\t\t\t\t\t\t\t\t\t\t\t\t\t\t\t\t\t\t\t\t\t\t\t\t\t\t\t\t\t\t\t\t\t\t\t\t<\/div>\n\t\t<\/div>\n\t\t\t\t\t\t<\/div>\n\t\t\t\t<\/div>\n\t\t\t\t\t<\/div>\n\t\t<\/div>\n\t\t\t\t\t<\/div>\n\t\t<\/section>\n\t\t\t\t<section class=\"elementor-section elementor-top-section elementor-element elementor-element-e4ba464 elementor-section-boxed elementor-section-height-default elementor-section-height-default wpr-particle-no wpr-jarallax-no wpr-parallax-no wpr-sticky-section-no wpr-equal-height-no\" data-id=\"e4ba464\" data-element_type=\"section\" data-e-type=\"section\">\n\t\t\t\t\t\t<div class=\"elementor-container elementor-column-gap-default\">\n\t\t\t\t\t<div class=\"elementor-column elementor-col-100 elementor-top-column elementor-element elementor-element-8efc736\" data-id=\"8efc736\" data-element_type=\"column\" data-e-type=\"column\">\n\t\t\t<div class=\"elementor-widget-wrap elementor-element-populated\">\n\t\t\t\t\t\t<div class=\"elementor-element elementor-element-8f869ce elementor-widget elementor-widget-spacer\" data-id=\"8f869ce\" data-element_type=\"widget\" data-e-type=\"widget\" data-widget_type=\"spacer.default\">\n\t\t\t\t<div class=\"elementor-widget-container\">\n\t\t\t\t\t\t\t<div class=\"elementor-spacer\">\n\t\t\t<div class=\"elementor-spacer-inner\"><\/div>\n\t\t<\/div>\n\t\t\t\t\t\t<\/div>\n\t\t\t\t<\/div>\n\t\t\t\t\t<\/div>\n\t\t<\/div>\n\t\t\t\t\t<\/div>\n\t\t<\/section>\n\t\t\t\t<\/div>\n\t\t","protected":false},"excerpt":{"rendered":"<p>PLATEFORME CR\u00c9ATIVE EUROP\u00c9ENNE PLATEFORME CR\u00c9ATIVE EUROP\u00c9ENNE AGENDA COOP\u00c9RATIONS 2026 Samba R\u00e9sille ka1 Samba R\u00e9sille ka2 Membre Consortium Consortium Mobilit\u00e9 individuelle Autre dispositif D\u00e9couverte de 13\u00e8me INTERNATIONAL FESTIVAL OF MASQUERADE GAMES SURVA 2026. Le festival SURVA \u00e0 Pernik rassemble des groupes de mascarades de Bulgarie et du monde entier pour c\u00e9l\u00e9brer les traditions anciennes, les rituels et les costumes color\u00e9s. A destination des musiciens et acteurs du carnaval (danseur, costumier ect..) B\u00e9n\u00e9voles du COCU. Pernik, Bulgarie du 16 au 18 janvier Mobilit\u00e9 Arts visuels au Carnaval de Limassol D\u00e9velopper la cr\u00e9ativit\u00e9, la coop\u00e9ration interculturelle et la conscience citoyenne des participants \u00e0 travers les arts visuels. En s\u2019impliquant dans des ateliers artistiques, en participant au Carnaval de Limassol avec l\u2019Alliance Fran\u00e7aise, et en collaborant avec le Conseil des R\u00e9fugi\u00e9s de Nicosie, les participants exp\u00e9rimentent l\u2019art comme outil d\u2019expression, de dialogue et d\u2019inclusion. BEART et SAMBA R\u00c9SILLE Limassol, Chypre 11-18 f\u00e9vrier ABDS &#8211; Echange de pratiques et structuration de projets chorales a cappella dans une d\u00e9marche d\u2019\u00e9conomie sociale et solidaire avec le quatuor RING AROUND \u00e0 G\u00eanes Ce projet s\u2019adresse \u00e0 des chanteurs et chanteuses, professionnels ou amateurs \u00e9clair\u00e9s, engag\u00e9s dans des projets chorales a cappella et souhaitant d\u00e9velopper leurs comp\u00e9tences en gestion de projet, en p\u00e9dagogie inclusive, et en enrichissement de r\u00e9pertoire. ABDS G\u00eanes, Italie 28 f\u00e9vrier &#8211; 6 mars Cette mobilit\u00e9 p\u00e9dagogique pour les membres de la Compagnie Samba R\u00e9sille. Une semaine combinant ateliers de pratique musicale (jeux de batucada et de timbau par groupes) et temps de formation et d&rsquo;\u00e9changes avec notre partenaire Zumbal\u00e9, groupe de percussions madril\u00e8ne, autour des questions d\u2019afro descendance, d\u2019interculturalit\u00e9 et de la place des femmes dans l\u2019enseignement des rythmes afro br\u00e9siliens. Madrid, Espagne 28 f\u00e9vrier &#8211; 8 mars Arts et g\u00e9osciences : d\u00e9velopper les capacit\u00e9s des acteurs et structures du secteur culturel \u00e0 investir les enjeux environnementaux. Partenaire : partenaire AMARI, r\u00e9seau de r\u00e9sidences rurales en M\u00e9diterran\u00e9e sp\u00e9cialis\u00e9 dans le d\u00e9veloppement de projets interdisciplinaires \u00e0 la crois\u00e9e des arts et de l&rsquo;\u00e9cologie. Syracuse et Catane, Sicile 2-9 mars cours structur\u00e9 de 5 jours en anglais, en fran\u00e7ais et en portugais, d\u00e9livr\u00e9 par les formateurs de Nice Groove. La Batucada Nice Groove, bas\u00e9e sur des rythmiques lusophones dynamiques, met l\u2019accent sur l\u2019\u00e9nergie collective, l\u2019inclusion et le ressenti corporel. Les techniques d\u00e9velopp\u00e9es reposent sur la transe percussive collective comme m\u00e9dium de partage, en veillant \u00e0 ce que chaque participant trouve sa place. Estoril, Portugal 18-26 avril Mobilit\u00e9 p\u00e9dagogique qui s&rsquo;inscrit dans le cursus de samba-pagode de Samba R\u00e9sille (d\u00e9butants \u2013 interm\u00e9diaires) Perfectionnement du chant, de la percussion et des cordes br\u00e9siliennes roda avec nos professeurs partenaires Juninho, Karla et Rafael, l&rsquo;acquisition de nouveaux morceaux et l&rsquo;investissement associatif au sens large (participation \u00e0 des commissions, b\u00e9n\u00e9volat lors de sorties ou de concerts etc&#8230;). Lisbonne, Portugal 18 &#8211; 26 avril Mobilit\u00e9 p\u00e9dagogique qui s&rsquo;inscrit dans le cursus de samba-pagode de Samba R\u00e9sille (interm\u00e9diaires-confirm\u00e9s) perfectionnement du chant, de la percussion et des cordes br\u00e9siliennes roda avec nos professeurs partenaires Juninho, Karla et Rafael, l&rsquo;acquisition de nouveaux morceaux et l&rsquo;investissement associatif au sens large (participation \u00e0 des commissions, b\u00e9n\u00e9volat lors de sorties ou de concerts etc&#8230;). Lisbonne, Portugal 25 avril &#8211; 3 mai Maison du V\u00e9lo \u2013 Rencontre avec l&rsquo;association Bicultura https:\/\/bicicultura.org\/ et les acteurs locaux de la fili\u00e8re v\u00e9lo. Lisbonne, Portugal 25 avril &#8211; 3 mai Mobilit\u00e9 p\u00e9dagogique s&rsquo;adresse aux membres des batucadas d&rsquo;Albi (Vibrasson) et de Tarbes (Em-Cima) qui partiront en tant qu&rsquo;apprenants de Samba R\u00e9sille, suite \u00e0 un stage effectu\u00e9 avec Ivan Lepineux. Semaine combinant ateliers de pratique musicale (jeu de batucada) et temps de formation et d&rsquo;\u00e9changes avec notre partenaire Zumbal\u00e9, groupe de percussions madril\u00e8ne, autour des questions d\u2019afro descendance, d\u2019interculturalit\u00e9 et de la place des femmes dans l\u2019enseignement des rythmes afro br\u00e9siliens. Madrid, Espagne 20-26 avril Mobilit\u00e9 est mise en place par Bajo El Mar pour les apprenants du R\u00e9seau Jazz Occitanie (France) ayant particip\u00e9 \u00e0 la Formation de Bajo el Mar : \u00ab\u00a0Enjeux et outils de la mobilit\u00e9 professionnelle \u00e0 l\u2019international\u00a0\u00bb. Participation au salon de jazz international Jazzhead 2026. Br\u00eame, Allemagne 20-26 avril Claudio Monteverdi et ses contemporains autour de 1600 Possibilit\u00e9 \u00e0 des chanteurs amateurs et musiciens professionnels de l\u2019Ensemble A bout de souffle d\u2019enrichir leur pratique en participant \u00e0 des ateliers de pratique musicale et vocale, des exp\u00e9rimentations de lecture \u00e0 vue sur le triple lutrin Renaissance, rencontre avec des artistes de Palma Choralis et participation \u00e0 des \u00e9v\u00e9nements dans la ville, visite sensible et \u00e9clair\u00e9 \u00e0 Mantoue, ville o\u00f9 est n\u00e9e l\u2019op\u00e9ra Orfeo de Monteverdi. Brescia, Italie 26 avril &#8211; 3 mai stage d&rsquo;observation du Festival Krearte organis\u00e9 par notre partenaire \u00e0 Grenade, la Escuela de Solidaridad Participer et \u00e0 organiser \u00e0 Sierra Elvira diff\u00e9rents ateliers d\u2019art dans le domaine social avec plusieurs collectifs et artistes. La Escuela de Solidaridad veille particuli\u00e8rement \u00e0 int\u00e9grer des personnes r\u00e9fugi\u00e9es ou migrantes dans ses ateliers. Le r\u00e9sultat de ces ateliers formera un \u00e9norme d\u00e9fil\u00e9 dans Grenade le weekend du 23-24 mai. Grenade, Espagne 19-27 mai 2026 Cette mobilit\u00e9 vise \u00e0 d\u00e9velopper la cr\u00e9ativit\u00e9, la coop\u00e9ration interculturelle et la conscience citoyenne des participants \u00e0 travers une participation \u00e0 la Pride de Nicosie et une rencontre avec les \u00e9quipes du Conseil de r\u00e9fugi\u00e9s de Chypre. A destination des artistes, personnel b\u00e9n\u00e9vole et salari\u00e9 de Be-Art et Samba R\u00e9sille Nicosie, Paphos, Chypre 3-10 juin Cette mobilit\u00e9, construite avec notre partenaire Adufe &amp; Alguidar, bas\u00e9 \u00e0 Lisbonne, propose une immersion dans la musique traditionnelle portugaise (chant et percussions) bas\u00e9e sur la d\u00e9couverte de l&rsquo;adufe. Lisbonne, Portugal 14-21 juillet Mobilit\u00e9 initi\u00e9e par le Polymorphe, membre du Consortium. \u00ab Weave the wave \u00bb est un projet de coop\u00e9ration internationale, bas\u00e9 sur l&rsquo;\u00e9change avec notre partenaire la ville de Kourion qui met en place des cours structur\u00e9s pour apprendre des techniques traditionnelles de broderies Chypriote. Ces techniques seront inject\u00e9es dans la cr\u00e9ation contemporaine de la pi\u00e8ce Sc\u00e9l\u00e9rates sur la mont\u00e9e des eaux. Nicosie, Chypre 30 juin-05 juillet Mobilit\u00e9 au Festival International de Samba de Cobourg attire environ 180 000 visiteurs dans cette pittoresque ville franconienne au bord de l&rsquo;Itz, au nord<\/p>\n","protected":false},"author":2,"featured_media":0,"parent":0,"menu_order":0,"comment_status":"closed","ping_status":"closed","template":"","meta":{"footnotes":""},"categories":[],"tags":[],"class_list":["post-4982","page","type-page","status-publish","hentry"],"_links":{"self":[{"href":"https:\/\/samba-resille.org\/international-platform\/wp-json\/wp\/v2\/pages\/4982","targetHints":{"allow":["GET"]}}],"collection":[{"href":"https:\/\/samba-resille.org\/international-platform\/wp-json\/wp\/v2\/pages"}],"about":[{"href":"https:\/\/samba-resille.org\/international-platform\/wp-json\/wp\/v2\/types\/page"}],"author":[{"embeddable":true,"href":"https:\/\/samba-resille.org\/international-platform\/wp-json\/wp\/v2\/users\/2"}],"replies":[{"embeddable":true,"href":"https:\/\/samba-resille.org\/international-platform\/wp-json\/wp\/v2\/comments?post=4982"}],"version-history":[{"count":1021,"href":"https:\/\/samba-resille.org\/international-platform\/wp-json\/wp\/v2\/pages\/4982\/revisions"}],"predecessor-version":[{"id":9733,"href":"https:\/\/samba-resille.org\/international-platform\/wp-json\/wp\/v2\/pages\/4982\/revisions\/9733"}],"wp:attachment":[{"href":"https:\/\/samba-resille.org\/international-platform\/wp-json\/wp\/v2\/media?parent=4982"}],"wp:term":[{"taxonomy":"category","embeddable":true,"href":"https:\/\/samba-resille.org\/international-platform\/wp-json\/wp\/v2\/categories?post=4982"},{"taxonomy":"post_tag","embeddable":true,"href":"https:\/\/samba-resille.org\/international-platform\/wp-json\/wp\/v2\/tags?post=4982"}],"curies":[{"name":"wp","href":"https:\/\/api.w.org\/{rel}","templated":true}]}}